{"id":10391,"date":"2017-01-31T22:51:15","date_gmt":"2017-01-31T20:51:15","guid":{"rendered":"http:\/\/www.worldofart.org\/aktualno\/?page_id=10391"},"modified":"2018-06-05T14:05:24","modified_gmt":"2018-06-05T12:05:24","slug":"urnik-20172018","status":"publish","type":"page","link":"https:\/\/www.worldofart.org\/arhiv.worldofart.org\/aktualno\/sestnajsto-leto-2017-2018\/urnik-20172018","title":{"rendered":"Urnik 2017\/2018"},"content":{"rendered":"<p>Svet umetnosti | \u0160ola za kuratorske prakse in kriti\u0161ko pisanje | Leto 16<\/p>\n<hr \/>\n<p><strong>2. LETNIK (september 2017\u2013junij 2018)<\/strong><\/p>\n<p class=\"mesec13\"><strong>junij<\/strong><\/p>\n<table border=\"0\" width=\"1057\" cellspacing=\"0\" cellpadding=\"0\">\n<tbody>\n<tr>\n<td class=\"mesec\" valign=\"top\" width=\"20%\">petek,<br \/>\n1. 6. 2018<\/td>\n<td class=\"tdprogramsredina\" valign=\"top\" width=\"20%\">12.00\u201313.00<\/td>\n<td class=\"tdprogram\" valign=\"top\" width=\"60%\">Vodstvo po razstavi <a href=\"https:\/\/www.worldofart.org\/arhiv.worldofart.org\/aktualno\/sestnajsto-leto-2017-2018\/nekaj-minut-kasneje\"><em>Nekaj minut kasneje.<\/em><\/a> za \u0161tudente Akademije umetnosti UNG; vodi Ajda Kocutar<\/td>\n<\/tr>\n<tr>\n<td class=\"mesec\" valign=\"top\" width=\"20%\">sreda,<br \/>\n6. 6. 2018<\/td>\n<td class=\"tdprogramsredina\" valign=\"top\" width=\"20%\">11.00<\/td>\n<td class=\"tdprogram\" valign=\"top\" width=\"60%\">Vodstvo po razstavi <a href=\"https:\/\/www.worldofart.org\/arhiv.worldofart.org\/aktualno\/sestnajsto-leto-2017-2018\/nekaj-minut-kasneje\"><em>Nekaj minut kasneje.<\/em><\/a> za \u0161tudente ALUO; vodita Ur\u0161ka Aplinc in Maja Burja<\/td>\n<\/tr>\n<tr>\n<td class=\"mesec\" valign=\"top\" width=\"20%\">\u010detrtek,<br \/>\n7. 6. 2018<\/td>\n<td class=\"tdprogramsredina\" valign=\"top\" width=\"20%\">18.00<\/td>\n<td class=\"tdprogram\" valign=\"top\" width=\"60%\">Vodstvo po razstavi <a href=\"https:\/\/www.worldofart.org\/arhiv.worldofart.org\/aktualno\/sestnajsto-leto-2017-2018\/nekaj-minut-kasneje\"><em>Nekaj minut kasneje.<\/em><\/a> in predstavitev kataloga; vodijo Ur\u0161ka Aplinc, Maja Burja, Adrijan Praznik in Voranc Kumar<\/td>\n<\/tr>\n<tr>\n<td class=\"mesec\" valign=\"top\" width=\"20%\">petek,<br \/>\n15. 6. 2018<\/td>\n<td class=\"tdprogramsredina\" valign=\"top\" width=\"20%\">16.00<\/td>\n<td class=\"tdprogram\" valign=\"top\" width=\"60%\">Evalvacija izobra\u017eevalnega procesa in razstave<\/td>\n<\/tr>\n<\/tbody>\n<\/table>\n<p class=\"mesec13\"><strong>maj<\/strong><\/p>\n<table border=\"0\" width=\"1057\" cellspacing=\"0\" cellpadding=\"0\">\n<tbody>\n<tr>\n<td class=\"mesec\" valign=\"top\" width=\"20%\">\u010detrtek,<br \/>\n3. 5. 2018<\/td>\n<td class=\"tdprogramsredina\" valign=\"top\" width=\"20%\">19.30\u201320.30<\/td>\n<td class=\"tdprogram\" valign=\"top\" width=\"60%\"><a href=\"https:\/\/www.worldofart.org\/arhiv.worldofart.org\/aktualno\/sestnajsto-leto-2017-2018\/praksa\/alenka-gregoric-miran-mohar-kuratorski-kolegij\">Miran Mohar: Kuratorski kolegij<\/a><\/td>\n<\/tr>\n<tr>\n<td class=\"mesec\" valign=\"top\" width=\"20%\">\u010detrtek,<br \/>\n10. 5. 2018<\/td>\n<td class=\"tdprogramsredina\" valign=\"top\" width=\"20%\">16.00\u201317.30<\/td>\n<td class=\"tdprogram\" valign=\"top\" width=\"60%\"><a href=\"https:\/\/www.worldofart.org\/arhiv.worldofart.org\/aktualno\/sestnajsto-leto-2017-2018\/praksa\/alenka-gregoric-miran-mohar-kuratorski-kolegij\">Alenka Gregori\u010d, Miran Mohar: Kuratorski kolegij<\/a><\/td>\n<\/tr>\n<tr>\n<td class=\"mesec\" valign=\"top\" width=\"20%\">petek\u2013torek,<br \/>\n11.\u201315. 5. 2018<\/td>\n<td class=\"tdprogramsredina\" valign=\"top\" width=\"20%\"> <\/td>\n<td class=\"tdprogram\" valign=\"top\" width=\"60%\">Postavljanje razstave <a href=\"https:\/\/www.worldofart.org\/arhiv.worldofart.org\/aktualno\/sestnajsto-leto-2017-2018\/nekaj-minut-kasneje\"><em>Nekaj minut kasneje.<\/em><\/a> v Galeriji \u0160kuc<\/td>\n<\/tr>\n<tr>\n<td class=\"mesec\" valign=\"top\" width=\"20%\">\u010detrtek,<br \/>\n14. 5. 2018<\/td>\n<td class=\"tdprogramsredina\" valign=\"top\" width=\"20%\">16.00\u201317.30<\/td>\n<td class=\"tdprogram\" valign=\"top\" width=\"60%\"><a href=\"https:\/\/www.worldofart.org\/arhiv.worldofart.org\/aktualno\/sestnajsto-leto-2017-2018\/praksa\/alenka-gregoric-miran-mohar-kuratorski-kolegij\">Alenka Gregori\u010d, Miran Mohar: Kuratorski kolegij<\/a>, Galerija \u0160kuc<\/td>\n<\/tr>\n<tr>\n<td class=\"mesec\" valign=\"top\" width=\"20%\">torek,<br \/>\n15. 5. 2018<\/td>\n<td class=\"tdprogramsredina\" valign=\"top\" width=\"20%\">20.00<\/td>\n<td class=\"tdprogram\" valign=\"top\" width=\"60%\">Odprtje razstave <a href=\"https:\/\/www.worldofart.org\/arhiv.worldofart.org\/aktualno\/sestnajsto-leto-2017-2018\/nekaj-minut-kasneje\"><em>Nekaj minut kasneje.<\/em><\/a><\/td>\n<\/tr>\n<tr>\n<td class=\"mesec\" valign=\"top\" width=\"20%\">torek,<br \/>\n22. 5. 2018<\/td>\n<td class=\"tdprogramsredina\" valign=\"top\" width=\"20%\">18.00<\/td>\n<td class=\"tdprogram\" valign=\"top\" width=\"60%\">Vodstvo po razstavi <a href=\"https:\/\/www.worldofart.org\/arhiv.worldofart.org\/aktualno\/sestnajsto-leto-2017-2018\/nekaj-minut-kasneje\"><em>Nekaj minut kasneje.<\/em><\/a>; vodita Anja Guid in Ajda Kocutar<\/td>\n<\/tr>\n<tr>\n<td class=\"mesec\" rowspan=\"2\" valign=\"top\" width=\"20%\">torek,<br \/>\n22. 5. 2018<\/td>\n<td class=\"tdprogramsredina\" valign=\"top\" width=\"20%\">16.00<\/td>\n<td class=\"tdprogram\" valign=\"top\" width=\"60%\">Vodstvo po razstavi <a href=\"https:\/\/www.worldofart.org\/arhiv.worldofart.org\/aktualno\/sestnajsto-leto-2017-2018\/nekaj-minut-kasneje\"><em>Nekaj minut kasneje.<\/em><\/a> za \u0161tudente dru\u0161tva Kunsthisterik; vodi Anja Guid<\/td>\n<\/tr>\n<tr>\n<td class=\"tdprogramsredina\" valign=\"top\" width=\"20%\">18.00<\/td>\n<td class=\"tdprogram\" valign=\"top\" width=\"60%\">Vodstvo po razstavi <a href=\"https:\/\/www.worldofart.org\/arhiv.worldofart.org\/aktualno\/sestnajsto-leto-2017-2018\/nekaj-minut-kasneje\"><em>Nekaj minut kasneje.<\/em><\/a>; vodita Anja Guid in Ajda Kocutar<\/td>\n<\/tr>\n<tr>\n<td class=\"mesec\" valign=\"top\" width=\"20%\">torek,<br \/>\n29. 5. 2018<\/td>\n<td class=\"tdprogramsredina\" valign=\"top\" width=\"20%\">18.00<\/td>\n<td class=\"tdprogram\" valign=\"top\" width=\"60%\">Vodstvo po razstavi <a href=\"https:\/\/www.worldofart.org\/arhiv.worldofart.org\/aktualno\/sestnajsto-leto-2017-2018\/nekaj-minut-kasneje\"><em>Nekaj minut kasneje.<\/em><\/a>; vodita Iza Pevec in Voranc Kumar<\/td>\n<\/tr>\n<\/tbody>\n<\/table>\n<p class=\"mesec13\"><strong>april<\/strong><\/p>\n<table border=\"0\" width=\"1057\" cellspacing=\"0\" cellpadding=\"0\">\n<tbody>\n<tr>\n<td class=\"mesec\" rowspan=\"2\" valign=\"top\" width=\"20%\">\u010detrtek,<br \/>\n5. 4. 2018<\/td>\n<td class=\"tdprogramsredina\" valign=\"top\" width=\"20%\">16.00\u201317.00<\/td>\n<td class=\"tdprogram\" valign=\"top\" width=\"60%\"><a href=\"https:\/\/www.worldofart.org\/arhiv.worldofart.org\/aktualno\/sestnajsto-leto-2017-2018\/praksa\/alenka-gregoric-miran-mohar-kuratorski-kolegij\">Alenka Gregori\u010d, Miran Mohar: Kuratorski kolegij<\/a>, Galerija \u0160kuc<\/td>\n<\/tr>\n<tr>\n<td class=\"tdprogramsredina\" valign=\"top\" width=\"20%\">17.45\u201319.15<\/td>\n<td class=\"tdprogram\" valign=\"top\" width=\"60%\"><a href=\"https:\/\/www.worldofart.org\/arhiv.worldofart.org\/aktualno\/sestnajsto-leto-2017-2018\/seminarji-in-moduli\/luka-hribar-multimedija-na-razstavnem-projektu\">Luka Hribar: Multimedija na razstavnem projektu<\/a><\/td>\n<\/tr>\n<tr>\n<td class=\"mesec\" valign=\"top\" width=\"20%\">\u010detrtek,<br \/>\n12. 4. 2018<\/td>\n<td class=\"tdprogramsredina\" valign=\"top\" width=\"20%\">16.00\u201317.30<\/td>\n<td class=\"tdprogram\" valign=\"top\" width=\"60%\"><a href=\"https:\/\/www.worldofart.org\/arhiv.worldofart.org\/aktualno\/sestnajsto-leto-2017-2018\/praksa\/alenka-gregoric-miran-mohar-kuratorski-kolegij\">Alenka Gregori\u010d, Miran Mohar: Kuratorski kolegij<\/a><\/td>\n<\/tr>\n<tr>\n<td class=\"mesec\" rowspan=\"2\" valign=\"top\" width=\"20%\">\u010detrtek,<br \/>\n19. 4. 2018<\/td>\n<td class=\"tdprogramsredina\" valign=\"top\" width=\"20%\">16.00\u201317.30<\/td>\n<td class=\"tdprogram\" valign=\"top\" width=\"60%\"><a href=\"https:\/\/www.worldofart.org\/arhiv.worldofart.org\/aktualno\/sestnajsto-leto-2017-2018\/praksa\/alenka-gregoric-miran-mohar-kuratorski-kolegij\">Alenka Gregori\u010d, Miran Mohar: Kuratorski kolegij<\/a><\/td>\n<\/tr>\n<tr>\n<td class=\"tdprogramsredina\" valign=\"top\" width=\"20%\">17.45\u201319.15<\/td>\n<td class=\"tdprogram\" valign=\"top\" width=\"60%\"><a href=\"https:\/\/www.worldofart.org\/arhiv.worldofart.org\/aktualno\/sestnajsto-leto-2017-2018\/seminarji-in-moduli\/barbara-borcic-katalog-pogled-urednika\">Barbara Bor\u010di\u0107: Katalog. Pogled urednika<\/a><\/td>\n<\/tr>\n<tr>\n<td class=\"mesec\" rowspan=\"2\" valign=\"top\" width=\"20%\">\u010detrtek,<br \/>\n26. 4. 2018<\/td>\n<td class=\"tdprogramsredina\" valign=\"top\" width=\"20%\">16.00\u201317.30<\/td>\n<td class=\"tdprogram\" valign=\"top\" width=\"60%\"><a href=\"https:\/\/www.worldofart.org\/arhiv.worldofart.org\/aktualno\/sestnajsto-leto-2017-2018\/praksa\/alenka-gregoric-miran-mohar-kuratorski-kolegij\">Alenka Gregori\u010d, Miran Mohar: Kuratorski kolegij<\/a><\/td>\n<\/tr>\n<tr>\n<td class=\"tdprogramsredina\" valign=\"top\" width=\"20%\">17.45\u201319.15<\/td>\n<td class=\"tdprogram\" valign=\"top\" width=\"60%\"><a href=\"https:\/\/www.worldofart.org\/arhiv.worldofart.org\/aktualno\/vesna-bukovec-oblikovanje-razstave\">Vesna Bukovec: Oblikovanje razstave<\/a><\/td>\n<\/tr>\n<\/tbody>\n<\/table>\n<p class=\"mesec13\"><strong>marec<\/strong><\/p>\n<table style=\"height: 50px;\" border=\"0\" width=\"1057\" cellspacing=\"0\" cellpadding=\"0\">\n<tbody>\n<tr>\n<td class=\"mesec\" rowspan=\"2\" valign=\"top\" width=\"20%\">sreda,<br \/>\n7. 3. 2018<\/td>\n<td class=\"tdprogramsredina\" valign=\"top\" width=\"20%\">14.00\u201315.30<\/td>\n<td class=\"tdprogram\" valign=\"top\" width=\"60%\"><a href=\"https:\/\/www.worldofart.org\/arhiv.worldofart.org\/aktualno\/archives\/12467\">Sre\u010danje s \u0161tudenti ALUO<\/a>, Projektna soba<\/td>\n<\/tr>\n<tr>\n<td class=\"tdprogramsredina\" valign=\"top\" width=\"20%\">16.00\u201317.30<\/td>\n<td class=\"tdprogram\" valign=\"top\" width=\"60%\"><a href=\"https:\/\/www.worldofart.org\/arhiv.worldofart.org\/aktualno\/sestnajsto-leto-2017-2018\/seminarji-in-moduli\/dusan-dovc-priprava-financnega-nacrta-za-razstavo-sodobne-umetnosti\">Du\u0161an Dov\u010d: Priprava finan\u010dnega na\u010drta za razstavo sodobne umetnosti <\/a><\/td>\n<\/tr>\n<tr>\n<td class=\"mesec\" valign=\"top\" width=\"20%\">\u010detrtek,<br \/>\n8. 3. 2018<\/td>\n<td class=\"tdprogramsredina\" valign=\"top\" width=\"20%\">16.00\u201317.30<\/td>\n<td class=\"tdprogram\" valign=\"top\" width=\"60%\"><a href=\"https:\/\/www.worldofart.org\/arhiv.worldofart.org\/aktualno\/sestnajsto-leto-2017-2018\/praksa\/alenka-gregoric-miran-mohar-kuratorski-kolegij\">Alenka Gregori\u010d, Miran Mohar: Kuratorski kolegij<\/a><\/td>\n<\/tr>\n<tr>\n<td class=\"mesec\" valign=\"top\" width=\"20%\">sreda,<br \/>\n14. 3. 2018<\/td>\n<td class=\"tdprogramsredina\" valign=\"top\" width=\"20%\">14.00\u201315.30<\/td>\n<td class=\"tdprogram\" valign=\"top\" width=\"60%\"><a href=\"https:\/\/www.worldofart.org\/arhiv.worldofart.org\/aktualno\/archives\/12467\">Sre\u010danje s \u0161tudenti ALUO<\/a>, Projektna soba<\/td>\n<\/tr>\n<tr>\n<td class=\"mesec\" valign=\"top\" width=\"20%\">\u010detrtek,<br \/>\n22. 3. 2018<\/td>\n<td class=\"tdprogramsredina\" valign=\"top\" width=\"20%\">16.00\u201317.30<\/td>\n<td class=\"tdprogram\" valign=\"top\" width=\"60%\"><a href=\"https:\/\/www.worldofart.org\/arhiv.worldofart.org\/aktualno\/sestnajsto-leto-2017-2018\/praksa\/alenka-gregoric-miran-mohar-kuratorski-kolegij\">Miran Mohar: Kuratorski kolegij: Predstavitev koncepta<\/a><\/td>\n<\/tr>\n<tr>\n<td class=\"mesec\" valign=\"top\" width=\"20%\">\u010detrtek,<br \/>\n29. 3. 2018<\/td>\n<td class=\"tdprogramsredina\" valign=\"top\" width=\"20%\">16.00\u201317.30<\/td>\n<td class=\"tdprogram\" valign=\"top\" width=\"60%\"><a href=\"https:\/\/www.worldofart.org\/arhiv.worldofart.org\/aktualno\/sestnajsto-leto-2017-2018\/praksa\/alenka-gregoric-miran-mohar-kuratorski-kolegij\">Alenka Gregori\u010d: Kuratorski kolegij<\/a><\/td>\n<\/tr>\n<\/tbody>\n<\/table>\n<p class=\"mesec13\"><strong>februar<\/strong><\/p>\n<table style=\"height: 50px;\" border=\"0\" width=\"1057\" cellspacing=\"0\" cellpadding=\"0\">\n<tbody>\n<tr>\n<td class=\"mesec\" valign=\"top\" width=\"20%\">\u010detrtek,<br \/>\n1. 2. 2018<\/td>\n<td class=\"tdprogramsredina\" valign=\"top\" width=\"20%\">16.00\u201317.30<\/td>\n<td class=\"tdprogram\" valign=\"top\" width=\"60%\">Kuratorski kolegij<\/td>\n<\/tr>\n<tr>\n<td class=\"mesec\" rowspan=\"2\" valign=\"top\" width=\"20%\">\u010detrtek,<br \/>\n15. 2. 2018<\/td>\n<td class=\"tdprogramsredina\" valign=\"top\" width=\"20%\">16.00\u201317.30<\/td>\n<td class=\"tdprogram\" valign=\"top\" width=\"60%\"><a href=\"https:\/\/www.worldofart.org\/arhiv.worldofart.org\/aktualno\/sestnajsto-leto-2017-2018\/praksa\/alenka-gregoric-miran-mohar-kuratorski-kolegij\">Alenka Gregori\u010d, Miran Mohar: Kuratorski kolegij<\/a><\/td>\n<\/tr>\n<tr>\n<td class=\"tdprogramsredina\" valign=\"top\" width=\"20%\">17.45\u201319.15<\/td>\n<td class=\"tdprogram\" valign=\"top\" width=\"60%\"><a href=\"https:\/\/www.worldofart.org\/arhiv.worldofart.org\/aktualno\/uros-bonsekhttps:\/\/www.worldofart.org\/arhiv.worldofart.org\/aktualno\/uros-bonsek\">Uro\u0161 Bon\u0161ek: Odnosi z javnostmi za razstavo sodobne umetnosti<\/a><\/td>\n<\/tr>\n<tr>\n<td class=\"mesec\" valign=\"top\" width=\"20%\">\u010detrtek,<br \/>\n22. 2. 2018<\/td>\n<td class=\"tdprogramsredina\" valign=\"top\" width=\"20%\">16.00\u201318.00<\/td>\n<td class=\"tdprogram\" valign=\"top\" width=\"60%\">Du\u0161an Dov\u010d, Miha Kelemina: Delovni sestanek (odnosi z javnostmi, iskanje dodatnih finan\u010dnih virov)<\/td>\n<\/tr>\n<tr>\n<td class=\"mesec\" valign=\"top\" width=\"20%\">sreda,<br \/>\n28. 2. 2018<\/td>\n<td class=\"tdprogramsredina\" valign=\"top\" width=\"20%\">14.00\u201315.30<\/td>\n<td class=\"tdprogram\" valign=\"top\" width=\"60%\"><a href=\"https:\/\/www.worldofart.org\/arhiv.worldofart.org\/aktualno\/archives\/12467\">Sre\u010danje s \u0161tudenti ALUO<\/a>, Erjav\u010deva 23<\/td>\n<\/tr>\n<\/tbody>\n<\/table>\n<p class=\"mesec13\"><strong>januar<\/strong><\/p>\n<table style=\"height: 50px;\" border=\"0\" width=\"1057\" cellspacing=\"0\" cellpadding=\"0\">\n<tbody>\n<tr>\n<td class=\"mesec\" valign=\"top\" width=\"20%\">\u010detrtek,<br \/>\n4. 1. 2018<\/td>\n<td class=\"tdprogramsredina\" valign=\"top\" width=\"20%\">13.00\u201319.00<\/td>\n<td class=\"tdprogram\" valign=\"top\" width=\"60%\">Delovni sestanek kuratorske skupine<\/td>\n<\/tr>\n<tr>\n<td class=\"mesec\" valign=\"top\" width=\"20%\">sreda,<br \/>\n10. 1. 2018<\/td>\n<td class=\"tdprogramsredina\" valign=\"top\" width=\"20%\">8.00\u201319.00<\/td>\n<td class=\"tdprogram\" valign=\"top\" width=\"60%\"><a href=\"https:\/\/www.worldofart.org\/arhiv.worldofart.org\/aktualno\/archives\/12321\">Celodnevna strokovna ekskurzija na Reko<\/a><\/td>\n<\/tr>\n<tr>\n<td class=\"mesec\" valign=\"top\" width=\"20%\">\u010detrtek,<br \/>\n11. 1. 2018<\/td>\n<td class=\"tdprogramsredina\" valign=\"top\" width=\"20%\">16.00\u201317.30<\/td>\n<td class=\"tdprogram\" valign=\"top\" width=\"60%\"><a href=\"https:\/\/www.worldofart.org\/arhiv.worldofart.org\/aktualno\/sestnajsto-leto-2017-2018\/praksa\/miha-kelemina-lara-plavcak-obiski-ateljejev-in-drugih-prostorov-ustvarjanja\">Obiski ateljejev in drugih prostorov ustvarjanja<\/a>: <a href=\"http:\/\/ultramono.org\/\" target=\"_blank\" rel=\"noopener\">Tanja Vujinovi\u0107<\/a><\/td>\n<\/tr>\n<tr>\n<td class=\"mesec\" rowspan=\"2\" valign=\"top\" width=\"20%\">\u010detrtek,<br \/>\n18. 1. 2018<\/td>\n<td class=\"tdprogramsredina\" valign=\"top\" width=\"20%\"><\/td>\n<td class=\"tdprogram\" valign=\"top\" width=\"60%\">Delovni sestanek kuratorske skupine<\/td>\n<\/tr>\n<tr>\n<td class=\"tdprogramsredina\" valign=\"top\" width=\"20%\">17.45\u201319.15<\/td>\n<td class=\"tdprogram\" valign=\"top\" width=\"60%\"><a href=\"https:\/\/www.worldofart.org\/arhiv.worldofart.org\/aktualno\/uros-bonsekhttps:\/\/www.worldofart.org\/arhiv.worldofart.org\/aktualno\/uros-bonsek\">Uro\u0161 Bon\u0161ek: Odnosi z javnostmi za razstavo sodobne umetnosti<\/a><\/td>\n<\/tr>\n<tr>\n<td class=\"mesec\" rowspan=\"2\" valign=\"top\" width=\"20%\">\u010detrtek,<br \/>\n25. 1. 2018<\/td>\n<td class=\"tdprogramsredina\" valign=\"top\" width=\"20%\">16.00\u201317.30<\/td>\n<td class=\"tdprogram\" valign=\"top\" width=\"60%\"><a href=\"https:\/\/www.worldofart.org\/arhiv.worldofart.org\/aktualno\/sestnajsto-leto-2017-2018\/praksa\/alenka-gregoric-miran-mohar-kuratorski-kolegij\">Alenka Gregori\u010d, Miran Mohar: Kuratorski kolegij<\/a><\/td>\n<\/tr>\n<tr>\n<td class=\"tdprogramsredina\" valign=\"top\" width=\"20%\">17.45\u201319.15<\/td>\n<td class=\"tdprogram\" valign=\"top\" width=\"60%\"><a href=\"https:\/\/www.worldofart.org\/arhiv.worldofart.org\/aktualno\/uros-bonsekhttps:\/\/www.worldofart.org\/arhiv.worldofart.org\/aktualno\/uros-bonsek\">Uro\u0161 Bon\u0161ek: Odnosi z javnostmi za razstavo sodobne umetnosti<\/a><\/td>\n<\/tr>\n<\/tbody>\n<\/table>\n<p class=\"mesec13\"><strong>december<br \/>\n<\/strong><\/p>\n<table style=\"height: 50px;\" border=\"0\" width=\"1057\" cellspacing=\"0\" cellpadding=\"0\">\n<tbody>\n<tr>\n<td class=\"mesec\" rowspan=\"2\" valign=\"top\" width=\"20%\">\u010detrtek,<br \/>\n7. 12. 2017<\/td>\n<td class=\"tdprogramsredina\" valign=\"top\" width=\"20%\">16.00\u201317.00<\/td>\n<td class=\"tdprogram\" valign=\"top\" width=\"60%\"><a href=\"https:\/\/www.worldofart.org\/arhiv.worldofart.org\/aktualno\/sestnajsto-leto-2017-2018\/praksa\/alenka-gregoric-miran-mohar-kuratorski-kolegij\">Kuratorski kolegij z Alenko Gregori\u010d<\/a>, Mestna galerija Ljubljana<\/td>\n<\/tr>\n<tr>\n<td class=\"tdprogramsredina\" valign=\"top\" width=\"20%\">17.00\u201318.00<\/td>\n<td class=\"tdprogram\" valign=\"top\" width=\"60%\"><a href=\"http:\/\/www.mgml.si\/mestna-galerija-ljubljana\/aktualna-razstava\/tugo-susnik-kvazimodo-1971-2017\/\" target=\"_blank\" rel=\"noopener\">Tugo \u0160u\u0161nik: <em>Kvazimodo<\/em> (1971\u20132017)<\/a>, Mestna galerija Ljubljana,<br \/>\nvodstvo po razstavi: Tugo \u0160u\u0161nik<\/td>\n<\/tr>\n<tr>\n<td class=\"mesec\" rowspan=\"2\" valign=\"top\" width=\"20%\">\u010detrtek,<br \/>\n21. 12. 2017<\/td>\n<td class=\"tdprogramsredina\" valign=\"top\" width=\"20%\">16.00\u201317.30<\/td>\n<td class=\"tdprogram\" valign=\"top\" width=\"60%\"><a href=\"https:\/\/www.worldofart.org\/arhiv.worldofart.org\/aktualno\/sestnajsto-leto-2017-2018\/praksa\/alenka-gregoric-miran-mohar-kuratorski-kolegij\">Alenka Gregori\u010d, Miran Mohar: Kuratorski kolegij<\/a><\/td>\n<\/tr>\n<tr>\n<td class=\"tdprogramsredina\" valign=\"top\" width=\"20%\">17.45\u201319.15<\/td>\n<td class=\"tdprogram\" valign=\"top\" width=\"60%\"><a href=\"https:\/\/www.worldofart.org\/arhiv.worldofart.org\/aktualno\/sestnajsto-leto-2017-2018\/seminarji-in-moduli\/polona-lovsin-upravljanje-sponzorskih-sredstev\">Polona Lov\u0161in: Prilo\u017enost za sodelovanje z gospodarstvom<\/a><\/td>\n<\/tr>\n<\/tbody>\n<\/table>\n<p class=\"mesec13\"><strong>november<br \/>\n<\/strong><\/p>\n<table style=\"height: 50px;\" border=\"0\" width=\"1057\" cellspacing=\"0\" cellpadding=\"0\">\n<tbody>\n<tr>\n<td class=\"mesec\" rowspan=\"2\" valign=\"top\" width=\"20%\">\u010detrtek,<br \/>\n2. 11. 2017<\/td>\n<td class=\"tdprogramsredina\" valign=\"top\" width=\"20%\">16.00\u201317.30<\/td>\n<td class=\"tdprogram\" valign=\"top\" width=\"60%\"><a href=\"https:\/\/www.worldofart.org\/arhiv.worldofart.org\/aktualno\/sestnajsto-leto-2017-2018\/praksa\/alenka-gregoric-miran-mohar-kuratorski-kolegij\">Alenka Gregori\u010d, Miran Mohar: Kuratorski kolegij<\/a><\/td>\n<\/tr>\n<tr>\n<td class=\"tdprogramsredina\" valign=\"top\" width=\"20%\">17.45\u201319.15<\/td>\n<td class=\"tdprogram\" valign=\"top\" width=\"60%\"><a href=\"https:\/\/www.worldofart.org\/arhiv.worldofart.org\/aktualno\/sestnajsto-leto-2017-2018\/seminarji-in-moduli\/dusan-dovc-producent-v-sodobni-likovni-umetnosti\">Du\u0161an Dov\u010d: Producent v sodobni likovni umetnosti<\/a>:<br \/>\nKaterina Mirovi\u0107<\/td>\n<\/tr>\n<tr>\n<td class=\"mesec\" rowspan=\"2\" valign=\"top\" width=\"20%\">\u010detrtek,<br \/>\n16. 11. 2017<\/td>\n<td class=\"tdprogramsredina\" valign=\"top\" width=\"20%\">16.00\u201317.30<\/td>\n<td class=\"tdprogram\" valign=\"top\" width=\"60%\"><a href=\"https:\/\/www.worldofart.org\/arhiv.worldofart.org\/aktualno\/sestnajsto-leto-2017-2018\/praksa\/alenka-gregoric-miran-mohar-kuratorski-kolegij\">Alenka Gregori\u010d, Miran Mohar: Kuratorski kolegij<\/a><\/td>\n<\/tr>\n<tr>\n<td class=\"tdprogramsredina\" valign=\"top\" width=\"20%\">17.45\u201319.15<\/td>\n<td class=\"tdprogram\" valign=\"top\" width=\"60%\"><a href=\"https:\/\/www.worldofart.org\/arhiv.worldofart.org\/aktualno\/lara-plavcak-optimizacija-besedila\" rel=\"noopener\">Lara Plav\u010dak: Optimizacija besedila<\/a><\/td>\n<\/tr>\n<tr>\n<td class=\"mesec\" rowspan=\"2\" valign=\"top\" width=\"20%\">\u010detrtek,<br \/>\n23. 11. 2017<\/td>\n<td class=\"tdprogramsredina\" valign=\"top\" width=\"20%\">16.00\u201317.30<\/td>\n<td class=\"tdprogram\" valign=\"top\" width=\"60%\"><a href=\"https:\/\/www.worldofart.org\/arhiv.worldofart.org\/aktualno\/sestnajsto-leto-2017-2018\/seminarji-in-moduli\/dusan-dovc-producent-v-sodobni-likovni-umetnosti\">Du\u0161an Dov\u010d: Producent v sodobni likovni umetnosti<\/a>:<br \/>\nPiera Ravnikar<\/td>\n<\/tr>\n<tr>\n<td class=\"tdprogramsredina\" valign=\"top\" width=\"20%\">17.45\u201319.15<\/td>\n<td class=\"tdprogram\" valign=\"top\" width=\"60%\"><a href=\"https:\/\/www.worldofart.org\/arhiv.worldofart.org\/aktualno\/sestnajsto-leto-2017-2018\/seminarji-in-moduli\/polona-lovsin-upravljanje-sponzorskih-sredstev\" rel=\"noopener\">Polona Lov\u0161in: Prilo\u017enost za sodelovanje z gospodarstvom<\/a><\/td>\n<\/tr>\n<tr>\n<td class=\"mesec\" rowspan=\"2\" valign=\"top\" width=\"20%\">\u010detrtek,<br \/>\n30. 11. 2017<\/td>\n<td class=\"tdprogramsredina\" valign=\"top\" width=\"20%\">16.00\u201317.30<\/td>\n<td class=\"tdprogram\" valign=\"top\" width=\"60%\"><a href=\"https:\/\/www.worldofart.org\/arhiv.worldofart.org\/aktualno\/sestnajsto-leto-2017-2018\/praksa\/alenka-gregoric-miran-mohar-kuratorski-kolegij\">Alenka Gregori\u010d: Kuratorski kolegij<\/a><\/td>\n<\/tr>\n<tr>\n<td class=\"tdprogramsredina\" valign=\"top\" width=\"20%\">18.00\u201320.00<\/td>\n<td class=\"tdprogram\" valign=\"top\" width=\"60%\">Dalibor Bori Zupan\u010di\u010d: V hi\u0161i, kjer bivam, je mnogo soban \u2026 ali \u201cart terapevtski stik\u201d, predavanje in delavnica<\/td>\n<\/tr>\n<\/tbody>\n<\/table>\n<p class=\"mesec13\"><strong>oktober<br \/>\n<\/strong><\/p>\n<table style=\"height: 50px;\" border=\"0\" width=\"1057\" cellspacing=\"0\" cellpadding=\"0\">\n<tbody>\n<tr>\n<td class=\"mesec\" valign=\"top\" width=\"20%\">sreda,<br \/>\n4. 10. 2017<\/td>\n<td class=\"tdprogramsredina\" valign=\"top\" width=\"20%\">17.00\u201318.30<\/td>\n<td class=\"tdprogram\" valign=\"top\" width=\"60%\"><a href=\"https:\/\/www.worldofart.org\/arhiv.worldofart.org\/aktualno\/sestnajsto-leto-2017-2018\/praksa\/alenka-gregoric-miran-mohar-kuratorski-kolegij\">Alenka Gregori\u010d, Miran Mohar: Kuratorski kolegij<\/a><\/td>\n<\/tr>\n<tr>\n<td class=\"mesec\" rowspan=\"2\" valign=\"top\" width=\"20%\">\u010detrtek,<br \/>\n12. 10. 2017<\/td>\n<td class=\"tdprogramsredina\" valign=\"top\" width=\"20%\">16.00\u201317.30<\/td>\n<td class=\"tdprogram\" valign=\"top\" width=\"60%\"><a href=\"https:\/\/www.worldofart.org\/arhiv.worldofart.org\/aktualno\/sestnajsto-leto-2017-2018\/praksa\/alenka-gregoric-miran-mohar-kuratorski-kolegij\">Miran Mohar: Kuratorski kolegij<\/a><\/td>\n<\/tr>\n<tr>\n<td class=\"tdprogramsredina\" valign=\"top\" width=\"20%\">18.00\u201319.15<\/td>\n<td class=\"tdprogram\" valign=\"top\" width=\"60%\"><a href=\"https:\/\/www.worldofart.org\/arhiv.worldofart.org\/aktualno\/sestnajsto-leto-2017-2018\/praksa\/miha-kelemina-lara-plavcak-obiski-ateljejev-in-drugih-prostorov-ustvarjanja\">Obiski ateljejev in drugih prostorov ustvarjanja<\/a>: <a href=\"http:\/\/www.zoranpungercar.com\/\" target=\"_blank\" rel=\"noopener\">Zoran Punger\u010dar<\/a><\/td>\n<\/tr>\n<tr>\n<td class=\"mesec\" valign=\"top\" width=\"20%\">\u010detrtek,<br \/>\n19. 10. 2017<\/td>\n<td class=\"tdprogramsredina\" valign=\"top\" width=\"20%\">16.00\u201317.30<\/td>\n<td class=\"tdprogram\" valign=\"top\" width=\"60%\"><a href=\"https:\/\/www.worldofart.org\/arhiv.worldofart.org\/aktualno\/sestnajsto-leto-2017-2018\/praksa\/alenka-gregoric-miran-mohar-kuratorski-kolegij\">Alenka Gregori\u010d, Miran Mohar: Kuratorski kolegij<\/a><\/td>\n<\/tr>\n<tr>\n<td class=\"mesec\" valign=\"top\" width=\"20%\">petek,<br \/>\n27. 10. 2017<\/td>\n<td class=\"tdprogramsredina\" valign=\"top\" width=\"20%\"><\/td>\n<td class=\"tdprogram\" valign=\"top\" width=\"60%\"><a href=\"http:\/\/www.mg-lj.si\/si\/razstave\/2115\/janez-jansa-janez-jansa-janez-jansa\/\" target=\"_blank\" rel=\"noopener\">Janez Jan\u0161a, Janez Jan\u0161a, Janez Jan\u0161a, <em>Janez Jan\u0161a\u00ae<\/em><\/a>, +MSUM, vodstvo po razstavi: Adela \u017deleznik<\/p>\n<p><a href=\"https:\/\/www.worldofart.org\/arhiv.worldofart.org\/aktualno\/sestnajsto-leto-2016-2018\/andrej-bereta-kdo-se-boji-kuratorja\">Andrej Bereta: Kurator vs. umetnik?<\/a>, delavnica<\/td>\n<\/tr>\n<tr>\n<td class=\"mesec\" valign=\"top\" width=\"20%\">sobota,<br \/>\n28. 10. 2017<\/td>\n<td class=\"tdprogramsredina\" valign=\"top\" width=\"20%\"><\/td>\n<td class=\"tdprogram\" valign=\"top\" width=\"60%\"><a href=\"https:\/\/www.worldofart.org\/arhiv.worldofart.org\/aktualno\/sestnajsto-leto-2016-2018\/andrej-bereta-kdo-se-boji-kuratorja\">Andrej Bereta: Evalvacija razstave<\/a>, delavnica<\/td>\n<\/tr>\n<\/tbody>\n<\/table>\n<p class=\"mesec13\"><strong>september<br \/>\n<\/strong><\/p>\n<table style=\"height: 50px;\" border=\"0\" width=\"1057\" cellspacing=\"0\" cellpadding=\"0\">\n<tbody>\n<tr>\n<td class=\"mesec\" valign=\"top\" width=\"20%\">\u010detrtek,<br \/>\n14. 9. 2017<\/td>\n<td class=\"tdprogramsredina\" valign=\"top\" width=\"20%\">17.00\u201318.30<\/td>\n<td class=\"tdprogram\" valign=\"top\" width=\"60%\"><a href=\"https:\/\/www.worldofart.org\/arhiv.worldofart.org\/aktualno\/sestnajsto-leto-2017-2018\/praksa\/virtualne-razstave\">Predstavitve virtualnih razstav in pogovor<\/a><\/td>\n<\/tr>\n<tr>\n<td class=\"mesec\" valign=\"top\" width=\"20%\">petek,<br \/>\n15. 9. 2017<\/td>\n<td class=\"tdprogramsredina\" valign=\"top\" width=\"20%\">17.00\u201318.30<\/td>\n<td class=\"tdprogram\" valign=\"top\" width=\"60%\"><a href=\"https:\/\/www.worldofart.org\/arhiv.worldofart.org\/aktualno\/sestnajsto-leto-2017-2018\/praksa\/virtualne-razstave\">Predstavitve virtualnih razstav in pogovor<\/a><\/td>\n<\/tr>\n<tr>\n<td class=\"mesec\" valign=\"top\" width=\"20%\">\u010detrtek,<br \/>\n28. 9. 2017<\/td>\n<td class=\"tdprogramsredina\" valign=\"top\" width=\"20%\">16.00\u201317.30<\/td>\n<td class=\"tdprogram\" valign=\"top\" width=\"60%\"><a href=\"https:\/\/www.worldofart.org\/arhiv.worldofart.org\/aktualno\/sestnajsto-leto-2017-2018\/praksa\/alenka-gregoric-miran-mohar-kuratorski-kolegij\">Alenka Gregori\u010d, Miran Mohar: Kuratorski kolegij<\/a><\/td>\n<\/tr>\n<\/tbody>\n<\/table>\n<hr \/>\n<p>&nbsp;<\/p>\n<p><strong>1. LETNIK (januar\u2013junij 2017)<\/strong><\/p>\n<p class=\"mesec13\"><strong>julij<br \/>\n<\/strong><\/p>\n<table style=\"height: 50px;\" border=\"0\" width=\"1057\" cellspacing=\"0\" cellpadding=\"0\">\n<tbody>\n<tr>\n<td class=\"mesec\" valign=\"top\" width=\"20%\">\u010detrtek,<br \/>\n6. 7. 2017<\/td>\n<td class=\"tdprogramsredina\" valign=\"top\" width=\"20%\">16.00\u201317.30<\/td>\n<td class=\"tdprogram\" valign=\"top\" width=\"60%\">Evalvacija, napotki za <a href=\"https:\/\/www.worldofart.org\/arhiv.worldofart.org\/aktualno\/sestnajsto-leto-2017-2018\/praksa\/virtualne-razstave\">virtualne razstave<\/a><\/td>\n<\/tr>\n<\/tbody>\n<\/table>\n<p class=\"mesec13\"><strong>junij<br \/>\n<\/strong><\/p>\n<table style=\"height: 50px;\" border=\"0\" width=\"1057\" cellspacing=\"0\" cellpadding=\"0\">\n<tbody>\n<tr>\n<td class=\"mesec\" rowspan=\"2\" valign=\"top\" width=\"20%\">\u010detrtek,<br \/>\n1. 6. 2017<\/td>\n<td class=\"tdprogramsredina\" valign=\"top\" width=\"20%\">16.00\u201317.00<\/td>\n<td class=\"tdprogram\" valign=\"top\" width=\"60%\"><a href=\"https:\/\/www.worldofart.org\/arhiv.worldofart.org\/aktualno\/sestnajsto-leto-2017-2018\/seminarji-in-moduli\/jana-ferjan-in-teja-merhar-dokumentacija\">Jana Ferjan in Teja Merhar: Dokumentacija<\/a><\/td>\n<\/tr>\n<tr>\n<td class=\"tdprogramsredina\" valign=\"top\" width=\"20%\">17.00\u201318.30<\/td>\n<td class=\"tdprogram\" valign=\"top\" width=\"60%\"><a href=\"https:\/\/www.worldofart.org\/arhiv.worldofart.org\/aktualno\/sestnajsto-leto-2017-2018\/praksa\/vladimir-vidmar-kuratorska-raziskava\">Vladimir Vidmar: Kuratorska raziskava<\/a><\/td>\n<\/tr>\n<tr>\n<td class=\"mesec\" rowspan=\"2\" valign=\"top\" width=\"20%\">\u010detrtek,<br \/>\n8. 6. 2017<\/td>\n<td class=\"tdprogramsredina\" valign=\"top\" width=\"20%\">16.00\u201317.30<\/td>\n<td class=\"tdprogram\" valign=\"top\" width=\"60%\"><a href=\"https:\/\/www.worldofart.org\/arhiv.worldofart.org\/aktualno\/sestnajsto-leto-2017-2018\/praksa\/miha-kelemina-lara-plavcak-obiski-ateljejev-in-drugih-prostorov-ustvarjanja\">Obiski ateljejev in drugih prostorov ustvarjanja<\/a>: <a href=\"https:\/\/valeriewolfgang.com\/\" target=\"_blank\" rel=\"noopener\">Valerie Wolf Gang<\/a><\/td>\n<\/tr>\n<tr>\n<td class=\"tdprogramsredina\" valign=\"top\" width=\"20%\">17.45\u201319.00<\/td>\n<td class=\"tdprogram\" valign=\"top\" width=\"60%\"><a href=\"https:\/\/www.worldofart.org\/arhiv.worldofart.org\/aktualno\/sestnajsto-leto-2017-2018\/praksa\/vladimir-vidmar-kuratorska-raziskava\">Vladimir Vidmar: Kuratorska raziskava<\/a><\/td>\n<\/tr>\n<tr>\n<td class=\"mesec\" rowspan=\"2\" valign=\"top\" width=\"20%\">\u010detrtek,<br \/>\n15. 6. 2017<\/td>\n<td class=\"tdprogramsredina\" valign=\"top\" width=\"20%\">16.00\u201317.40<\/td>\n<td class=\"tdprogram\" valign=\"top\" width=\"60%\"><a href=\"https:\/\/www.worldofart.org\/arhiv.worldofart.org\/aktualno\/sestnajsto-leto-2017-2018\/seminarji-in-moduli\/ines-kezman-svet-umetnosti-v-svetu-programov-eu\">Zavod Motovila, Ines Ke\u017eman: Svet umetnosti v svetu programov EU (od evropske kulturne politike financiranja do razpisnih dokumentacij)<\/a><\/td>\n<\/tr>\n<tr>\n<td class=\"tdprogramsredina\" valign=\"top\" width=\"20%\">17.50\u201318.35<\/td>\n<td class=\"tdprogram\" valign=\"top\" width=\"60%\"><a href=\"https:\/\/www.worldofart.org\/arhiv.worldofart.org\/aktualno\/sestnajsto-leto-2017-2018\/seminarji-in-moduli\/dusan-dovc-zemljevid-razpisov-in-pozivov\">Du\u0161an Dov\u010d: Zemljevid razpisov in pozivov<\/a><\/td>\n<\/tr>\n<tr>\n<td class=\"mesec\" rowspan=\"2\" valign=\"top\" width=\"20%\">\u010detrtek,<br \/>\n22. 6. 2017<\/td>\n<td class=\"tdprogramsredina\" valign=\"top\" width=\"20%\">16.00\u201317.30<\/td>\n<td class=\"tdprogram\" valign=\"top\" width=\"60%\"><a href=\"https:\/\/www.worldofart.org\/arhiv.worldofart.org\/aktualno\/sestnajsto-leto-2017-2018\/seminarji-in-moduli\/sum\">Kaja Kraner (Raziskovalni kolektiv \u0160UM): Alternativno organiziranje in strategije pre\u017eivetja v sodobni umetnosti<\/a><\/td>\n<\/tr>\n<tr>\n<td class=\"tdprogramsredina\" valign=\"top\" width=\"20%\">17.45\u201319.15<\/td>\n<td class=\"tdprogram\" valign=\"top\" width=\"60%\"><a href=\"https:\/\/www.worldofart.org\/arhiv.worldofart.org\/aktualno\/sestnajsto-leto-2017-2018\/seminarji-in-moduli\/sum\">Izidor Bar\u0161i (Raziskovalni kolektiv \u0160UM): Alternativno organiziranje in strategije pre\u017eivetja v sodobni umetnosti<\/a><\/td>\n<\/tr>\n<tr>\n<td class=\"mesec\" rowspan=\"2\" valign=\"top\" width=\"20%\">\u010detrtek,<br \/>\n29. 6. 2017<\/td>\n<td class=\"tdprogramsredina\" valign=\"top\" width=\"20%\">16.00\u201317.00<\/td>\n<td class=\"tdprogram\" valign=\"top\" width=\"60%\"><a href=\"https:\/\/www.worldofart.org\/arhiv.worldofart.org\/aktualno\/sestnajsto-leto-2017-2018\/seminarji-in-moduli\/barbara-borcic-seminar-analiza-umetniskega-dela\">Barbara Bor\u010di\u0107: Seminar Analiza umetni\u0161kega dela<\/a><\/td>\n<\/tr>\n<tr>\n<td class=\"tdprogramsredina\" valign=\"top\" width=\"20%\">17.00\u201318.30<\/td>\n<td class=\"tdprogram\" valign=\"top\" width=\"60%\"><a href=\"https:\/\/www.worldofart.org\/arhiv.worldofart.org\/aktualno\/sestnajsto-leto-2017-2018\/praksa\/vladimir-vidmar-kuratorska-raziskava\">Vladimir Vidmar: Kuratorska raziskava<\/a><\/td>\n<\/tr>\n<\/tbody>\n<\/table>\n<p class=\"mesec13\"><strong>maj<\/strong><\/p>\n<table border=\"0\" width=\"100%\" cellspacing=\"0\" cellpadding=\"0\">\n<tbody>\n<tr>\n<td class=\"mesec\" valign=\"top\" width=\"20%\">\u010detrtek, 4. 5. \u2013<br \/>\nponedeljek, 8. 5. 2017<\/td>\n<td class=\"tdprogramsredina\" valign=\"top\" width=\"20%\"><\/td>\n<td class=\"tdprogram\" valign=\"top\" width=\"60%\">Postavljanje razstave <a href=\"https:\/\/www.worldofart.org\/arhiv.worldofart.org\/aktualno\/sestnajsto-leto-2017-2018\/re-razstava\"><em>re-<\/em><\/a> v Galeriji \u0160kuc<\/td>\n<\/tr>\n<tr>\n<td class=\"mesec\" valign=\"top\" width=\"20%\">torek,<br \/>\n9. 5. 2017<\/td>\n<td class=\"tdprogramsredina\" valign=\"top\" width=\"20%\">20.00<\/td>\n<td class=\"tdprogram\" valign=\"top\" width=\"60%\">Odprtje razstave <a href=\"https:\/\/www.worldofart.org\/arhiv.worldofart.org\/aktualno\/sestnajsto-leto-2017-2018\/re-razstava\"><em>re-<\/em><\/a> v Galeriji \u0160kuc<\/td>\n<\/tr>\n<tr>\n<td class=\"mesec\" valign=\"top\" width=\"20%\">\u010detrtek,<br \/>\n11. 5. 2017<\/td>\n<td class=\"tdprogramsredina\" valign=\"top\" width=\"20%\">17.45\u201319.30<\/td>\n<td class=\"tdprogram\" valign=\"top\" width=\"60%\"><a href=\"https:\/\/www.worldofart.org\/arhiv.worldofart.org\/aktualno\/sestnajsto-leto-2017-2018\/seminarji-in-moduli\/andrej-pezelj-umetnost-in-fikcije-subverzivnosti\">Andrej Pezelj: Umetnost in fikcije subverzivnosti<\/a><\/td>\n<\/tr>\n<tr>\n<td class=\"mesec\" valign=\"top\" width=\"20%\">sreda,<br \/>\n24. 5. 2017<\/td>\n<td class=\"tdprogramsredina\" valign=\"top\" width=\"20%\">18.00<\/td>\n<td class=\"tdprogram\" valign=\"top\" width=\"60%\">Vodstvo po razstavi <a href=\"https:\/\/www.worldofart.org\/arhiv.worldofart.org\/aktualno\/sestnajsto-leto-2017-2018\/re-razstava\"><em>re-<\/em><\/a> v Galeriji \u0160kuc<\/td>\n<\/tr>\n<tr>\n<td class=\"mesec\" rowspan=\"2\" valign=\"top\" width=\"20%\">\u010detrtek,<br \/>\n25. 5. 2017<\/td>\n<td class=\"tdprogramsredina\" valign=\"top\" width=\"20%\">16.00\u201317.30<\/td>\n<td class=\"tdprogram\" valign=\"top\" width=\"60%\">Evalvacija<\/td>\n<\/tr>\n<tr>\n<td class=\"tdprogramsredina\" valign=\"top\" width=\"20%\">17.45\u201319.15<\/td>\n<td class=\"tdprogram\" valign=\"top\" width=\"60%\"><a href=\"https:\/\/www.worldofart.org\/arhiv.worldofart.org\/aktualno\/sestnajsto-leto-2017-2018\/praksa\/vladimir-vidmar-kuratorska-raziskava\">Vladimir Vidmar: Kuratorska raziskava<\/a><\/td>\n<\/tr>\n<\/tbody>\n<\/table>\n<p class=\"mesec13\"><strong>april<\/strong><\/p>\n<table border=\"0\" width=\"100%\" cellspacing=\"0\" cellpadding=\"0\">\n<tbody>\n<tr>\n<td class=\"mesec\" rowspan=\"3\" valign=\"top\" width=\"20%\">\u010detrtek,<br \/>\n6. 4. 2017<\/td>\n<td class=\"tdprogramsredina\" valign=\"top\" width=\"20%\">16.00\u201317.30<\/td>\n<td class=\"tdprogram\" valign=\"top\" width=\"60%\"><a href=\"https:\/\/www.worldofart.org\/arhiv.worldofart.org\/aktualno\/leto-16-2017-2018\/predavanja\/simona-zvanut-muzej-sodobne-umetnosti\">Simona \u017dvanut: Muzej sodobne umetnosti: Institucija in arhitektura<\/a><\/td>\n<\/tr>\n<tr>\n<td class=\"tdprogramsredina\" valign=\"top\" width=\"20%\">17.45\u201319.15<\/td>\n<td class=\"tdprogram\" valign=\"top\" width=\"60%\"><a href=\"https:\/\/www.worldofart.org\/arhiv.worldofart.org\/aktualno\/sestnajsto-leto-2017-2018\/seminarji-in-moduli\/andrej-pezelj-umetnost-in-fikcije-subverzivnosti\">Andrej Pezelj: Umetnost in fikcije subverzivnosti<\/a><\/td>\n<\/tr>\n<tr>\n<td class=\"tdprogramsredina\" valign=\"top\" width=\"20%\">19.15\u201320.15<\/td>\n<td class=\"tdprogram\" valign=\"top\" width=\"60%\">Delovni sestanek: Priprava razstave v Galeriji \u0160kuc<\/td>\n<\/tr>\n<tr>\n<td class=\"mesec\" rowspan=\"3\" valign=\"top\" width=\"20%\">\u010detrtek,<br \/>\n13. 4. 2017<\/td>\n<td class=\"tdprogramsredina\" valign=\"top\" width=\"20%\">16.00\u201316.45<\/td>\n<td class=\"tdprogram\" valign=\"top\" width=\"60%\"><a href=\"https:\/\/www.worldofart.org\/arhiv.worldofart.org\/aktualno\/sestnajsto-leto-2017-2018\/seminarji-in-moduli\/barbara-borcic-seminar-analiza-umetniskega-dela\">Barbara Bor\u010di\u0107: Seminar Analiza umetni\u0161kega dela<\/a><\/td>\n<\/tr>\n<tr>\n<td class=\"tdprogramsredina\" valign=\"top\" width=\"20%\">16.45\u201317.45<\/td>\n<td class=\"tdprogram\" valign=\"top\" width=\"60%\">Delovni sestanek: Priprava razstave v Galeriji \u0160kuc<\/td>\n<\/tr>\n<tr>\n<td class=\"tdprogramsredina\" valign=\"top\" width=\"20%\">17.45\u201319.15<\/td>\n<td class=\"tdprogram\" valign=\"top\" width=\"60%\"><a href=\"https:\/\/www.worldofart.org\/arhiv.worldofart.org\/aktualno\/sestnajsto-leto-2017-2018\/seminarji-in-moduli\/andrej-pezelj-umetnost-in-fikcije-subverzivnosti\">Andrej Pezelj: Umetnost in fikcije subverzivnosti<\/a><\/td>\n<\/tr>\n<tr>\n<td class=\"mesec\" rowspan=\"3\" valign=\"top\" width=\"20%\">\u010detrtek,<br \/>\n20. 4. 2017<\/td>\n<td class=\"tdprogramsredina\" valign=\"top\" width=\"20%\">16.00\u201317.30<\/td>\n<td class=\"tdprogram\" valign=\"top\" width=\"60%\">Obisk razstave <a href=\"http:\/\/www.mg-lj.si\/si\/razstave\/1980\/vecmedijske-prakse-in-produkcijska-prizorisca\/\" target=\"_blank\" rel=\"noopener noreferrer\"><em>Ve\u010dmedijske prakse in produkcijska prizori\u0161\u010da<\/em><\/a>, vodi kustosinja Barbara Bor\u010di\u0107<\/td>\n<\/tr>\n<tr>\n<td class=\"tdprogramsredina\" valign=\"top\" width=\"20%\">17.45\u201319.15<\/td>\n<td class=\"tdprogram\" valign=\"top\" width=\"60%\"><a href=\"https:\/\/www.worldofart.org\/arhiv.worldofart.org\/aktualno\/sestnajsto-leto-2017-2018\/seminarji-in-moduli\/andrej-pezelj-umetnost-in-fikcije-subverzivnosti\">Andrej Pezelj: Umetnost in fikcije subverzivnosti<\/a><\/td>\n<\/tr>\n<tr>\n<td class=\"tdprogramsredina\" valign=\"top\" width=\"20%\">19.30\u201320.30<\/td>\n<td class=\"tdprogram\" valign=\"top\" width=\"60%\">Delovni sestanek: Priprava razstave v Galeriji \u0160kuc<\/td>\n<\/tr>\n<\/tbody>\n<\/table>\n<p class=\"mesec13\"><strong>marec<\/strong><\/p>\n<table border=\"0\" width=\"100%\" cellspacing=\"0\" cellpadding=\"0\">\n<tbody>\n<tr>\n<td class=\"mesec\" valign=\"top\" width=\"20%\">\u010detrtek,<br \/>\n2. 3. 2017<\/td>\n<td class=\"tdprogramsredina\" valign=\"top\" width=\"20%\">19.00<\/td>\n<td class=\"tdprogram\" valign=\"top\" width=\"60%\">Odprtje razstave <a href=\"http:\/\/www.scca-ljubljana.si\/neki-pise.htm\" target=\"_blank\" rel=\"noopener noreferrer\"><em>Neki pi\u0161e<\/em><\/a> v Galeriji <a href=\"https:\/\/www.facebook.com\/VodnikovaDomacijaSiska\/\" target=\"_blank\" rel=\"noopener noreferrer\">Vodnikove doma\u010dije<\/a><\/td>\n<\/tr>\n<tr>\n<td class=\"mesec\" rowspan=\"2\" valign=\"top\" width=\"20%\">\u010detrtek,<br \/>\n9. 3. 2017<\/td>\n<td class=\"tdprogramsredina\" valign=\"top\" width=\"20%\">16.00\u201317.30<\/td>\n<td class=\"tdprogram\" valign=\"top\" width=\"60%\"><a href=\"https:\/\/www.worldofart.org\/arhiv.worldofart.org\/aktualno\/sestnajsto-leto-2017-2018\/predavanja\/asta-vrecko-umetnostni-sistem-na-slovenskem\">Asta Vre\u010dko: Umetnostni sistem na Slovenskem \u2013 sprehod skozi 20. stoletje<\/a><\/td>\n<\/tr>\n<tr>\n<td class=\"tdprogramsredina\" valign=\"top\" width=\"20%\">17.45\u201319.15<\/td>\n<td class=\"tdprogram\" valign=\"top\" width=\"60%\"><a href=\"https:\/\/www.worldofart.org\/arhiv.worldofart.org\/aktualno\/sestnajsto-leto-2017-2018\/seminarji-in-moduli\/andrej-pezelj-umetnost-in-fikcije-subverzivnosti\">Andrej Pezelj: Umetnost in fikcije subverzivnosti<\/a><\/td>\n<\/tr>\n<tr>\n<td class=\"mesec\" valign=\"top\" width=\"20%\">sreda,<br \/>\n15. 3. 2017<\/td>\n<td class=\"tdprogramsredina\" valign=\"top\" width=\"20%\">18.00\u201319.00<\/td>\n<td class=\"tdprogram\" valign=\"top\" width=\"60%\">Vodstvo po razstavi <a href=\"http:\/\/www.scca-ljubljana.si\/neki-pise.htm\" target=\"_blank\" rel=\"noopener noreferrer\"><em>Neki pi\u0161e<\/em><\/a> in predstavitev publikacije,<br \/>\nGalerija Vodnikove doma\u010dije<\/td>\n<\/tr>\n<tr>\n<td class=\"mesec\" rowspan=\"2\" valign=\"top\" width=\"20%\">\u010detrtek,<br \/>\n16. 3. 2017<\/td>\n<td class=\"tdprogramsredina\" valign=\"top\" width=\"20%\">16.00\u201317.30<\/td>\n<td class=\"tdprogram\" valign=\"top\" width=\"60%\"><a href=\"https:\/\/www.worldofart.org\/arhiv.worldofart.org\/aktualno\/sestnajsto-leto-2017-2018\/seminarji-in-moduli\/andrej-pezelj-umetnost-in-fikcije-subverzivnosti\">Andrej Pezelj: Umetnost in fikcije subverzivnosti<\/a><\/td>\n<\/tr>\n<tr>\n<td class=\"tdprogramsredina\" valign=\"top\" width=\"20%\">17.45\u201319.15<\/td>\n<td class=\"tdprogram\" valign=\"top\" width=\"60%\"><a href=\"https:\/\/www.worldofart.org\/arhiv.worldofart.org\/aktualno\/sestnajsto-leto-2017-2018\/predavanja\/sasa-nabergoj-kuratorske-prakse-kratek-zgodovinski-pregled\">Sa\u0161a Nabergoj: Kuratorske prakse. Kratek zgodovinski pregled<\/a><\/td>\n<\/tr>\n<tr>\n<td class=\"mesec\" rowspan=\"2\" valign=\"top\" width=\"20%\">\u010detrtek,<br \/>\n23. 3. 2017<\/td>\n<td class=\"tdprogramsredina\" valign=\"top\" width=\"20%\">16.00\u201317.15<\/td>\n<td class=\"tdprogram\" valign=\"top\" width=\"60%\">Delovni sestanek: Priprava razstave v Galeriji \u0160kuc<\/td>\n<\/tr>\n<tr>\n<td class=\"tdprogramsredina\" valign=\"top\" width=\"20%\">17.30\u201319.00<\/td>\n<td class=\"tdprogram\" valign=\"top\" width=\"60%\"><a href=\"https:\/\/www.worldofart.org\/arhiv.worldofart.org\/aktualno\/sestnajsto-leto-2017-2018\/predavanja\/sasa-nabergoj-kuratorske-prakse-kratek-zgodovinski-pregled\">Sa\u0161a Nabergoj: Kuratorske prakse. Kratek zgodovinski pregled<\/a><\/td>\n<\/tr>\n<tr>\n<td class=\"mesec\" rowspan=\"2\" valign=\"top\" width=\"20%\">\u010detrtek,<br \/>\n30. 3. 2017<\/td>\n<td class=\"tdprogramsredina\" valign=\"top\" width=\"20%\">16.00\u201317.15<\/td>\n<td class=\"tdprogram\" valign=\"top\" width=\"60%\">Delovni sestanek: Priprava razstave v Galeriji \u0160kuc<\/td>\n<\/tr>\n<tr>\n<td class=\"tdprogramsredina\" valign=\"top\" width=\"20%\">17.30\u201319.00<\/td>\n<td class=\"tdprogram\" valign=\"top\" width=\"60%\"><a href=\"https:\/\/www.worldofart.org\/arhiv.worldofart.org\/aktualno\/sestnajsto-leto-2017-2018\/predavanja\/sasa-nabergoj-kuratorske-prakse-kratek-zgodovinski-pregled\">Sa\u0161a Nabergoj: Kuratorske prakse. Kratek zgodovinski pregled<\/a><\/td>\n<\/tr>\n<\/tbody>\n<\/table>\n<p class=\"mesec13\"><strong>februar<\/strong><\/p>\n<table border=\"0\" width=\"100%\" cellspacing=\"0\" cellpadding=\"0\">\n<tbody>\n<tr>\n<td class=\"mesec\" rowspan=\"2\" valign=\"top\" width=\"20%\">\u010detrtek,<br \/>\n2. 2. 2017<\/td>\n<td class=\"tdprogramsredina\" valign=\"top\" width=\"20%\">16.00\u201318.00<\/td>\n<td class=\"tdprogram\" valign=\"top\" width=\"60%\">Delovni sestanek: Priprava razstave v galeriji Vodnikove doma\u010dije<\/td>\n<\/tr>\n<tr>\n<td class=\"tdprogramsredina\" valign=\"top\" width=\"20%\">18.30<\/td>\n<td class=\"tdprogram\" valign=\"top\" width=\"60%\"><a href=\"http:\/\/sumrevija.si\/izid-in-predstavitev-sum6-umetnost-kritika\/\" target=\"_blank\" rel=\"noopener noreferrer\">Pogovor ob izidu 6. \u0161tevilke revije \u0160UM<\/a>, Mestna galerija Ljubljana<\/td>\n<\/tr>\n<tr>\n<td class=\"mesec\" rowspan=\"2\" valign=\"top\" width=\"20%\">\u010detrtek,<br \/>\n9. 2. 2017<\/td>\n<td class=\"tdprogramsredina\" valign=\"top\" width=\"20%\">16.00\u201317.30<\/td>\n<td class=\"tdprogram\" valign=\"top\" width=\"60%\"><a href=\"https:\/\/www.worldofart.org\/arhiv.worldofart.org\/aktualno\/leto-16-2017-2018\/predavanja\/rebeka-vidrih-vzpostavitev-umetnostnozgodovinskega-narativa\">Rebeka Vidrih: Vzpostavitev modernisti\u010dnega umetnostnozgodovinskega narativa in zgodovinske avantgarde<\/a><\/td>\n<\/tr>\n<tr>\n<td class=\"tdprogramsredina\" valign=\"top\" width=\"20%\">18.00\u201319.30<\/td>\n<td class=\"tdprogram\" valign=\"top\" width=\"60%\"><a href=\"https:\/\/www.worldofart.org\/arhiv.worldofart.org\/aktualno\/archives\/10294\">Daniel Morgenthaler: Kuratorstvo? Koratorstvo!<\/a><\/td>\n<\/tr>\n<tr>\n<td class=\"mesec\" rowspan=\"2\" valign=\"top\" width=\"20%\">\u010detrtek,<br \/>\n16. 2. 2017<\/td>\n<td class=\"tdprogramsredina\" valign=\"top\" width=\"20%\">16.00\u201317.30<\/td>\n<td class=\"tdprogram\" valign=\"top\" width=\"60%\"><a href=\"https:\/\/www.worldofart.org\/arhiv.worldofart.org\/aktualno\/leto-16-2017-2018\/predavanja\/rebeka-vidrih-vzpostavitev-umetnostnozgodovinskega-narativa\">Rebeka Vidrih: Vzpostavitev modernisti\u010dnega umetnostnozgodovinskega narativa in zgodovinske avantgarde<\/a><\/td>\n<\/tr>\n<tr>\n<td class=\"tdprogramsredina\" valign=\"top\" width=\"20%\">17.45\u201319.15<\/td>\n<td class=\"tdprogram\" valign=\"top\" width=\"60%\"><a href=\"https:\/\/www.worldofart.org\/arhiv.worldofart.org\/aktualno\/leto-16-2017-2018\/predavanja\/asta-vrecko-umetnostni-sistem-na-slovenskem\">Asta Vre\u010dko: Umetnostni sistem na Slovenskem \u2013 sprehod skozi 20. stoletje <\/a><\/td>\n<\/tr>\n<tr>\n<td class=\"mesec\" rowspan=\"2\" valign=\"top\" width=\"20%\">\u010detrtek,<br \/>\n23. 2. 2017<\/td>\n<td class=\"tdprogramsredina\" valign=\"top\" width=\"20%\">16.00\u201317.30<\/td>\n<td class=\"tdprogram\" valign=\"top\" width=\"60%\"><a href=\"https:\/\/www.worldofart.org\/arhiv.worldofart.org\/aktualno\/sestnajsto-leto-2017-2018\/predavanja\/vesna-copic-kulturna-politika-in-status-umetnika\">Vesna \u010copi\u010d: Kulturna politika in status umetnika<\/a><\/td>\n<\/tr>\n<tr>\n<td class=\"tdprogramsredina\" valign=\"top\" width=\"20%\">17.45\u201319.00<\/td>\n<td class=\"tdprogram\" valign=\"top\" width=\"60%\">Delovni sestanek: Priprava razstave v Galeriji \u0160kuc<\/td>\n<\/tr>\n<tr>\n<td class=\"mesec\" valign=\"top\" width=\"20%\">ponedeljek,<br \/>\n27. 2. 2017<br \/>\n\u2013<br \/>\nsreda,<br \/>\n1. 3. 2017<\/td>\n<td class=\"tdprogramsredina\" valign=\"top\" width=\"20%\"><\/td>\n<td class=\"tdprogram\" valign=\"top\" width=\"60%\">Postavljanje razstave <a href=\"http:\/\/www.scca-ljubljana.si\/neki-pise.htm\" target=\"_blank\" rel=\"noopener noreferrer\"><em>Neki pi\u0161e<\/em><\/a> v Galeriji <a href=\"https:\/\/www.facebook.com\/VodnikovaDomacijaSiska\/\" target=\"_blank\" rel=\"noopener noreferrer\">Vodnikove doma\u010dije<\/a><\/td>\n<\/tr>\n<\/tbody>\n<\/table>\n<p class=\"mesec13\"><strong>januar<\/strong><\/p>\n<table border=\"0\" width=\"100%\" cellspacing=\"0\" cellpadding=\"0\">\n<tbody>\n<tr>\n<td class=\"mesec\" rowspan=\"2\" valign=\"top\" width=\"20%\">\u010detrtek,<br \/>\n19. 1. 2017<\/td>\n<td class=\"tdprogramsredina\" valign=\"top\" width=\"20%\">16.00\u201317.00<\/td>\n<td class=\"tdprogram\" valign=\"top\" width=\"60%\">Miha Kelemina, Lara Plav\u010dak: Uvodno sre\u010danje in predstavitev SU<\/td>\n<\/tr>\n<tr>\n<td class=\"tdprogramsredina\" valign=\"top\" width=\"20%\">17.15\u201319.00<\/td>\n<td class=\"tdprogram\" valign=\"top\" width=\"60%\"><a href=\"https:\/\/www.worldofart.org\/arhiv.worldofart.org\/aktualno\/leto-16-2017-2018\/predavanja\/alenka-pirman-umetnostni-sistem-vpogled\">Alenka Pirman: Umetnostni sistem. Vpogled<\/a><\/td>\n<\/tr>\n<tr>\n<td class=\"mesec\" rowspan=\"2\" valign=\"top\" width=\"20%\">\u010detrtek,<br \/>\n26. 1. 2017<\/td>\n<td class=\"tdprogramsredina\" valign=\"top\" width=\"20%\">16.00\u201317.30<\/td>\n<td class=\"tdprogram\" valign=\"top\" width=\"60%\"><a href=\"https:\/\/www.worldofart.org\/arhiv.worldofart.org\/aktualno\/leto-16-2017-2018\/predavanja\/alenka-pirman-umetnostni-sistem-vpogled\">Alenka Pirman: Umetnostni sistem. Vpogled<\/a><\/td>\n<\/tr>\n<tr>\n<td class=\"tdprogramsredina\" valign=\"top\" width=\"20%\">17.45\u201319.15<\/td>\n<td class=\"tdprogram\" valign=\"top\" width=\"60%\">Du\u0161an Dov\u010d, Barbara Bor\u010di\u0107: Predstavitev programov SCCA-Ljubljana<\/td>\n<\/tr>\n<tr>\n<td class=\"mesec\" valign=\"top\" width=\"20%\">torek,<br \/>\n31. 1. 2017<\/td>\n<td class=\"tdprogramsredina\" valign=\"top\" width=\"20%\">16.00\u201319.15<\/td>\n<td class=\"tdprogram\" valign=\"top\" width=\"60%\"><a href=\"https:\/\/www.worldofart.org\/arhiv.worldofart.org\/aktualno\/sestnajsto-leto-2017-2018\/seminarji-in-moduli\/petja-grafenauer-delavnica-podrobnega-branja\">Petja Grafenauer: Delavnica podrobnega branja<\/a><\/td>\n<\/tr>\n<\/tbody>\n<\/table>\n","protected":false},"excerpt":{"rendered":"<p>Svet umetnosti | \u0160ola za kuratorske prakse in kriti\u0161ko pisanje | Leto 16 2. LETNIK (september 2017\u2013junij 2018) junij petek, 1. 6. 2018 12.00\u201313.00 Vodstvo po razstavi Nekaj minut kasneje. za \u0161tudente Akademije umetnosti UNG; vodi Ajda Kocutar sreda, 6. 6. 2018 11.00 Vodstvo po razstavi Nekaj minut kasneje. za \u0161tudente ALUO; vodita Ur\u0161ka Aplinc [&hellip;]<\/p>\n","protected":false},"author":1,"featured_media":0,"parent":9611,"menu_order":0,"comment_status":"closed","ping_status":"closed","template":"","meta":{"footnotes":""},"categories":[],"tags":[],"_links":{"self":[{"href":"https:\/\/www.worldofart.org\/arhiv.worldofart.org\/aktualno\/wp-json\/wp\/v2\/pages\/10391"}],"collection":[{"href":"https:\/\/www.worldofart.org\/arhiv.worldofart.org\/aktualno\/wp-json\/wp\/v2\/pages"}],"about":[{"href":"https:\/\/www.worldofart.org\/arhiv.worldofart.org\/aktualno\/wp-json\/wp\/v2\/types\/page"}],"author":[{"embeddable":true,"href":"https:\/\/www.worldofart.org\/arhiv.worldofart.org\/aktualno\/wp-json\/wp\/v2\/users\/1"}],"replies":[{"embeddable":true,"href":"https:\/\/www.worldofart.org\/arhiv.worldofart.org\/aktualno\/wp-json\/wp\/v2\/comments?post=10391"}],"version-history":[{"count":92,"href":"https:\/\/www.worldofart.org\/arhiv.worldofart.org\/aktualno\/wp-json\/wp\/v2\/pages\/10391\/revisions"}],"predecessor-version":[{"id":12896,"href":"https:\/\/www.worldofart.org\/arhiv.worldofart.org\/aktualno\/wp-json\/wp\/v2\/pages\/10391\/revisions\/12896"}],"up":[{"embeddable":true,"href":"https:\/\/www.worldofart.org\/arhiv.worldofart.org\/aktualno\/wp-json\/wp\/v2\/pages\/9611"}],"wp:attachment":[{"href":"https:\/\/www.worldofart.org\/arhiv.worldofart.org\/aktualno\/wp-json\/wp\/v2\/media?parent=10391"}],"wp:term":[{"taxonomy":"category","embeddable":true,"href":"https:\/\/www.worldofart.org\/arhiv.worldofart.org\/aktualno\/wp-json\/wp\/v2\/categories?post=10391"},{"taxonomy":"post_tag","embeddable":true,"href":"https:\/\/www.worldofart.org\/arhiv.worldofart.org\/aktualno\/wp-json\/wp\/v2\/tags?post=10391"}],"curies":[{"name":"wp","href":"https:\/\/api.w.org\/{rel}","templated":true}]}}