{"id":1109,"date":"2011-09-16T17:36:01","date_gmt":"2011-09-16T15:36:01","guid":{"rendered":"http:\/\/www.worldofart.org\/aktualno\/partnerji-20112013"},"modified":"2018-06-18T18:34:19","modified_gmt":"2018-06-18T16:34:19","slug":"sodelovanja-20112013","status":"publish","type":"page","link":"https:\/\/www.worldofart.org\/arhiv.worldofart.org\/aktualno\/stirinajsti-letnik-20112013\/sodelovanja-20112013","title":{"rendered":"Sodelovanja 2011\/2013"},"content":{"rendered":"<p>Temeljna zna\u010dilnost Sveta umetnosti zadnjih dveh let je njegova bolj <strong>intenzivna vpetost v mednarodni svet umetnosti<\/strong>. \u0160ola je bila seveda \u017ee od vsega za\u010detka mednarodna; na njej so sodelovali \u0161tevilni mednarodni predavatelji in vodje delavnic, pa tudi te\u010dajniki so pogosto prihajali iz sosednjih dr\u017eav. Smo pa od leta 2010 uspeli poglobiti doslej ob\u010dasna ali kratkoro\u010dna sodelovanja in se \u010dez ve\u010dletno sodelovanje povezati s sorodnimi in komplementarnimi programi v Evropi. Tako smo z dunajskim, krakovskim in z\u00fcri\u0161kim podiplomskim programom za kustose ter zagreb\u0161ko \u0161olo za kritike vzpostavili ve\u010d paralelnih in prese\u010dnih platform, ki nam omogo\u010dajo poglobljeno izmenjavanje znanj o teorijah in praksah izobra\u017eevanja v polju sodobne umetnosti. Izmenjali smo koristne izku\u0161nje, (so)vplivali na razvoj programov, predvsem pa povezali razli\u010dne protagoniste iz sveta umetnosti. Pri tem sodelovanju gre tudi za izmenjavo in seznanjanje s praksami, ki so relevantne za posami\u010dne kontekste, zato s(m)o &#8221;na\u0161i&#8221; predavatelji gostovali v Krakovu, Z\u00fcrichu in Zagrebu pa na Dunaju, hrva\u0161ki, \u0161vicarski, poljski in avstrijski pa pri nas. Prav tako pomembne so tudi povezave in znanja, ki so jih pri tem pridobili sodelujo\u010di te\u010dajniki\/\u0161tudenti (bodo\u010di kustosi in kritiki), ki smo jim z natan\u010dno pripravljenimi \u0161tudijskimi ekskurzijami predstavili umetnostna prizori\u0161\u010da posami\u010dnih mest. S tem smo jih seznanili z dobrimi praksami, budili njihovo kriti\u010dno in analiti\u010dno zavest in jih povezovali z njihovimi prihodnjimi sopotniki: kustosi in kritiki prihodnjih generacij.<\/p>\n<p>&#8212;<\/p>\n<p><a href=\"https:\/\/www.worldofart.org\/arhiv.worldofart.org\/aktualno\/stirinajsti-letnik-20112013\/na-poti-k-sodelovanju\"><strong>Na poti k sodelovanju<\/strong><\/a><\/p>\n<p>je bilo sodelovanje med Svetom umetnosti in <a href=\"http:\/\/www.stjoost.nl\/en\/studies\/m\/fa\/about\/introduction\" target=\"_blank\">Magistrskim \u0161tudijem likovnih umetnosti, Akademije za umetnost in oblikovanje St. Joost (AKV\/St. Joost)<\/a>.<strong>\u00a0<\/strong>Pri pregledu ljubljanskega umetnostnega prizori\u0161\u010da (april 2013) pa so\u00a0 sodelelovali tudi \u0161tudenti <a href=\"http:\/\/www.ff.uni-lj.si\/oddelki\/umzgod\/index.htm\" target=\"_blank\">Drugostopenjskega magistrskega \u0161tudijskega programa umetnostna zgodovina<\/a>,\u00a0<a href=\"http:\/\/www.ff.uni-lj.si\/\" target=\"_blank\">Filozofske fakultete<\/a>,\u00a0<a href=\"http:\/\/www.uni-lj.si\/o_univerzi_v_ljubljani.aspx\" target=\"_blank\">Univerze v Ljubljani<\/a>.<strong>\u00a0<\/strong><em>Na poti k sodelovanju<\/em> poteka od avgusta 2012.<\/p>\n<p>&#8212;<\/p>\n<p>Z <a href=\"http:\/\/www.igorzabel.org\/sl\/drustvo\" target=\"_blank\">Dru\u0161tvom Igor Zabel za kulturo in teorijo<\/a> sodelujemo pri koncipiranju in izvedbi serije javnih predavanj z naslovom <a href=\"https:\/\/www.worldofart.org\/arhiv.worldofart.org\/aktualno\/archives\/4213\"><strong>Premisleki in premene v kuratorskih, kriti\u0161kih in umetni\u0161kih praksah<\/strong><\/a>.<\/p>\n<p>&#8212;<\/p>\n<p><a href=\"https:\/\/www.worldofart.org\/arhiv.worldofart.org\/aktualno\/stirinajsti-letnik-20112013\/leonardo-mobility\"><strong>Leonardo Mobility<\/strong><\/a><strong><\/strong><\/p>\n<p>Projekt\u00a0<em>Svet umetnosti. Modeli za usposabljanje in sodelovanje v sodobni umetnosti<\/em>\u00a0je osredoto\u010den na poklicno usposabljanje na podro\u010dju kuratorskih \u0161tudij, \u0161tudij umetnostne kritike, muzeolo\u0161kih \u0161tudij in kulturnega novinarstva. Partnerstvo temelji na dolgoro\u010dnih izobra\u017eevalnih izku\u0161njah vseh partnerjev, preu\u010diti pa namerava najbolj\u0161e prakse strategij, metod in u\u010dnih na\u010drtov. Skupaj razvijamo program poklicnega usposabljanja za kustose, kritike in novinarje sodobne umetnosti, i\u0161\u010demo alternativne modele izobra\u017eevanja v umetnosti ter gradimo prostor za dolgoro\u010dno sodelovanje tako na institucionalni (partnerske organizacije in njihovi zaposleni) kot individualni ravni (u\u010denci, u\u010ditelji in mentorji).<\/p>\n<p>Partnerstvo obsega izmenjave predavateljev, strokovne ekskurzije, pripravo dvodnevne mednarodne konference in pripravo on-line priro\u010dnika za poklicno usposabljanje. Ta bo kot zaklju\u010dek na\u0161ega sodelovanja podajal spoznanja in izku\u0161nje ter krepil sodelovanje ter povezovanje med kulturnimi ustanovami v \u0161tirih dr\u017eavah, ki imajo podobne izku\u0161nje glede svojega statusa na mednarodnem trgu umetnosti in stanja umetnostnega izobra\u017eevanja.<\/p>\n<p>Partnerji:<\/p>\n<ul>\n<li><a href=\"http:\/\/www.uni-ak.ac.at\/ecm\/\" target=\"_blank\">ECM<\/a>, \u0161tudij kuratorstva v okviru Univerze uporabnih umetnosti na Dunaju,<\/li>\n<li>Podiplomskim kuratorskim \u0161tudijem v okviru <a href=\"http:\/\/www.uj.edu.pl\/en_GB\/\" target=\"_blank\">Univerze Jagiellonski Krakov<\/a>,<\/li>\n<li><a href=\"http:\/\/www.kulturpunkt.hr\/node\/29\" target=\"_blank\">KURZIV<\/a>, Platforma za vpra\u0161anja kulture, medijev in dru\u017ebe; njihov spletni portal <a href=\"http:\/\/www.kulturpunkt.hr\/category\/rubrikaprojekt\/projekti\/world-art\" target=\"_blank\">Kulturpunkt.hr<\/a> tudi objavlja novice o na\u0161em sodelovanju.<\/li>\n<\/ul>\n<p>Projekt je sofinanciran s strani evropskega programa\u00a0<a href=\"http:\/\/www.cmepius.si\/vzu\/leonardo.aspx\" target=\"_blank\">Vse\u017eivljenjsko u\u010denje (partnerstvo Leonardo da Vinci)<\/a>.<\/p>\n<p>&#8212;<\/p>\n<p><a href=\"https:\/\/www.worldofart.org\/arhiv.worldofart.org\/aktualno\/stirinajsti-letnik-20112013\/atom2-a-je-to-umetnost-phantom-to-mindset\"><strong>ATOM<sup>2<\/sup>\u00a0(A je TO! uMetnost, phAntom TO Mindset)<\/strong><\/a><strong>\u00a0<\/strong><\/p>\n<p>Projekt ATOM<sup>2<\/sup>\u00a0se osredoto\u010da na usposabljanje bodo\u010dih kustosov, kulturnih kritikov in novinarjev, na organiziranje njihovega povezovanja, izmenjavo dobrih praks in izku\u0161enj ter na priob\u010devanje njihovega dela. Ponuja metodologijo, inovativne \u0161tudijske module in podporo bodo\u010dim kustosom, kulturnim kritikom in novinarjem pri refleksiji sodobne umetnosti.<\/p>\n<p>S partnerji iz \u0160vice raziskujemo, evidentiramo, analiziramo in \u017eelimo ovrednotiti kuratorske in kriti\u0161ke prakse v obeh prostorih, kar bo vplivalo na razvoj nujnih mehanizmov sveta umetnosti.<\/p>\n<p>Projekt obsega izmenjavo predavateljev, strokovne ekskurzije, izdajo zbornika <em>V precepu kuratorskih praks <\/em>in posebne \u0161tevilke internetne revije <a href=\"http:\/\/www.on-curating.org\/\">On-Curating<\/a> in pripravo razstave <em>Printaj!<\/em> v ljubljanskem MGLC-ju.<\/p>\n<p>Partner: <a href=\"http:\/\/www.curating.org\/\" target=\"_blank\">Podiplomski program kuratorstva in\u0161tituta za kulturne \u0161tudije Univerze za umetnost Z\u00fcrich<\/a>.<\/p>\n<p>Podprto z donacijo \u0160vice v okviru\u00a0<a href=\"http:\/\/www.svicarski-prispevek.si\/\" target=\"_blank\">\u0160vicarskega prispevka raz\u0161irjeni Evropski uniji.<\/a><\/p>\n<p>&#8212;<\/p>\n<p>Predavanja &#8220;Umetnost XX. stoletja. Poglavja.&#8221;, ki jih pripravljata Sa\u0161a Nabergoj in Rebeka Vidrih, so nastala v sodelovanju\u00a0<a href=\"http:\/\/www.ff.uni-lj.si\/oddelki\/umzgod\/index.htm\" target=\"_blank\"><strong>Oddelka za umetnostno zgodovino na Filozofski fakulteti<\/strong><\/a>\u00a0in\u00a0<a href=\"http:\/\/www.scca-ljubljana.si\/\" target=\"_blank\">Zavoda SCCA\u2212Ljubljana<\/a>.<\/p>\n<p>&#8212;<\/p>\n<p>V okviru raziskovalno-kuratorskega projekta\u00a0katerega namen je raziskati zgodovino metelkovske vizualne scene in trenutne vizualne produkcije, sodelujemo z <a href=\"http:\/\/www.galerijalkatraz.org\/\" target=\"_blank\"><strong>Galerijo Alkatraz<\/strong><\/a>. Ob 19-ti obletnici AKC Metelkova mesto smo pripravili <a href=\"https:\/\/www.worldofart.org\/arhiv.worldofart.org\/aktualno\/archives\/2953\">Vmesno postajo<\/a> <em>(razstave, pogovori, delavnice, odprti ateljeji, intervencije, projekcije, performans)<\/em>, 6.\u201325. 9. 2012.<\/p>\n<p>&#8212;<\/p>\n<p>Zaklju\u010dno razstavo 14. letnika Sveta umetnosti smo pripravili v sodelovanju z <a href=\"http:\/\/www.galerija.skuc-drustvo.si\/\"><strong>Galerijo \u0160kuc<\/strong><\/a>.<\/p>\n<p>&#8212;<\/p>\n<p>Svet umetnosti sodeluje s portalom\u00a0<a href=\"http:\/\/videolectures.net\/scca_ljubljana\/\" target=\"_blank\"><strong>Videolectures<\/strong><\/a>, kjer objavljamo videodokumente predavanj s podro\u010dja kuratorskih praks sodobne umetnosti.<\/p>\n<p>&nbsp;<\/p>\n","protected":false},"excerpt":{"rendered":"<p>Temeljna zna\u010dilnost Sveta umetnosti zadnjih dveh let je njegova bolj intenzivna vpetost v mednarodni svet umetnosti. \u0160ola je bila seveda \u017ee od vsega za\u010detka mednarodna; na njej so sodelovali \u0161tevilni mednarodni predavatelji in vodje delavnic, pa tudi te\u010dajniki so pogosto prihajali iz sosednjih dr\u017eav. Smo pa od leta 2010 uspeli poglobiti doslej ob\u010dasna ali kratkoro\u010dna [&hellip;]<\/p>\n","protected":false},"author":1,"featured_media":0,"parent":866,"menu_order":0,"comment_status":"closed","ping_status":"closed","template":"","meta":{"footnotes":""},"categories":[],"tags":[],"_links":{"self":[{"href":"https:\/\/www.worldofart.org\/arhiv.worldofart.org\/aktualno\/wp-json\/wp\/v2\/pages\/1109"}],"collection":[{"href":"https:\/\/www.worldofart.org\/arhiv.worldofart.org\/aktualno\/wp-json\/wp\/v2\/pages"}],"about":[{"href":"https:\/\/www.worldofart.org\/arhiv.worldofart.org\/aktualno\/wp-json\/wp\/v2\/types\/page"}],"author":[{"embeddable":true,"href":"https:\/\/www.worldofart.org\/arhiv.worldofart.org\/aktualno\/wp-json\/wp\/v2\/users\/1"}],"replies":[{"embeddable":true,"href":"https:\/\/www.worldofart.org\/arhiv.worldofart.org\/aktualno\/wp-json\/wp\/v2\/comments?post=1109"}],"version-history":[{"count":54,"href":"https:\/\/www.worldofart.org\/arhiv.worldofart.org\/aktualno\/wp-json\/wp\/v2\/pages\/1109\/revisions"}],"predecessor-version":[{"id":9598,"href":"https:\/\/www.worldofart.org\/arhiv.worldofart.org\/aktualno\/wp-json\/wp\/v2\/pages\/1109\/revisions\/9598"}],"up":[{"embeddable":true,"href":"https:\/\/www.worldofart.org\/arhiv.worldofart.org\/aktualno\/wp-json\/wp\/v2\/pages\/866"}],"wp:attachment":[{"href":"https:\/\/www.worldofart.org\/arhiv.worldofart.org\/aktualno\/wp-json\/wp\/v2\/media?parent=1109"}],"wp:term":[{"taxonomy":"category","embeddable":true,"href":"https:\/\/www.worldofart.org\/arhiv.worldofart.org\/aktualno\/wp-json\/wp\/v2\/categories?post=1109"},{"taxonomy":"post_tag","embeddable":true,"href":"https:\/\/www.worldofart.org\/arhiv.worldofart.org\/aktualno\/wp-json\/wp\/v2\/tags?post=1109"}],"curies":[{"name":"wp","href":"https:\/\/api.w.org\/{rel}","templated":true}]}}