{"id":12731,"date":"2018-05-04T11:25:57","date_gmt":"2018-05-04T09:25:57","guid":{"rendered":"http:\/\/www.worldofart.org\/aktualno\/?page_id=12731"},"modified":"2018-12-10T17:17:19","modified_gmt":"2018-12-10T15:17:19","slug":"nekaj-minut-kasneje","status":"publish","type":"page","link":"https:\/\/www.worldofart.org\/arhiv.worldofart.org\/aktualno\/sestnajsto-leto-2017-2018\/nekaj-minut-kasneje","title":{"rendered":"Nekaj minut kasneje."},"content":{"rendered":"<p>Kon\u010dna razstava 16. leta \u0160ole za kuratorske prakse in kriti\u0161ko pisanje Svet umetnosti, 2017\/2018.<\/p>\n<hr \/>\n<p><strong>15. 5.\u20137. 6. 2018<\/strong><br \/>\n<strong>Galerija \u0160kuc, Stari trg 21, Ljubljana<\/strong><\/p>\n<p>Umetnik: <strong>Voranc Kumar<\/strong><br \/>\nKurator in kuratorke: <strong>Ur\u0161ka Aplinc, Maja Burja, Anja Guid, Ajda Ana Kocutar, Iza Pevec, Adrijan Praznik<\/strong><br \/>\nMentor in mentorica: <strong>Alenka Gregori\u010d, Miran Mohar<\/strong><br \/>\nVodja \u0161ole: <strong>Miha Kelemina<\/strong><\/p>\n<hr \/>\n<p><strong><img loading=\"lazy\" decoding=\"async\" class=\"alignnone wp-image-12732 size-full\" src=\"https:\/\/www.worldofart.org\/arhiv.worldofart.org\/aktualno\/wp-content\/uploads\/2018\/05\/Vizualija-transkript.jpg\" alt=\"\" width=\"1200\" height=\"675\" srcset=\"https:\/\/www.worldofart.org\/arhiv.worldofart.org\/aktualno\/wp-content\/uploads\/2018\/05\/Vizualija-transkript.jpg 1200w, https:\/\/www.worldofart.org\/arhiv.worldofart.org\/aktualno\/wp-content\/uploads\/2018\/05\/Vizualija-transkript-338x190.jpg 338w, https:\/\/www.worldofart.org\/arhiv.worldofart.org\/aktualno\/wp-content\/uploads\/2018\/05\/Vizualija-transkript-768x432.jpg 768w, https:\/\/www.worldofart.org\/arhiv.worldofart.org\/aktualno\/wp-content\/uploads\/2018\/05\/Vizualija-transkript-730x411.jpg 730w\" sizes=\"(max-width: 1200px) 100vw, 1200px\" \/><\/strong><\/p>\n<hr \/>\n<p><strong>O RAZSTAVI<\/strong><\/p>\n<p>Voranc Kumar je tekom \u0161olanja na Akademiji za likovno umetnost in oblikovanje nekaj \u010dasa dokumentiral jutranje dogajanje ob kuhanju prve kave v ateljeju. Iz zajetega materiala sta takrat nastala delo <em>Prva kava <\/em>(2014) in njegovo nadaljevanje oz. ponovitev <em>Radijska igra: Prva kava <\/em>(2015)<em>.<\/em> <em>Nekaj minut kasneje.<\/em> se vra\u010da k delu v nastajanju \u2013 v polje nejasnosti in necelovitosti. Z razstavo smo kuratorji in umetnik skupaj vnovi\u010d posegli v prvotni material, ki, razstavljen ve\u010dkrat, niha med delom in ne\u010dim, kar to (\u0161e) ni. V razli\u010dnih mo\u017enih realizacijah ustvarja tok za\u010dasnih pomenov, ki nakazuje mno\u0161tvo potencialnih dovr\u0161itev dela.<\/p>\n<p>Kumar je izhajal iz problema, kako izmed ne\u0161teto stvari dolo\u010diti objekt in s poskusom njegovega zajetja postopoma graditi delo. Svojo izbiro je zato namenoma omejil in ob za\u010detku projekta postavil pravila, ki so pozneje postala pogoji dela. Petindvajset dni je v ateljeju iz treh zornih kotov minuciozno videodokumentiral dogajanje ob kuhanju prve jutranje kave. Nastalim videoposnetkom je odvzel originalni zvo\u010dni zapis in jim dodal naknadno posnete zvoke prostora (<em>foley<\/em>) in glasbo, ki se je v \u010dasu snemanja predvajala v ateljeju. Vsakodnevni pogovori med prisotnimi so bili transkribirani in na delih potemnjeni. Pitje kave in vsebina zajetega materiala na tej to\u010dki nista bila bistvena, klju\u010den je bil sam postopek. Pomemben del slednjega so medijski prenosi, katerim pri bele\u017eenju \u017eivega dogajanja neprestano nekaj uhaja, kar se izka\u017ee kot klju\u010dno in formativno za vzpostavitev zainteresiranega pogleda. Kumar v praksi ne prehaja enosmerno k avtorskemu poseganju v material, temve\u010d na vseh stopnjah procesa ohranja za\u010detno odprtost, posamezni segmenti pa ne stremijo k enotni kon\u010dni obliki.<\/p>\n<p>Kuhanje kave je v ospredju kot \u010dasovna enota, ki odpira dva nasprotujo\u010da si, a nelo\u010dljiva pogleda na Kumarjevo delo, v razliki med katerima je projekt sploh lahko vzniknil. Pripravo kave lahko po eni strani razumemo kot arbitraren pogoj, nekaj, kar je \u017ee del ateljeja in njegove \u010dasovne strukture, kot katera koli druga rutina. Videomaterial je formalno dolo\u010den s \u010dasovnim intervalom kuhanja kave, ki ustvarja izseke nepopolno dokumentiranega vsakdanjika v ateljeju. Po drugi strani pa lahko spremljanje rutinskega kuhanja kave razumemo tudi kot to\u010dko, kjer se mimobe\u017enost vsakdana prepleta s procesi u\u010denja (umetnosti), ki so povezani s pozornostjo, usmerjeno v iskanje smisla in pomena. Bele\u017eenje lahko v tem primeru vidimo kot \u010dakanje na material, ki bo morda postal umetni\u0161ko delo.<\/p>\n<p>Na tak\u0161en na\u010din je Kumar material obravnaval v nadaljevanju, ko je v neartikulirani masi besedila transkriptov posku\u0161al najti zametke pomena in jih z dramatur\u0161kimi tehnikami pribli\u017eati obliki zgodbe. Nastalo je ve\u010d scenarijev, izmed katerih je bil realiziran le eden v formatu kratke radijske igre. V <em>Radijski igri: Prva kava<\/em> so so\u0161olci izgovarjali lastno, a z avtorjeve strani prikrojeno besedilo in tako ponovno uprizorili izsek zajetega dogajanja. Preobrazba tekstovnega materiala v okorno radijsko igro, v kateri \u0161tudentje umetnosti zavzamejo mesta igralcev, dodatno pod\u010drta nemo\u017enost preprostega prenosa \u017eivljenja v polje umetnosti. Tako distancirana dr\u017ea, ki sku\u0161a formo in vsebino \u010drpati iz nujnosti v materialu, kot tudi potapljanje v material, \u00a0ki implicira premi\u0161ljanje in potenciranje umetni\u0161ke (oz. kuratorske) investicije, se \u017eivljenja dotikata samo in ravno skozi razlike.<\/p>\n<p>V samonana\u0161alnem postopku oblikovanja razstave je na\u0161 kuratorski postopek mo\u010d vzporediti s Kumarjevim projektom: iskali smo to\u010dke, ki bi lahko oblikovale heterogeno skupino posameznikov v skupnost, v kateri obstaja mo\u017enost soobstoja razli\u010dnih mnenj, pozicij in medsebojnih (ne)skladij. \u00a0Ob tem posku\u0161a razstava premisliti tudi lastno paradoksalno pozicijo ter spodletelost, ki sta vpisani v tovrstno vra\u010danje, samorefleksijo in ukvarjanje s pristopi umetnosti do vsakdanjega \u017eivljenja.<\/p>\n<p><em>Nekaj minut kasneje<\/em> sku\u0161a eno samo delo razpirati skozi zdrse in ponovitve v delu ter ve\u010dkratno vra\u010danje k materialu. Slednjega ohranja v vmesnem stanju, v napetosti med materialom in delom, namesto posameznih del ali objektov pa \u00a0so v ospredju relacije med posameznimi segmenti v njihovi (ne)jasnosti in (pol)prepustnosti. Gre za poskus vra\u010danja k odlo\u017eenemu materialu, da bi ta bil aktualiziran in razprt \u2013 ustvarjal razli\u010dne svetove dela ter \u00a0vzpostavljal polje mnogoterih in mimobe\u017enih pogledov.<\/p>\n<hr \/>\n<p><strong>Voranc Kumar<\/strong> (Koper, 1990) zaklju\u010duje \u0161tudij kiparstva na ALUO in dvopredmetni \u0161tudij filozofije in sociologije na Filozofski fakulteti v Ljubljani. Njegovo delovanje je razpeto med vizualno umetnostjo in gledali\u0161\u010dem, dela tudi kot scenograf in avtor videa. Sodeloval je na skupinskih razstavah: <em>Kaj je u\u010denje?<\/em> (Media Nox v Mariboru), <em>Pravo\u010dasno<\/em> (Galerija \u0160kuc v Ljubljani), <em>Transform<\/em> (Galerija Constantin Brancusi v Bukare\u0161ti). Od leta 2017 je \u010dlan uredni\u0161tva revije \u0160um.<\/p>\n<hr \/>\n<p><a href=\"https:\/\/www.worldofart.org\/arhiv.worldofart.org\/aktualno\/sestnajsto-leto-2017-2018\/nekaj-minut-kasneje\/fotogalerija-razstave-nekaj-minut-kasneje\"><strong>FOTOGALERIJA<\/strong><\/a><\/p>\n<p><a href=\"https:\/\/www.worldofart.org\/arhiv.worldofart.org\/aktualno\/sestnajsto-leto-2017-2018\/nekaj-minut-kasneje\/fotogalerija-razstave-nekaj-minut-kasneje\"><img loading=\"lazy\" decoding=\"async\" class=\"size-large wp-image-13044 alignnone\" src=\"https:\/\/www.worldofart.org\/arhiv.worldofart.org\/aktualno\/wp-content\/uploads\/2018\/06\/0393-Skuc-730x487.jpg\" alt=\"\" width=\"730\" height=\"487\" srcset=\"https:\/\/www.worldofart.org\/arhiv.worldofart.org\/aktualno\/wp-content\/uploads\/2018\/06\/0393-Skuc-730x487.jpg 730w, https:\/\/www.worldofart.org\/arhiv.worldofart.org\/aktualno\/wp-content\/uploads\/2018\/06\/0393-Skuc-338x225.jpg 338w, https:\/\/www.worldofart.org\/arhiv.worldofart.org\/aktualno\/wp-content\/uploads\/2018\/06\/0393-Skuc-768x512.jpg 768w, https:\/\/www.worldofart.org\/arhiv.worldofart.org\/aktualno\/wp-content\/uploads\/2018\/06\/0393-Skuc.jpg 1500w\" sizes=\"(max-width: 730px) 100vw, 730px\" \/><\/a><\/p>\n<hr \/>\n<p><strong>KATALOG<\/strong><\/p>\n<p>Dvojezi\u010dni katalog <b><i>Nekaj minut kasneje.<\/i><\/b> obsega vizualno dokumentacijo postavitve razstave v galeriji in izseke videov, transkripicij in scenarijev, ki predstavljajo material Kumarjevih del <i>Prva kava<\/i> (2014) in njenega nadaljevanja oz. ponovitve <i>Radijska igra: Prva kava<\/i> (2015). Na 144 straneh poleg vizualne dokumentacije obsega tudi teoretski sklop \u2013 besedila <strong>Jo\u017eeta Bar\u0161ija<\/strong>, <strong>Roka Ben\u010dina<\/strong>, <strong>Voranca Kumarja<\/strong> in <strong>Tadeja Trohe<\/strong>. Katalog sta uredili <strong>Ur\u0161ka Aplinc<\/strong> in <strong>Maja Burja<\/strong>.<\/p>\n<p><a href=\"https:\/\/www.worldofart.org\/arhiv.worldofart.org\/aktualno\/archives\/12885\">Ve\u010d o katalogu razstave <em>Nekaj minut kasneje.<\/em><\/a><\/p>\n<p><a href=\"https:\/\/www.worldofart.org\/arhiv.worldofart.org\/aktualno\/archives\/12885\"><img loading=\"lazy\" decoding=\"async\" class=\"alignnone wp-image-12900 size-large\" src=\"https:\/\/www.worldofart.org\/arhiv.worldofart.org\/aktualno\/wp-content\/uploads\/2018\/06\/promo-foto_katalog_2-730x411.jpg\" alt=\"\" width=\"730\" height=\"411\" srcset=\"https:\/\/www.worldofart.org\/arhiv.worldofart.org\/aktualno\/wp-content\/uploads\/2018\/06\/promo-foto_katalog_2-730x411.jpg 730w, https:\/\/www.worldofart.org\/arhiv.worldofart.org\/aktualno\/wp-content\/uploads\/2018\/06\/promo-foto_katalog_2-338x190.jpg 338w, https:\/\/www.worldofart.org\/arhiv.worldofart.org\/aktualno\/wp-content\/uploads\/2018\/06\/promo-foto_katalog_2-768x432.jpg 768w\" sizes=\"(max-width: 730px) 100vw, 730px\" \/><\/a><\/p>\n<hr \/>\n<p><strong>Razstava <em>Nekaj minut kasneje.<\/em> v prispevku Sodobna umetnost Aljo\u0161e Abrahamsberga<\/strong> (Zavod <span class=\"st\">RX-TX<\/span>, 2018).<\/p>\n<p><iframe loading=\"lazy\" width=\"730\" height=\"411\" src=\"https:\/\/www.youtube.com\/embed\/bLs9EqKRfg8?feature=oembed\" frameborder=\"0\" allow=\"accelerometer; autoplay; encrypted-media; gyroscope; picture-in-picture\" allowfullscreen><\/iframe><\/p>\n<hr \/>\n<p><strong>SPREMLJEVALNI DOGODKI<\/strong><\/p>\n<p>Javna vodstva s kuratorji in umetnikom: <strong>torek, 22. maj,<\/strong> <strong>torek, 29. maj,<\/strong> <strong>\u010detrtek, 7. junij<\/strong>.<br \/>\nLikovni delavnici: <strong>nedelja, 27. maj,<\/strong><strong> nedelja, 3. junij.<\/strong><br \/>\nPredstavitev kataloga: <strong>\u010detrtek, 7. junij<\/strong>.<\/p>\n<hr \/>\n<p><strong>MEDIJSKI ODZIVI<\/strong><\/p>\n<p>Bla\u017e Miklav\u010di\u010d, <a href=\"https:\/\/radiostudent.si\/kultura\/fine-umetnosti\/nekaj-minut-kasneje\" target=\"_blank\" rel=\"noopener\"><em>NEKAJ MINUT KASNEJE.<\/em><\/a>, Fine umetnosti, Radio \u0160tudent, 25. maj 2018.<br \/>\nSta\u0161 Vrenko, <a href=\"https:\/\/radiostudent.si\/glasba\/vetrolov\/nekaj-minut-kasneje\" target=\"_blank\" rel=\"noopener\"><em>Nekaj minut kasneje<\/em><\/a>, Vetrolov, Radio \u0160tudent, 28. maj 208.<br \/>\nMaja \u0160u\u010dur, <a href=\"https:\/\/www.dnevnik.si\/1042822980\" target=\"_blank\" rel=\"noopener\"><em>Razstava Nekaj minut kasneje. v Galeriji \u0160kuc: Kurator, kave mi dajte<\/em><\/a>, Dnevnik, 23. maj 2018.<br \/>\nGal Ko\u0161nik, <em><a href=\"https:\/\/radiostudent.si\/kultura\/kulturne-novice\/kava-kava-in-%C5%A1e-ve%C4%8D-kave\" target=\"_blank\" rel=\"noopener\">Kava, kava in \u0161e ve\u010d kave<\/a><\/em>, Kulturne novice, Radio \u0160tudent, 15. maj 2018.<br \/>\nDamjana Kolar, <em><a href=\"https:\/\/www.mladina.si\/185502\/kuhanje-kave-kot-casovna-enota\/\" target=\"_blank\" rel=\"noopener\">Kuhanje kave kot \u010dasovna enota<\/a><\/em>, Kultura, Mladina, 15. maj 2018.<br \/>\nAljo\u0161a Abrahamsberg, <a href=\"https:\/\/www.youtube.com\/watch?v=bLs9EqKRfg8\" target=\"_blank\" rel=\"noopener\"><em>NEKAJ MINUT KASNEJE<\/em><\/a>, Sodobna umetnost, Zavod <span class=\"st\">RX-TX<\/span>, 2018<\/p>\n<hr \/>\n<p><a href=\"https:\/\/www.dropbox.com\/sh\/jr50ws8h88sxihc\/AACZiSfmNA-n0phim3foNvk2a?dl=0\" target=\"_blank\" rel=\"noopener\"><strong>FOTOGRAFIJE ZA MEDIJE<\/strong><\/a><\/p>\n<hr \/>\n<p><strong>KOLOFON<\/strong><\/p>\n<p><strong>Lektura in prevod spremnega besedila:<\/strong> Miha \u0160u\u0161tar<br \/>\n<strong>Lektura besedil v katalogu:<\/strong> Tja\u0161a Plut<br \/>\n<strong>Prevajalca besedil v katalogu:<\/strong> \u017dan Koro\u0161ec, Matic \u0160avli<br \/>\n<strong>Pregled prevoda:<\/strong> Ana \u010cavi\u0107<br \/>\n<strong>Fotografije postavitve:<\/strong> Klemen Ilovar<br \/>\n<strong>Fotografije odprtja:<\/strong> Timon Hozo<\/p>\n<p><strong>Produkcija:<\/strong> SCCA, Zavod za sodobno umetnost \u2013 Ljubljana \/ Svet umetnosti<br \/>\n<strong>Kopro<\/strong><strong>dukcija:<\/strong> <a href=\"http:\/\/www.galerijaskuc.si\/\" target=\"_blank\" rel=\"noopener\">Galerija \u0160kuc<\/a><br \/>\n<strong>Kon\u010dno razstavo 16. leta Sveta umetnosti podpirata<\/strong> <a href=\"https:\/\/www.ljubljana.si\/sl\/mestna-obcina\/mestna-uprava\/oddelki\/oddelek-za-kulturo\/\" target=\"_blank\" rel=\"noopener\">Mestna ob\u010dina Ljubljana, Oddelek za kulturo<\/a>, <a href=\"http:\/\/www.mk.gov.si\/\" target=\"_blank\" rel=\"noopener\">Ministrstvo za kulturo Republike Slovenije<\/a><br \/>\n<a href=\"http:\/\/www.mk.gov.si\/\" target=\"_blank\" rel=\"noopener\"><img loading=\"lazy\" decoding=\"async\" class=\"wp-image-8089 alignnone\" title=\"Ministrstvo za kulturo\" src=\"https:\/\/www.worldofart.org\/arhiv.worldofart.org\/aktualno\/wp-content\/uploads\/2010\/02\/Ministrstvo-za-kulturo.jpg\" alt=\"\" width=\"207\" height=\"57\" \/><\/a> <a href=\"https:\/\/www.ljubljana.si\/sl\/mestna-obcina\/mestna-uprava\/oddelki\/oddelek-za-kulturo\/\" target=\"_blank\" rel=\"noopener\"><img loading=\"lazy\" decoding=\"async\" class=\"wp-image-12506 alignnone\" src=\"https:\/\/www.worldofart.org\/arhiv.worldofart.org\/aktualno\/wp-content\/uploads\/2018\/03\/grb-730x377.gif\" alt=\"\" width=\"131\" height=\"68\" srcset=\"https:\/\/www.worldofart.org\/arhiv.worldofart.org\/aktualno\/wp-content\/uploads\/2018\/03\/grb-730x377.gif 730w, https:\/\/www.worldofart.org\/arhiv.worldofart.org\/aktualno\/wp-content\/uploads\/2018\/03\/grb-338x175.gif 338w, https:\/\/www.worldofart.org\/arhiv.worldofart.org\/aktualno\/wp-content\/uploads\/2018\/03\/grb-768x397.gif 768w\" sizes=\"(max-width: 131px) 100vw, 131px\" \/><\/a><\/p>\n<hr \/>\n<p><strong>Sponzorji razstave<\/strong>: <a href=\"http:\/\/www.riko.si\/si\/podjetje\" target=\"_blank\" rel=\"noopener\">Riko, d. o. o.<\/a>, <a href=\"https:\/\/www.zav-sava.si\/\" target=\"_blank\" rel=\"noopener\">Zavarovalnica Sava, d. d.<\/a>, <a href=\"http:\/\/www.newmoment.si\/\" target=\"_blank\" rel=\"noopener\">New Moment d. o. o.<\/a>, <a href=\"https:\/\/www.elektro-ljubljana.si\/\" target=\"_blank\" rel=\"noopener\">Elektro Ljubljana d. d.<\/a> in <a href=\"https:\/\/www.facebook.com\/panonwine\/\" target=\"_blank\" rel=\"noopener\">Vina PANON<\/a><br \/>\n<strong>Donatorji in donatorke: <\/strong>Petja Grafenauer, Rebeka Vidrih, Zavod Menuet<br \/>\n<strong>Zahvale:<\/strong> <a href=\"http:\/\/www.mg-lj.si\/\" target=\"_blank\" rel=\"noopener\">MG+MSUM<\/a>, <a href=\"https:\/\/mgml.si\/sl\/mestna-galerija\/\" target=\"_blank\" rel=\"noopener\">Mestna galerija Ljubljana<\/a>, <a href=\"https:\/\/www.facebook.com\/Modrikot\/\" target=\"_blank\" rel=\"noopener\">Modri kot<\/a><\/p>\n<p><a href=\"http:\/\/www.riko.si\/si\/podjetje\" target=\"_blank\" rel=\"noopener\"><img loading=\"lazy\" decoding=\"async\" class=\"wp-image-12624 alignnone\" src=\"https:\/\/www.worldofart.org\/arhiv.worldofart.org\/aktualno\/wp-content\/uploads\/2018\/04\/RIKOslogan-730x324.png\" alt=\"\" width=\"135\" height=\"60\" srcset=\"https:\/\/www.worldofart.org\/arhiv.worldofart.org\/aktualno\/wp-content\/uploads\/2018\/04\/RIKOslogan-730x324.png 730w, https:\/\/www.worldofart.org\/arhiv.worldofart.org\/aktualno\/wp-content\/uploads\/2018\/04\/RIKOslogan-338x150.png 338w, https:\/\/www.worldofart.org\/arhiv.worldofart.org\/aktualno\/wp-content\/uploads\/2018\/04\/RIKOslogan-768x341.png 768w, https:\/\/www.worldofart.org\/arhiv.worldofart.org\/aktualno\/wp-content\/uploads\/2018\/04\/RIKOslogan.png 1181w\" sizes=\"(max-width: 135px) 100vw, 135px\" \/><\/a>\u00a0 \u00a0 <a href=\"https:\/\/www.zav-sava.si\/\" target=\"_blank\" rel=\"noopener\"><img loading=\"lazy\" decoding=\"async\" class=\"wp-image-12633 alignnone\" src=\"https:\/\/www.worldofart.org\/arhiv.worldofart.org\/aktualno\/wp-content\/uploads\/2018\/04\/Logo-color-Sava-730x268.jpg\" alt=\"\" width=\"142\" height=\"52\" srcset=\"https:\/\/www.worldofart.org\/arhiv.worldofart.org\/aktualno\/wp-content\/uploads\/2018\/04\/Logo-color-Sava-730x268.jpg 730w, https:\/\/www.worldofart.org\/arhiv.worldofart.org\/aktualno\/wp-content\/uploads\/2018\/04\/Logo-color-Sava-338x124.jpg 338w, https:\/\/www.worldofart.org\/arhiv.worldofart.org\/aktualno\/wp-content\/uploads\/2018\/04\/Logo-color-Sava-768x282.jpg 768w, https:\/\/www.worldofart.org\/arhiv.worldofart.org\/aktualno\/wp-content\/uploads\/2018\/04\/Logo-color-Sava.jpg 1082w\" sizes=\"(max-width: 142px) 100vw, 142px\" \/><\/a>\u00a0 <a href=\"http:\/\/www.newmoment.si\" target=\"_blank\" rel=\"noopener\"><img loading=\"lazy\" decoding=\"async\" class=\"wp-image-12503 alignnone\" src=\"https:\/\/www.worldofart.org\/arhiv.worldofart.org\/aktualno\/wp-content\/uploads\/2018\/03\/NMYR_LOGO-BASIC-730x148.jpg\" alt=\"\" width=\"206\" height=\"42\" srcset=\"https:\/\/www.worldofart.org\/arhiv.worldofart.org\/aktualno\/wp-content\/uploads\/2018\/03\/NMYR_LOGO-BASIC-730x148.jpg 730w, https:\/\/www.worldofart.org\/arhiv.worldofart.org\/aktualno\/wp-content\/uploads\/2018\/03\/NMYR_LOGO-BASIC-338x68.jpg 338w, https:\/\/www.worldofart.org\/arhiv.worldofart.org\/aktualno\/wp-content\/uploads\/2018\/03\/NMYR_LOGO-BASIC-768x155.jpg 768w\" sizes=\"(max-width: 206px) 100vw, 206px\" \/><\/a>\u00a0 <a href=\"https:\/\/www.elektro-ljubljana.si\/\" target=\"_blank\" rel=\"noopener\"><img loading=\"lazy\" decoding=\"async\" class=\"wp-image-12623 alignnone\" src=\"https:\/\/www.worldofart.org\/arhiv.worldofart.org\/aktualno\/wp-content\/uploads\/2018\/04\/elektro_logo-730x298.jpg\" alt=\"\" width=\"105\" height=\"43\" srcset=\"https:\/\/www.worldofart.org\/arhiv.worldofart.org\/aktualno\/wp-content\/uploads\/2018\/04\/elektro_logo-730x298.jpg 730w, https:\/\/www.worldofart.org\/arhiv.worldofart.org\/aktualno\/wp-content\/uploads\/2018\/04\/elektro_logo-338x138.jpg 338w, https:\/\/www.worldofart.org\/arhiv.worldofart.org\/aktualno\/wp-content\/uploads\/2018\/04\/elektro_logo-768x313.jpg 768w, https:\/\/www.worldofart.org\/arhiv.worldofart.org\/aktualno\/wp-content\/uploads\/2018\/04\/elektro_logo.jpg 1526w\" sizes=\"(max-width: 105px) 100vw, 105px\" \/><\/a> <a href=\"https:\/\/www.facebook.com\/panonwine\/\" target=\"_blank\" rel=\"noopener\"><img loading=\"lazy\" decoding=\"async\" class=\"alignnone wp-image-12769\" src=\"https:\/\/www.worldofart.org\/arhiv.worldofart.org\/aktualno\/wp-content\/uploads\/2018\/05\/PANON_logo-730x948.png\" alt=\"\" width=\"52\" height=\"67\" srcset=\"https:\/\/www.worldofart.org\/arhiv.worldofart.org\/aktualno\/wp-content\/uploads\/2018\/05\/PANON_logo-730x948.png 730w, https:\/\/www.worldofart.org\/arhiv.worldofart.org\/aktualno\/wp-content\/uploads\/2018\/05\/PANON_logo-338x439.png 338w, https:\/\/www.worldofart.org\/arhiv.worldofart.org\/aktualno\/wp-content\/uploads\/2018\/05\/PANON_logo-768x998.png 768w, https:\/\/www.worldofart.org\/arhiv.worldofart.org\/aktualno\/wp-content\/uploads\/2018\/05\/PANON_logo.png 1291w\" sizes=\"(max-width: 52px) 100vw, 52px\" \/><\/a><\/p>\n<p><strong>Vsem iskreno hvala!<\/strong><\/p>\n","protected":false},"excerpt":{"rendered":"<p>Kon\u010dna razstava 16. leta \u0160ole za kuratorske prakse in kriti\u0161ko pisanje Svet umetnosti, 2017\/2018. 15. 5.\u20137. 6. 2018 Galerija \u0160kuc, Stari trg 21, Ljubljana Umetnik: Voranc Kumar Kurator in kuratorke: Ur\u0161ka Aplinc, Maja Burja, Anja Guid, Ajda Ana Kocutar, Iza Pevec, Adrijan Praznik Mentor in mentorica: Alenka Gregori\u010d, Miran Mohar Vodja \u0161ole: Miha Kelemina O [&hellip;]<\/p>\n","protected":false},"author":16,"featured_media":12732,"parent":9611,"menu_order":0,"comment_status":"closed","ping_status":"closed","template":"","meta":{"footnotes":""},"categories":[35,7],"tags":[],"_links":{"self":[{"href":"https:\/\/www.worldofart.org\/arhiv.worldofart.org\/aktualno\/wp-json\/wp\/v2\/pages\/12731"}],"collection":[{"href":"https:\/\/www.worldofart.org\/arhiv.worldofart.org\/aktualno\/wp-json\/wp\/v2\/pages"}],"about":[{"href":"https:\/\/www.worldofart.org\/arhiv.worldofart.org\/aktualno\/wp-json\/wp\/v2\/types\/page"}],"author":[{"embeddable":true,"href":"https:\/\/www.worldofart.org\/arhiv.worldofart.org\/aktualno\/wp-json\/wp\/v2\/users\/16"}],"replies":[{"embeddable":true,"href":"https:\/\/www.worldofart.org\/arhiv.worldofart.org\/aktualno\/wp-json\/wp\/v2\/comments?post=12731"}],"version-history":[{"count":38,"href":"https:\/\/www.worldofart.org\/arhiv.worldofart.org\/aktualno\/wp-json\/wp\/v2\/pages\/12731\/revisions"}],"predecessor-version":[{"id":14027,"href":"https:\/\/www.worldofart.org\/arhiv.worldofart.org\/aktualno\/wp-json\/wp\/v2\/pages\/12731\/revisions\/14027"}],"up":[{"embeddable":true,"href":"https:\/\/www.worldofart.org\/arhiv.worldofart.org\/aktualno\/wp-json\/wp\/v2\/pages\/9611"}],"wp:featuredmedia":[{"embeddable":true,"href":"https:\/\/www.worldofart.org\/arhiv.worldofart.org\/aktualno\/wp-json\/wp\/v2\/media\/12732"}],"wp:attachment":[{"href":"https:\/\/www.worldofart.org\/arhiv.worldofart.org\/aktualno\/wp-json\/wp\/v2\/media?parent=12731"}],"wp:term":[{"taxonomy":"category","embeddable":true,"href":"https:\/\/www.worldofart.org\/arhiv.worldofart.org\/aktualno\/wp-json\/wp\/v2\/categories?post=12731"},{"taxonomy":"post_tag","embeddable":true,"href":"https:\/\/www.worldofart.org\/arhiv.worldofart.org\/aktualno\/wp-json\/wp\/v2\/tags?post=12731"}],"curies":[{"name":"wp","href":"https:\/\/api.w.org\/{rel}","templated":true}]}}