{"id":1366,"date":"2012-01-20T13:44:38","date_gmt":"2012-01-20T11:44:38","guid":{"rendered":"http:\/\/www.worldofart.org\/aktualno\/?page_id=1366"},"modified":"2018-06-18T18:34:03","modified_gmt":"2018-06-18T16:34:03","slug":"urnik-20112013-1-semester","status":"publish","type":"page","link":"https:\/\/www.worldofart.org\/arhiv.worldofart.org\/aktualno\/stirinajsti-letnik-20112013\/urnik-20112013\/urnik-20112013-1-semester","title":{"rendered":"Urnik 2011\/2013 &#8211; 1. LETNIK"},"content":{"rendered":"<p class=\"leto-vi\"><strong>1. LETNIK<\/strong><\/p>\n<p class=\"leto\"><strong>2011<\/strong><\/p>\n<p class=\"mesec13\"><strong>november<\/strong><\/p>\n<table border=\"0\" cellspacing=\"0\" cellpadding=\"0\" width=\"100%\">\n<tbody>\n<tr>\n<td class=\"mesec\" width=\"20%\" valign=\"top\">\u010detrtek,<br \/>\n3. 11. 2011<\/td>\n<td class=\"tdprogramsredina\" width=\"20%\" valign=\"top\">16.00-17.30<\/td>\n<td class=\"tdprogram\" width=\"60%\" valign=\"top\">Uvodno sre\u010danje: Predstavitev procesa dela, udele\u017eencev in ekipe<\/td>\n<\/tr>\n<tr>\n<td class=\"mesec\" width=\"20%\" valign=\"top\">ponedeljek-petek<br \/>\n7.-11. 11. 2011<\/td>\n<td class=\"tdprogramsredina\" width=\"20%\" valign=\"top\"><\/td>\n<td class=\"tdprogram\" width=\"60%\" valign=\"top\"><a href=\"https:\/\/www.worldofart.org\/arhiv.worldofart.org\/aktualno\/stirinajsti-letnik-20112013\/studijske-ekskurzije\">\u0160tudijska ekskurzija: Krakow<\/a><\/td>\n<\/tr>\n<tr>\n<td class=\"mesec\" width=\"20%\" valign=\"top\">\u010detrtek,<br \/>\n17. 11. 2011<\/td>\n<td class=\"tdprogramsredina\" width=\"20%\" valign=\"top\">16.00-19.00<\/td>\n<td class=\"tdprogram\" width=\"60%\" valign=\"top\">SCCA se predstavi<\/td>\n<\/tr>\n<tr>\n<td class=\"mesec\" rowspan=\"2\" width=\"20%\" valign=\"top\">\u010detrtek,<br \/>\n24. 11. 2011<\/td>\n<td class=\"tdprogramsredina\" width=\"20%\" valign=\"top\">16.00-17.30<\/td>\n<td class=\"tdprogram\" width=\"60%\" valign=\"top\">Andrej Pezelj: Uvod v teorijo<\/td>\n<\/tr>\n<tr>\n<td class=\"tdprogramsredina\" width=\"20%\" valign=\"top\">17.45-19.30<\/td>\n<td class=\"tdprogram\" width=\"60%\" valign=\"top\">Rebeka Vidrih: Umetnost XX. stoletja. Poglavja.<\/td>\n<\/tr>\n<tr>\n<td class=\"mesec\" width=\"20%\" valign=\"top\">petek,<br \/>\n25. 11. 2011<\/td>\n<td class=\"tdprogramsredina\" width=\"20%\" valign=\"top\">11.00<\/td>\n<td class=\"tdprogram\" width=\"60%\" valign=\"top\"><a href=\"https:\/\/www.worldofart.org\/arhiv.worldofart.org\/aktualno\/archives\/1255\">\u010cajanka. CAC Bukovje, Bukovje 35, Postojna<\/a><\/td>\n<\/tr>\n<\/tbody>\n<\/table>\n<p class=\"mesec13\"><strong>december<\/strong><\/p>\n<table border=\"0\" cellspacing=\"0\" cellpadding=\"0\" width=\"100%\">\n<tbody>\n<tr>\n<td class=\"mesec\" rowspan=\"2\" width=\"20%\" valign=\"top\">\u010detrtek,<br \/>\n1. 12. 2011<\/td>\n<td class=\"tdprogramsredina\" width=\"20%\" valign=\"top\">16.00-17.30<\/td>\n<td class=\"tdprogram\" width=\"60%\" valign=\"top\">Andrej Pezelj: Uvod v teorijo<\/td>\n<\/tr>\n<tr>\n<td class=\"tdprogramsredina\" width=\"20%\" valign=\"top\">17.45-19.30<\/td>\n<td class=\"tdprogram\" width=\"60%\" valign=\"top\">Rebeka Vidrih: Umetnost XX. stoletja. Poglavja.<\/td>\n<\/tr>\n<tr>\n<td class=\"mesec\" rowspan=\"2\" width=\"20%\" valign=\"top\">torek,<br \/>\n6. 12. 2011<\/td>\n<td class=\"tdprogramsredina\" width=\"20%\" valign=\"top\">10.00-14.00<\/td>\n<td class=\"tdprogram\" width=\"60%\" valign=\"top\">Pogovor o umetni\u0161kih in kuratorskih rezidencah<\/td>\n<\/tr>\n<tr>\n<td class=\"tdprogramsredina\" width=\"20%\" valign=\"top\">15.00-17.00<\/td>\n<td class=\"tdprogram\" width=\"60%\" valign=\"top\"><a href=\"https:\/\/www.worldofart.org\/arhiv.worldofart.org\/aktualno\/archives\/1260\">Delavnica o kuratorskih rezidencah<\/a><\/td>\n<\/tr>\n<tr>\n<td class=\"mesec\" rowspan=\"2\" width=\"20%\" valign=\"top\">\u010detrtek,<br \/>\n8. 12. 2011<\/td>\n<td class=\"tdprogramsredina\" width=\"20%\" valign=\"top\">16.00-17.30<\/td>\n<td class=\"tdprogram\" width=\"60%\" valign=\"top\">Andrej Pezelj: Uvod v teorijo<\/td>\n<\/tr>\n<tr>\n<td class=\"tdprogramsredina\" width=\"20%\" valign=\"top\">17.45-19.30<\/td>\n<td class=\"tdprogram\" width=\"60%\" valign=\"top\">Rebeka Vidrih: Umetnost XX. stoletja. Poglavja.<\/td>\n<\/tr>\n<tr>\n<td class=\"mesec\" rowspan=\"2\" width=\"20%\" valign=\"top\">\u010detrtek,<br \/>\n15. 12. 2011<\/td>\n<td class=\"tdprogramsredina\" width=\"20%\" valign=\"top\">16.00-17.30<\/td>\n<td class=\"tdprogram\" width=\"60%\" valign=\"top\">Andrej Pezelj: Uvod v teorijo<\/td>\n<\/tr>\n<tr>\n<td class=\"tdprogramsredina\" width=\"20%\" valign=\"top\">17.45-19.30<\/td>\n<td class=\"tdprogram\" width=\"60%\" valign=\"top\">Rebeka Vidrih: Umetnost XX. stoletja. Poglavja.<\/td>\n<\/tr>\n<tr>\n<td class=\"mesec\" width=\"20%\" valign=\"top\">\u010detrtek,<br \/>\n22. 12. 2011<\/td>\n<td class=\"tdprogramsredina\" width=\"20%\" valign=\"top\"><\/td>\n<td class=\"tdprogram\" width=\"60%\" valign=\"top\"><a href=\"https:\/\/www.worldofart.org\/arhiv.worldofart.org\/aktualno\/archives\/1301\">\u0160tudijska ekskurzija: Graz<\/a><\/td>\n<\/tr>\n<\/tbody>\n<\/table>\n<p class=\"leto\"><strong>2012<\/strong><\/p>\n<p class=\"mesec13\"><strong>januar<\/strong><\/p>\n<table border=\"0\" cellspacing=\"0\" cellpadding=\"0\" width=\"100%\">\n<tbody>\n<tr>\n<td class=\"mesec\" rowspan=\"2\" width=\"20%\" valign=\"top\">\u010detrtek,<br \/>\n5. 1. 2012<\/td>\n<td class=\"tdprogramsredina\" width=\"20%\" valign=\"top\">16.00-17.30<\/td>\n<td class=\"tdprogram\" width=\"60%\" valign=\"top\">Andrej Pezelj: Uvod v teorijo<\/td>\n<\/tr>\n<tr>\n<td class=\"tdprogramsredina\" width=\"20%\" valign=\"top\">17.45-19.30<\/td>\n<td class=\"tdprogram\" width=\"60%\" valign=\"top\">Rebeka Vidrih: Umetnost XX. stoletja. Poglavja.<\/td>\n<\/tr>\n<tr>\n<td class=\"mesec\" width=\"20%\" valign=\"top\">\u010detrtek,<br \/>\n12. 1. 2012<\/td>\n<td class=\"tdprogramsredina\" width=\"20%\" valign=\"top\">16.00-19.30<\/td>\n<td class=\"tdprogram\" width=\"60%\" valign=\"top\">Tev\u017e Logar: Obisk ateljeja<\/td>\n<\/tr>\n<tr>\n<td class=\"mesec\" rowspan=\"3\" width=\"20%\" valign=\"top\">\u010detrtek,<br \/>\n19. 1. 2012<\/td>\n<td class=\"tdprogramsredina\" width=\"20%\" valign=\"top\">13.00-15.30<\/td>\n<td class=\"tdprogram\" width=\"60%\" valign=\"top\">Bojana Pi\u0161kur in Igor \u0160panjol: Ogled <a href=\"http:\/\/www.mg-lj.si\/node\/813\" target=\"_blank\">MSUM<\/a><\/td>\n<\/tr>\n<tr>\n<td class=\"tdprogramsredina\" width=\"20%\" valign=\"top\">16.00-17.30<\/td>\n<td class=\"tdprogram\" width=\"60%\" valign=\"top\">Andrej Pezelj: Uvod v teorijo<\/td>\n<\/tr>\n<tr>\n<td class=\"tdprogramsredina\" width=\"20%\" valign=\"top\">17.45-19.30<\/td>\n<td class=\"tdprogram\" width=\"60%\" valign=\"top\">Rebeka Vidrih: Umetnost XX. stoletja. Poglavja.<\/td>\n<\/tr>\n<tr>\n<td class=\"mesec\" rowspan=\"2\" width=\"20%\" valign=\"top\">\u010detrtek,<br \/>\n26. 1. 2012<\/td>\n<td class=\"tdprogramsredina\" width=\"20%\" valign=\"top\">16.00-17.30<\/td>\n<td class=\"tdprogram\" width=\"60%\" valign=\"top\">Andrej Pezelj: Uvod v teorijo<\/td>\n<\/tr>\n<tr>\n<td class=\"tdprogramsredina\" width=\"20%\" valign=\"top\">18.00<\/td>\n<td class=\"tdprogram\" width=\"60%\" valign=\"top\"><a href=\"https:\/\/www.worldofart.org\/arhiv.worldofart.org\/aktualno\/archives\/1279\">S\u00f8nke Gau in Katharina Schlieben: Imamo delo! Ali ujet med dvema stranema: Prevpra\u0161evanje pogojev produkcije \u2026<\/a><br \/>\n(predavanje)<\/td>\n<\/tr>\n<\/tbody>\n<\/table>\n<p class=\"mesec13\"><strong>februar<\/strong><\/p>\n<table border=\"0\" cellspacing=\"0\" cellpadding=\"0\" width=\"100%\">\n<tbody>\n<tr>\n<td class=\"mesec\" width=\"20%\" valign=\"top\">petek,<br \/>\n3. 2. 2012<\/td>\n<td class=\"tdprogramsredina\" width=\"20%\" valign=\"top\">16.00-19.30<\/td>\n<td class=\"tdprogram\" width=\"60%\" valign=\"top\">Tev\u017e Logar: Obisk ateljeja<\/td>\n<\/tr>\n<tr>\n<td class=\"mesec\" width=\"20%\" valign=\"top\">\u010detrtek,<br \/>\n9. 2. 2012<\/td>\n<td class=\"tdprogramsredina\" width=\"20%\" valign=\"top\">16.00-19.00<\/td>\n<td class=\"tdprogram\" width=\"60%\" valign=\"top\">Evaluacijsko sre\u010danje<\/td>\n<\/tr>\n<tr>\n<td class=\"mesec\" rowspan=\"3\" width=\"20%\" valign=\"top\">\u010detrtek,<br \/>\n16. 2. 2012<\/td>\n<td class=\"tdprogramsredina\" width=\"20%\" valign=\"top\">16.00-17.30<\/td>\n<td class=\"tdprogram\" width=\"60%\" valign=\"top\">Andrej Pezelj: Uvod v teorijo<\/td>\n<\/tr>\n<tr>\n<td class=\"tdprogramsredina\" width=\"20%\" valign=\"top\">17.45-19.30<\/td>\n<td class=\"tdprogram\" width=\"60%\" valign=\"top\">Rebeka Vidrih: Umetnost XX. stoletja. Poglavja.<\/td>\n<\/tr>\n<tr>\n<td class=\"tdprogramsredina\" width=\"20%\" valign=\"top\">20.00<\/td>\n<td class=\"tdprogram\" width=\"60%\" valign=\"top\"><a href=\"https:\/\/www.worldofart.org\/arhiv.worldofart.org\/aktualno\/archives\/1351\">Petra Kap\u0161: Lete ali Mnemozina za fu-(turo)<br \/>\nOR kot omniprisotna trojnost: poiesis, tehn\u00e9, parrhesia<\/a><\/td>\n<\/tr>\n<tr>\n<td class=\"mesec\" rowspan=\"2\" width=\"20%\" valign=\"top\">\u010detrtek,<br \/>\n23. 2. 2012<\/td>\n<td class=\"tdprogramsredina\" width=\"20%\" valign=\"top\">16.00-19.00<\/td>\n<td class=\"tdprogram\" width=\"60%\" valign=\"top\">Evaluacijsko sre\u010danje<\/td>\n<\/tr>\n<td class=\"tdprogramsredina\" width=\"20%\" valign=\"top\">18.00<\/td>\n<td class=\"tdprogram\" width=\"60%\" valign=\"top\">Evaluacijski sestanek, Projektna soba<\/td>\n<\/tr>\n<\/tbody>\n<\/table>\n<p class=\"mesec13\"><strong>marec<\/strong><\/p>\n<table border=\"0\" cellspacing=\"0\" cellpadding=\"0\" width=\"100%\">\n<tbody>\n<tr>\n<td class=\"mesec\" rowspan=\"2\" width=\"20%\" valign=\"top\">\u010detrtek,<br \/>\n1. 3. 2012<\/td>\n<td class=\"tdprogramsredina\" width=\"20%\" valign=\"top\">16.00-17.30<\/td>\n<td class=\"tdprogram\" width=\"60%\" valign=\"top\">Andrej Pezelj: Uvod v teorijo<\/td>\n<\/tr>\n<tr>\n<td class=\"tdprogramsredina\" width=\"20%\" valign=\"top\">17.45-19.30<\/td>\n<td class=\"tdprogram\" width=\"60%\" valign=\"top\">Rebeka Vidrih: Umetnost XX. stoletja. Poglavja.<\/td>\n<\/tr>\n<tr>\n<td class=\"mesec\" rowspan=\"2\" width=\"20%\" valign=\"top\">\u010detrtek,<br \/>\n8. 3. 2012<\/td>\n<td class=\"tdprogramsredina\" width=\"20%\" valign=\"top\">16.00-17.30<\/td>\n<td class=\"tdprogram\" width=\"60%\" valign=\"top\"><a href=\"http:\/\/www.mihaelgiba.com\" target=\"_blank\">Mihael Giba<\/a>: <a href=\"https:\/\/www.worldofart.org\/arhiv.worldofart.org\/aktualno\/archives\/2052\">predstavitev njegovega dela in nove zagreb\u0161ke galerije Greta<\/a><\/td>\n<\/tr>\n<tr>\n<td class=\"tdprogramsredina\" width=\"20%\" valign=\"top\">17.45-19.30<\/td>\n<td class=\"tdprogram\" width=\"60%\" valign=\"top\">Andrej Pezelj: Uvod v teorijo<\/td>\n<\/tr>\n<tr>\n<td class=\"mesec\" width=\"20%\" valign=\"top\">sreda-sobota,<br \/>\n14.-17. 3. 2012<\/td>\n<td class=\"tdprogramsredina\" width=\"20%\" valign=\"top\"><\/td>\n<td class=\"tdprogram\" width=\"60%\" valign=\"top\">Obisk \u0161tudentov iz Z\u00fcricha<\/td>\n<\/tr>\n<tr>\n<td class=\"mesec\"  rowspan=\"2\"  width=\"20%\" valign=\"top\">\u010detrtek,<br \/>\n15. 3. 2012<\/td>\n<td class=\"tdprogramsredina\" width=\"20%\" valign=\"top\">19.00<\/td>\n<td class=\"tdprogram\" width=\"60%\" valign=\"top\"><a href=\"https:\/\/www.worldofart.org\/arhiv.worldofart.org\/aktualno\/archives\/1600\">Dorothee Richter: Umetniki in kustosi kot avtorji \u2013 tekmeci, sodelavci ali \u010dlani iste ekipe?<\/a>, MGLC, Ljubljana<br \/>\n(otvoritveno predavanje razstave <em>Printaj!<\/em>)<\/td>\n<\/tr>\n<tr>\n<td class=\"tdprogramsredina\" width=\"20%\" valign=\"top\">20.30<\/td>\n<td class=\"tdprogram\" width=\"60%\" valign=\"top\">Otvoritev razstave <a href=\"https:\/\/www.worldofart.org\/arhiv.worldofart.org\/aktualno\/stirinajsti-letnik-20112013\/atom2-a-je-to-umetnost-phantom-to-mindset#printaj\"><em>Printaj!<\/em><\/a>, MGLC, 15. 3.-18. 3. 2012<\/td>\n<\/tr>\n<tr>\n<td class=\"mesec\" width=\"20%\" valign=\"top\">petek,<br \/>\n23. 3. 2012<\/td>\n<td class=\"tdprogramsredina\" width=\"20%\" valign=\"top\">10.00-18.30<\/td>\n<td class=\"tdprogram\" width=\"60%\" valign=\"top\"><a href=\"https:\/\/www.worldofart.org\/arhiv.worldofart.org\/aktualno\/stirinajsti-letnik-20112013\/delavnice\/misko-suvakovic-teorija-in-praksa-umetnostne-kritike\">Mi\u0161ko \u0160uvakovi\u0107: Umetnost i politika: savremena estetika, filozofija, teorija i umetnost u vremenu  globalne tranzicije<\/a><br \/>\n(delavnica)<\/td>\n<\/tr>\n<tr>\n<td class=\"mesec\" rowspan=\"2\" width=\"20%\" valign=\"top\">\u010detrtek,<br \/>\n29. 3. 2012<\/td>\n<td class=\"tdprogramsredina\" width=\"20%\" valign=\"top\">16.00-17.30<\/td>\n<td class=\"tdprogram\" width=\"60%\" valign=\"top\">Sa\u0161a Nabergoj: Umetnost XX. stoletja. Poglavja.<\/td>\n<\/td>\n<\/tr>\n<tr>\n<td class=\"tdprogramsredina\" width=\"20%\" valign=\"top\">17.45-19.30<\/td>\n<td class=\"tdprogram\" width=\"60%\" valign=\"top\">Sa\u0161a Nabergoj: Umetnost XX. stoletja. Poglavja.<\/td>\n<\/td>\n<\/tr>\n<\/tbody>\n<\/table>\n<p class=\"mesec13\"><strong>april<\/strong><\/p>\n<table border=\"0\" cellspacing=\"0\" cellpadding=\"0\" width=\"100%\">\n<tbody>\n<tr>\n<td class=\"mesec\" rowspan=\"3\" width=\"20%\" valign=\"top\">\u010detrtek,<br \/>\n5. 4. 2012<\/td>\n<td class=\"tdprogramsredina\" width=\"20%\" valign=\"top\">16.00-17.30<\/td>\n<td class=\"tdprogram\" width=\"60%\" valign=\"top\">Sa\u0161a Nabergoj: Umetnost XX. stoletja. Poglavja.<\/td>\n<\/tr>\n<tr>\n<td class=\"tdprogramsredina\" width=\"20%\" valign=\"top\">17.45-19.30<\/td>\n<td class=\"tdprogram\" width=\"60%\" valign=\"top\"><a href=\"https:\/\/www.worldofart.org\/arhiv.worldofart.org\/aktualno\/stirinajsti-letnik-20112013\/delavnice\/petja-grafenauer-kaj-se-skriva-v-besedilu\">Petja Grafenauer: Delavnica podrobnega branja<\/a><\/td>\n<\/tr>\n<tr>\n<td class=\"tdprogramsredina\" width=\"20%\" valign=\"top\">20.00<\/td>\n<td class=\"tdprogram\" width=\"60%\" valign=\"top\">Sre\u010danje z umetnikom in ogled razstave Toma\u017ea Furlana Wear XIII, <a href=\"http:\/\/www.galerijalkatraz.org\/\" target=\"_blank\">Galerija Alkatraz<\/a><\/td>\n<\/tr>\n<tr>\n<td class=\"mesec\" rowspan=\"3\" width=\"20%\" valign=\"top\">\u010detrtek,<br \/>\n12. 4. 2012<\/td>\n<td class=\"tdprogramsredina\" width=\"20%\" valign=\"top\">14.30<\/td>\n<td class=\"tdprogram\" width=\"60%\" valign=\"top\">Ogled razstave z Ido Hir\u0161enfelder: <a href=\"http:\/\/wiki.ljudmila.org\/Za_%C5%BEivce_v_realnem_%C4%8Dasu\" target=\"_blank\">Za \u017eiv(al)ce v realnem \u010dasu<\/a>, Galerija \u0160kuc<\/td>\n<\/tr>\n<tr>\n<td class=\"tdprogramsredina\" width=\"20%\" valign=\"top\">16.00-19.30<\/td>\n<td class=\"tdprogram\" width=\"60%\" valign=\"top\">Tev\u017e Logar: Obisk ateljeja<\/td>\n<\/tr>\n<tr>\n<td class=\"tdprogramsredina\" width=\"20%\" valign=\"top\">20.00<\/td>\n<td class=\"tdprogram\" width=\"60%\" valign=\"top\"><a href=\"https:\/\/www.worldofart.org\/arhiv.worldofart.org\/aktualno\/archives\/1618\">Andrzej Szczerski: Kuratorstvo in pomembnost umetnine<\/a><\/td>\n<\/tr>\n<tr>\n<td class=\"mesec\" width=\"20%\" valign=\"top\">torek-sobota<br \/>\n17.-22. 4. 2012<\/td>\n<td class=\"tdprogramsredina\" width=\"20%\" valign=\"top\"><\/td>\n<td class=\"tdprogram\" width=\"60%\" valign=\"top\">\u0160tudijska ekskurzija: Z\u00fcrich<\/td>\n<\/tr>\n<tr>\n<td class=\"mesec\" rowspan=\"2\" width=\"20%\" valign=\"top\">\u010detrtek,<br \/>\n26. 4. 2012<\/td>\n<td class=\"tdprogramsredina\" width=\"20%\" valign=\"top\">16.00-17.30<\/td>\n<td class=\"tdprogram\" width=\"60%\" valign=\"top\">Sa\u0161a Nabergoj: Umetnost XX. stoletja. Poglavja.<\/td>\n<\/tr>\n<tr>\n<td class=\"tdprogramsredina\" width=\"20%\" valign=\"top\">17.45-19.30<\/td>\n<td class=\"tdprogram\" width=\"60%\" valign=\"top\"><a href=\"https:\/\/www.worldofart.org\/arhiv.worldofart.org\/aktualno\/stirinajsti-letnik-20112013\/delavnice\/petja-grafenauer-kaj-se-skriva-v-besedilu\">Petja Grafenauer: Delavnica podrobnega branja<\/a><\/td>\n<\/tr>\n<\/tbody>\n<\/table>\n<p class=\"mesec13\"><strong>maj<\/strong><\/p>\n<table border=\"0\" cellspacing=\"0\" cellpadding=\"0\" width=\"100%\">\n<tbody>\n<tr>\n<td class=\"mesec\" rowspan=\"2\" width=\"20%\" valign=\"top\">torek,<br \/>\n8. 5. 2012<\/td>\n<td class=\"tdprogramsredina\" width=\"20%\" valign=\"top\">16.00-19.00<\/td>\n<td class=\"tdprogram\" width=\"60%\" valign=\"top\">Tev\u017e Logar: Obisk ateljeja<\/td>\n<\/tr>\n<tr>\n<td class=\"tdprogramsredina\" width=\"20%\" valign=\"top\">19.00<\/td>\n<td class=\"tdprogram\" width=\"60%\" valign=\"top\">Ogled razstave <a href=\"http:\/\/www.galerijalkatraz.org\/?p=5224\" target=\"_blank\">Alenke Sottler: <em>Dober dan<\/em><\/a>, galerija Alkatraz.<br \/>\nPo razstavi bo vodila avtorica.<\/td>\n<\/tr>\n<tr>\n<td class=\"mesec\" width=\"20%\" valign=\"top\">petek-sobota,<br \/>\n18. in 19. 5. 2012<\/td>\n<td class=\"tdprogramsredina\" width=\"20%\" valign=\"top\">11.00-18.00 (petek)<br \/>\n10.00-13.00 (sobota)<\/td>\n<td class=\"tdprogram\" width=\"60%\" valign=\"top\"><a href=\"https:\/\/www.worldofart.org\/arhiv.worldofart.org\/aktualno\/stirinajsti-letnik-20112013\/delavnice\/branislav-dimitrijevic\">Branislav Dimitrijevi\u0107: Interpretiranje in situiranje sodobne umetnosti: Opazovanje, participacija, motivacija, raziskovanje in empatija (delavnica)<\/a><\/td>\n<\/tr>\n<tr>\n<td class=\"mesec\" rowspan=\"2\" width=\"20%\" valign=\"top\">\u010detrtek,<br \/>\n24. 5. 2012<\/td>\n<td class=\"tdprogramsredina\" width=\"20%\" valign=\"top\">14.00-15.30<\/td>\n<td class=\"tdprogram\" width=\"60%\" valign=\"top\">Ogled razstave <a href=\"http:\/\/www.mglc-lj.si\/slo\/index-razstave.htm\">Odtisi in vtisi<\/a>, MGLC. Po razstavi bo vodila Breda \u0160krjanec.<\/td>\n<\/tr>\n<tr>\n<td class=\"tdprogramsredina\" width=\"20%\" valign=\"top\">16.00-18.00<\/td>\n<td class=\"tdprogram\" width=\"60%\" valign=\"top\">Sa\u0161a Nabergoj: Umetnost XX. stoletja. Poglavja.<\/td>\n<\/tr>\n<tr>\n<td class=\"mesec\" width=\"20%\" valign=\"top\">\u010detrtek,<br \/>\n31. 5. 2012<\/td>\n<td class=\"tdprogramsredina\" width=\"20%\" valign=\"top\">16.00-19.30<\/td>\n<td class=\"tdprogram\" width=\"60%\" valign=\"top\">Tev\u017e Logar: Obisk ateljeja<\/td>\n<\/tr>\n<\/tbody>\n<\/table>\n<p class=\"mesec13\"><strong>junij<\/strong><\/p>\n<table border=\"0\" cellspacing=\"0\" cellpadding=\"0\" width=\"100%\">\n<tbody>\n<tr>\n<td class=\"mesec\" rowspan=\"2\" width=\"20%\" valign=\"top\">\u010detrtek,<br \/>\n7. 6. 2012<\/td>\n<td class=\"tdprogramsredina\" width=\"20%\" valign=\"top\">16.00-17.30<\/td>\n<td class=\"tdprogram\" width=\"60%\" valign=\"top\">Sa\u0161a Nabergoj: Umetnost XX. stoletja. Poglavja.<\/td>\n<\/tr>\n<tr>\n<td class=\"tdprogramsredina\" width=\"20%\" valign=\"top\">17.45-19.30<\/td>\n<td class=\"tdprogram\" width=\"60%\" valign=\"top\">Petja Grafenauer: Delavnica podrobnega branja.<\/td>\n<\/tr>\n<tr>\n<td class=\"mesec\" rowspan=\"2\" width=\"20%\" valign=\"top\">\u010detrtek,<br \/>\n14. 6. 2012<\/td>\n<td class=\"tdprogramsredina\" width=\"20%\" valign=\"top\">16.00-17.30<\/td>\n<td class=\"tdprogram\" width=\"60%\" valign=\"top\">Barbara Bor\u010di\u010d: Video kot orodje in izrazno sredstvo umetnikov. Izbrani primeri.<\/td>\n<\/tr>\n<tr>\n<td class=\"tdprogramsredina\" width=\"20%\" valign=\"top\">17.45-19.30<\/td>\n<td class=\"tdprogram\" width=\"60%\" valign=\"top\">Ida Hir\u0161enfelder: Raba video arhiva.<\/td>\n<\/tr>\n<tr>\n<td class=\"mesec\" rowspan=\"3\" width=\"20%\" valign=\"top\">\u010detrtek,<br \/>\n21. 6. 2012<\/td>\n<td class=\"tdprogramsredina\" width=\"20%\" valign=\"top\">16.00-17.00<\/td>\n<td class=\"tdprogram\" width=\"60%\" valign=\"top\">Priprava virtualne razstave, pogovor in napotki.<\/td>\n<\/tr>\n<tr>\n<td class=\"tdprogramsredina\" width=\"20%\" valign=\"top\">17.00-19.30<\/td>\n<td class=\"tdprogram\" width=\"60%\" valign=\"top\">Rebeka Vidrih: Politi\u010dnost umetnosti. Kaj in zakaj je renesansa zajela v pojmu umetnosti in kako je ostal v rabi do danes.<\/td>\n<\/tr>\n<tr>\n<td class=\"tdprogramsredina\" width=\"20%\" valign=\"top\">19.30<\/td>\n<td class=\"tdprogram\" width=\"60%\" valign=\"top\">Zaklju\u010dni \u017eur, Projektna soba<\/td>\n<\/tr>\n<tr>\n<td class=\"mesec\" width=\"20%\" valign=\"top\">\u010detrtek,<br \/>\n28. 6. 2012<\/td>\n<td class=\"tdprogramsredina\" width=\"20%\" valign=\"top\">16.00-19.30<\/td>\n<td class=\"tdprogram\" width=\"60%\" valign=\"top\">Tev\u017e Logar: vodstvo po razstavi: Tanja Ostoji\u0107: Telo, politika, agens \u2026, Galerija \u0160kuc in zaklju\u010dno sre\u010danje.<\/td>\n<\/tr>\n<\/tbody>\n<\/table>\n","protected":false},"excerpt":{"rendered":"<p>1. LETNIK 2011 november \u010detrtek, 3. 11. 2011 16.00-17.30 Uvodno sre\u010danje: Predstavitev procesa dela, udele\u017eencev in ekipe ponedeljek-petek 7.-11. 11. 2011 \u0160tudijska ekskurzija: Krakow \u010detrtek, 17. 11. 2011 16.00-19.00 SCCA se predstavi \u010detrtek, 24. 11. 2011 16.00-17.30 Andrej Pezelj: Uvod v teorijo 17.45-19.30 Rebeka Vidrih: Umetnost XX. stoletja. Poglavja. petek, 25. 11. 2011 11.00 \u010cajanka. [&hellip;]<\/p>\n","protected":false},"author":1,"featured_media":0,"parent":953,"menu_order":0,"comment_status":"closed","ping_status":"closed","template":"","meta":{"footnotes":""},"categories":[],"tags":[],"_links":{"self":[{"href":"https:\/\/www.worldofart.org\/arhiv.worldofart.org\/aktualno\/wp-json\/wp\/v2\/pages\/1366"}],"collection":[{"href":"https:\/\/www.worldofart.org\/arhiv.worldofart.org\/aktualno\/wp-json\/wp\/v2\/pages"}],"about":[{"href":"https:\/\/www.worldofart.org\/arhiv.worldofart.org\/aktualno\/wp-json\/wp\/v2\/types\/page"}],"author":[{"embeddable":true,"href":"https:\/\/www.worldofart.org\/arhiv.worldofart.org\/aktualno\/wp-json\/wp\/v2\/users\/1"}],"replies":[{"embeddable":true,"href":"https:\/\/www.worldofart.org\/arhiv.worldofart.org\/aktualno\/wp-json\/wp\/v2\/comments?post=1366"}],"version-history":[{"count":4,"href":"https:\/\/www.worldofart.org\/arhiv.worldofart.org\/aktualno\/wp-json\/wp\/v2\/pages\/1366\/revisions"}],"predecessor-version":[{"id":9602,"href":"https:\/\/www.worldofart.org\/arhiv.worldofart.org\/aktualno\/wp-json\/wp\/v2\/pages\/1366\/revisions\/9602"}],"up":[{"embeddable":true,"href":"https:\/\/www.worldofart.org\/arhiv.worldofart.org\/aktualno\/wp-json\/wp\/v2\/pages\/953"}],"wp:attachment":[{"href":"https:\/\/www.worldofart.org\/arhiv.worldofart.org\/aktualno\/wp-json\/wp\/v2\/media?parent=1366"}],"wp:term":[{"taxonomy":"category","embeddable":true,"href":"https:\/\/www.worldofart.org\/arhiv.worldofart.org\/aktualno\/wp-json\/wp\/v2\/categories?post=1366"},{"taxonomy":"post_tag","embeddable":true,"href":"https:\/\/www.worldofart.org\/arhiv.worldofart.org\/aktualno\/wp-json\/wp\/v2\/tags?post=1366"}],"curies":[{"name":"wp","href":"https:\/\/api.w.org\/{rel}","templated":true}]}}