{"id":144,"date":"2008-01-17T13:47:02","date_gmt":"2008-01-17T11:47:02","guid":{"rendered":"http:\/\/www.worldofart.org\/aktualno\/leto_2006-07\/teksti-udelezencev-200607\/utemeljitev-petra-kaps\/"},"modified":"2018-07-11T21:30:22","modified_gmt":"2018-07-11T19:30:22","slug":"utemeljitev-petra-kaps","status":"publish","type":"page","link":"https:\/\/www.worldofart.org\/arhiv.worldofart.org\/aktualno\/leto_2006-07\/teksti-udelezencev-200607\/utemeljitev-petra-kaps","title":{"rendered":"Utemeljitev, Petra Kap\u0161"},"content":{"rendered":"<p>Izbor umetni\u0161kega dela, odlo\u010ditev za povabilo k sodelovanju, posredovano izbranemu umetniku, in utemeljitev lastnih odlo\u010ditev so naj(ne)zahtevnej\u0161e naloge, odvisne od o\u010di\u0161\u010d, skozi katera osvetljuje\u0161 svoje odlo\u010ditve. <\/p>\n<p>Sodelovanje z Markom Ko\u0161nikom in sprejetjem njegovega predloga za razstavo <em>Labsus osebno\/osobno<\/em> najprej izhaja iz dolgotrajnega procesa dopisovanja in tvorjenja dialo\u0161kega teksta, katerega del je javno artikulacijo do\u017eivel v reviji Likovne besede. Hkrati je eden izmed pomembnih dejavnikov moje lastno zanimanje do medija pisanja, do besede in umetni\u0161kih del, ki jo vklju\u010dujejo kot konstitutivni element svojega obstoja. In nenazadnje je bilo odlo\u010dilno travmati\u010dno ob\u010dutje, ki sem ga do\u017eivela ob prebiranju dokumentarnega materiala o <em>Prvi vaji za konec sveta<\/em>, na katerega je vplivala moja vloga in delovanje v umetnosti. Brala sem ga skozi o\u010di lastnega dela \u2013 zrcalilo mi je vpra\u0161anja o razumevanju kuratorstva, o poziciji in statusu selektorja, cenzorja, strukturah mo\u010di ter obravnavah institucionalne kritike. Zastavljalo mi je vpra\u0161anja o na\u010dinih obravnavanja razpisov za razli\u010dne oblike umetni\u0161kih manifestacij, postopkih ob ocenjevanju umetni\u0161ke vrednosti nanj &#8220;prijavljenih del&#8221; ter delovanju in ravnanju komisij, o dolo\u010danju kriterijev za strokovnost. Prevpra\u0161evalo je naravo umetni\u0161kega dela ter avtorstva. In od tod odlo\u010ditev za izvedbo <em>Vaje za konec sveta<\/em> \u2013 iz averzije do samoumevnega.<\/p>\n<p>Tajnost, ki je bila pogoj za realizacijo <em>Prve vaje za konec sveta<\/em>, prijavljene na razpis za razstavo <em>Urbanaria<\/em> (1994, SCCA-Ljubljana), in je del &#8220;Vaje&#8221;, ki je v trenutku mojega pisanja v procesu nastajanja ter je sedaj predstavljena na razstavi <em>Labsus osebno\/osobno<\/em>, transformira interpretacijo ter analizo kompleksnosti tega umetni\u0161kega dela. Na pogoj je mo\u017eno pogledati vsaj z dveh perspektiv \u2013 z desne, ki pravi, da je prikritost potrebna za dosego umetni\u0161kega, in leve, ki izjavlja, da gre za konspiracijo v namen doseganja subverzivnosti znotraj izbranega okvira, za razmislek o za\u010detku in koncu. Vendar vsaj \u0161e tretje, ki razkriva moment stopnjevanja pozornosti in zanimanja za tiste, ki jih umetnik povabi k udele\u017ebi. <\/p>\n<p><em>Vaja za konec sveta<\/em> je umetni\u0161ka entiteta, ki se razteza v \u010dasu ter po prostoru in v jedro postavlja vpra\u0161anje konca. Konca kot \u010dasovne dimenzije ali \u010dasa kot prostorskih razse\u017enosti? Konca kot limite posameznikovih zaznav, kot arbitrarnost govorice, te\u017eavnost (spo)razumevanja? Konca, ki posku\u0161a gledati s to\u010dke tega trenutka naprej in nazaj. Osebno v umetnikovem delovanju, ki izhaja skozi soob\u010dutenje sveta, se soodziva na kompleksnost kulturne, dru\u017ebene, ekonomske, politi\u010dne in civilizacijske realnosti. In s teh ravni umetnik postavlja vpra\u0161anje <em>resnici<\/em>, ki se kot sestavljanka niza in ka\u017ee skozi umetni\u0161ko delo. <\/p>\n<p>Petra Kap\u0161<\/p>\n","protected":false},"excerpt":{"rendered":"<p>Izbor umetni\u0161kega dela, odlo\u010ditev za povabilo k sodelovanju, posredovano izbranemu umetniku, in utemeljitev lastnih odlo\u010ditev so naj(ne)zahtevnej\u0161e naloge, odvisne od o\u010di\u0161\u010d, skozi katera osvetljuje\u0161 svoje odlo\u010ditve. Sodelovanje z Markom Ko\u0161nikom in sprejetjem njegovega predloga za razstavo Labsus osebno\/osobno najprej izhaja iz dolgotrajnega procesa dopisovanja in tvorjenja dialo\u0161kega teksta, katerega del je javno artikulacijo do\u017eivel v [&hellip;]<\/p>\n","protected":false},"author":1,"featured_media":0,"parent":137,"menu_order":0,"comment_status":"closed","ping_status":"closed","template":"","meta":{"footnotes":""},"categories":[],"tags":[],"_links":{"self":[{"href":"https:\/\/www.worldofart.org\/arhiv.worldofart.org\/aktualno\/wp-json\/wp\/v2\/pages\/144"}],"collection":[{"href":"https:\/\/www.worldofart.org\/arhiv.worldofart.org\/aktualno\/wp-json\/wp\/v2\/pages"}],"about":[{"href":"https:\/\/www.worldofart.org\/arhiv.worldofart.org\/aktualno\/wp-json\/wp\/v2\/types\/page"}],"author":[{"embeddable":true,"href":"https:\/\/www.worldofart.org\/arhiv.worldofart.org\/aktualno\/wp-json\/wp\/v2\/users\/1"}],"replies":[{"embeddable":true,"href":"https:\/\/www.worldofart.org\/arhiv.worldofart.org\/aktualno\/wp-json\/wp\/v2\/comments?post=144"}],"version-history":[{"count":1,"href":"https:\/\/www.worldofart.org\/arhiv.worldofart.org\/aktualno\/wp-json\/wp\/v2\/pages\/144\/revisions"}],"predecessor-version":[{"id":9489,"href":"https:\/\/www.worldofart.org\/arhiv.worldofart.org\/aktualno\/wp-json\/wp\/v2\/pages\/144\/revisions\/9489"}],"up":[{"embeddable":true,"href":"https:\/\/www.worldofart.org\/arhiv.worldofart.org\/aktualno\/wp-json\/wp\/v2\/pages\/137"}],"wp:attachment":[{"href":"https:\/\/www.worldofart.org\/arhiv.worldofart.org\/aktualno\/wp-json\/wp\/v2\/media?parent=144"}],"wp:term":[{"taxonomy":"category","embeddable":true,"href":"https:\/\/www.worldofart.org\/arhiv.worldofart.org\/aktualno\/wp-json\/wp\/v2\/categories?post=144"},{"taxonomy":"post_tag","embeddable":true,"href":"https:\/\/www.worldofart.org\/arhiv.worldofart.org\/aktualno\/wp-json\/wp\/v2\/tags?post=144"}],"curies":[{"name":"wp","href":"https:\/\/api.w.org\/{rel}","templated":true}]}}