{"id":156,"date":"2008-03-14T15:09:40","date_gmt":"2008-03-14T13:09:40","guid":{"rendered":"http:\/\/www.worldofart.org\/aktualno\/leto_2006-07\/teksti-udelezencev-200607\/splosni-tekst-o-razstavi-petra-kaps\/petra-kaps-splosno\/"},"modified":"2018-07-11T21:32:19","modified_gmt":"2018-07-11T19:32:19","slug":"petra-kaps-splosno","status":"publish","type":"page","link":"https:\/\/www.worldofart.org\/arhiv.worldofart.org\/aktualno\/leto_2006-07\/teksti-udelezencev-200607\/splosni-tekst-o-razstavi-petra-kaps\/petra-kaps-splosno","title":{"rendered":""},"content":{"rendered":"<p>Kada izlo\u017eba kao trenutna ili kona\u010dna manifestacija nekog procesa nema zadane teme i kad je njen koncept utemeljen na osobnom odabiru umjetnika\/umjetni\u010dkih djela, koja uvjerenja i odluke, teorijska i intuitivna ishodi\u0161ta, politi\u010dka stajali\u0161ta i pitanja ukusa formiraju kustosovu odluku za sudjelovanje s umjetnikom?  <em>LabSUs osebno\/osobno<\/em> otkriva i propituje &#8216;osobno&#8217; i to ponajprije kroz optiku izbora kao sastavnog dijela kustoske prakse, a onda kroz niz pojmova, simptoma i nivoa koje naslov otvara.<\/p>\n<p>Izlo\u017ebom <em>LabSUs osebno\/osobno<\/em> odgovaramo na pitanje koje smo kao impuls postavili u <em>LabSUsu, otvorenoj platformi kustosa, umjetnika, pisaca i teoreti\u010dara<\/em> \u2013 situaciji koja se sastojala od na\u0161eg jednotjednog bivanja u galeriji \u0160KUC (23. \u2013 29. lipnja 2007.). Ovaj je doga\u0111aj bio logi\u010dna posljedica na\u0161eg zajedni\u010dkog na\u010dina djelovanja, a bio je postavljen kao otkrivanje i preklapanje osobnog i javnog. Pri odluci da uz osobno djelujemo i unutar skupine pojedinaca (pod posebnim preduvjetima i u odre\u0111enom kontekstu), za nas je bila odlu\u010duju\u0107a spoznaja da se kreativni procesi suradnje unutar skupine oslobode nakon odre\u0111enog vremena.<br \/>\n<em>LabSUs<\/em> je bio ekstremna situacija bivanja u osobnom, intrasubjektivnom i javnom. Istodobno je bio zasnovan kao diskurzivno doga\u0111anje s mogu\u0107no\u0161\u0107u i poticanjem razgovora me\u0111u i s gostima \u2013 umjetnicima, zainteresiranom i strukovnom javnosti \u2013 sudionicima. Spomenuto pitanje koje smo neprestano nosili na bed\u017eevima glasilo je: Kustos, \u0161to je to? Iako ga mo\u017eemo i\u0161\u010ditavati na razne na\u010dine, mi se odmi\u010demo od njegove retori\u010dnosti, smatraju\u0107i da je to, za nas laborante Laboratorija SU, od klju\u010dnog zna\u010daja. Proces Laboratorija SU (2006\/07) zapo\u010deo je u studenom 2006. godine, a intenzivirao se u radnom dru\u017eenju u Labinu tijekom sije\u010dnja 2007. godine.<\/p>\n<p>Organizam izlo\u017ebe je interakcija umjetnika, kustosa i publike unutar okvira Laboratorija SU, a sa\u010dinjavaju ga odnosi izme\u0111u osobnog, dvojnog i skupnog. Bez obzira \u0161to laboranti nismo skupina zajedni\u010dkih stajali\u0161ta, mi zagovaramo zajedno prihva\u0107ene odluke. Ovaj je tekst proizi\u0161ao (Petra Kap\u0161)  iz stavova kustosa, Ivane Bago, Petje Grafenauer Krnc, Petre Kap\u0161, Vasje Nagy, Mojce Puncer i Jake \u017deleznikara, a temelji se na javnoj obznani subjektivne pozicije, koja se neprestano giba u refleksiji. Svatko od kustosa izlo\u017ebe <em>Labsus osebno\/osobno<\/em> preuzima odgovornost i zagovara vlastite odluke o izboru autora i umjetni\u010dkih djela. Istodobno svi sudjelujemo pri utvr\u0111ivanju uvjeta za realizaciju. <\/p>\n<p><em>LabSUs<\/em> je aktivna potraga i uspostavljanje ravnote\u017ee me\u0111u sudionicima, premda mo\u017ee biti i borba razli\u010ditih jezika, idioma osobnog i javnog. Preispituje relacije me\u0111u pojedincima i institucije. Laboratorij SU (2006.\/07.) predstavlja eksperiment s razli\u010ditim oblicima suradnje me\u0111u ljudima, a usmjeren je k tra\u017eenju novih oblika rada i mogu\u0107nosti za (su)djelovanje i komunikaciju. Artikulacija vlastitih i skupnih zanimanja i vizija, vje\u010dni je izazov. <\/p>\n<p>Petra Kap\u0161<\/p>\n","protected":false},"excerpt":{"rendered":"<p>Kada izlo\u017eba kao trenutna ili kona\u010dna manifestacija nekog procesa nema zadane teme i kad je njen koncept utemeljen na osobnom odabiru umjetnika\/umjetni\u010dkih djela, koja uvjerenja i odluke, teorijska i intuitivna ishodi\u0161ta, politi\u010dka stajali\u0161ta i pitanja ukusa formiraju kustosovu odluku za sudjelovanje s umjetnikom? LabSUs osebno\/osobno otkriva i propituje &#8216;osobno&#8217; i to ponajprije kroz optiku izbora [&hellip;]<\/p>\n","protected":false},"author":1,"featured_media":0,"parent":138,"menu_order":0,"comment_status":"closed","ping_status":"closed","template":"","meta":{"footnotes":""},"categories":[],"tags":[],"_links":{"self":[{"href":"https:\/\/www.worldofart.org\/arhiv.worldofart.org\/aktualno\/wp-json\/wp\/v2\/pages\/156"}],"collection":[{"href":"https:\/\/www.worldofart.org\/arhiv.worldofart.org\/aktualno\/wp-json\/wp\/v2\/pages"}],"about":[{"href":"https:\/\/www.worldofart.org\/arhiv.worldofart.org\/aktualno\/wp-json\/wp\/v2\/types\/page"}],"author":[{"embeddable":true,"href":"https:\/\/www.worldofart.org\/arhiv.worldofart.org\/aktualno\/wp-json\/wp\/v2\/users\/1"}],"replies":[{"embeddable":true,"href":"https:\/\/www.worldofart.org\/arhiv.worldofart.org\/aktualno\/wp-json\/wp\/v2\/comments?post=156"}],"version-history":[{"count":1,"href":"https:\/\/www.worldofart.org\/arhiv.worldofart.org\/aktualno\/wp-json\/wp\/v2\/pages\/156\/revisions"}],"predecessor-version":[{"id":9483,"href":"https:\/\/www.worldofart.org\/arhiv.worldofart.org\/aktualno\/wp-json\/wp\/v2\/pages\/156\/revisions\/9483"}],"up":[{"embeddable":true,"href":"https:\/\/www.worldofart.org\/arhiv.worldofart.org\/aktualno\/wp-json\/wp\/v2\/pages\/138"}],"wp:attachment":[{"href":"https:\/\/www.worldofart.org\/arhiv.worldofart.org\/aktualno\/wp-json\/wp\/v2\/media?parent=156"}],"wp:term":[{"taxonomy":"category","embeddable":true,"href":"https:\/\/www.worldofart.org\/arhiv.worldofart.org\/aktualno\/wp-json\/wp\/v2\/categories?post=156"},{"taxonomy":"post_tag","embeddable":true,"href":"https:\/\/www.worldofart.org\/arhiv.worldofart.org\/aktualno\/wp-json\/wp\/v2\/tags?post=156"}],"curies":[{"name":"wp","href":"https:\/\/api.w.org\/{rel}","templated":true}]}}