{"id":15672,"date":"2021-05-17T12:18:21","date_gmt":"2021-05-17T10:18:21","guid":{"rendered":"http:\/\/www.worldofart.org\/aktualno\/?page_id=15672"},"modified":"2022-01-26T13:24:10","modified_gmt":"2022-01-26T11:24:10","slug":"naslednjih-21-dni-bo-kljucnih","status":"publish","type":"page","link":"https:\/\/www.worldofart.org\/arhiv.worldofart.org\/aktualno\/osemnajsto-leto-2021-2022\/naslednjih-21-dni-bo-kljucnih","title":{"rendered":"Naslednjih 21 dni bo klju\u010dnih"},"content":{"rendered":"<p><img loading=\"lazy\" decoding=\"async\" class=\"alignnone size-large wp-image-15633\" src=\"https:\/\/www.worldofart.org\/arhiv.worldofart.org\/aktualno\/wp-content\/uploads\/2021\/04\/SCCA-Naslednjih-21-dni-bo-kljuc\u030cnih-13.-5\u20132.-6.-2021_SPLETNA-EXH-730x487.jpg\" alt=\"\" width=\"730\" height=\"487\" srcset=\"https:\/\/www.worldofart.org\/arhiv.worldofart.org\/aktualno\/wp-content\/uploads\/2021\/04\/SCCA-Naslednjih-21-dni-bo-kljuc\u030cnih-13.-5\u20132.-6.-2021_SPLETNA-EXH-730x487.jpg 730w, https:\/\/www.worldofart.org\/arhiv.worldofart.org\/aktualno\/wp-content\/uploads\/2021\/04\/SCCA-Naslednjih-21-dni-bo-kljuc\u030cnih-13.-5\u20132.-6.-2021_SPLETNA-EXH-338x225.jpg 338w, https:\/\/www.worldofart.org\/arhiv.worldofart.org\/aktualno\/wp-content\/uploads\/2021\/04\/SCCA-Naslednjih-21-dni-bo-kljuc\u030cnih-13.-5\u20132.-6.-2021_SPLETNA-EXH-768x512.jpg 768w, https:\/\/www.worldofart.org\/arhiv.worldofart.org\/aktualno\/wp-content\/uploads\/2021\/04\/SCCA-Naslednjih-21-dni-bo-kljuc\u030cnih-13.-5\u20132.-6.-2021_SPLETNA-EXH.jpg 1200w\" sizes=\"(max-width: 730px) 100vw, 730px\" \/><\/p>\n<h3><strong>Naslednjih 21 dni bo klju\u010dnih<\/strong><\/h3>\n<p>Letna razstava 18. leta \u0161ole Svet umetnosti v Galeriji \u0160kuc<br \/>\n<strong>13. 5.\u20132. 6. 2021, Galerija \u0160kuc<\/strong><\/p>\n<p>Umetnice in umetniki: <strong>Beli sladoled, Nata\u0161a Berk, Aldo Giannotti, Adrijan Praznik, Simona Semeni\u010d &amp; Nada \u017dgank, Small but dangers<\/strong><\/p>\n<p>Kuratorska skupina: <strong>Vesna Bukovec, Miha Kelemina, Lara Plav\u010dak<\/strong><\/p>\n<p>Pri pripravi in izvedbi razstave sodelujejo udele\u017eenke in udele\u017eenca 18. leta Sveta umetnosti: <strong>Katarina Bogataj, <\/strong><strong>Ajda Bra\u010di\u010d, <\/strong><strong>Bla\u017e Brumen, Janja Buze\u010dan, <\/strong><strong>Hana \u010ceferin<\/strong><strong>,<\/strong> <strong>Matev\u017e Jerman, <\/strong><strong>Ma\u0161a Knapi\u010d, Teja Kosi, Katarina Lipovac, <\/strong><strong>Teja Miholi\u010d, <\/strong><strong>Tamara Mlakar, <\/strong><strong>Ana Obid, Sanja Vati\u0107, <\/strong><strong>Eva \u017dibert, Ma\u0161a P. \u017dmitek<\/strong><\/p>\n<p><a href=\"https:\/\/www.worldofart.org\/arhiv.worldofart.org\/aktualno\/wp-content\/uploads\/2021\/04\/SCCA-Skuc-Naslednjih-21-dni-bo-kljucnih-razstava.pdf\" target=\"_blank\" rel=\"noopener\">Obrazstavna zlo\u017eenka<\/a> (pdf)<\/p>\n<hr \/>\n<div><\/div>\n<p><strong>O RAZSTAVI<\/strong><\/p>\n<p>Razstavo <strong><em>Naslednjih 21 dni bo klju\u010dnih<\/em><\/strong> boste morda videli, morda pa tudi ne. S tem ne posku\u0161amo biti skrivnostni, niti (preve\u010d) sme\u0161ni. V \u010dasu pisanja kuratorskega besedila pa\u010d samoumevnosti odprtja razstave preprosto nimamo. Napovedi o omejevalnih ukrepih in klju\u010dnosti naslednjih nekaj dni za odpiranje dru\u017ebe poslu\u0161amo vse od za\u010detka epidemije, zato je fraza v naslovu razstave \u017ee usidrana v lokalni koronski humor. Po letu dni se na\u0161a nova realnost \u0161e vedno spreminja iz dneva v dan, hkrati pa se ne zdi ni\u010d manj tuja in negotova kot sprva. Nanjo smo se primorani odzvati, saj njene posledice segajo tako v osebno kot dru\u017ebeno-politi\u010dno \u017eivljenje. Ravno premislek o aktualnih okoli\u0161\u010dinah, ki so marsikdaj tako absurdne, da se lahko nanje odzovemo le s humorjem, je bil na\u0161e kuratorsko izhodi\u0161\u010de.<\/p>\n<p>Humor velja za kulturno univerzalijo, ki sodolo\u010da skupno in individualno kulturno identiteto. Kot dru\u017ebeni fenomen pomaga pri vzpostavljanju in krepitvi vezi, lahko pa je tudi vzrok komunikacijskih trenj. Ena od teorij humorja, teorija neskladnosti, pravi, da humorna percepcija nastopi v neskladju med pri\u010dakovanim in dejanskim. Humorno nastopi, ko se sopozicionirane neskladnosti razjasnijo nasprotno od predvidenega ali celo razpustijo v ni\u010d. Pri tem ne u\u017eivamo v sopostavljanju neskladnosti, temve\u010d v sami razre\u0161itvi napetosti, v nenadnem presenetljivem uvidu, ki prina\u0161a kognitivno ali estetsko zadovoljstvo. Zabava nas nenavadnost situacije, ki daje skozi ugodje humornega izkustva na\u0161i perspektivi ve\u010djo abstraktnost, prek humorne distance pa tudi obvladljivost.<\/p>\n<p>Tovrsten trenutek neskladnosti in napetosti, ki se razre\u0161i v nekaj nepri\u010dakovanega, je mo\u010d zaznati tudi v umetni\u0161kih delih na razstavi. Umetnice in umetniki v njih obravnavajo zakonitosti umetnostnega sistema in mesto umetnosti znotraj \u0161ir\u0161ega polja kulture, ob tem pa naslavljajo tudi vlogo umetnice oziroma umetnika, smisel umetni\u0161kega ustvarjanja in razstavljanja. Vse omenjene teme so v sodobni umetnosti \u017ee znane, pa vendar se v lu\u010di sedanjih okoli\u0161\u010din ka\u017eejo toliko bolj pere\u010de tako v ideolo\u0161kem pomenu kot v dejanskem eksistencialnem polo\u017eaju umetnic in umetnikov.<\/p>\n<p>Prvi sklop umetni\u0161kih del na razstavi naslavlja vpra\u0161anja lastnega nastanka. Umetnica in umetniki se spra\u0161ujejo, kako se umetni\u0161ko delo vzpostavlja, ali je njegov obstoj sploh mo\u017een brez aktivnega pogleda gledalke ali gledalca ter pripustitve v umetnostni sistem. Dela prina\u0161ajo premislek o razse\u017enosti ustvarjalnega procesa \u2013 od snovanja do izdelovanja in na\u010dina predstavitve javnosti v razstavnem prostoru in na dru\u017ebenih omre\u017ejih. Je morda pre\u017eivetje umetnice oziroma umetnika v sistemu sodobne umetnosti odvisno predvsem od spretnosti, prilagodljivosti in iznajdljivosti? Ali zgolj posledica naklonjenosti tistih na pozicijah mo\u010di? <strong>Nata\u0161a Berk <\/strong>se v svoji seriji <em>Imagine More<\/em> poigrava s pri\u010dakovanji gledalk in gledalcev in njihovo aktivno izku\u0161njo galerijskega obiska, s \u010dimer se navidezno izogne kompleksni izdelavi, stro\u0161kom produkcije, pa tudi odgovornosti za vsebino. <strong>Adrijan Praznik<\/strong> izpostavlja trivialno plat igranja igre, ki se imenuje umetni\u0161ka kariera. Zanima ga, kako sistem dolo\u010deno delo prepozna kot umetni\u0161ko in vzpostavlja njegovo avro. Izpostavlja vlogo umetni\u0161kega portfolia in ga primerja z vrednostnim papirjem, s katerim kotira na \u00bbborzi\u00ab umetnostnega sistema. Je na\u010din, kako se umetnica ali umetnik predstavi strokovni in \u0161ir\u0161i javnosti, celo pomembnej\u0161i od samega umetni\u0161kega dela? To vpra\u0161anje postavlja tudi dvojec <strong>Beli sladoled<\/strong> in z zna\u010dilnim humornim pristopom komentira obet uspe\u0161ne umetni\u0161ke kariere, ki naj bi jo prinesla zmaga na tekmovanju za najbolj\u0161e mlade umetnice in umetnike. Del takratnega zmagovalnega projekta in tokratne postavitve sta obleki s poslikavo oran\u017enega ope\u010dnatega zidu, ki se je skozi razli\u010dne projekte razvil v prepoznavno znamko skupine.<\/p>\n<p>Drugi sklop umetni\u0161kih del na razstavi se poigrava s pogledom od zunaj, skozi prizmo retradicionalizacije dru\u017ebe in politi\u010dnih pritiskov, ki obsojajo kriti\u010dno in subverzivno sodobno umetnost. Spopad z nalogo, kako ustvariti <em>pravo<\/em> umetni\u0161ko delo, prinese ironi\u010dne in absurdne rezultate. <strong>Simona Semeni\u010d<\/strong> in <strong>Nada \u017dgank<\/strong> se v fotografski seriji ukvarjata z aktualnimi zahtevami po kulturi, ki bi sodobno \u017eensko potisnila nazaj v tradicionalne vloge in vzorce. Tandem <strong>Small but dangers<\/strong> s preprosto gesto, ki vzpostavlja konflikt med jezikom in podobo ter s tem sprevra\u010da pomene, izpostavi praznost in absurdnost kulturnih politik, po katerih naj bi bila naloga sodobne umetnosti, da je<em> lepa, blagodejna in misti\u010dna<\/em>.<\/p>\n<p>Oba sklopa povezujejo pronicljivi vizualni komentarji <strong>Alda Giannottija<\/strong>, ki s humornimi risbami prepleta fizi\u010dni in simbolni prostor. Analizira kulturne identitete, strukture sodelovanja in interakcije ter pri tem razgalja razmerja mo\u010di znotraj dolo\u010dene dru\u017ebe, kulture in umetnostnega sistema. Prina\u0161a opa\u017eanja in predloge, kako sobivati, gledati umetnost ter pre\u017eiveti v tem absurdnem svetu in se zraven \u0161e smejati.<\/p>\n<hr \/>\n<p><a href=\"https:\/\/www.worldofart.org\/arhiv.worldofart.org\/aktualno\/osemnajsto-leto-2021-2022\/naslednjih-21-dni-bo-kljucnih\/umetniska-dela-na-razstavi\"><strong>UMETNI\u0160KA DELA NA RAZSTAVI<\/strong><\/a><\/p>\n<figure id=\"attachment_15727\" aria-describedby=\"caption-attachment-15727\" style=\"width: 730px\" class=\"wp-caption alignnone\"><a href=\"https:\/\/www.worldofart.org\/arhiv.worldofart.org\/aktualno\/osemnajsto-leto-2021-2022\/naslednjih-21-dni-bo-kljucnih\/umetniska-dela-na-razstavi\"><img loading=\"lazy\" decoding=\"async\" class=\"wp-image-15727 size-large\" src=\"https:\/\/www.worldofart.org\/arhiv.worldofart.org\/aktualno\/wp-content\/uploads\/2021\/05\/foto_Klemen_Ilovar_03-730x487.jpg\" alt=\"\" width=\"730\" height=\"487\" srcset=\"https:\/\/www.worldofart.org\/arhiv.worldofart.org\/aktualno\/wp-content\/uploads\/2021\/05\/foto_Klemen_Ilovar_03-730x487.jpg 730w, https:\/\/www.worldofart.org\/arhiv.worldofart.org\/aktualno\/wp-content\/uploads\/2021\/05\/foto_Klemen_Ilovar_03-338x225.jpg 338w, https:\/\/www.worldofart.org\/arhiv.worldofart.org\/aktualno\/wp-content\/uploads\/2021\/05\/foto_Klemen_Ilovar_03-768x512.jpg 768w, https:\/\/www.worldofart.org\/arhiv.worldofart.org\/aktualno\/wp-content\/uploads\/2021\/05\/foto_Klemen_Ilovar_03.jpg 1200w\" sizes=\"(max-width: 730px) 100vw, 730px\" \/><\/a><figcaption id=\"caption-attachment-15727\" class=\"wp-caption-text\">Foto: Klemen Ilovar \u00a9 Galerija \u0160kuc<\/figcaption><\/figure>\n<hr \/>\n<p><a href=\"https:\/\/www.worldofart.org\/arhiv.worldofart.org\/aktualno\/osemnajsto-leto-2021-2022\/naslednjih-21-dni-bo-kljucnih\/fotogalerija\"><strong>FOTOGALERIJA<\/strong><\/a><\/p>\n<figure id=\"attachment_15706\" aria-describedby=\"caption-attachment-15706\" style=\"width: 730px\" class=\"wp-caption alignnone\"><a href=\"https:\/\/www.worldofart.org\/arhiv.worldofart.org\/aktualno\/osemnajsto-leto-2021-2022\/naslednjih-21-dni-bo-kljucnih\/fotogalerija\"><img loading=\"lazy\" decoding=\"async\" class=\"wp-image-15706 size-large\" src=\"https:\/\/www.worldofart.org\/arhiv.worldofart.org\/aktualno\/wp-content\/uploads\/2021\/05\/foto_arhiv-SCCA_01-730x548.jpg\" alt=\"\" width=\"730\" height=\"548\" srcset=\"https:\/\/www.worldofart.org\/arhiv.worldofart.org\/aktualno\/wp-content\/uploads\/2021\/05\/foto_arhiv-SCCA_01-730x548.jpg 730w, https:\/\/www.worldofart.org\/arhiv.worldofart.org\/aktualno\/wp-content\/uploads\/2021\/05\/foto_arhiv-SCCA_01-338x254.jpg 338w, https:\/\/www.worldofart.org\/arhiv.worldofart.org\/aktualno\/wp-content\/uploads\/2021\/05\/foto_arhiv-SCCA_01-768x576.jpg 768w, https:\/\/www.worldofart.org\/arhiv.worldofart.org\/aktualno\/wp-content\/uploads\/2021\/05\/foto_arhiv-SCCA_01.jpg 1200w\" sizes=\"(max-width: 730px) 100vw, 730px\" \/><\/a><figcaption id=\"caption-attachment-15706\" class=\"wp-caption-text\">foto: arhiv SCCA-Ljubljana<\/figcaption><\/figure>\n<hr \/>\n<p><strong>Predstavitev razstave na kanalu Sodobna umetnost<\/strong><br \/>\nAvtor oddaje in kamera: Aljo\u0161a Abrahamsberg, produkcija: Zavod RX-TX<\/p>\n<p><iframe loading=\"lazy\" title=\"NASLEDNJIH 21 DNI BO KLJU\u010cNIH \/ THE NEXT 21 DAYS WILL BE CRUCIAL\" width=\"730\" height=\"411\" src=\"https:\/\/www.youtube.com\/embed\/JFEoncUB-hk?feature=oembed\" frameborder=\"0\" allow=\"accelerometer; autoplay; clipboard-write; encrypted-media; gyroscope; picture-in-picture\" allowfullscreen><\/iframe><\/p>\n<hr \/>\n<p><strong>BIOGRAFIJE<\/strong><\/p>\n<p><strong>Beli sladoled<\/strong> sta Miha Perne (1978) in Leon Zuodar (1977). V projektih skozi prizmo (samo)ironije in sarkazma kriti\u010dno obravnavata dele\u017enike razli\u010dnih sistemov, tudi umetni\u0161kega.<br \/>\n<a href=\"http:\/\/www.belisladoled.org\/\" target=\"_blank\" rel=\"noopener\">belisladoled.org<\/a><\/p>\n<p><strong>Nata\u0161a Berk<\/strong> (1978) je raznolika. Kuratorka Mojca Le\u0161nik jo opi\u0161e kot ironi\u010dno-provokativno avantgardistko eksistencializma z opaznim abstraktnim instinktom. Deluje na \u0161ir\u0161em podro\u010dju sodobne kulture skozi prevzemanja razli\u010dnih identitet.<br \/>\n<a href=\"https:\/\/www.instagram.com\/natasa.bergk\/\" target=\"_blank\" rel=\"noopener\">IG: natasa.bergk<\/a><\/p>\n<p><strong>Aldo Giannotti <\/strong>(1977) \u017eivi in dela na Dunaju. Zanimajo ga konstrukti, kot so osebna in kulturna identiteta, kolektivnost in razmerja mo\u010di. Uporablja medij risbe in pogosto uprizarja situacije, ki vklju\u010dujejo udele\u017ebo obiskovalk in obiskovalcev.<br \/>\n<a href=\"http:\/\/aldogiannotti.com\/\" target=\"_blank\" rel=\"noopener\">aldogiannotti.com<\/a><\/p>\n<p><strong>Adrijan Praznik<\/strong> (1988) je slikar, ilustrator in umetni\u0161ki vodja Galerije Simulaker. Zanima ga, kaj vzpostavlja umetni\u0161ko delo znotraj sodobnih politi\u010dnih, ekonomskih in tehnolo\u0161kih parametrov.<br \/>\n<a href=\"https:\/\/www.instagram.com\/adrijan_praznik\/\" target=\"_blank\" rel=\"noopener\">IG: adrijan_praznik<\/a><\/p>\n<p><strong>Simona Semeni\u010d<\/strong> (1975) je ve\u010dkrat nagrajena dramati\u010darka in performerka. V svojih delih obravnava feministi\u010dne teme in vpra\u0161anja \u010dlovekovih pravic, pri \u010demer prehaja med razli\u010dnimi podro\u010dji umetnosti.<br \/>\n<a href=\"https:\/\/www.simonasemenic.com\/\" target=\"_blank\" rel=\"noopener\">simonasemenic.com<\/a><\/p>\n<p><strong>Small but dangers<\/strong> sta Simon Hudolin (1977) in Mateja Rojc (1977). Za njuno umetni\u0161ko prakso je zna\u010dilen konceptualni humor, ki ga vzpostavlja napetost med jezikom in podobo.<br \/>\n<a href=\"http:\/\/smallbutdangers.cerkno.net\/\" target=\"_blank\" rel=\"noopener\">smallbutdangers.cerkno.net<\/a><\/p>\n<p><strong>Nada \u017dgank <\/strong>(1967) je samostojna fotografinja. Njena fotografija sega v polje performativne umetnosti, glasbe, identitetnih kulturnih praks ter socialnega in politi\u010dnega aktivizma.<\/p>\n<hr \/>\n<p><strong>SPREMLJEVALNI PROGRAM<\/strong><\/p>\n<p>Razstava zaradi prepre\u010devanja \u0161iritve koronavirusa ni imela klasi\u010dnega odprtja, so pa bili umetnice in umetniki prisotni v galeriji prvi dan razstave, v \u010detrtek, 13. 5. Ogled razstave je bil mo\u017een v majhnih skupinah z obvezno uporabo maske in ob upo\u0161tevanju priporo\u010dil NIJZ.<\/p>\n<p><strong>Sreda, 19. 5.<\/strong> ob 18. uri: Ogled razstave s kuratorjem Miho Kelemino, kuratorko Vesno Bukovec in umetniki in umetnicami Simono Semeni\u010d, Nado \u017dgank, Adrijanom Praznikom, Leonom Zuodarjem in Miho Pernetom.<br \/>\n<strong>Sreda, 2. 6.<\/strong>: Ogled razstave za srednje\u0161olke in srednje\u0161olce z Neveno Aleksovski in Nata\u0161o Berk<br \/>\n<strong>Sreda, 2. 6. <\/strong>ob 18. uri: Ogled razstave s kuratorjem Miho Kelemino, kuratorko Vesno Bukovec ter umetniki in umetnicami Nata\u0161o Berk, Nado \u017dgank, Adrijanom Praznikom in Simonom Hudolinom.<\/p>\n<div>Razstavo so pospremili <strong>spletni pogovori z umetnicami in umetniki<\/strong> (Adrijan Praznik, 11. 3., Small but dangers, 18. 3., Aldo Giannotti, 31. 3., Beli sladoled, 8. 4., Simona Semeni\u010d in Nada \u017dgank, 8. 4., Nata\u0161a Berk, 22. 4.).<\/div>\n<hr \/>\n<p><strong>MEDIJSKI ODZIVI<\/strong><\/p>\n<div>\n<ul>\n<li>Ma\u0161a \u017dek\u0161,\u00a0<i><a href=\"https:\/\/koridor-ku.si\/podobe\/likam-pomivam-perilo-susim\/\" target=\"_blank\" rel=\"noopener\">Likam, pomivam, perilo su\u0161im<\/a><\/i>, Podobe \/ Kritika, Koridor, 7. 10. 2021<\/li>\n<li>Lucija Klau\u017e, <a href=\"https:\/\/radiostudent.si\/kultura\/fine-umetnosti\/zapopasti-s-humorjem\" target=\"_blank\" rel=\"noopener\"><em>Zapopasti s humorjem<\/em><\/a>, Fine umetnosti, Radio \u0160tudent, 4. 8. 2021<\/li>\n<li>Lara Paukovi\u010d, <a href=\"https:\/\/www.mladina.si\/208078\/natasa-berk-interdisciplinarna-umetnica-z-izmuzljivo-identiteto-in-podobo\/\" target=\"_blank\" rel=\"noopener\"><em>Nata\u0161a Berk, interdisciplinarna umetnica z izmuzljivo identiteto in podobo<\/em><\/a>, Portret, Mladina, 11. 6. 2021<\/li>\n<li>Skupinska fotografija, foto: Janez Zalaznik, Parada, Mladina, 28. 5. 2021<\/li>\n<li>Andreja Zabric, <em><a href=\"https:\/\/radiostudent.si\/kultura\/fine-umetnosti\/sla%C4%8Denje-slik-%E2%80%93-brez-zapeljevanja\" target=\"_blank\" rel=\"noopener\">Sla\u010denje slik \u2013 brez zapeljevanja<\/a><\/em>, Fine umetnosti, Radio \u0160tudent, 25. 5. 2021<\/li>\n<li>\u017diga Brato\u0161, <em><a href=\"https:\/\/ars.rtvslo.si\/2021\/04\/svet-kulture-1426\/\" target=\"_blank\" rel=\"noopener\">Naslednjih 21 dni bo klju\u010dnih v Galeriji \u0160kuc<\/a><\/em>, 13. 5. 2021, Svet kulture, ARS \u2013 3. program Radia Slovenija, 13. 5. 2021<\/li>\n<li>\u017diga Brato\u0161, <a href=\"https:\/\/ars.rtvslo.si\/2021\/05\/v-galeriji-skuc-razstava-sole-za-kuratorske-prakse-in-kritisko-pisanje-svet-umetnosti\/\" target=\"_blank\" rel=\"noopener\"><em>V Galeriji \u0160kuc razstava \u0161ole za kuratorske prakse in kriti\u0161ko pisanje Svet umetnosti<\/em><\/a>, Aktualno, ARS \u2013 3. program Radia Slovenija, 13. 5. 2021<\/li>\n<li>Andreja Ko\u010dar, <em><a href=\"https:\/\/4d.rtvslo.si\/arhiv\/kultura\/174775458\" target=\"_blank\" rel=\"noopener\">Naslednjih 21 dni bo klju\u010dnih v Galeriji \u0160kuc<\/a><\/em>, Kultura, RTV SLO, 13. 5. 2021<\/li>\n<li>Damjana Kolar, <em><a href=\"https:\/\/www.mladina.si\/207331\/naslednjih-21-dni-bo-kljucnih\/\" target=\"_blank\" rel=\"noopener\">Naslednjih 21 dni bo klju\u010dnih<\/a><\/em>, Kultura, Mladina, 12. 5. 2021<\/li>\n<\/ul>\n<hr \/>\n<p><strong>KOLOFON<\/strong><\/p>\n<p><strong>Opisi umetni\u0161kih del:<\/strong> Hana \u010ceferin, Ma\u0161a Knapi\u010d, Teja Kosi, Teja Miholi\u010d, Tamara Mlakar, Ana Obid, Sanja Vati\u0107, Ma\u0161a P. \u017dmitek<br \/>\n<strong>Uredni\u0161ko delo:<\/strong> Katarina Bogataj, Ajda Bra\u010di\u010d, Ma\u0161a P. \u017dmitek, ekipa SU<br \/>\n<strong>Biografije:<\/strong> Katarina Bogataj, Ana Obidm, ekipa SU<br \/>\n<strong>Slovenska lektura:<\/strong> Inge Pangos<br \/>\n<strong>Angle\u0161ki prevod:<\/strong> Arven \u0160akti Kralj Szomi<br \/>\n<strong>Naslovna podoba:<\/strong> Nata\u0161a Berk<br \/>\n<strong>Oblikovanje:<\/strong> Lea Jelenko<br \/>\n<strong>Tehni\u010dna pomo\u010d:<\/strong> Martin Lov\u0161in<br \/>\n<strong>Promo videi:<\/strong> Sanja Vati\u0107<\/p>\n<p><strong>Produkcija:<\/strong> SCCA, Zavod za sodobno umetnost \u2013 Ljubljana \/ Svet umetnosti<br \/>\n<strong>Koprodukcija:<\/strong> Galerija \u0160kuc<br \/>\n<strong>Razstavo podpirata:<\/strong> Mestna ob\u010dina Ljubljana \u2013 Oddelek za kulturo in Ministrstvo za kulturo Republike Slovenije<\/p>\n<p><img loading=\"lazy\" decoding=\"async\" class=\"alignnone size-full wp-image-14287\" src=\"https:\/\/www.worldofart.org\/arhiv.worldofart.org\/aktualno\/wp-content\/uploads\/2019\/05\/MK-logo-slo.png\" alt=\"\" width=\"143\" height=\"32\" srcset=\"https:\/\/www.worldofart.org\/arhiv.worldofart.org\/aktualno\/wp-content\/uploads\/2019\/05\/MK-logo-slo.png 667w, https:\/\/www.worldofart.org\/arhiv.worldofart.org\/aktualno\/wp-content\/uploads\/2019\/05\/MK-logo-slo-338x76.png 338w\" sizes=\"(max-width: 143px) 100vw, 143px\" \/> \u00a0\u00a0\u00a0\u00a0<img decoding=\"async\" class=\"alignnone size-full wp-image-10306\" src=\"https:\/\/www.worldofart.org\/arhiv.worldofart.org\/aktualno\/wp-content\/uploads\/2017\/01\/mol-logo.jpg\" alt=\"\" width=\"97\" srcset=\"https:\/\/www.worldofart.org\/arhiv.worldofart.org\/aktualno\/wp-content\/uploads\/2017\/01\/mol-logo.jpg 308w, https:\/\/www.worldofart.org\/arhiv.worldofart.org\/aktualno\/wp-content\/uploads\/2017\/01\/mol-logo-300x117.jpg 300w\" sizes=\"(max-width: 308px) 100vw, 308px\" \/> \u00a0\u00a0\u00a0\u00a0<img decoding=\"async\" class=\"alignnone size-full wp-image-13694\" src=\"https:\/\/www.worldofart.org\/arhiv.worldofart.org\/aktualno\/wp-content\/uploads\/2018\/09\/sccaslo-logo.png\" alt=\"\" width=\"116\" srcset=\"https:\/\/www.worldofart.org\/arhiv.worldofart.org\/aktualno\/wp-content\/uploads\/2018\/09\/sccaslo-logo.png 643w, https:\/\/www.worldofart.org\/arhiv.worldofart.org\/aktualno\/wp-content\/uploads\/2018\/09\/sccaslo-logo-338x46.png 338w\" sizes=\"(max-width: 643px) 100vw, 643px\" \/> \u00a0\u00a0\u00a0\u00a0<img decoding=\"async\" class=\"alignnone size-full wp-image-9740\" src=\"https:\/\/www.worldofart.org\/arhiv.worldofart.org\/aktualno\/wp-content\/uploads\/2016\/11\/SU-logo-100.png\" alt=\"\" width=\"60\" \/> \u00a0\u00a0\u00a0\u00a0<img loading=\"lazy\" decoding=\"async\" class=\"alignnone size-full wp-image-14288\" src=\"https:\/\/www.worldofart.org\/arhiv.worldofart.org\/aktualno\/wp-content\/uploads\/2019\/05\/galerija-skuc-logo.png\" alt=\"\" width=\"26\" height=\"55\" srcset=\"https:\/\/www.worldofart.org\/arhiv.worldofart.org\/aktualno\/wp-content\/uploads\/2019\/05\/galerija-skuc-logo.png 312w, https:\/\/www.worldofart.org\/arhiv.worldofart.org\/aktualno\/wp-content\/uploads\/2019\/05\/galerija-skuc-logo-236x500.png 236w\" sizes=\"(max-width: 26px) 100vw, 26px\" \/><\/p>\n<\/div>\n","protected":false},"excerpt":{"rendered":"<p>Naslednjih 21 dni bo klju\u010dnih Letna razstava 18. leta \u0161ole Svet umetnosti v Galeriji \u0160kuc 13. 5.\u20132. 6. 2021, Galerija \u0160kuc Umetnice in umetniki: Beli sladoled, Nata\u0161a Berk, Aldo Giannotti, Adrijan Praznik, Simona Semeni\u010d &amp; Nada \u017dgank, Small but dangers Kuratorska skupina: Vesna Bukovec, Miha Kelemina, Lara Plav\u010dak Pri pripravi in izvedbi razstave sodelujejo udele\u017eenke [&hellip;]<\/p>\n","protected":false},"author":1,"featured_media":0,"parent":15369,"menu_order":0,"comment_status":"closed","ping_status":"closed","template":"","meta":{"footnotes":""},"categories":[],"tags":[],"_links":{"self":[{"href":"https:\/\/www.worldofart.org\/arhiv.worldofart.org\/aktualno\/wp-json\/wp\/v2\/pages\/15672"}],"collection":[{"href":"https:\/\/www.worldofart.org\/arhiv.worldofart.org\/aktualno\/wp-json\/wp\/v2\/pages"}],"about":[{"href":"https:\/\/www.worldofart.org\/arhiv.worldofart.org\/aktualno\/wp-json\/wp\/v2\/types\/page"}],"author":[{"embeddable":true,"href":"https:\/\/www.worldofart.org\/arhiv.worldofart.org\/aktualno\/wp-json\/wp\/v2\/users\/1"}],"replies":[{"embeddable":true,"href":"https:\/\/www.worldofart.org\/arhiv.worldofart.org\/aktualno\/wp-json\/wp\/v2\/comments?post=15672"}],"version-history":[{"count":20,"href":"https:\/\/www.worldofart.org\/arhiv.worldofart.org\/aktualno\/wp-json\/wp\/v2\/pages\/15672\/revisions"}],"predecessor-version":[{"id":15945,"href":"https:\/\/www.worldofart.org\/arhiv.worldofart.org\/aktualno\/wp-json\/wp\/v2\/pages\/15672\/revisions\/15945"}],"up":[{"embeddable":true,"href":"https:\/\/www.worldofart.org\/arhiv.worldofart.org\/aktualno\/wp-json\/wp\/v2\/pages\/15369"}],"wp:attachment":[{"href":"https:\/\/www.worldofart.org\/arhiv.worldofart.org\/aktualno\/wp-json\/wp\/v2\/media?parent=15672"}],"wp:term":[{"taxonomy":"category","embeddable":true,"href":"https:\/\/www.worldofart.org\/arhiv.worldofart.org\/aktualno\/wp-json\/wp\/v2\/categories?post=15672"},{"taxonomy":"post_tag","embeddable":true,"href":"https:\/\/www.worldofart.org\/arhiv.worldofart.org\/aktualno\/wp-json\/wp\/v2\/tags?post=15672"}],"curies":[{"name":"wp","href":"https:\/\/api.w.org\/{rel}","templated":true}]}}