{"id":157,"date":"2008-03-14T15:11:41","date_gmt":"2008-03-14T13:11:41","guid":{"rendered":"http:\/\/www.worldofart.org\/aktualno\/jaka-zeleznikar-hr\/"},"modified":"2018-07-17T09:22:52","modified_gmt":"2018-07-17T07:22:52","slug":"jaka-zeleznikar-hr","status":"publish","type":"page","link":"https:\/\/www.worldofart.org\/arhiv.worldofart.org\/aktualno\/leto_2006-07\/teksti-udelezencev-200607\/jaka-zeleznikar-hr","title":{"rendered":""},"content":{"rendered":"<p>Sam se ne smatram kustosom, iako ponekad radim kao kustos. Umjetnost me zanima prije svega iz perspektive autora. Nemam nikakve \u017eelje voditi program neke galerije ili sli\u010dne ustanove. Mrzim birokratski posao. Pisanje promocijskih tekstova o izlo\u017ebama mi je smije\u0161no. Pri samoj pomisli da bih se morao baviti kulturnom politikom spopadne me neopisiva jeza. Za\u0161to onda uop\u0107e djelovati kao kustos?<br \/>\nU praksi neko doga\u0111anje vidi\u0161 iznutra. Kroz kontakte s drugim autorima i drugim sudionicima (kriti\u010darima, teoreti\u010darima, \u2026) otvara se dijapazon informacija koje su, onima koji ne sudjeluju u procesu, te\u0161ko dostupne. Kustoski pristup, koji proizlazi iz polo\u017eaja onoga koji sudjeluje, javnosti tako mo\u017ee ponuditi pogled u ono \u0161to ranije nije bilo dostupno ili dovoljno poznato.<\/p>\n<p>Tijekom procesa Laboratorija SU, koji je povod ove izlo\u017ebe, upoznao sam nekoliko jako zanimljivih istarskih umjetnika. Za rad <em>Nacija \u2013 kultura<\/em> autora Vuka \u0106osi\u0107a, koji \u017eivi i radi u Sloveniji, oslu\u010dio sam se jer \u00bbosobno\u00ab iz naziva izlo\u017ebe shva\u0107am kao neovisno kako od ostalih sudionika tako i od cjelokupnog okvira Laboratorija SU. Izbor je tako svojevrsna skica, naznaka izlo\u017ebe koju bih \u017eelio kurirati. To bi bila izlo\u017eba o ra\u010dunalnoj umjetnosti.<\/p>\n<p>Rad <em>Nacija \u2013 kultura<\/em> zanimljiv mi je iz vi\u0161e razloga. Rije\u010d je o jednom od najranijih radova, u kojem su se pristupi i neke od tema, razvijanih unutar internetske umjetnosti, po\u010dele \u0161iriti u izvan-ra\u010dunalni prostor. Rad ujedinjuje vizualno i jezi\u010dno, a njegova poruka ne po\u010diva u o\u010ditom, vidljivom i smislenom. Sr\u017e rada je u njegovoj bogatoj mre\u017ei odnosa, koju ono uspostavlja s razli\u010ditim nivoima dru\u0161tvenoga. <\/p>\n<p>Jaka \u017deleznikar<\/p>\n","protected":false},"excerpt":{"rendered":"<p>Sam se ne smatram kustosom, iako ponekad radim kao kustos. Umjetnost me zanima prije svega iz perspektive autora. Nemam nikakve \u017eelje voditi program neke galerije ili sli\u010dne ustanove. Mrzim birokratski posao. Pisanje promocijskih tekstova o izlo\u017ebama mi je smije\u0161no. Pri samoj pomisli da bih se morao baviti kulturnom politikom spopadne me neopisiva jeza. Za\u0161to onda [&hellip;]<\/p>\n","protected":false},"author":1,"featured_media":0,"parent":137,"menu_order":0,"comment_status":"closed","ping_status":"closed","template":"","meta":{"footnotes":""},"categories":[],"tags":[],"_links":{"self":[{"href":"https:\/\/www.worldofart.org\/arhiv.worldofart.org\/aktualno\/wp-json\/wp\/v2\/pages\/157"}],"collection":[{"href":"https:\/\/www.worldofart.org\/arhiv.worldofart.org\/aktualno\/wp-json\/wp\/v2\/pages"}],"about":[{"href":"https:\/\/www.worldofart.org\/arhiv.worldofart.org\/aktualno\/wp-json\/wp\/v2\/types\/page"}],"author":[{"embeddable":true,"href":"https:\/\/www.worldofart.org\/arhiv.worldofart.org\/aktualno\/wp-json\/wp\/v2\/users\/1"}],"replies":[{"embeddable":true,"href":"https:\/\/www.worldofart.org\/arhiv.worldofart.org\/aktualno\/wp-json\/wp\/v2\/comments?post=157"}],"version-history":[{"count":1,"href":"https:\/\/www.worldofart.org\/arhiv.worldofart.org\/aktualno\/wp-json\/wp\/v2\/pages\/157\/revisions"}],"predecessor-version":[{"id":9478,"href":"https:\/\/www.worldofart.org\/arhiv.worldofart.org\/aktualno\/wp-json\/wp\/v2\/pages\/157\/revisions\/9478"}],"up":[{"embeddable":true,"href":"https:\/\/www.worldofart.org\/arhiv.worldofart.org\/aktualno\/wp-json\/wp\/v2\/pages\/137"}],"wp:attachment":[{"href":"https:\/\/www.worldofart.org\/arhiv.worldofart.org\/aktualno\/wp-json\/wp\/v2\/media?parent=157"}],"wp:term":[{"taxonomy":"category","embeddable":true,"href":"https:\/\/www.worldofart.org\/arhiv.worldofart.org\/aktualno\/wp-json\/wp\/v2\/categories?post=157"},{"taxonomy":"post_tag","embeddable":true,"href":"https:\/\/www.worldofart.org\/arhiv.worldofart.org\/aktualno\/wp-json\/wp\/v2\/tags?post=157"}],"curies":[{"name":"wp","href":"https:\/\/api.w.org\/{rel}","templated":true}]}}