{"id":15852,"date":"2021-10-05T13:10:51","date_gmt":"2021-10-05T11:10:51","guid":{"rendered":"http:\/\/www.worldofart.org\/aktualno\/?page_id=15852"},"modified":"2022-07-12T13:34:08","modified_gmt":"2022-07-12T11:34:08","slug":"urnik-2021-2022-prvi-letnik","status":"publish","type":"page","link":"https:\/\/www.worldofart.org\/arhiv.worldofart.org\/aktualno\/osemnajsto-leto-2021-2022\/urnik-2021-2022-prvi-letnik","title":{"rendered":"Urnik 2021\/2022 \u2013 1. letnik"},"content":{"rendered":"<p>Svet umetnosti | \u0160ola za kuratorske prakse in kriti\u0161ko pisanje | Leto 18<\/p>\n<hr \/>\n<p><strong>1. LETNIK (januar\u2013junij 2021)<\/strong><\/p>\n<p class=\"mesec13\"><strong>julij<\/strong><\/p>\n<table border=\"0\" width=\"1057\" cellspacing=\"0\" cellpadding=\"0\">\n<tbody>\n<tr>\n<td class=\"mesec\" valign=\"top\" width=\"20%\">\u010detrtek,<br \/>\n1. 7. 2021<\/td>\n<td class=\"tdprogramsredina\" valign=\"top\" width=\"20%\">17.00\u201318.30<\/td>\n<td class=\"tdprogram\" valign=\"top\" width=\"60%\">Ekipa SU: evalvacija, virtualna razstava<\/td>\n<\/tr>\n<\/tbody>\n<\/table>\n<p class=\"mesec13\"><strong>junij<\/strong><\/p>\n<table border=\"0\" width=\"1057\" cellspacing=\"0\" cellpadding=\"0\">\n<tbody>\n<tr>\n<td class=\"mesec\" valign=\"top\" width=\"20%\">sreda,<br \/>\n2. 6. 2021<\/td>\n<td class=\"tdprogramsredina\" valign=\"top\" width=\"20%\">18.00<\/td>\n<td class=\"tdprogram\" valign=\"top\" width=\"60%\">Vodstvo po razstavi <a href=\"https:\/\/www.worldofart.org\/arhiv.worldofart.org\/aktualno\/osemnajsto-leto-2021-2022\/naslednjih-21-dni-bo-kljucnih\"><em>Naslednjih 21 bo klju\u010dnih<\/em><\/a>, Galerija \u0160kuc<\/td>\n<\/tr>\n<tr>\n<td class=\"mesec\" rowspan=\"2\" valign=\"top\" width=\"20%\">\u010detrtek,<br \/>\n3. 6. 2021<\/td>\n<td class=\"tdprogramsredina\" valign=\"top\" width=\"20%\"><\/td>\n<td class=\"tdprogram\" valign=\"top\" width=\"60%\"><\/td>\n<\/tr>\n<tr>\n<td class=\"tdprogramsredina\" valign=\"top\" width=\"20%\">17.00\u201318.30<\/td>\n<td class=\"tdprogram\" valign=\"top\" width=\"60%\">Jasna Jernej\u0161ek: <em>Sodobna umetnost in vizualna kultura<\/em>, praktikum<\/td>\n<\/tr>\n<tr>\n<td class=\"mesec\" valign=\"top\" width=\"20%\">\u010detrtek,<br \/>\n10. 6. 2021<\/td>\n<td class=\"tdprogramsredina\" valign=\"top\" width=\"20%\">17.00\u201318.30<\/td>\n<td class=\"tdprogram\" valign=\"top\" width=\"60%\">Ur\u0161ka Jurman: <em>Kustosova soba<\/em>, seminar iz pisanja<\/td>\n<\/tr>\n<tr>\n<td class=\"mesec\" valign=\"top\" width=\"20%\">\u010detrtek,<br \/>\n17. 6. 2021<\/td>\n<td class=\"tdprogramsredina\" valign=\"top\" width=\"20%\">17.00\u201318.30<\/td>\n<td class=\"tdprogram\" valign=\"top\" width=\"60%\">Bla\u017e Vurnik: <em>Muzeji: od varovanja do kreativnega potenciala premi\u010dne kulturne dedi\u0161\u010dine<\/em>, predavanje<\/td>\n<\/tr>\n<tr>\n<td class=\"mesec\" valign=\"top\" width=\"20%\">\u010detrtek,<br \/>\n24. 6. 2021<\/td>\n<td class=\"tdprogramsredina\" valign=\"top\" width=\"20%\">17.00\u201318.30<\/td>\n<td class=\"tdprogram\" valign=\"top\" width=\"60%\">Jasna Jernej\u0161ek: <em>Sodobna umetnost in vizualna kultura<\/em>, predstavitve nalog<\/td>\n<\/tr>\n<\/tbody>\n<\/table>\n<p class=\"mesec13\"><strong>maj<\/strong><\/p>\n<table border=\"0\" width=\"1057\" cellspacing=\"0\" cellpadding=\"0\">\n<tbody>\n<tr>\n<td class=\"mesec\" valign=\"top\" width=\"20%\">\u010detrtek,<br \/>\n6. 5. 2021<\/td>\n<td class=\"tdprogramsredina\" valign=\"top\" width=\"20%\">17.00\u201318.30<\/td>\n<td class=\"tdprogram\" valign=\"top\" width=\"60%\">Vladimir Vidmar: Branje razstave: <a href=\"http:\/\/www.zavod-parasite.si\/slo\/archives\/5219\" target=\"_blank\" rel=\"noopener\">Mladen Stilinovi\u0107: <em>Rde\u010de \/ roza \u2013 Razmi\u0161ljanje o barvi<\/em><\/a>, Galerija P74<\/td>\n<\/tr>\n<tr>\n<td class=\"mesec\" valign=\"top\" width=\"20%\">ponedeljek\u2013sreda,<br \/>\n10.\u201312. 5. 2021<\/td>\n<td class=\"tdprogramsredina\" valign=\"top\" width=\"20%\"><\/td>\n<td class=\"tdprogram\" valign=\"top\" width=\"60%\">Postavljanje razstave v Galeriji \u0160kuc<\/td>\n<\/tr>\n<tr>\n<td class=\"mesec\" valign=\"top\" width=\"20%\">\u010detrtek,<br \/>\n13. 5. 2021<\/td>\n<td class=\"tdprogramsredina\" valign=\"top\" width=\"20%\">12.00\u201319.00<\/td>\n<td class=\"tdprogram\" valign=\"top\" width=\"60%\">Odprtje razstave <a href=\"https:\/\/www.worldofart.org\/arhiv.worldofart.org\/aktualno\/osemnajsto-leto-2021-2022\/naslednjih-21-dni-bo-kljucnih\"><em>Naslednjih 21 bo klju\u010dnih<\/em><\/a>, Galerija \u0160kuc<\/td>\n<\/tr>\n<tr>\n<td class=\"mesec\" valign=\"top\" width=\"20%\">sreda,<br \/>\n19. 5. 2021<\/td>\n<td class=\"tdprogramsredina\" valign=\"top\" width=\"20%\">18.00<\/td>\n<td class=\"tdprogram\" valign=\"top\" width=\"60%\">Vodstvo po razstavi <a href=\"https:\/\/www.worldofart.org\/arhiv.worldofart.org\/aktualno\/osemnajsto-leto-2021-2022\/naslednjih-21-dni-bo-kljucnih\"><em>Naslednjih 21 bo klju\u010dnih<\/em><\/a>, Galerija \u0160kuc<\/td>\n<\/tr>\n<tr>\n<td class=\"mesec\" valign=\"top\" width=\"20%\">\u010detrtek,<br \/>\n20. 5. 2021<\/td>\n<td class=\"tdprogramsredina\" valign=\"top\" width=\"20%\">17.00\u201318.30<\/td>\n<td class=\"tdprogram\" valign=\"top\" width=\"60%\">Jasna Jernej\u0161ek: <em>Sodobna umetnost in vizualna kultura<\/em>, predavanje<\/td>\n<\/tr>\n<tr>\n<td class=\"mesec\" valign=\"top\" width=\"20%\">\u010detrtek,<br \/>\n27. 5. 2021<\/td>\n<td class=\"tdprogramsredina\" valign=\"top\" width=\"20%\">17.00\u201320.15<\/td>\n<td class=\"tdprogram\" valign=\"top\" width=\"60%\">Jurij Meden: <em>Uvod v teorijo in prakso filmskega kuriranja<\/em>,<br \/>\nspletno predavanje<\/td>\n<\/tr>\n<\/tbody>\n<\/table>\n<p class=\"mesec13\"><strong>april<\/strong><\/p>\n<table border=\"0\" width=\"1057\" cellspacing=\"0\" cellpadding=\"0\">\n<tbody>\n<tr>\n<td class=\"mesec\" rowspan=\"2\" valign=\"top\" width=\"20%\">\u010detrtek,<br \/>\n8. 4. 2021<\/td>\n<td class=\"tdprogramsredina\" valign=\"top\" width=\"20%\">17.00\u201318.30<\/td>\n<td class=\"tdprogram\" valign=\"top\" width=\"60%\">Beli sladoled: Predstavitev umetni\u0161ke prakse in pogovor z umetni\u0161kim kolektivom<\/td>\n<\/tr>\n<tr>\n<td class=\"tdprogramsredina\" valign=\"top\" width=\"20%\">18.45\u201319.30<\/td>\n<td class=\"tdprogram\" valign=\"top\" width=\"60%\">Simona Semeni\u010d, Nada \u017dgank: Predstavitev umetni\u0161ke prakse in pogovor z umetnicama<\/td>\n<\/tr>\n<tr>\n<td class=\"mesec\" valign=\"top\" width=\"20%\">sreda,<br \/>\n14. 4. 2021<\/td>\n<td class=\"tdprogramsredina\" valign=\"top\" width=\"20%\">17.00\u201318.30<\/td>\n<td class=\"tdprogram\" valign=\"top\" width=\"60%\">Vladimir Vidmar: <em>Kuratorska raziskava<\/em><\/td>\n<\/tr>\n<tr>\n<td class=\"mesec\" rowspan=\"2\" valign=\"top\" width=\"20%\">\u010detrtek,<br \/>\n15. 4. 2021<\/td>\n<td class=\"tdprogramsredina\" valign=\"top\" width=\"20%\">17.00\u201318.30<\/td>\n<td class=\"tdprogram\" valign=\"top\" width=\"60%\">Ur\u0161ka Jurman: <em>Pogled urednice<\/em>, seminar iz pisanja<\/td>\n<\/tr>\n<tr>\n<td class=\"tdprogramsredina\" valign=\"top\" width=\"20%\">18.45\u201319.30<\/td>\n<td class=\"tdprogram\" valign=\"top\" width=\"60%\">Lara Plav\u010dak: <i>Zvrsti besedil na razstavi<\/i><\/td>\n<\/tr>\n<tr>\n<td class=\"mesec\" rowspan=\"2\" valign=\"top\" width=\"20%\">\u010detrtek,<br \/>\n22. 4. 2021<\/td>\n<td class=\"tdprogramsredina\" valign=\"top\" width=\"20%\">17.00\u201318.30<\/td>\n<td class=\"tdprogram\" valign=\"top\" width=\"60%\">Ur\u0161ka Jurman: <em>Pogled urednice<\/em>, seminar iz pisanja<\/td>\n<\/tr>\n<tr>\n<td class=\"tdprogramsredina\" valign=\"top\" width=\"20%\">18.45\u201319.30<\/td>\n<td class=\"tdprogram\" valign=\"top\" width=\"60%\">Nata\u0161a Berk: Predstavitev umetni\u0161ke prakse in pogovor z umetnico<\/td>\n<\/tr>\n<tr>\n<td class=\"mesec\" valign=\"top\" width=\"20%\">\u010detrtek,<br \/>\n29. 4. 2021<\/td>\n<td class=\"tdprogramsredina\" valign=\"top\" width=\"20%\">17.00\u201318.30<\/td>\n<td class=\"tdprogram\" valign=\"top\" width=\"60%\">Delovni sestanek za razstavo v Galeriji \u0160kuc, praktikum<\/td>\n<\/tr>\n<\/tbody>\n<\/table>\n<p class=\"mesec13\"><strong>marec<\/strong><\/p>\n<table border=\"0\" width=\"1057\" cellspacing=\"0\" cellpadding=\"0\">\n<tbody>\n<tr>\n<td class=\"mesec\" rowspan=\"2\" valign=\"top\" width=\"20%\">\u010detrtek,<br \/>\n4. 3. 2021<\/td>\n<td class=\"tdprogramsredina\" valign=\"top\" width=\"20%\">17.00\u201318.30<\/td>\n<td class=\"tdprogram\" valign=\"top\" width=\"60%\">Ines Ke\u017eman: <em>Programi financiranja EU \u2013 Ustvarjalna Evropa<\/em>, predavanje in pogovor<\/td>\n<\/tr>\n<tr>\n<td class=\"tdprogramsredina\" valign=\"top\" width=\"20%\">18.45\u201319.30<\/td>\n<td class=\"tdprogram\" valign=\"top\" width=\"60%\">Delovni sestanek za razstavo v Galeriji \u0160kuc<\/td>\n<\/tr>\n<tr>\n<td class=\"mesec\" rowspan=\"2\" valign=\"top\" width=\"20%\">\u010detrtek,<br \/>\n11. 3. 2021<\/td>\n<td class=\"tdprogramsredina\" valign=\"top\" width=\"20%\">17.00\u201318.30<\/td>\n<td class=\"tdprogram\" valign=\"top\" width=\"60%\">Andreja Hribernik: Predstavitev kuratorske prakse<\/td>\n<\/tr>\n<tr>\n<td class=\"tdprogramsredina\" valign=\"top\" width=\"20%\">18.45\u201320.15<\/td>\n<td class=\"tdprogram\" valign=\"top\" width=\"60%\">Adrijan Praznik: Predstavitev umetni\u0161ke prakse in pogovor z umetnikom<\/td>\n<\/tr>\n<tr>\n<td class=\"mesec\" rowspan=\"2\" valign=\"top\" width=\"20%\">\u010detrtek,<br \/>\n18. 3. 2021<\/td>\n<td class=\"tdprogramsredina\" valign=\"top\" width=\"20%\">17.00\u201318.30<\/td>\n<td class=\"tdprogram\" valign=\"top\" width=\"60%\">Vladimir Vidmar: <em>Kuratorska raziskava<\/em>, praktikum<\/td>\n<\/tr>\n<tr>\n<td class=\"tdprogramsredina\" valign=\"top\" width=\"20%\">18.45\u201320.15<\/td>\n<td class=\"tdprogram\" valign=\"top\" width=\"60%\">Small but dangers: Predstavitev umetni\u0161ke prakse in pogovor z umetni\u0161kim kolektivom<\/td>\n<\/tr>\n<tr>\n<td class=\"mesec\" rowspan=\"2\" valign=\"top\" width=\"20%\">\u010detrtek,<br \/>\n25. 3. 2021<\/td>\n<td class=\"tdprogramsredina\" valign=\"top\" width=\"20%\">17.00\u201318.30<\/td>\n<td class=\"tdprogram\" valign=\"top\" width=\"60%\">Vladimir Vidmar: <em>Kuratorska raziskava<\/em>, praktikum<\/td>\n<\/tr>\n<tr>\n<td class=\"tdprogramsredina\" valign=\"top\" width=\"20%\">18.45\u201320.15<\/td>\n<td class=\"tdprogram\" valign=\"top\" width=\"60%\">Du\u0161an Dov\u010d: <i>Zemljevid razpisov in pozivov<\/i>, predavanje<\/td>\n<\/tr>\n<tr>\n<td class=\"mesec\" rowspan=\"2\" valign=\"top\" width=\"20%\">sreda,<br \/>\n31. 3. 2021<\/td>\n<td class=\"tdprogramsredina\" valign=\"top\" width=\"20%\">17.00\u201318.30<\/td>\n<td class=\"tdprogram\" valign=\"top\" width=\"60%\">Aldo Giannotti: Predstavitev umetni\u0161ke prakse in pogovor z umetnikom<\/td>\n<\/tr>\n<tr>\n<td class=\"tdprogramsredina\" valign=\"top\" width=\"20%\">18.45\u201320.15<\/td>\n<td class=\"tdprogram\" valign=\"top\" width=\"60%\">Delovni sestanek za razstavo v Galeriji \u0160kuc<\/td>\n<\/tr>\n<\/tbody>\n<\/table>\n<p class=\"mesec13\"><strong>februar<\/strong><\/p>\n<table border=\"0\" width=\"1057\" cellspacing=\"0\" cellpadding=\"0\">\n<tbody>\n<tr>\n<td class=\"mesec\" rowspan=\"2\" valign=\"top\" width=\"20%\">\u010detrtek,<br \/>\n4. 2. 2021<\/td>\n<td class=\"tdprogramsredina\" valign=\"top\" width=\"20%\">17.00\u201318.30<\/td>\n<td class=\"tdprogram\" valign=\"top\" width=\"60%\">Vladimir Vidmar: <em>Kuratorska raziskava<\/em>, praktikum<\/td>\n<\/tr>\n<tr>\n<td class=\"tdprogramsredina\" valign=\"top\" width=\"20%\">18.45\u201320.15<\/td>\n<td class=\"tdprogram\" valign=\"top\" width=\"60%\">Lilijana Stepan\u010di\u010d: <em>Umetnostni sistem<\/em>, predavanje<\/td>\n<\/tr>\n<tr>\n<td class=\"mesec\" rowspan=\"2\" valign=\"top\" width=\"20%\">\u010detrtek,<br \/>\n4. 2. 2021<\/td>\n<td class=\"tdprogramsredina\" valign=\"top\" width=\"20%\">17.00\u201318.30<\/td>\n<td class=\"tdprogram\" valign=\"top\" width=\"60%\">Vladimir Vidmar: <em>Kuratorska raziskava<\/em>, praktikum<\/td>\n<\/tr>\n<tr>\n<td class=\"tdprogramsredina\" valign=\"top\" width=\"20%\">18.45\u201320.15<\/td>\n<td class=\"tdprogram\" valign=\"top\" width=\"60%\">Bojana Pi\u0161kur: <em>Kuratorska raziskava<\/em>, praktikum<\/td>\n<\/tr>\n<tr>\n<td class=\"mesec\" valign=\"top\" width=\"20%\">\u010detrtek,<br \/>\n18. 2. 2021<\/td>\n<td class=\"tdprogramsredina\" valign=\"top\" width=\"20%\">17.00\u201318.30<\/td>\n<td class=\"tdprogram\" valign=\"top\" width=\"60%\">Vladimir Vidmar: <em>Kuratorska raziskava<\/em>, praktikum<\/td>\n<\/tr>\n<tr>\n<td class=\"mesec\" rowspan=\"2\" valign=\"top\" width=\"20%\">\u010detrtek,<br \/>\n25. 2. 2021<\/td>\n<td class=\"tdprogramsredina\" valign=\"top\" width=\"20%\">17.00\u201318.30<\/td>\n<td class=\"tdprogram\" valign=\"top\" width=\"60%\">Vladimir Vidmar: <em>Kuratorska raziskava<\/em>, praktikum<\/td>\n<\/tr>\n<tr>\n<td class=\"tdprogramsredina\" valign=\"top\" width=\"20%\">18.45\u201320.15<\/td>\n<td class=\"tdprogram\" valign=\"top\" width=\"60%\">Yasmin Martin Vodopivec: <em>Mened\u017ement kot orodje za udejanjanje idej na podro\u010dju kulture<\/em>, predavanje<\/td>\n<\/tr>\n<\/tbody>\n<\/table>\n<p class=\"mesec13\"><strong>januar<\/strong><\/p>\n<table border=\"0\" width=\"1057\" cellspacing=\"0\" cellpadding=\"0\">\n<tbody>\n<tr>\n<td class=\"mesec\" valign=\"top\" width=\"20%\">\u010detrtek,<br \/>\n7. 1. 2021<\/td>\n<td class=\"tdprogramsredina\" valign=\"top\" width=\"20%\">17.00\u201319.00<\/td>\n<td class=\"tdprogram\" valign=\"top\" width=\"60%\">Uvodno sre\u010danje: predstavitev programa, udele\u017eencev in udele\u017eencev<\/td>\n<\/tr>\n<tr>\n<td class=\"mesec\" valign=\"top\" width=\"20%\">\u010detrtek,<br \/>\n14. 1. 2021<\/td>\n<td class=\"tdprogramsredina\" valign=\"top\" width=\"20%\">17.00\u201318.30<\/td>\n<td class=\"tdprogram\" valign=\"top\" width=\"60%\">Tja\u0161a Pureber: <em>Kulturna politika in status samozaposlenih v kulturi<\/em>, predavanje<\/td>\n<\/tr>\n<tr>\n<td class=\"mesec\" valign=\"top\" width=\"20%\">\u010detrtek,<br \/>\n21. 1. 2021<\/td>\n<td class=\"tdprogramsredina\" valign=\"top\" width=\"20%\">17.00\u201318.30<\/td>\n<td class=\"tdprogram\" valign=\"top\" width=\"60%\">Tja\u0161a Pureber: <em>Kulturna politika in status samozaposlenih v kulturi<\/em>, predavanje<\/td>\n<\/tr>\n<tr>\n<td class=\"mesec\" valign=\"top\" width=\"20%\">\u010detrtek,<br \/>\n28. 1. 2021<\/td>\n<td class=\"tdprogramsredina\" valign=\"top\" width=\"20%\">17.00\u201318.30<\/td>\n<td class=\"tdprogram\" valign=\"top\" width=\"60%\">Lilijana Stepan\u010di\u010d: <em>Umetnostni sistem<\/em>, predavanje<\/td>\n<\/tr>\n<\/tbody>\n<\/table>\n","protected":false},"excerpt":{"rendered":"<p>Svet umetnosti | \u0160ola za kuratorske prakse in kriti\u0161ko pisanje | Leto 18 1. LETNIK (januar\u2013junij 2021) julij \u010detrtek, 1. 7. 2021 17.00\u201318.30 Ekipa SU: evalvacija, virtualna razstava junij sreda, 2. 6. 2021 18.00 Vodstvo po razstavi Naslednjih 21 bo klju\u010dnih, Galerija \u0160kuc \u010detrtek, 3. 6. 2021 17.00\u201318.30 Jasna Jernej\u0161ek: Sodobna umetnost in vizualna kultura, [&hellip;]<\/p>\n","protected":false},"author":1,"featured_media":0,"parent":15369,"menu_order":0,"comment_status":"closed","ping_status":"closed","template":"","meta":{"footnotes":""},"categories":[],"tags":[],"_links":{"self":[{"href":"https:\/\/www.worldofart.org\/arhiv.worldofart.org\/aktualno\/wp-json\/wp\/v2\/pages\/15852"}],"collection":[{"href":"https:\/\/www.worldofart.org\/arhiv.worldofart.org\/aktualno\/wp-json\/wp\/v2\/pages"}],"about":[{"href":"https:\/\/www.worldofart.org\/arhiv.worldofart.org\/aktualno\/wp-json\/wp\/v2\/types\/page"}],"author":[{"embeddable":true,"href":"https:\/\/www.worldofart.org\/arhiv.worldofart.org\/aktualno\/wp-json\/wp\/v2\/users\/1"}],"replies":[{"embeddable":true,"href":"https:\/\/www.worldofart.org\/arhiv.worldofart.org\/aktualno\/wp-json\/wp\/v2\/comments?post=15852"}],"version-history":[{"count":2,"href":"https:\/\/www.worldofart.org\/arhiv.worldofart.org\/aktualno\/wp-json\/wp\/v2\/pages\/15852\/revisions"}],"predecessor-version":[{"id":15854,"href":"https:\/\/www.worldofart.org\/arhiv.worldofart.org\/aktualno\/wp-json\/wp\/v2\/pages\/15852\/revisions\/15854"}],"up":[{"embeddable":true,"href":"https:\/\/www.worldofart.org\/arhiv.worldofart.org\/aktualno\/wp-json\/wp\/v2\/pages\/15369"}],"wp:attachment":[{"href":"https:\/\/www.worldofart.org\/arhiv.worldofart.org\/aktualno\/wp-json\/wp\/v2\/media?parent=15852"}],"wp:term":[{"taxonomy":"category","embeddable":true,"href":"https:\/\/www.worldofart.org\/arhiv.worldofart.org\/aktualno\/wp-json\/wp\/v2\/categories?post=15852"},{"taxonomy":"post_tag","embeddable":true,"href":"https:\/\/www.worldofart.org\/arhiv.worldofart.org\/aktualno\/wp-json\/wp\/v2\/tags?post=15852"}],"curies":[{"name":"wp","href":"https:\/\/api.w.org\/{rel}","templated":true}]}}