{"id":22,"date":"2007-01-16T15:23:58","date_gmt":"2007-01-16T14:23:58","guid":{"rendered":"http:\/\/www.worldofart.org\/aktualno\/o-svetu-umetnosti\/"},"modified":"2021-02-12T14:34:34","modified_gmt":"2021-02-12T12:34:34","slug":"sola","status":"publish","type":"page","link":"https:\/\/www.worldofart.org\/arhiv.worldofart.org\/aktualno\/sola","title":{"rendered":"\u0160ola"},"content":{"rendered":"<p><strong>\u0160ola za kuratorske prakse in kriti\u0161ko pisanje <em>Svet umetnosti <\/em><\/strong>je edini program v Sloveniji, ki je namenjen prakti\u010dnemu in teoreti\u010dnemu izobra\u017eevanju na podro\u010dju kuratorskih praks. Izhaja iz podmene, da je prihodnje strokovnjake in strokovnjakinje potrebno nau\u010diti ve\u0161\u010din in metod prakti\u010dnega dela ter jim omogo\u010diti vpogled v kriti\u0161ki in teoretski aparat, kar jim bo pomagalo pri nadaljnjem delu na podro\u010dju sodobne vizualne umetnosti. Dveletni program se na podlagi bogatih izku\u0161enj ves \u010das nadgrajuje in posodablja. Udele\u017eenci in udele\u017eenke se na \u0161oli seznanijo z zgodovino kuratorskih praks, spoznajo \u0161tevilne podro\u010dne strokovnjake in strokovnjakinje ter pridobijo ve\u0161\u010dine in metode prakti\u010dnega dela. \u0160ola je bila ustanovljena leta 1996, do danes jo je obiskovalo ve\u010d kot 130 udele\u017eenk in udele\u017eencev, \u0161tevilni med njimi pa danes aktivno sooblikujejo umetni\u0161ki prostor.<\/p>\n<div id='gallery-1' class='gallery galleryid-22 gallery-columns-5 gallery-size-thumbnail'><figure class='gallery-item'>\n\t\t\t<div class='gallery-icon landscape'>\n\t\t\t\t<a href='https:\/\/www.worldofart.org\/arhiv.worldofart.org\/aktualno\/wp-content\/uploads\/2018\/05\/kuratorski-kolegij_promo-foto.jpg' rel=\"lightbox[22]\"><img loading=\"lazy\" decoding=\"async\" width=\"140\" height=\"140\" src=\"https:\/\/www.worldofart.org\/arhiv.worldofart.org\/aktualno\/wp-content\/uploads\/2018\/05\/kuratorski-kolegij_promo-foto-140x140.jpg\" class=\"attachment-thumbnail size-thumbnail\" alt=\"\" \/><\/a>\n\t\t\t<\/div><\/figure><figure class='gallery-item'>\n\t\t\t<div class='gallery-icon landscape'>\n\t\t\t\t<a href='https:\/\/www.worldofart.org\/arhiv.worldofart.org\/aktualno\/wp-content\/uploads\/2018\/05\/0179-Skuc.jpg' rel=\"lightbox[22]\"><img loading=\"lazy\" decoding=\"async\" width=\"140\" height=\"140\" src=\"https:\/\/www.worldofart.org\/arhiv.worldofart.org\/aktualno\/wp-content\/uploads\/2018\/05\/0179-Skuc-140x140.jpg\" class=\"attachment-thumbnail size-thumbnail\" alt=\"\" \/><\/a>\n\t\t\t<\/div><\/figure><figure class='gallery-item'>\n\t\t\t<div class='gallery-icon landscape'>\n\t\t\t\t<a href='https:\/\/www.worldofart.org\/arhiv.worldofart.org\/aktualno\/wp-content\/uploads\/2018\/04\/20180405_162010.jpg' rel=\"lightbox[22]\"><img loading=\"lazy\" decoding=\"async\" width=\"140\" height=\"140\" src=\"https:\/\/www.worldofart.org\/arhiv.worldofart.org\/aktualno\/wp-content\/uploads\/2018\/04\/20180405_162010-140x140.jpg\" class=\"attachment-thumbnail size-thumbnail\" alt=\"\" \/><\/a>\n\t\t\t<\/div><\/figure><figure class='gallery-item'>\n\t\t\t<div class='gallery-icon landscape'>\n\t\t\t\t<a href='https:\/\/www.worldofart.org\/arhiv.worldofart.org\/aktualno\/wp-content\/uploads\/2016\/11\/20171027_161057.jpg' rel=\"lightbox[22]\"><img loading=\"lazy\" decoding=\"async\" width=\"140\" height=\"140\" src=\"https:\/\/www.worldofart.org\/arhiv.worldofart.org\/aktualno\/wp-content\/uploads\/2016\/11\/20171027_161057-150x150.jpg\" class=\"attachment-thumbnail size-thumbnail\" alt=\"\" \/><\/a>\n\t\t\t<\/div><\/figure><figure class='gallery-item'>\n\t\t\t<div class='gallery-icon landscape'>\n\t\t\t\t<a href='https:\/\/www.worldofart.org\/arhiv.worldofart.org\/aktualno\/wp-content\/uploads\/2017\/05\/SCCA-20_7.jpg' rel=\"lightbox[22]\"><img loading=\"lazy\" decoding=\"async\" width=\"140\" height=\"140\" src=\"https:\/\/www.worldofart.org\/arhiv.worldofart.org\/aktualno\/wp-content\/uploads\/2017\/05\/SCCA-20_7-150x150.jpg\" class=\"attachment-thumbnail size-thumbnail\" alt=\"\" \/><\/a>\n\t\t\t<\/div><\/figure><figure class='gallery-item'>\n\t\t\t<div class='gallery-icon landscape'>\n\t\t\t\t<a href='https:\/\/www.worldofart.org\/arhiv.worldofart.org\/aktualno\/wp-content\/uploads\/2017\/03\/postavljanje-6.jpg' rel=\"lightbox[22]\"><img loading=\"lazy\" decoding=\"async\" width=\"140\" height=\"140\" src=\"https:\/\/www.worldofart.org\/arhiv.worldofart.org\/aktualno\/wp-content\/uploads\/2017\/03\/postavljanje-6-150x150.jpg\" class=\"attachment-thumbnail size-thumbnail\" alt=\"\" \/><\/a>\n\t\t\t<\/div><\/figure><figure class='gallery-item'>\n\t\t\t<div class='gallery-icon landscape'>\n\t\t\t\t<a href='https:\/\/www.worldofart.org\/arhiv.worldofart.org\/aktualno\/wp-content\/uploads\/2013\/03\/15-letnik17.jpg' rel=\"lightbox[22]\"><img loading=\"lazy\" decoding=\"async\" width=\"140\" height=\"140\" src=\"https:\/\/www.worldofart.org\/arhiv.worldofart.org\/aktualno\/wp-content\/uploads\/2013\/03\/15-letnik17-150x150.jpg\" class=\"attachment-thumbnail size-thumbnail\" alt=\"\" \/><\/a>\n\t\t\t<\/div><\/figure><figure class='gallery-item'>\n\t\t\t<div class='gallery-icon landscape'>\n\t\t\t\t<a href='https:\/\/www.worldofart.org\/arhiv.worldofart.org\/aktualno\/wp-content\/uploads\/2015\/07\/bard-obisk01.jpg' rel=\"lightbox[22]\"><img loading=\"lazy\" decoding=\"async\" width=\"140\" height=\"140\" src=\"https:\/\/www.worldofart.org\/arhiv.worldofart.org\/aktualno\/wp-content\/uploads\/2015\/07\/bard-obisk01-150x150.jpg\" class=\"attachment-thumbnail size-thumbnail\" alt=\"\" \/><\/a>\n\t\t\t<\/div><\/figure><figure class='gallery-item'>\n\t\t\t<div class='gallery-icon landscape'>\n\t\t\t\t<a href='https:\/\/www.worldofart.org\/arhiv.worldofart.org\/aktualno\/wp-content\/uploads\/2014\/02\/Atelje-Uranjek-2014-11.jpg' rel=\"lightbox[22]\"><img loading=\"lazy\" decoding=\"async\" width=\"140\" height=\"140\" src=\"https:\/\/www.worldofart.org\/arhiv.worldofart.org\/aktualno\/wp-content\/uploads\/2014\/02\/Atelje-Uranjek-2014-11-150x150.jpg\" class=\"attachment-thumbnail size-thumbnail\" alt=\"\" \/><\/a>\n\t\t\t<\/div><\/figure><figure class='gallery-item'>\n\t\t\t<div class='gallery-icon landscape'>\n\t\t\t\t<a href='https:\/\/www.worldofart.org\/arhiv.worldofart.org\/aktualno\/wp-content\/uploads\/2020\/01\/Bienale2019_2.jpg' rel=\"lightbox[22]\"><img loading=\"lazy\" decoding=\"async\" width=\"140\" height=\"140\" src=\"https:\/\/www.worldofart.org\/arhiv.worldofart.org\/aktualno\/wp-content\/uploads\/2020\/01\/Bienale2019_2-140x140.jpg\" class=\"attachment-thumbnail size-thumbnail\" alt=\"\" \/><\/a>\n\t\t\t<\/div><\/figure>\n\t\t<\/div>\n\n<hr \/>\n<p style=\"text-align: left;\"><strong>Zgodovina<\/strong><\/p>\n<p>Za\u010detek \u0161ole sega v leto 1996, ko sta umetni\u0161ka vodja Galerije \u0160KUC <strong>Alenka Pirman<\/strong> in direktorica SCCA-Ljubljana <strong>Lilijana Stepan\u010di\u010d<\/strong> v Galeriji \u0160KUC zasnovali niz predavanj in kuratorski te\u010daj Svet umetnosti. Vzgib za njegov nastanek je bil ve\u010dplasten. Na eni strani je izhajal iz zamisli, da se oblikuje izobra\u017eevalni program, ki bo udele\u017eencem in udele\u017eenkam pribli\u017eal znanja in prakse, ki so na Zahodu \u017ee postajale sestavni del umetnostnega in izobra\u017eevalnega sistema. Podpora kuratorskim izobra\u017eevalnim programom je bila namre\u010d eno od vodil mednarodne Mre\u017ee-SCCA, del katere je bil SCCA-Ljubljana, in Lilijana Stepan\u010di\u010d je zato z namero, da spozna \u0161tudij kuratorstva v Zdru\u017eenih dr\u017eavah Amerike, obiskala Center za kuratorske \u0161tudije na kolid\u017eu Bard. Na drugi strani je vzgib izhajal iz prakse, iz \u017eelje vodje galerije, da vzgoji kader, ki bo opremljen z znanji za delo v razstavi\u0161\u010dih sodobne umetnosti, ter njenega ve\u010dletnega iskanja naslednika ali naslednice. Te\u010daj je bil obenem tudi odgovor na odsotnost vsebin, posve\u010denih sodobni umetnosti na Oddelku za umetnostno zgodovino Filozofske fakultete v Ljubljani. Alenka Pirman je posku\u0161ala \u0161tudente in \u0161tudentke v galerijo pritegniti \u017ee leta 1994, a se sodelovanje ni za\u010delo do leta 1996, ko se je nekaj \u0161tudentov in \u0161tudentk po nesoglasjih z oddelkom med dru\u017eenjem v Galeriji \u0160KUC povezalo v <em>Katedro za sodobno umetnost<\/em>. Njihova pobuda je spodbudila zasnovo niza javnih predavanj, ki je \u0161e danes sestavni del \u0161ole.<\/p>\n<p>Svet umetnosti je s te\u010dajem in predavanji posku\u0161al zapolniti primanjkljaj tako prakti\u010dnega kot teoreti\u010dnega izobra\u017eevanja na podro\u010dju kuratorstva in sodobne vizualne umetnosti. Bil je soroden nekaterim drugim so\u010dasnim mednarodnim te\u010dajem, a obenem prilagojen lokalnim potrebam. Udele\u017eencem in udele\u017eenkam je med osemmese\u010dnim snovanjem razstave sodobne umetnosti pod mentorskim vodstvom ponudil vsebinska in organizacijska znanja ter vpogled v teoretski aparat.<\/p>\n<p>Kuratorski te\u010daj se je \u017ee v drugem letu svojega obstoja institucionaliziral \u2013 postal je redni program SCCA-Ljubljana, delovanje v neformalnem okolju pa mu je omogo\u010dalo pro\u017enost in prilagodljivost. Vodenje je prevzela umetnostna zgodovinarka <strong>Sa\u0161a Nabergoj<\/strong>. Imela je klju\u010dno vlogo pri oblikovanju programa in je bila pobudnica \u0161tevilnih idej, ki so zaznamovale razvoj \u0161ole. Institucionalna zaslomba je prinesla dolo\u010deno stabilnost, varnost in vidnost. Kot del Mre\u017ee-SCCA je bil program vpet v mednarodne povezave, mo\u010dne predvsem v Vzhodni Evropi in dr\u017eavah nekdanjega sovjetskega bloka. Specifi\u010den mednarodni kontekst so mu dodale \u0161tudijske ekskurzije, ki so udele\u017eence in udele\u017eenke seznanjale s svojstvenimi pristopi in oblikami delovanja v razli\u010dnih okoljih.<\/p>\n<p>Leta 2003 sta <strong>Igor Zabel<\/strong>, kustos in mentor te\u010daja, in <strong>Barbara Bor\u010di\u0107<\/strong>, direktorica SCCA-Ljubljana, v okviru Sveta umetnosti zasnovala dodaten izobra\u017eevalni program \u2013 Seminar iz pisanja o sodobni umetnosti. Seminar je udele\u017eence in udele\u017eenke seznanjal z razli\u010dnimi \u017eanri pisanja ter spodbujal pisanje o sodobnih umetni\u0161kih praksah in njihovo zgodovinjenje. Sestavljali so ga mentorska sre\u010danja z Igorjem Zabelom in Mi\u0161kom \u0160uvakovi\u0107em, korespondenca po e-po\u0161ti ter niz delavnic in predavanj, med njimi Toma\u017ea Brejca, Borisa Budna, Je\u0161e Denegrija, Ede \u010cufer in drugih.<\/p>\n<p>Ob iskanju novih modelov delovanja se je Svet umetnosti leta 2006, v svojem desetem letu obstoja, preoblikoval v <strong>Laboratorij kuratorskih praks<\/strong>, ki je bil namenjen premisleku o \u0161oli, refleksiji opravljenega dela, dose\u017ekov in zdrsov. Sklenil se je z enotedenskim projektom <em>LabSUs<\/em> v Galeriji \u0160KUC, v okviru katerega so se udele\u017eenca in udele\u017eenke naselili v galerijski prostor in s svojo sedemdnevno prisotnostjo posku\u0161ali ustvariti prostor za razpravo z umetniki, umetnicami, kuratorji, kuratorkami in zainteresirano javnostjo. Galerija je bila odprta za predstavitev umetni\u0161kih del, idej in konceptov, a se umetniki in umetnice na vabilo niso odzvali v velikem \u0161tevilu. Kljub navidezni neuspe\u0161nosti je <em>LabSUs<\/em> spodbudil \u0161tevilne razprave o kuratorskih strategijah in praksah.<\/p>\n<p>Skozi vrsto preoblikovanj, ob spojitvi te\u010daja in seminarja ter dodajanju vsebin, je \u0161ola v naslednjem desetletju vsako leto po\u010dasi prera\u0161\u010dala svoj vsakokratni okvir. Po vrsti razli\u010dnih formatov smo s 13. generacijo leta 2009 posamezne segmente \u0161ole in razli\u010dne formate \u2013 delavnice pisanja in podrobnega branja, razstave, praktikume, predavanja \u2013 zdru\u017eili v dveletni izobra\u017eevalni program, imenovan <strong><em>\u0160ola za kustose in kritike sodobne umetnosti<\/em><\/strong>. Prvi letnik je bil posve\u010den pridobivanju umetnostnozgodovinskih, teoretskih in metodolo\u0161kih znanj, drugi pa preizku\u0161anju v praksi. Programu smo z naslednjo generacijo dodali \u0161e seminar iz teorije in vodene obiske umetni\u0161kih ateljejev ter tako ustvarili strukturo \u0161ole, ki smo jo ohranili kljub temeljiti prenovi u\u010dnega na\u010drta 16. generacije leta 2017 in kljub preimenovanju v <strong><em>\u0160olo za kuratorske prakse in kriti\u0161ko pisanje<\/em><\/strong>.<\/p>\n<p>Leta 2018 sva s sodelavko Asto Vre\u010dko u\u010dni na\u010drt znova preoblikovala, tokrat sva ga zasnovala modularno. Prvi letnik je sestavljen iz sedmih, drugi pa iz petih modulov, ki vklju\u010dujejo predavanja, delavnice, prakti\u010dno in terensko delo. Moduli prvega letnika kuratorje in kuratorke seznanijo z zgodovino kuratorskih praks, razli\u010dnimi podro\u010dnimi strokovnjaki in strokovnjakinjami in dajo vpogled v kriti\u0161ki in teoretski aparat. Predavanja so osredinjena na spoznavanje z umetnostnim sistemom, kulturnimi politikami in zgodovino razstavljanja, seminarji so posve\u010deni kriti\u0161kemu pisanju, analizi umetni\u0161kih del in teoretskim razpravam. Program drugega letnika je namenjen pridobivanju ve\u0161\u010din in metod prakti\u010dnega dela. Vklju\u010duje raziskovalno delo, obiske ateljejev, praktikume o snovanju razstave, pogovore o programskih smernicah ob obiskih razstavi\u0161\u010d, te\u017ei\u0161\u010dni del programa pa so redna mentorska sre\u010danja. Mentorji in mentorice, ki zaradi dinamike prepletanja umetni\u0161kih in kuratorskih metodologij vedno nastopajo v dvojicah umetnik\/umetnica-kurator\/kuratorka, imajo v izobra\u017eevalnem procesu najvidnej\u0161o vlogo. Mentorsko delo so do danes ob \u017ee omenjenih Alenki Pirman, Lilijani Stepan\u010di\u010d in Igorju Zabelu prevzeli \u0161e umetniki <strong>Jo\u017ee Bar\u0161i, Miran Mohar, Alen O\u017ebolt<\/strong> in <strong>Tadej Poga\u010dar<\/strong>, kurator <strong>Gregor Podnar<\/strong> ter kuratorki <strong>Nevenka \u0160ivavec<\/strong> in <strong>Alenka Gregori\u010d<\/strong>.<\/p>\n<p style=\"text-align: left;\">\u0160ola je bila \u017ee od vsega za\u010detka <strong><a href=\"https:\/\/www.worldofart.org\/arhiv.worldofart.org\/aktualno\/partnerji\" target=\"_blank\" rel=\"noopener noreferrer\" data-saferedirecturl=\"https:\/\/www.google.com\/url?hl=sl&amp;q=https:\/\/www.worldofart.org\/arhiv.worldofart.org\/aktualno\/stirinajsti-letnik-20112013\/sodelovanja-20112013&amp;source=gmail&amp;ust=1480673042947000&amp;usg=AFQjCNGdAQg4qKhWE6-_fKPDdykZxFVOFw\">mednarodna<\/a><\/strong> s \u0161tevilnimi mednarodnimi predavatelji in predavateljicami, iz sosednjih dr\u017eav pa so nemalokrat prihajali tudi udele\u017eenci.<\/p>\n<p style=\"text-align: left;\"><a href=\"https:\/\/www.worldofart.org\/arhiv.worldofart.org\/arhiv.htm\" target=\"blank\" rel=\"noopener noreferrer\"><strong>Arhivske strani Leto 1\u2013Leto 9<\/strong> (od 1996 do 2005\/06)<\/a><\/p>\n<hr \/>\n<p>Predstavitev zgodovine \u0161ole na <a href=\"https:\/\/www.worldofart.org\/arhiv.worldofart.org\/aktualno\/sestnajsto-leto-2017-2018\/re-razstava\">razstavi ob dvajseti obletnici \u0161ole Svet umetnosti<\/a> maja 2017 v Galeriji \u0160kuc.<\/p>\n<p><img loading=\"lazy\" decoding=\"async\" class=\"alignnone wp-image-11258\" src=\"https:\/\/www.worldofart.org\/arhiv.worldofart.org\/aktualno\/wp-content\/uploads\/2017\/04\/odprtje_skuc_08-707x472.jpg\" alt=\"\" width=\"869\" height=\"580\" srcset=\"https:\/\/www.worldofart.org\/arhiv.worldofart.org\/aktualno\/wp-content\/uploads\/2017\/04\/odprtje_skuc_08-707x472.jpg 707w, https:\/\/www.worldofart.org\/arhiv.worldofart.org\/aktualno\/wp-content\/uploads\/2017\/04\/odprtje_skuc_08-400x267.jpg 400w, https:\/\/www.worldofart.org\/arhiv.worldofart.org\/aktualno\/wp-content\/uploads\/2017\/04\/odprtje_skuc_08-768x513.jpg 768w, https:\/\/www.worldofart.org\/arhiv.worldofart.org\/aktualno\/wp-content\/uploads\/2017\/04\/odprtje_skuc_08.jpg 1000w\" sizes=\"(max-width: 869px) 100vw, 869px\" \/><\/p>\n<p>\u010casovnica v prvi sobi je kronolo\u0161ko predstavljala dvajsetletno zgodovino \u0161ole Svet umetnosti, njene programske in razvojne premike ter njeno zunanjo refleksijo. Vsak letnik je bil prikazan v sklopih, ki so si sledili v naslednjem vrstnem redu: predstavitev ekipe, udele\u017eencev in udele\u017eenk \u0161ole; proces dela in kon\u010dna razstava; medijski odzivi. \u010casovnica je kazala na spremembe v vsakoletni strukturi \u0161ole, institucionalnem okviru ter konceptualnem razvoju v konstruiranju izobra\u017eevalnih praks in metodologij.<\/p>\n<p><a href=\"https:\/\/www.worldofart.org\/arhiv.worldofart.org\/aktualno\/wp-content\/uploads\/2017\/05\/01.pdf\" target=\"_blank\" rel=\"noopener noreferrer\">LETO 1 (1997)<\/a>\u00a0|\u00a0<a href=\"https:\/\/www.worldofart.org\/arhiv.worldofart.org\/aktualno\/wp-content\/uploads\/2017\/05\/02.pdf\" target=\"_blank\" rel=\"noopener noreferrer\">LETO\u00a02 (1998)<\/a>\u00a0|\u00a0<a href=\"https:\/\/www.worldofart.org\/arhiv.worldofart.org\/aktualno\/wp-content\/uploads\/2017\/05\/03.pdf\" target=\"_blank\" rel=\"noopener noreferrer\">LETO 3 (1999)<\/a>\u00a0|\u00a0<a href=\"https:\/\/www.worldofart.org\/arhiv.worldofart.org\/aktualno\/wp-content\/uploads\/2017\/05\/04.pdf\" target=\"_blank\" rel=\"noopener noreferrer\">LETO 4 (2000\/01)<\/a>\u00a0|\u00a0<a href=\"https:\/\/www.worldofart.org\/arhiv.worldofart.org\/aktualno\/wp-content\/uploads\/2017\/05\/05.pdf\" target=\"_blank\" rel=\"noopener noreferrer\">LETO 5 (2001\/02)<\/a> | <a href=\"https:\/\/www.worldofart.org\/arhiv.worldofart.org\/aktualno\/wp-content\/uploads\/2017\/05\/06.pdf\" target=\"_blank\" rel=\"noopener noreferrer\">LETO 6 (2002\/03)<\/a> | <a href=\"https:\/\/www.worldofart.org\/arhiv.worldofart.org\/aktualno\/wp-content\/uploads\/2017\/05\/07.pdf\" target=\"_blank\" rel=\"noopener noreferrer\">LETO 7 (2003\/04)<\/a> | <a href=\"https:\/\/www.worldofart.org\/arhiv.worldofart.org\/aktualno\/wp-content\/uploads\/2017\/05\/08.pdf\" target=\"_blank\" rel=\"noopener noreferrer\">LETO 8 (2004\/05)<\/a> | <a href=\"https:\/\/www.worldofart.org\/arhiv.worldofart.org\/aktualno\/wp-content\/uploads\/2017\/05\/09.pdf\" target=\"_blank\" rel=\"noopener noreferrer\">LETO 9 (2005\/06)<\/a> | <a href=\"https:\/\/www.worldofart.org\/arhiv.worldofart.org\/aktualno\/wp-content\/uploads\/2017\/05\/10.pdf\" target=\"_blank\" rel=\"noopener noreferrer\">LETO 10 (2006\/07)<\/a> | <a href=\"https:\/\/www.worldofart.org\/arhiv.worldofart.org\/aktualno\/wp-content\/uploads\/2017\/05\/11.pdf\" target=\"_blank\" rel=\"noopener noreferrer\">LETO 11 (2007\/08)<\/a> | <a href=\"https:\/\/www.worldofart.org\/arhiv.worldofart.org\/aktualno\/wp-content\/uploads\/2017\/05\/12.pdf\" target=\"_blank\" rel=\"noopener noreferrer\">LETO 12 (2008\/09)<\/a> | <a href=\"https:\/\/www.worldofart.org\/arhiv.worldofart.org\/aktualno\/wp-content\/uploads\/2017\/05\/13.pdf\" target=\"_blank\" rel=\"noopener noreferrer\">LETO 13 (2010\/11)<\/a> | <a href=\"https:\/\/www.worldofart.org\/arhiv.worldofart.org\/aktualno\/wp-content\/uploads\/2017\/05\/14.pdf\" target=\"_blank\" rel=\"noopener noreferrer\">LETO 14 (2011\/13)<\/a> | <a href=\"https:\/\/www.worldofart.org\/arhiv.worldofart.org\/aktualno\/wp-content\/uploads\/2017\/05\/15.pdf\" target=\"_blank\" rel=\"noopener noreferrer\">LETO 15 (2014\/16)<\/a> | <a href=\"https:\/\/www.worldofart.org\/arhiv.worldofart.org\/aktualno\/wp-content\/uploads\/2017\/05\/16.pdf\" target=\"_blank\" rel=\"noopener noreferrer\">LETO 16 (2017\/18)<\/a><\/p>\n<hr \/>\n<p style=\"text-align: left;\">\n","protected":false},"excerpt":{"rendered":"<p>\u0160ola za kuratorske prakse in kriti\u0161ko pisanje Svet umetnosti je edini program v Sloveniji, ki je namenjen prakti\u010dnemu in teoreti\u010dnemu izobra\u017eevanju na podro\u010dju kuratorskih praks. Izhaja iz podmene, da je prihodnje strokovnjake in strokovnjakinje potrebno nau\u010diti ve\u0161\u010din in metod prakti\u010dnega dela ter jim omogo\u010diti vpogled v kriti\u0161ki in teoretski aparat, kar jim bo pomagalo pri [&hellip;]<\/p>\n","protected":false},"author":1,"featured_media":0,"parent":0,"menu_order":0,"comment_status":"closed","ping_status":"closed","template":"","meta":{"footnotes":""},"categories":[],"tags":[],"_links":{"self":[{"href":"https:\/\/www.worldofart.org\/arhiv.worldofart.org\/aktualno\/wp-json\/wp\/v2\/pages\/22"}],"collection":[{"href":"https:\/\/www.worldofart.org\/arhiv.worldofart.org\/aktualno\/wp-json\/wp\/v2\/pages"}],"about":[{"href":"https:\/\/www.worldofart.org\/arhiv.worldofart.org\/aktualno\/wp-json\/wp\/v2\/types\/page"}],"author":[{"embeddable":true,"href":"https:\/\/www.worldofart.org\/arhiv.worldofart.org\/aktualno\/wp-json\/wp\/v2\/users\/1"}],"replies":[{"embeddable":true,"href":"https:\/\/www.worldofart.org\/arhiv.worldofart.org\/aktualno\/wp-json\/wp\/v2\/comments?post=22"}],"version-history":[{"count":48,"href":"https:\/\/www.worldofart.org\/arhiv.worldofart.org\/aktualno\/wp-json\/wp\/v2\/pages\/22\/revisions"}],"predecessor-version":[{"id":15565,"href":"https:\/\/www.worldofart.org\/arhiv.worldofart.org\/aktualno\/wp-json\/wp\/v2\/pages\/22\/revisions\/15565"}],"wp:attachment":[{"href":"https:\/\/www.worldofart.org\/arhiv.worldofart.org\/aktualno\/wp-json\/wp\/v2\/media?parent=22"}],"wp:term":[{"taxonomy":"category","embeddable":true,"href":"https:\/\/www.worldofart.org\/arhiv.worldofart.org\/aktualno\/wp-json\/wp\/v2\/categories?post=22"},{"taxonomy":"post_tag","embeddable":true,"href":"https:\/\/www.worldofart.org\/arhiv.worldofart.org\/aktualno\/wp-json\/wp\/v2\/tags?post=22"}],"curies":[{"name":"wp","href":"https:\/\/api.w.org\/{rel}","templated":true}]}}