{"id":3765,"date":"2012-10-26T10:24:47","date_gmt":"2012-10-26T08:24:47","guid":{"rendered":"http:\/\/www.worldofart.org\/aktualno\/?page_id=3765"},"modified":"2021-05-17T12:23:25","modified_gmt":"2021-05-17T10:23:25","slug":"razstavni-in-raziskovalni-projekti","status":"publish","type":"page","link":"https:\/\/www.worldofart.org\/arhiv.worldofart.org\/aktualno\/razstavni-in-raziskovalni-projekti","title":{"rendered":"Razstavni in raziskovalni projekti"},"content":{"rendered":"<div class=\"scca-articles-grid\">\n<div class=\"col-md-12 col-sm-12 grid\">\n<div class=\"featured-thumb col-md-4 col-sm-4\"><a href=\"https:\/\/www.worldofart.org\/arhiv.worldofart.org\/aktualno\/osemnajsto-leto-2021-2022\/naslednjih-21-dni-bo-kljucnih\"><img loading=\"lazy\" decoding=\"async\" class=\"alignnone size-medium wp-image-15633\" src=\"https:\/\/www.worldofart.org\/arhiv.worldofart.org\/aktualno\/wp-content\/uploads\/2021\/04\/SCCA-Naslednjih-21-dni-bo-kljuc\u030cnih-13.-5\u20132.-6.-2021_SPLETNA-EXH-338x225.jpg\" alt=\"\" width=\"338\" height=\"225\" srcset=\"https:\/\/www.worldofart.org\/arhiv.worldofart.org\/aktualno\/wp-content\/uploads\/2021\/04\/SCCA-Naslednjih-21-dni-bo-kljuc\u030cnih-13.-5\u20132.-6.-2021_SPLETNA-EXH-338x225.jpg 338w, https:\/\/www.worldofart.org\/arhiv.worldofart.org\/aktualno\/wp-content\/uploads\/2021\/04\/SCCA-Naslednjih-21-dni-bo-kljuc\u030cnih-13.-5\u20132.-6.-2021_SPLETNA-EXH-730x487.jpg 730w, https:\/\/www.worldofart.org\/arhiv.worldofart.org\/aktualno\/wp-content\/uploads\/2021\/04\/SCCA-Naslednjih-21-dni-bo-kljuc\u030cnih-13.-5\u20132.-6.-2021_SPLETNA-EXH-768x512.jpg 768w, https:\/\/www.worldofart.org\/arhiv.worldofart.org\/aktualno\/wp-content\/uploads\/2021\/04\/SCCA-Naslednjih-21-dni-bo-kljuc\u030cnih-13.-5\u20132.-6.-2021_SPLETNA-EXH.jpg 1200w\" sizes=\"(max-width: 338px) 100vw, 338px\" \/><\/a><\/div>\n<div class=\"out-thumb col-md-8 col-sm-8\">\n<h4><strong>Naslednjih 21 dni bo klju\u010dnih<\/strong><\/h4>\n<p>Letna razstava 18. leta \u0161ole Svet umetnosti v Galeriji \u0160kuc<br \/>\n(Galerija \u0160kuc, 13. 5.\u20132. 6. 2021)<br \/>\n<strong>Umetnice in umetniki:<\/strong> Beli sladoled, Nata\u0161a Berk, Aldo Giannotti, Adrijan Praznik, Simona Semeni\u010d &amp; Nada \u017dgank, Small but dangers<br \/>\n<strong>Kuratorska skupina:<\/strong> Vesna Bukovec, Miha Kelemina, Lara Plav\u010dak<br \/>\n<strong>Pri pripravi in izvedbi razstave sodelujejo udele\u017eenke in udele\u017eenca 18. leta Sveta umetnosti:<\/strong> Katarina Bogataj, Ajda Bra\u010di\u010d, Bla\u017e Brumen, Janja Buze\u010dan, Hana \u010ceferin, Matev\u017e Jerman, Ma\u0161a Knapi\u010d, Teja Kosi, Katarina Lipovac, Teja Miholi\u010d, Tamara Mlakar, Ana Obid, Sanja Vati\u0107, Eva \u017dibert, Ma\u0161a P. \u017dmitek<\/p>\n<p><a href=\"https:\/\/www.worldofart.org\/arhiv.worldofart.org\/aktualno\/osemnajsto-leto-2021-2022\/naslednjih-21-dni-bo-kljucnih\">Ve\u010d o razstavi<\/a><\/p>\n<\/div>\n<\/div>\n<hr \/>\n<div class=\"col-md-12 col-sm-12 grid\">\n<div class=\"featured-thumb col-md-4 col-sm-4\"><a href=\"https:\/\/www.worldofart.org\/arhiv.worldofart.org\/aktualno\/archives\/15253\"><img loading=\"lazy\" decoding=\"async\" class=\"alignnone size-medium wp-image-15254\" src=\"https:\/\/www.worldofart.org\/arhiv.worldofart.org\/aktualno\/wp-content\/uploads\/2020\/10\/Lina-Rica-Free-Time_-338x227.jpg\" alt=\"\" width=\"338\" height=\"227\" srcset=\"https:\/\/www.worldofart.org\/arhiv.worldofart.org\/aktualno\/wp-content\/uploads\/2020\/10\/Lina-Rica-Free-Time_-338x227.jpg 338w, https:\/\/www.worldofart.org\/arhiv.worldofart.org\/aktualno\/wp-content\/uploads\/2020\/10\/Lina-Rica-Free-Time_-730x490.jpg 730w, https:\/\/www.worldofart.org\/arhiv.worldofart.org\/aktualno\/wp-content\/uploads\/2020\/10\/Lina-Rica-Free-Time_-768x515.jpg 768w, https:\/\/www.worldofart.org\/arhiv.worldofart.org\/aktualno\/wp-content\/uploads\/2020\/10\/Lina-Rica-Free-Time_.jpg 1130w\" sizes=\"(max-width: 338px) 100vw, 338px\" \/><\/a><\/div>\n<div class=\"out-thumb col-md-8 col-sm-8\">\n<h4><strong>Lina Rica: Prosti \u010das<\/strong><\/h4>\n<p>Razstava<br \/>\n(Kino \u0160i\u0161ka, 19. 10.\u20137. 11. 2020)<\/p>\n<p><strong>Kurator in kuratorka:<\/strong> Miha Kelemina, Lara Plav\u010dak<br \/>\n<a href=\"https:\/\/www.worldofart.org\/arhiv.worldofart.org\/aktualno\/archives\/15253\">Ve\u010d o razstavi<\/a><\/p>\n<\/div>\n<\/div>\n<hr \/>\n<div class=\"col-md-12 col-sm-12 grid\">\n<div class=\"featured-thumb col-md-4 col-sm-4\"><a href=\"https:\/\/www.worldofart.org\/arhiv.worldofart.org\/aktualno\/sedemnajsto-leto-2018-2020\/nadzor-kultivacija-razvoj\"><img loading=\"lazy\" decoding=\"async\" class=\"alignnone size-medium wp-image-14285\" src=\"https:\/\/www.worldofart.org\/arhiv.worldofart.org\/aktualno\/wp-content\/uploads\/2019\/05\/NKR-slo-338x190.png\" alt=\"\" width=\"338\" height=\"190\" srcset=\"https:\/\/www.worldofart.org\/arhiv.worldofart.org\/aktualno\/wp-content\/uploads\/2019\/05\/NKR-slo-338x190.png 338w, https:\/\/www.worldofart.org\/arhiv.worldofart.org\/aktualno\/wp-content\/uploads\/2019\/05\/NKR-slo-768x432.png 768w, https:\/\/www.worldofart.org\/arhiv.worldofart.org\/aktualno\/wp-content\/uploads\/2019\/05\/NKR-slo-730x411.png 730w, https:\/\/www.worldofart.org\/arhiv.worldofart.org\/aktualno\/wp-content\/uploads\/2019\/05\/NKR-slo.png 1920w\" sizes=\"(max-width: 338px) 100vw, 338px\" \/><\/a><\/div>\n<div class=\"out-thumb col-md-8 col-sm-8\">\n<h4><strong>nadzor &lt; kultivacija &gt; razvoj<\/strong><\/h4>\n<p>Delovanje Sorosovega centra za sodobne umetnosti \u2013 Ljubljana (1993\u20131999)<br \/>\n(Galerija \u0160kuc, 16. 5.\u20136. 6. 2019)<br \/>\n<strong>Umetniki in umetnica:<\/strong> Michael Brodsky, Cirkulacija 2, Vuk \u0106osi\u0107, IRWIN, Marko Peljhan, Nata\u0161a Prosenc Stearns<br \/>\n<strong>Kuratorka in kurator:<\/strong> Jasna Jernej\u0161ek, Miha Kelemina<br \/>\n<strong>Pri pripravi in izvedbi razstave sodelujejo udele\u017eenke 17. leta Sveta umetnosti:<\/strong> Tia \u010ci\u010dek, Kristina Ferk, Katja Filovski, Lara Meja\u010d, Anja Seni\u010dar, Rea Vogrin\u010di\u010d.<\/p>\n<p><a href=\"https:\/\/www.worldofart.org\/arhiv.worldofart.org\/aktualno\/sedemnajsto-leto-2018-2020\/nadzor-kultivacija-razvoj\">Ve\u010d o razstavi<\/a><\/p>\n<\/div>\n<\/div>\n<hr \/>\n<div class=\"col-md-12 col-sm-12 grid\">\n<div class=\"featured-thumb col-md-4 col-sm-4\"><a href=\"https:\/\/www.worldofart.org\/arhiv.worldofart.org\/aktualno\/sestnajsto-leto-2017-2018\/re-razstava\"><img loading=\"lazy\" decoding=\"async\" class=\"alignnone size-medium wp-image-11194\" src=\"https:\/\/www.worldofart.org\/arhiv.worldofart.org\/aktualno\/wp-content\/uploads\/2017\/03\/cover-re--400x270.jpg\" alt=\"\" width=\"338\" height=\"228\" srcset=\"https:\/\/www.worldofart.org\/arhiv.worldofart.org\/aktualno\/wp-content\/uploads\/2017\/03\/cover-re--400x270.jpg 400w, https:\/\/www.worldofart.org\/arhiv.worldofart.org\/aktualno\/wp-content\/uploads\/2017\/03\/cover-re--768x519.jpg 768w, https:\/\/www.worldofart.org\/arhiv.worldofart.org\/aktualno\/wp-content\/uploads\/2017\/03\/cover-re--707x478.jpg 707w, https:\/\/www.worldofart.org\/arhiv.worldofart.org\/aktualno\/wp-content\/uploads\/2017\/03\/cover-re-.jpg 1134w\" sizes=\"(max-width: 338px) 100vw, 338px\" \/><\/a><\/div>\n<div class=\"out-thumb col-md-8 col-sm-8\">\n<h4><strong>re- Razstava ob dvajseti obletnici \u0161ole Svet umetnosti<\/strong><\/h4>\n<p>(Galerija \u0160kuc, 9.\u201326. 5. 2017)<br \/>\n<strong>Umetnik in umetnica:<\/strong> Bla\u017e Miklav\u010di\u010d, Rene Rusjan<br \/>\n<strong>Kuratorja:<\/strong> Lenka \u0110orojevi\u0107, Miha Kelemina<br \/>\n<strong>Asistentka:<\/strong> Lara Plav\u010dak<br \/>\n<strong>Pri pripravi in izvedbi razstave sodelujejo udele\u017eenci in udele\u017eenke 16. leta Sveta umetnosti:<\/strong> Ur\u0161ka Aplinc, \u017diva Brglez, Maja Burja, Anabel Karolyn \u010cernohorski, Magdalena Germek, Anja Guid, Nika Ham, Ajda Ana Kocutar, Iza Pevec, Adrijan Praznik, Nina Tepe\u0161.<\/p>\n<p><a href=\"https:\/\/www.worldofart.org\/arhiv.worldofart.org\/aktualno\/sestnajsto-leto-2017-2018\/re-razstava\">Ve\u010d o razstavi<\/a><\/p>\n<\/div>\n<\/div>\n<hr \/>\n<div class=\"col-md-12 col-sm-12 grid\">\n<div class=\"featured-thumb col-md-4 col-sm-4\"><a href=\"https:\/\/www.worldofart.org\/arhiv.worldofart.org\/aktualno\/archives\/7304\"><img decoding=\"async\" class=\"alignnone size-full wp-image-7305\" src=\"https:\/\/www.worldofart.org\/arhiv.worldofart.org\/aktualno\/wp-content\/uploads\/2015\/04\/Borga-Kanturk-Losers-Club.jpg\" alt=\"\" width=\"338\" srcset=\"https:\/\/www.worldofart.org\/arhiv.worldofart.org\/aktualno\/wp-content\/uploads\/2015\/04\/Borga-Kanturk-Losers-Club.jpg 450w, https:\/\/www.worldofart.org\/arhiv.worldofart.org\/aktualno\/wp-content\/uploads\/2015\/04\/Borga-Kanturk-Losers-Club-300x225.jpg 300w\" sizes=\"(max-width: 450px) 100vw, 450px\" \/><\/a><\/div>\n<div class=\"out-thumb col-md-8 col-sm-8\">\n<h4><strong>Borga Kant\u00fcrk: Raziskovanje spomina: Zgodovine.Vaje.Zgodbe.Ponovitve<\/strong><\/h4>\n<p>Razstava<br \/>\n(Galerija \u0160kuc, 8.\u201322. 5. 2015)<\/p>\n<p><strong>Umetnik:<\/strong> Borga Kant\u00fcrk<br \/>\n<strong>Kuratorki:<\/strong> Sa\u0161a Nabergoj, Simona \u017dvanut<br \/>\n<strong>Asistenti:<\/strong> udele\u017eenci 15. leta \u0161ole Svet umetnosti: Petra Bole, Jerko Glu\u0161\u010devi\u0107, Nina Jesih, Zala Kurin\u010di\u010d, Maru\u0161a Megli\u010d, Hana Ostan O\u017ebolt, Alja\u017e Plos, Miha Poljak, Mojca Sfiligoj<br \/>\n<strong>Organizacija:<\/strong> Svet umetnosti (SCCA-Ljubljana) in Galerija \u0160kuc<\/p>\n<p><a href=\"https:\/\/www.worldofart.org\/arhiv.worldofart.org\/aktualno\/archives\/7304\">Ve\u010d o razstavi<\/a><\/p>\n<\/div>\n<\/div>\n<hr \/>\n<div class=\"col-md-12 col-sm-12 grid\">\n<div class=\"featured-thumb col-md-4 col-sm-4\"><a href=\"https:\/\/www.worldofart.org\/arhiv.worldofart.org\/aktualno\/archives\/6743\"><img decoding=\"async\" class=\"alignnone size-full wp-image-6744\" src=\"https:\/\/www.worldofart.org\/arhiv.worldofart.org\/aktualno\/wp-content\/uploads\/2014\/12\/avgust-cernigoj.jpg\" alt=\"\" width=\"338\" srcset=\"https:\/\/www.worldofart.org\/arhiv.worldofart.org\/aktualno\/wp-content\/uploads\/2014\/12\/avgust-cernigoj.jpg 450w, https:\/\/www.worldofart.org\/arhiv.worldofart.org\/aktualno\/wp-content\/uploads\/2014\/12\/avgust-cernigoj-211x300.jpg 211w\" sizes=\"(max-width: 450px) 100vw, 450px\" \/><\/a><\/div>\n<div class=\"out-thumb col-md-8 col-sm-8\">\n<h4><strong>Dan na dan<\/strong><\/h4>\n<p>Razstava<br \/>\n(Galerija \u0160kuc, 12. 12. 2014\u20139. 1. 2015)<\/p>\n<p><strong>Umetniki:<\/strong> Bari\u015f B. Atal (Tur\u010dija), Avgust \u010cernigoj, Beli sladoled \/ White Ice Cream (Miha Perne &amp; Leon Zuodar), Ne\u017ea Jurman, Miha Perne, Leon Zuodar (Slovenija)<br \/>\n<strong>Kuratorki:<\/strong> Sa\u0161a Nabergoj, Simona \u017dvanut<br \/>\n<strong>Asistentki:<\/strong> Nina Jesih, Zala Kurin\u010di\u010d<br \/>\n<strong>Organizacija:<\/strong> Svet umetnosti (SCCA-Ljubljana) in Galerija \u0160kuc<\/p>\n<p><a href=\"https:\/\/www.worldofart.org\/arhiv.worldofart.org\/aktualno\/archives\/6743\">Ve\u010d o razstavi<\/a><\/p>\n<\/div>\n<\/div>\n<hr \/>\n<div class=\"col-md-12 col-sm-12 grid\">\n<div class=\"featured-thumb col-md-4 col-sm-4\"><a href=\"https:\/\/www.worldofart.org\/arhiv.worldofart.org\/aktualno\/archives\/5509\"><img decoding=\"async\" class=\"alignnone size-full wp-image-5510\" src=\"https:\/\/www.worldofart.org\/arhiv.worldofart.org\/aktualno\/wp-content\/uploads\/2013\/09\/koncna-postaja.jpg\" alt=\"\" width=\"338\" srcset=\"https:\/\/www.worldofart.org\/arhiv.worldofart.org\/aktualno\/wp-content\/uploads\/2013\/09\/koncna-postaja.jpg 650w, https:\/\/www.worldofart.org\/arhiv.worldofart.org\/aktualno\/wp-content\/uploads\/2013\/09\/koncna-postaja-300x197.jpg 300w\" sizes=\"(max-width: 650px) 100vw, 650px\" \/><\/a><\/div>\n<div class=\"out-thumb col-md-8 col-sm-8\">\n<h4><strong>Kon\u010dna postaja<\/strong><\/h4>\n<p>Pregled vizualne scene v AKC Metelkova mesto<br \/>\n(AKC Metelkova mesto, razli\u010dna prizori\u0161\u010da, 10. 9.-9. 10. 2013)<br \/>\n<strong>Sodelujo\u010di:<\/strong> Rok Barbori\u010d, Mizzart, Belatehnika &amp; Beladona, Iskra Beli\u010danska, Matej Bizovi\u010dar, Edvin Dobrilovi\u010d, Tina Dr\u010dar, Bo\u0161tjan Drinovec, Luka Drinovec, Anna Ehrlemark, Mitja Ficko, Toma\u017e Furlan, Meta Kastelic, Neven Korda, Borut Koro\u0161ec, Marko A. Kova\u010di\u010d, Damijan Kracina, Vladimir Leben, Miroslav Matek, Goran Medjugorac, Silvo Metelko, Jaka Miheli\u010d, Rajko Miladi\u0107, Rok Mohar, Bo\u0161tjan Novak, Miha Perne, Miran Pe\u0161i\u010d Pe\u0161o, Andrej Pezelj, Dejan Pfeifer Stripi, Nata\u0161a Tajnik, Terrah, Ur\u0161a Toman, Uro\u0161 Weinberger<br \/>\n<strong>Kuratorska ekipa:<\/strong> Ana Grobler, Sebastian Krawczyk, Sa\u0161a Nabergoj, Jadranka Plut, Simona \u017dvanut<br \/>\n<strong>Asistenta:<\/strong> Anabel \u010cernohorski, Miha Kelemina<br \/>\n<strong>Organizacija:<\/strong> Svet umetnosti (SCCA-Ljubljana) in Galerija Alkatraz<\/p>\n<p><a href=\"https:\/\/www.worldofart.org\/arhiv.worldofart.org\/aktualno\/archives\/5509\">Ve\u010d o razstavi<\/a><\/p>\n<\/div>\n<\/div>\n<hr \/>\n<div class=\"col-md-12 col-sm-12 grid\">\n<div class=\"featured-thumb col-md-4 col-sm-4\"><a href=\"https:\/\/www.worldofart.org\/arhiv.worldofart.org\/aktualno\/archives\/2953\"><img loading=\"lazy\" decoding=\"async\" class=\"alignnone size-medium wp-image-13012\" src=\"https:\/\/www.worldofart.org\/arhiv.worldofart.org\/aktualno\/wp-content\/uploads\/2018\/06\/vmesna-postaja-montaza-338x156.jpg\" alt=\"\" width=\"338\" height=\"156\" srcset=\"https:\/\/www.worldofart.org\/arhiv.worldofart.org\/aktualno\/wp-content\/uploads\/2018\/06\/vmesna-postaja-montaza-338x156.jpg 338w, https:\/\/www.worldofart.org\/arhiv.worldofart.org\/aktualno\/wp-content\/uploads\/2018\/06\/vmesna-postaja-montaza.jpg 650w\" sizes=\"(max-width: 338px) 100vw, 338px\" \/><\/a><\/div>\n<div class=\"out-thumb col-md-8 col-sm-8\">\n<h4><strong>Vmesna postaja<\/strong><\/h4>\n<p>Pregled vizualne scene v AKC Metelkova mesto<br \/>\n(AKC Metelkova mesto, razli\u010dna prizori\u0161\u010da, 6.\u201325. 9. 2012)<br \/>\n<strong>Sodelujo\u010di:<\/strong> Rok Barbori\u010d, Iskra Beli\u010danska, Matej Bizovi\u010dar, Edvin Dobrilovi\u010d, Tina Dr\u010dar, Bo\u0161tjan Drinovec, Mitja Ficko, Toma\u017e Furlan, Jernej Kalu\u017ea, Meta Kastelic, Neven Korda, Marko A. Kova\u010di\u010d, Damijan Kracina &amp; Vladimir Leben, Mir\u010d Matek, Jaka Miheli\u010d, Rajko Miladi\u0107, Rok Mohar, Bo\u0161tjan Novak, Dejan Pfeifer \u2013 Stripi, Miha Perne, Miran Pe\u0161i\u010d, Belatehnika &amp; Beladona, Terrah, Uro\u0161 Weinberger, Mizanthrope Tonfilm, Nata\u0161a Serec<br \/>\n<strong>Kuratorki:<\/strong> Sa\u0161a Nabergoj in Jadranka Plut<br \/>\n<strong>Asistenti:<\/strong> Ana Grobler, Sebastijan Krawczyk, Simona \u017dvanut<br \/>\n<strong>Organizacija:<\/strong> Svet umetnosti (SCCA-Ljubljana) in Galerija Alkatraz<\/p>\n<p><a href=\"https:\/\/www.worldofart.org\/arhiv.worldofart.org\/aktualno\/archives\/2953\">Ve\u010d o razstavi<\/a><\/p>\n<\/div>\n<\/div>\n<hr \/>\n<div class=\"col-md-12 col-sm-12 grid\">\n<div class=\"featured-thumb col-md-4 col-sm-4\"><a href=\"https:\/\/www.worldofart.org\/arhiv.worldofart.org\/aktualno\/archives\/1686\"><img loading=\"lazy\" decoding=\"async\" class=\"alignnone size-medium wp-image-13014\" src=\"https:\/\/www.worldofart.org\/arhiv.worldofart.org\/aktualno\/wp-content\/uploads\/2018\/06\/printaj-kolaz-338x318.jpg\" alt=\"\" width=\"338\" height=\"318\" srcset=\"https:\/\/www.worldofart.org\/arhiv.worldofart.org\/aktualno\/wp-content\/uploads\/2018\/06\/printaj-kolaz-338x318.jpg 338w, https:\/\/www.worldofart.org\/arhiv.worldofart.org\/aktualno\/wp-content\/uploads\/2018\/06\/printaj-kolaz.jpg 450w\" sizes=\"(max-width: 338px) 100vw, 338px\" \/><\/a><\/div>\n<div class=\"out-thumb col-md-8 col-sm-8\">\n<h4><strong>Printaj!<\/strong><\/h4>\n<p>Izbor umetni\u0161kih edicij projekta Editions \u2013 Ready to Print<br \/>\n13 (16 x A4) = A0 x 13<br \/>\n(Mednarodni grafi\u010dni likovni center, 15.\u201325. 3. 2012)<br \/>\n<strong>Umetniki:<\/strong> Brigit Brenner, Dani Gal, Guerilla Girls, Clare Kenny, Lucie Kolb, Monochrom, Ana Rold\u00e1n, Shirana Shahbazi, Riikka Tauriainen<br \/>\n<strong>Pripravila:<\/strong> Sa\u0161a Nabergoj<br \/>\n<strong>Asistenta:<\/strong> Miha Kelemina, Simona \u017dvanut<\/p>\n<p><a href=\"https:\/\/www.worldofart.org\/arhiv.worldofart.org\/aktualno\/archives\/1686\">Ve\u010d o razstavi<\/a><\/p>\n<\/div>\n<\/div>\n<hr \/>\n<div class=\"col-md-12 col-sm-12 grid\">\n<div class=\"featured-thumb col-md-4 col-sm-4\"><a href=\"https:\/\/www.worldofart.org\/arhiv.worldofart.org\/aktualno\/tomislav-brajnovic-ekspedicija_ego\"><img loading=\"lazy\" decoding=\"async\" class=\"alignnone size-medium wp-image-11962\" src=\"https:\/\/www.worldofart.org\/arhiv.worldofart.org\/aktualno\/wp-content\/uploads\/2010\/10\/Tomislav-Brajnovic_Ekspedicija-ego-400x267.jpg\" alt=\"\" width=\"338\" height=\"226\" srcset=\"https:\/\/www.worldofart.org\/arhiv.worldofart.org\/aktualno\/wp-content\/uploads\/2010\/10\/Tomislav-Brajnovic_Ekspedicija-ego-400x267.jpg 400w, https:\/\/www.worldofart.org\/arhiv.worldofart.org\/aktualno\/wp-content\/uploads\/2010\/10\/Tomislav-Brajnovic_Ekspedicija-ego-768x512.jpg 768w, https:\/\/www.worldofart.org\/arhiv.worldofart.org\/aktualno\/wp-content\/uploads\/2010\/10\/Tomislav-Brajnovic_Ekspedicija-ego-707x471.jpg 707w, https:\/\/www.worldofart.org\/arhiv.worldofart.org\/aktualno\/wp-content\/uploads\/2010\/10\/Tomislav-Brajnovic_Ekspedicija-ego.jpg 992w\" sizes=\"(max-width: 338px) 100vw, 338px\" \/><\/a><\/div>\n<div class=\"out-thumb col-md-8 col-sm-8\">\n<h4><strong>Tomislav Brajnovi\u0107: Ekspedicija_ego<\/strong><\/h4>\n<p>Razstavno dokumentarni projekt<br \/>\n(Galerija Alkatraz, 27. 10.\u201312. 11. 2010)<br \/>\n<strong>Kuratorki:<\/strong> Sa\u0161a Nabergoj, Sonja Zavrtanik<\/p>\n<p><a href=\"https:\/\/www.worldofart.org\/arhiv.worldofart.org\/aktualno\/tomislav-brajnovic-ekspedicija_ego\">Ve\u010d o razstavi<\/a><\/p>\n<\/div>\n<\/div>\n<hr \/>\n<div class=\"col-md-12 col-sm-12 grid\">\n<div class=\"featured-thumb col-md-4 col-sm-4\"><a href=\"https:\/\/www.worldofart.org\/arhiv.worldofart.org\/aktualno\/tomislav-brajnovic-ekspedicija_ego\"><img loading=\"lazy\" decoding=\"async\" class=\"alignnone size-medium wp-image-13015\" src=\"https:\/\/www.worldofart.org\/arhiv.worldofart.org\/aktualno\/wp-content\/uploads\/2018\/06\/4380dni-vabilo_SU-338x166.gif\" alt=\"\" width=\"338\" height=\"166\" \/><\/a><\/div>\n<div class=\"out-thumb col-md-8 col-sm-8\">\n<h4><strong>V 4.380 dneh okoli sveta umetnosti, Svet umetnosti 1997\u22122009<\/strong><\/h4>\n<p>Razstavno dokumentarni projekt<br \/>\n(Galerija Alkatraz , 30. 10.\u221220. 11. 2009)<br \/>\n<strong>Umetniki:<\/strong> Lada Cerar &amp; Sa\u0161o Sedla\u010dek, Alen Flori\u010di\u0107, Marko A. Kova\u010di\u010d, Tanja La\u017eeti\u0107 &amp; Dejan Habicht, Ivan Maru\u0161i\u0107 Klif<br \/>\n<strong>Kuratorka:<\/strong> Sa\u0161a Nabergoj<br \/>\n<strong>Asistentka:<\/strong> Sonja Zavrtanik<br \/>\n<strong>Spremljevalni program:<\/strong> Marko A. Kova\u010di\u010d: Sub-avkcija<br \/>\n(<a href=\"https:\/\/www.worldofart.org\/arhiv.worldofart.org\/aktualno\/fotografije-sub-avkcije-marka-a-kovacica\/\">fotografije<\/a>, <a href=\"https:\/\/www.worldofart.org\/arhiv.worldofart.org\/aktualno\/sub-avkcija-video-esej\/\">video esej<\/a>)<\/p>\n<p><a href=\"https:\/\/www.worldofart.org\/arhiv.worldofart.org\/aktualno\/archives\/222\">Ve\u010d o razstavi<\/a><\/p>\n<\/div>\n<\/div>\n<\/div>\n","protected":false},"excerpt":{"rendered":"<p>Naslednjih 21 dni bo klju\u010dnih Letna razstava 18. leta \u0161ole Svet umetnosti v Galeriji \u0160kuc (Galerija \u0160kuc, 13. 5.\u20132. 6. 2021) Umetnice in umetniki: Beli sladoled, Nata\u0161a Berk, Aldo Giannotti, Adrijan Praznik, Simona Semeni\u010d &amp; Nada \u017dgank, Small but dangers Kuratorska skupina: Vesna Bukovec, Miha Kelemina, Lara Plav\u010dak Pri pripravi in izvedbi razstave sodelujejo udele\u017eenke [&hellip;]<\/p>\n","protected":false},"author":1,"featured_media":0,"parent":0,"menu_order":0,"comment_status":"closed","ping_status":"closed","template":"","meta":{"footnotes":""},"categories":[],"tags":[],"_links":{"self":[{"href":"https:\/\/www.worldofart.org\/arhiv.worldofart.org\/aktualno\/wp-json\/wp\/v2\/pages\/3765"}],"collection":[{"href":"https:\/\/www.worldofart.org\/arhiv.worldofart.org\/aktualno\/wp-json\/wp\/v2\/pages"}],"about":[{"href":"https:\/\/www.worldofart.org\/arhiv.worldofart.org\/aktualno\/wp-json\/wp\/v2\/types\/page"}],"author":[{"embeddable":true,"href":"https:\/\/www.worldofart.org\/arhiv.worldofart.org\/aktualno\/wp-json\/wp\/v2\/users\/1"}],"replies":[{"embeddable":true,"href":"https:\/\/www.worldofart.org\/arhiv.worldofart.org\/aktualno\/wp-json\/wp\/v2\/comments?post=3765"}],"version-history":[{"count":37,"href":"https:\/\/www.worldofart.org\/arhiv.worldofart.org\/aktualno\/wp-json\/wp\/v2\/pages\/3765\/revisions"}],"predecessor-version":[{"id":15676,"href":"https:\/\/www.worldofart.org\/arhiv.worldofart.org\/aktualno\/wp-json\/wp\/v2\/pages\/3765\/revisions\/15676"}],"wp:attachment":[{"href":"https:\/\/www.worldofart.org\/arhiv.worldofart.org\/aktualno\/wp-json\/wp\/v2\/media?parent=3765"}],"wp:term":[{"taxonomy":"category","embeddable":true,"href":"https:\/\/www.worldofart.org\/arhiv.worldofart.org\/aktualno\/wp-json\/wp\/v2\/categories?post=3765"},{"taxonomy":"post_tag","embeddable":true,"href":"https:\/\/www.worldofart.org\/arhiv.worldofart.org\/aktualno\/wp-json\/wp\/v2\/tags?post=3765"}],"curies":[{"name":"wp","href":"https:\/\/api.w.org\/{rel}","templated":true}]}}