{"id":4475,"date":"2013-04-02T12:12:49","date_gmt":"2013-04-02T10:12:49","guid":{"rendered":"http:\/\/www.worldofart.org\/aktualno\/?page_id=4475"},"modified":"2016-11-19T22:00:51","modified_gmt":"2016-11-19T20:00:51","slug":"na-poti-k-sodelovanju","status":"publish","type":"page","link":"https:\/\/www.worldofart.org\/arhiv.worldofart.org\/aktualno\/stirinajsti-letnik-20112013\/na-poti-k-sodelovanju","title":{"rendered":"Na poti k sodelovanju"},"content":{"rendered":"<p><strong><a href=\"https:\/\/www.worldofart.org\/arhiv.worldofart.org\/aktualno\/\">Svet umetnosti, \u0161ola za kustose in kritike sodobne umetnosti<\/a><\/strong>,\u00a0<strong><a href=\"http:\/\/www.scca-ljubljana.si\/index.htm\" target=\"_blank\">Zavod za sodobno umetnost SCCA\u2013Ljubljana (SU)<\/a><\/strong><br \/>\nin<br \/>\n<strong><a href=\"http:\/\/www.stjoost.nl\/en\/studies\/m\/fa\/about\/introduction\" target=\"_blank\">Magistrski \u0161tudij likovnih umetnosti, Akademija za umetnost in oblikovanje St. Joost (AKV\/St. Joost)<\/a><\/strong><br \/>\nin<br \/>\n<strong><a href=\"http:\/\/www.ff.uni-lj.si\/oddelki\/umzgod\/index.htm\" target=\"_blank\">Drugostopenjski magistrski \u0161tudijski program umetnostna zgodovina<\/a>, <a href=\"http:\/\/www.ff.uni-lj.si\/\" target=\"_blank\">Filozofska fakulteta<\/a>, <a href=\"http:\/\/www.uni-lj.si\/o_univerzi_v_ljubljani.aspx\" target=\"_blank\">Univerza v Ljubljani<\/a> <\/strong>(sodeluje le pri pregledu ljubljanskega umetnostnega prizori\u0161\u010da)<strong> (FF)<\/strong><\/p>\n<p>Od avgusta 2012, obisk \u0161tudentov AKV\/St. Joost v Ljubljani aprila 2013<\/p>\n<hr \/>\n<p>Sodelovanje je zastavljeno eksperimentalno in z omejenim delovnim \u010dasom. Upo\u0161teva razlike in raznolikost umetni\u0161kih in kuratorskih praks, kulturnih kontekstov in dru\u017ebenih situacij.<\/p>\n<p>Na\u0161 namen je skupinsko delo; v parih ali manj\u0161ih skupinah. Na koncu delovnega tedna bo javna predstavitev rezultatov sodelovanja, oblika predstavitve pa je zaenkrat povsem poljubna. Ne zanimajo nas dobri ali slabi rezultati, uspeh ali neuspeh. Ponuditi \u017eelimo vpogled v sam proces dela.<\/p>\n<hr \/>\n<ol>\n<li><a href=\"#1\">EKIPA<\/a><\/li>\n<li><a href=\"#2\">PRIPRAVE IN ZA\u010cETEK<\/a><\/li>\n<li><a href=\"#3\">KONCEPTI ALI NALOGE (FOKUS SODELOVANJA)<\/a>\n<ul>\n<li><a href=\"#3-1\">Ekstra<\/a><\/li>\n<li><a href=\"#3-2\">Pogled drugega<\/a>\n<ul>\n<li><a href=\"#3-2-1\">Reader: <em>International Contemporary Art Network<\/em><\/a><\/li>\n<li><a href=\"#3-2-2\">Tedenska poro\u010dila<\/a><\/li>\n<\/ul>\n<\/li>\n<li><a href=\"#3-3\">Pregled ljubljanske umetnostne scene<\/a><\/li>\n<li><a href=\"#3-4\">Ob zaklju\u010dku<\/a><\/li>\n<\/ul>\n<\/li>\n<li><a href=\"#4\">FOTOGALERIJA<\/a><\/li>\n<li><a href=\"#5\">VIDEO<\/a><\/li>\n<li><a href=\"#6\">URNIK<\/a><\/li>\n<\/ol>\n<hr \/>\n<p><a name=\"1\"><\/a><br \/>\n<strong>EKIPA<\/strong><\/p>\n<p><strong>Svet umetnosti (SU):<\/strong><br \/>\nTe\u010dajniki: Maja Alibegovi\u0107, Maja Anton\u010di\u010d, Lenka \u0110orojevi\u0107, Jasna Jernej\u0161ek, Miha Kelemina, Nina Skumavc, Denis Volk<br \/>\nVodja SU: <a href=\"https:\/\/www.worldofart.org\/arhiv.worldofart.org\/aktualno\/ekipa#sasa\">Sa\u0161a Nabergoj<\/a><br \/>\nMentorja: <a href=\"https:\/\/www.worldofart.org\/arhiv.worldofart.org\/aktualno\/ekipa#2-letnik\">Miran Mohar, Nevenka \u0160ivavec<\/a><br \/>\nSvetovalka: <a title=\"Barbara Bor\u010di\u0107\" href=\"https:\/\/www.worldofart.org\/arhiv.worldofart.org\/aktualno\/ekipa\">Barbara Bor\u010di\u0107<\/a><br \/>\nKoordinatorica: <a href=\"https:\/\/www.worldofart.org\/arhiv.worldofart.org\/aktualno\/ekipa#simona\">Simona \u017dvanut<\/a><\/p>\n<p><strong>Magistrski \u0161tudij likovnih umetnosti, Akademija za umetnost in oblikovanje St. Joost (AKV \/ St. Joost):<\/strong><br \/>\n\u0160tudentje: Erik Boker, Una Bjork Sigur\u00f0ard\u00f3ttir, Giorgos Kontis, Daan Gielis, Eleni Elgogou, Tramaine de Senna, Gijs van Lith, Derek van der Vinne, Soo Hie Kim<br \/>\nProfesorji: Thomas Bakker, Marjolijn Dijkman, Erik Hagoort, Bas van den Hurk, George Korsmit<br \/>\nKoordinatorica: Miriam Bestebreurtje<\/p>\n<p><strong>Drugostopenjski magistrski \u0161tudijski program umetnostna zgodovina, Filozofska fakulteta, Univerza v Ljubljani<\/strong><br \/>\n9 \u0161tudentov<br \/>\nMentorici: Sa\u0161a Nabergoj, <a href=\"http:\/\/www.ff.uni-lj.si\/oddelki\/umzgod\/index.htm\" target=\"_blank\">Rebeka Vidrih, asist. dr.<\/a><\/p>\n<hr \/>\n<p><a name=\"2\"><\/a><br \/>\n<strong>PRIPRAVE IN ZA\u010cETEK<br \/>\n<\/strong><\/p>\n<ol class=\"upp-alpha\">\n<li><strong>Izmenjava portfolijev:<\/strong> da se vzbudi in delno pote\u0161i osnovno radovednost, zve nekaj o kulturnih kontekstih, podro\u010djih dela in zanimanja.<\/li>\n<li><strong>Skype sre\u010danja:<\/strong> izmenjava skype naslovov; vsak \u0161tudent ima nalogo, da za prvi vtis vsaj dvakrat stopi v kontakt z enim ali dvema kolegoma iz druge skupine.<\/li>\n<li>\u0160tudenti\/kustosi SU pripravljajo svojo kon\u010dno razstavo (odprtje 4. aprila 2013).<br \/>\n\u0160tudenti\/umetniki St. Joost bodo lahko temu sledili preko tedenskih poro\u010dil o aktualnem dogajanju, sre\u010devanju z umetniki, razvoju koncepta in postavljanju razstave itn., ki jih bodo \u0161tudenti SU objavljali na skypu, blogu in spletnih straneh ali po\u0161iljali po elektronski po\u0161ti.<\/li>\n<li>Mentorja in vodja \u0161ole SU so za \u0161tudente St. Joost pripravili <strong>izbor besedil<\/strong>, ki naj bi jih vsaj delno seznanila s kontekstom ljubljanske umetnostne scene in bi tako la\u017eje razumeli dela na razstavi. Ta literatura jim lahko pomaga tudi pri dekodiranju lokalnih zna\u010dilnosti in mednarodnih razse\u017enosti tukaj\u0161nje umetni\u0161ke prakse in dogajanja.<\/li>\n<\/ol>\n<hr \/>\n<p><a name=\"3\"><\/a><br \/>\n<strong>KONCEPTI ALI NALOGE (FOKUS SODELOVANJA)<\/strong><\/p>\n<p><a name=\"3-1\"><\/a><br \/>\n<strong>A: Ekstra<\/strong><br \/>\nRazstava &#8220;4. 4.&#8221; se osredoto\u010da na novo produkcijo avtorjev, prete\u017eno \u0161tudentov in diplomantov ljubljanske ALUO ter nekaterih drugih umetni\u0161kih \u0161ol. Koncept razstave temelji na celoletnem raziskovanju in obiskovanju ateljejev umetnikov in umetnic. Na\u0161e izhodi\u0161\u010de za povezovanje umetnikov \u2013 tistih ki sodelujejo na razstavi in gostujo\u010dih z akademije St. Joost \u2013 je njihov (vsaj delno) podoben polo\u017eaj in situacija, s katero se trenutno soo\u010dajo (\u010das prehoda iz stabilnega in trdnega okolja izobra\u017eevalnega sistema v negotovo realnost sveta umetnosti). Vezni \u010dlen med njimi bodo \u0161tudenti\/kustosi SU, saj zelo dobro poznajo umetnike, ki so jih povabili k sodelovanju na razstavi, prav tako pa so se v preteklih mesecih seznanjali z delom \u0161tudentov\/umetnikov z akademije St. Joost. Ti bodo tako imeli izjemno prilo\u017enost, da pobli\u017eje spoznajo umetnostno sceno v Ljubljani, kar utegne pripeljati do prihodnjih sodelovanj med vsemi udele\u017eenci tega programa \u2013 to pa je tudi osrednja tema razstave &#8220;4. 4&#8221;.<\/p>\n<p>Naloge za \u0161tudente: \u0161tudenti SU pripravijo seznam umetnikov, ki \u017eelijo sodelovati s \u0161tudenti\/ umetniki St. Joost. Ti si nato med seboj izmenjajo portfolije, da se lahko vnaprej pripravijo na sre\u010danje.<\/p>\n<p>&#8212;<\/p>\n<p><a name=\"3-2\"><\/a><br \/>\n<strong>B: <\/strong><strong>Pogled drugega<\/strong><br \/>\n\u0160tudenti St. Joost, SU in FF bodo razpravljali o konceptu, pripravljanju in postavitvi razstave, prediskutirali bodo evalvacijo razstave in spregovorili o vsakem posami\u010dnem umetni\u0161kem delu. Nadejamo se, da bodo na to dobro pripravljeni. \u0160tudenti St. Joost bodo namre\u010d preko tedenskih poro\u010dil SU-jevcev lahko sledili koncipiranju razstave, tako da bodo dobro poznali ozadje procesa. Tako \u0161tudenti St. Joost kot FF pa bodo preko branja izbranih besedil dobili vpogled tudi v sam kontekst ljubljanske umetnostne scene. Diskusije bodo za kustose razstave dobrodo\u0161el izziv, preizkusili se bojo v odgovarjanju na vpra\u0161anja, kritike in komentarje \u2013 hkrati pa bodo dele\u017eni tudi pogleda drugega na svoje kuratorsko delo.<\/p>\n<p><a name=\"3-2-1\"><\/a><br \/>\nReader: <a href=\"http:\/\/www.c3.hu\/ican.artnet.org\/ican\/texts.html\" target=\"_blank\"><em>International Contemporary Art Network<\/em><\/a>:<\/p>\n<ul>\n<li>Barbara Bor\u010di\u0107<strong>, <\/strong><em><a href=\"http:\/\/www.c3.hu\/ican.artnet.org\/ican\/text5340.html?id_text=27\" target=\"_blank\">From Alternative Scene to Art Video &#8211; Video Production in Slovenia<\/a><\/em><\/li>\n<li>Barbara Bor\u010di\u0107, <em><a href=\"http:\/\/www.c3.hu\/ican.artnet.org\/ican\/text41d8.html?id_text=49\" target=\"_blank\">Yugoslav Border Scenes &#8211; Fragments<\/a> <\/em><\/li>\n<li>Igor Zabel,<strong> <\/strong><em><a href=\"http:\/\/www.c3.hu\/ican.artnet.org\/ican\/textb26a.html?id_text=26\" target=\"_blank\">Art in Slovenia in the Eighties<\/a> <\/em><\/li>\n<li>Marina Gr\u017eini\u0107,<strong> <\/strong><em><a href=\"http:\/\/www.c3.hu\/ican.artnet.org\/ican\/textc8fa.html?id_text=5\" target=\"_blank\">Fiction Re-Constructed<\/a> <\/em><\/li>\n<\/ul>\n<ul>\n<li>Rastko Mo\u010dnik, <em>East!<\/em>, <em>East Art Map<\/em> (ed. IRWIN), London, 2006.<\/li>\n<\/ul>\n<ul>\n<li>Inke Arns, Sylvia Sasse, <em>Subversive Affirmation. On Mimesis as Strategy of Resistance<\/em>, <em>East Art Map<\/em> (ed. IRWIN), London, 2006.<\/li>\n<\/ul>\n<p><a name=\"3-2-2\"><\/a><br \/>\nTedenska poro\u010dila:<\/p>\n<ul>\n<ul>\n<li>SU St. Joostu:\n<ul>\n<li><a href=\"https:\/\/www.worldofart.org\/arhiv.worldofart.org\/aktualno\/wp-content\/uploads\/2013\/04\/1.pismo_.pdf\">1. pismo (pdf)<\/a><\/li>\n<li><a href=\"https:\/\/www.worldofart.org\/arhiv.worldofart.org\/aktualno\/wp-content\/uploads\/2013\/04\/2.pismo_.pdf\">2. pismo (pdf)<\/a><\/li>\n<li><a href=\"https:\/\/www.worldofart.org\/arhiv.worldofart.org\/aktualno\/wp-content\/uploads\/2013\/04\/3.pismo_.pdf\">3. pismo (pdf)<\/a> + <a href=\"https:\/\/www.worldofart.org\/arhiv.worldofart.org\/aktualno\/wp-content\/uploads\/2013\/04\/3.pismo_Vabilo_4.4.pdf\">priloga: Vabilo 4. 4. (pdf)<\/a><\/li>\n<li><a href=\"https:\/\/www.worldofart.org\/arhiv.worldofart.org\/aktualno\/wp-content\/uploads\/2013\/04\/4.-pismo.pdf\">4. pismo (pdf)<\/a><\/li>\n<\/ul>\n<\/li>\n<\/ul>\n<\/ul>\n<p>&nbsp;<\/p>\n<ul>\n<li>St. Joost SU-ju:\n<ul>\n<li><a href=\"https:\/\/www.worldofart.org\/arhiv.worldofart.org\/aktualno\/wp-content\/uploads\/2013\/04\/1st_weekly_report.pdf\">1st Weekly Report (pdf)<\/a><\/li>\n<li><a href=\"https:\/\/www.worldofart.org\/arhiv.worldofart.org\/aktualno\/wp-content\/uploads\/2013\/04\/2nd_weekly_report.pdf\">2nd Weekly Report (pdf)<\/a><\/li>\n<li><a href=\"https:\/\/www.worldofart.org\/arhiv.worldofart.org\/aktualno\/wp-content\/uploads\/2013\/04\/3rd_weekly_report.pdf\">3rd Weekly Report (pdf)<\/a><\/li>\n<li><a href=\"https:\/\/www.worldofart.org\/arhiv.worldofart.org\/aktualno\/wp-content\/uploads\/2013\/04\/4th_weekly_report.pdf\">4th Weekly Report (pdf)<\/a><\/li>\n<\/ul>\n<\/li>\n<\/ul>\n<p>&#8212;<\/p>\n<p><a name=\"3-3\"><\/a><br \/>\n<strong>Pregled ljubljanske umetnostne scene<\/strong><br \/>\nZelo pomemben del programa so bili tudi dvodnevni obiski posameznih ljubljanskih galerij: od pomembnej\u0161ih javnih institucij do prodajnih galerij in neodvisnih, alternativnih prostorov. Sre\u010dali smo se s posameznimi kustosi, ki so nam predstavili koncept in razstavni program galerije.<br \/>\nNaloga: urnik obiskov, opremljen s kratkimi predstavitvami galerij, so pripravili \u0161tudentje FF, oblikovala Adrijana Petri\u010d.<br \/>\nMentorica: Sa\u0161a Nabergoj.<\/p>\n<p><a title=\"Pregled ljubljanske umetnostne scene (pdf)\" href=\"https:\/\/www.worldofart.org\/arhiv.worldofart.org\/aktualno\/wp-content\/2011-13\/Oveview-of-the-Ljubljana-art-scene.pdf\" target=\"_blank\">Pregled ljubljanske umetnostne scene<\/a> (pdf, 15 MB)<\/p>\n<p>&#8212;<\/p>\n<p><a name=\"3-4\"><\/a><br \/>\n<strong>Ob zaklju\u010dku<\/strong><br \/>\n\u0160tudenti akademije St. Joost so imeli nalogo, da pripravijo kriti\u010dni pregled, izjavo ali komentar na razstavo \u0161tudentov SU v poljubni obliki, na primer kot pisni prispevek, video esej, sliko, risbo.<\/p>\n<p><a href=\"https:\/\/www.worldofart.org\/arhiv.worldofart.org\/aktualno\/wp-content\/2011-13\/Feedback-Notes-for-WofA-Curators_.pdf\" target=\"_blank\">Feedback Notes for WofA Curators<\/a> (pdf, 16 MB)<\/p>\n<p>Poro\u010dilo o enotedenskem gostovanju nizozemskih umetnikov, \u0161tudentov in profesorjev v Ljubljani: Nina Skumavc, <a href=\"https:\/\/www.worldofart.org\/arhiv.worldofart.org\/aktualno\/archives\/4758\">Breda v Ljubljani.<\/a><\/p>\n<hr \/>\n<p><a name=\"4\"><\/a><br \/>\n<strong>FOTOGALERIJA<\/strong><\/p>\n<p><a href=\"https:\/\/www.worldofart.org\/arhiv.worldofart.org\/aktualno\/wp-content\/uploads\/2013\/04\/1_.jpg\" rel=\"lightbox[4475]\"><img loading=\"lazy\" decoding=\"async\" src=\"https:\/\/www.worldofart.org\/arhiv.worldofart.org\/aktualno\/wp-content\/uploads\/2013\/04\/1_-150x150.jpg\" alt=\"\" title=\"v Moderni galeriji\" width=\"150\" height=\"150\" class=\"alignnone size-thumbnail wp-image-4999\" \/><\/a> <a href=\"https:\/\/www.worldofart.org\/arhiv.worldofart.org\/aktualno\/wp-content\/uploads\/2013\/04\/14_MGLC_Una-Bjork-S..jpg\" rel=\"lightbox[4475]\"><img loading=\"lazy\" decoding=\"async\" src=\"https:\/\/www.worldofart.org\/arhiv.worldofart.org\/aktualno\/wp-content\/uploads\/2013\/04\/14_MGLC_Una-Bjork-S.-150x150.jpg\" alt=\"\" title=\"pred MGLC-jem, foto Una Bjork Sigudardottir\" width=\"150\" height=\"150\" class=\"alignnone size-thumbnail wp-image-5012\" \/><\/a> <a href=\"https:\/\/www.worldofart.org\/arhiv.worldofart.org\/aktualno\/wp-content\/uploads\/2013\/04\/2_.jpg\" rel=\"lightbox[4475]\"><img loading=\"lazy\" decoding=\"async\" src=\"https:\/\/www.worldofart.org\/arhiv.worldofart.org\/aktualno\/wp-content\/uploads\/2013\/04\/2_-150x150.jpg\" alt=\"\" title=\"v Mestni galeriji\" width=\"150\" height=\"150\" class=\"alignnone size-thumbnail wp-image-5000\" \/><\/a> <a href=\"https:\/\/www.worldofart.org\/arhiv.worldofart.org\/aktualno\/wp-content\/uploads\/2013\/04\/4.jpg\" rel=\"lightbox[4475]\"><img loading=\"lazy\" decoding=\"async\" src=\"https:\/\/www.worldofart.org\/arhiv.worldofart.org\/aktualno\/wp-content\/uploads\/2013\/04\/4-150x150.jpg\" alt=\"\" title=\"v Muzeju sodobne umetnosti Metelkova\" width=\"150\" height=\"150\" class=\"alignnone size-thumbnail wp-image-5002\" \/><\/a> <a href=\"https:\/\/www.worldofart.org\/arhiv.worldofart.org\/aktualno\/wp-content\/uploads\/2013\/04\/22.jpg\" rel=\"lightbox[4475]\"><img loading=\"lazy\" decoding=\"async\" src=\"https:\/\/www.worldofart.org\/arhiv.worldofart.org\/aktualno\/wp-content\/uploads\/2013\/04\/22-150x150.jpg\" alt=\"\" title=\"v Muzeju sodobne umetnosti Metelkova, foto Giorgos Kontis\" width=\"150\" height=\"150\" class=\"alignnone size-thumbnail wp-image-4997\" \/><\/a> <a href=\"https:\/\/www.worldofart.org\/arhiv.worldofart.org\/aktualno\/wp-content\/uploads\/2013\/04\/5.jpg\" rel=\"lightbox[4475]\"><img loading=\"lazy\" decoding=\"async\" src=\"https:\/\/www.worldofart.org\/arhiv.worldofart.org\/aktualno\/wp-content\/uploads\/2013\/04\/5-150x150.jpg\" alt=\"\" title=\"v Aksiomi\" width=\"150\" height=\"150\" class=\"alignnone size-thumbnail wp-image-5003\" \/><\/a> <a href=\"https:\/\/www.worldofart.org\/arhiv.worldofart.org\/aktualno\/wp-content\/uploads\/2013\/04\/18-Kapelici.jpg\" rel=\"lightbox[4475]\"><img loading=\"lazy\" decoding=\"async\" src=\"https:\/\/www.worldofart.org\/arhiv.worldofart.org\/aktualno\/wp-content\/uploads\/2013\/04\/18-Kapelici-150x150.jpg\" alt=\"\" title=\"v Kapelici\" width=\"150\" height=\"150\" class=\"alignnone size-thumbnail wp-image-5016\" \/><\/a> <a href=\"https:\/\/www.worldofart.org\/arhiv.worldofart.org\/aktualno\/wp-content\/uploads\/2013\/04\/6.jpg\" rel=\"lightbox[4475]\"><img loading=\"lazy\" decoding=\"async\" src=\"https:\/\/www.worldofart.org\/arhiv.worldofart.org\/aktualno\/wp-content\/uploads\/2013\/04\/6-150x150.jpg\" alt=\"\" title=\"v V\u017eigalici\" width=\"150\" height=\"150\" class=\"alignnone size-thumbnail wp-image-5004\" \/><\/a> <a href=\"https:\/\/www.worldofart.org\/arhiv.worldofart.org\/aktualno\/wp-content\/uploads\/2013\/04\/12.sestanek-mentorjev.jpg\" rel=\"lightbox[4475]\"><img loading=\"lazy\" decoding=\"async\" src=\"https:\/\/www.worldofart.org\/arhiv.worldofart.org\/aktualno\/wp-content\/uploads\/2013\/04\/12.sestanek-mentorjev-150x150.jpg\" alt=\"\" title=\" sestanek mentorjev\" width=\"150\" height=\"150\" class=\"alignnone size-thumbnail wp-image-5010\" \/><\/a> <a href=\"https:\/\/www.worldofart.org\/arhiv.worldofart.org\/aktualno\/wp-content\/uploads\/2013\/04\/7.jpg\" rel=\"lightbox[4475]\"><img loading=\"lazy\" decoding=\"async\" src=\"https:\/\/www.worldofart.org\/arhiv.worldofart.org\/aktualno\/wp-content\/uploads\/2013\/04\/7-150x150.jpg\" alt=\"\" title=\"vodstvo po razstavi 4. 4. in pogovor\" width=\"150\" height=\"150\" class=\"alignnone size-thumbnail wp-image-5005\" \/><\/a> <a href=\"https:\/\/www.worldofart.org\/arhiv.worldofart.org\/aktualno\/wp-content\/uploads\/2013\/04\/8.jpg\" rel=\"lightbox[4475]\"><img loading=\"lazy\" decoding=\"async\" src=\"https:\/\/www.worldofart.org\/arhiv.worldofart.org\/aktualno\/wp-content\/uploads\/2013\/04\/8-150x150.jpg\" alt=\"\" title=\"vodstvo po razstavi 4. 4. in pogovor\" width=\"150\" height=\"150\" class=\"alignnone size-thumbnail wp-image-5006\" \/><\/a> <a href=\"https:\/\/www.worldofart.org\/arhiv.worldofart.org\/aktualno\/wp-content\/uploads\/2013\/04\/9.jpg\" rel=\"lightbox[4475]\"><img loading=\"lazy\" decoding=\"async\" src=\"https:\/\/www.worldofart.org\/arhiv.worldofart.org\/aktualno\/wp-content\/uploads\/2013\/04\/9-150x150.jpg\" alt=\"\" title=\"vodstvo po razstavi 4. 4. in pogovor\" width=\"150\" height=\"150\" class=\"alignnone size-thumbnail wp-image-5007\" \/><\/a> <a href=\"https:\/\/www.worldofart.org\/arhiv.worldofart.org\/aktualno\/wp-content\/uploads\/2013\/04\/10.jpg\" rel=\"lightbox[4475]\"><img loading=\"lazy\" decoding=\"async\" src=\"https:\/\/www.worldofart.org\/arhiv.worldofart.org\/aktualno\/wp-content\/uploads\/2013\/04\/10-150x150.jpg\" alt=\"\" title=\"vodstvo po razstavi 4. 4. in pogovor\" width=\"150\" height=\"150\" class=\"alignnone size-thumbnail wp-image-5008\" \/><\/a> <a href=\"https:\/\/www.worldofart.org\/arhiv.worldofart.org\/aktualno\/wp-content\/uploads\/2013\/04\/11.jpg\" rel=\"lightbox[4475]\"><img loading=\"lazy\" decoding=\"async\" src=\"https:\/\/www.worldofart.org\/arhiv.worldofart.org\/aktualno\/wp-content\/uploads\/2013\/04\/11-150x150.jpg\" alt=\"\" title=\"vodstvo po razstavi 4. 4. in pogovor\" width=\"150\" height=\"150\" class=\"alignnone size-thumbnail wp-image-5009\" \/><\/a> <a href=\"https:\/\/www.worldofart.org\/arhiv.worldofart.org\/aktualno\/wp-content\/uploads\/2013\/04\/15_vodstvo-4.4._evaluacija-2.jpg\" rel=\"lightbox[4475]\"><img loading=\"lazy\" decoding=\"async\" src=\"https:\/\/www.worldofart.org\/arhiv.worldofart.org\/aktualno\/wp-content\/uploads\/2013\/04\/15_vodstvo-4.4._evaluacija-2-150x150.jpg\" alt=\"\" title=\"vodstvo po razstavi 4. 4. in pogovor\" width=\"150\" height=\"150\" class=\"alignnone size-thumbnail wp-image-5013\" \/><\/a> <a href=\"https:\/\/www.worldofart.org\/arhiv.worldofart.org\/aktualno\/wp-content\/uploads\/2013\/04\/16_vodstvo-4.4._evaluacija-9.jpg\" rel=\"lightbox[4475]\"><img loading=\"lazy\" decoding=\"async\" src=\"https:\/\/www.worldofart.org\/arhiv.worldofart.org\/aktualno\/wp-content\/uploads\/2013\/04\/16_vodstvo-4.4._evaluacija-9-150x150.jpg\" alt=\"\" title=\"vodstvo po razstavi 4. 4. in pogovor\" width=\"150\" height=\"150\" class=\"alignnone size-thumbnail wp-image-5014\" \/><\/a> <a href=\"https:\/\/www.worldofart.org\/arhiv.worldofart.org\/aktualno\/wp-content\/uploads\/2013\/04\/17_vodstvo-4.4._evaluacija-14.jpg\" rel=\"lightbox[4475]\"><img loading=\"lazy\" decoding=\"async\" src=\"https:\/\/www.worldofart.org\/arhiv.worldofart.org\/aktualno\/wp-content\/uploads\/2013\/04\/17_vodstvo-4.4._evaluacija-14-150x150.jpg\" alt=\"\" title=\"vodstvo po razstavi 4. 4. in pogovor\" width=\"150\" height=\"150\" class=\"alignnone size-thumbnail wp-image-5015\" \/><\/a> <a href=\"https:\/\/www.worldofart.org\/arhiv.worldofart.org\/aktualno\/wp-content\/uploads\/2013\/04\/13.jpg\" rel=\"lightbox[4475]\"><img loading=\"lazy\" decoding=\"async\" src=\"https:\/\/www.worldofart.org\/arhiv.worldofart.org\/aktualno\/wp-content\/uploads\/2013\/04\/13-150x150.jpg\" alt=\"\" title=\"v ROG-u, foto Una Bjork Sigudardottir\" width=\"150\" height=\"150\" class=\"alignnone size-thumbnail wp-image-5011\" \/><\/a> <a href=\"https:\/\/www.worldofart.org\/arhiv.worldofart.org\/aktualno\/wp-content\/uploads\/2013\/04\/19.jpg\" rel=\"lightbox[4475]\"><img loading=\"lazy\" decoding=\"async\" src=\"https:\/\/www.worldofart.org\/arhiv.worldofart.org\/aktualno\/wp-content\/uploads\/2013\/04\/19-150x150.jpg\" alt=\"\" title=\"foto Giorgos Kontis\" width=\"150\" height=\"150\" class=\"alignnone size-thumbnail wp-image-5017\" \/><\/a> <a href=\"https:\/\/www.worldofart.org\/arhiv.worldofart.org\/aktualno\/wp-content\/uploads\/2013\/04\/20.jpg\" rel=\"lightbox[4475]\"><img loading=\"lazy\" decoding=\"async\" src=\"https:\/\/www.worldofart.org\/arhiv.worldofart.org\/aktualno\/wp-content\/uploads\/2013\/04\/20-150x150.jpg\" alt=\"\" title=\"delovni teden, projekt Gijs van Lith-a in Giorgos Kontis-a, foto Giorgos Kontis\" width=\"150\" height=\"150\" class=\"alignnone size-thumbnail wp-image-5018\" \/><\/a> <a href=\"https:\/\/www.worldofart.org\/arhiv.worldofart.org\/aktualno\/wp-content\/uploads\/2013\/04\/21.jpg\" rel=\"lightbox[4475]\"><img loading=\"lazy\" decoding=\"async\" src=\"https:\/\/www.worldofart.org\/arhiv.worldofart.org\/aktualno\/wp-content\/uploads\/2013\/04\/21-150x150.jpg\" alt=\"\" title=\"delovni teden, projekt Gijs van Lith-a in Giorgos Kontis-a, foto Giorgos Kontis\" width=\"150\" height=\"150\" class=\"alignnone size-thumbnail wp-image-5019\" \/><\/a> <a href=\"https:\/\/www.worldofart.org\/arhiv.worldofart.org\/aktualno\/wp-content\/uploads\/2013\/04\/23_foto-Una-Bjork-Sigudardottir-111.jpg\" rel=\"lightbox[4475]\"><img loading=\"lazy\" decoding=\"async\" src=\"https:\/\/www.worldofart.org\/arhiv.worldofart.org\/aktualno\/wp-content\/uploads\/2013\/04\/23_foto-Una-Bjork-Sigudardottir-111-150x150.jpg\" alt=\"\" title=\"delovni teden, projekt Une Bjork Sigudardottir, pri lepljenju so sodelovale \u0161e: Lenka \u0110orojevi\u0107, Jasna Jernej\u0161ek, Nika Rupnik, foto Una Bjork Sigudardottir\" width=\"150\" height=\"150\" class=\"alignnone size-thumbnail wp-image-4998\" \/><\/a><\/p>\n<hr \/>\n<p><a name=\"5\"><\/a><br \/>\n<strong>VIDEO<\/strong><br \/>\n<iframe loading=\"lazy\" src=\"http:\/\/player.vimeo.com\/video\/70549421?title=0&amp;byline=0&amp;portrait=0&amp;color=006eae\" width=\"610\" height=\"458\" frameborder=\"0\" webkitAllowFullScreen mozallowfullscreen allowFullScreen><\/iframe> <\/p>\n<p><em>Pasting of an Artwork<\/em>, projekt Une Bjork Sigur\u00f0ard\u00f3ttir, pri lepljenju so sodelovale \u0161e: Lenka \u0110orojevi\u0107, Jasna Jernej\u0161ek, Nika Rupnik, video: Jasna Jernej\u0161ek.<\/p>\n<hr \/>\n<p><a name=\"6\"><\/a><br \/>\n<strong>URNIK<\/strong><br \/>\nProgram je namenjen \u0161tudentom St. Joost, SU in FF, razen javnega predavanja (Erik Hagoort, 9. april, 2013) in predstavitve sodelovanja \u0161tudentov St. Joost &amp; SU, Projektna soba SCCA\u2013Ljubljana (12. april, 2013).<\/p>\n<table border=\"0\" cellspacing=\"0\" cellpadding=\"0\">\n<tbody>\n<tr>\n<td class=\"mesec\" valign=\"top\" width=\"20%\">\u010detrtek,<br \/>\n4. april, 2013<\/td>\n<td class=\"tdprogramsredina\" valign=\"top\" width=\"15%\">20.00<\/td>\n<td class=\"tdprogram\" valign=\"top\">Odprtje razstave &#8220;4. 4.&#8221;, Galerija \u0160kuc, Stari trg 21<\/td>\n<\/tr>\n<tr>\n<td class=\"mesec\" valign=\"top\">Petek,<br \/>\n5. april, 2013<\/td>\n<td class=\"tdprogramsredina\" valign=\"top\">10.00\u201318.00<\/td>\n<td class=\"tdprogram\" valign=\"top\">Pregled ljubljanskega umetnostnega prizori\u0161\u010da s \u0161tudenti FF, sre\u010danja s kustosi<\/td>\n<\/tr>\n<tr>\n<td class=\"mesec\" valign=\"top\">sobota,<br \/>\n6. april, 2013<\/td>\n<td class=\"tdprogramsredina\" valign=\"top\"><\/td>\n<td class=\"tdprogram\" valign=\"top\">Pregled ljubljanskega umetnostnega prizori\u0161\u010da s \u0161tudenti FF, predstavitve posameznih galerij v izvedbi \u0161tudentov FF<\/td>\n<\/tr>\n<tr>\n<td class=\"mesec\" valign=\"top\">nedelja,<br \/>\n7. april, 2013<\/td>\n<td class=\"tdprogramsredina\" valign=\"top\"><\/td>\n<td class=\"tdprogram\" valign=\"top\">Samostojni obisk (\u0161tudentov St. Joost &amp; FF) razstave &#8220;4. 4.&#8221;, Galerija \u0160kuc<\/td>\n<\/tr>\n<tr>\n<td class=\"mesec\" rowspan=\"3\" valign=\"top\">ponedeljek,<br \/>\n8. april, 2013<\/td>\n<td class=\"tdprogramsredina\" valign=\"top\" width=\"20%\">11.00\u201312.00<\/td>\n<td class=\"tdprogram\" valign=\"top\">Predstavitev Galerije \u0160kuc, Vladimir Vidmar<\/td>\n<\/tr>\n<tr>\n<td class=\"tdprogramsredina\" valign=\"top\" width=\"20%\">12.00\u201313.00<\/td>\n<td class=\"tdprogram\" valign=\"top\">Pogovor \u0161tudentov St. Joost, SU in FF o razstavi &#8220;4. 4.&#8221;, Galerija \u0160kuc<\/td>\n<\/tr>\n<tr>\n<td class=\"tdprogramsredina\" valign=\"top\" width=\"20%\">13.00\u201315.00<\/td>\n<td class=\"tdprogram\" valign=\"top\">Vodstvo \u0161tudentov\/kustosov SU po razstavi &#8220;4. 4.&#8221;, sledi pogovor<\/td>\n<\/tr>\n<tr>\n<td class=\"mesec\" rowspan=\"3\" valign=\"top\">torek,<br \/>\n9. april, 2013<\/td>\n<td class=\"tdprogramsredina\" valign=\"top\" width=\"20%\">10.00\u201312.00<\/td>\n<td class=\"tdprogram\" valign=\"top\">Predstavitev SCCA, Projektna soba, SCCA\u2013Ljubljana, Metelkova 6<\/td>\n<\/tr>\n<tr>\n<td class=\"tdprogramsredina\" valign=\"top\" width=\"20%\">12.00<\/td>\n<td class=\"tdprogram\" valign=\"top\">Za\u010detek delovnega tedna \u0161tudentov St. Joost &amp; SU<\/td>\n<\/tr>\n<tr>\n<td class=\"tdprogramsredina\" valign=\"top\" width=\"20%\">19.00<\/td>\n<td class=\"tdprogram\" valign=\"top\"><a href=\"https:\/\/www.worldofart.org\/arhiv.worldofart.org\/aktualno\/archives\/4501\">Erik Hagoort, <em>Diagonalna recipro\u010dnost. Sre\u010devanje kot umetni\u0161ka praksa<\/em><\/a>, javno predavanje, Galerija \u0160kuc, Stari trg 21<\/td>\n<\/tr>\n<tr>\n<td class=\"mesec\" valign=\"top\">sreda,<br \/>\n10. april, 2013<\/td>\n<td class=\"tdprogramsredina\" valign=\"top\">10.00\u201318.00<\/td>\n<td class=\"tdprogram\" valign=\"top\">Delo v skupini, Projektna soba, SCCA\u2013Ljubljana<\/td>\n<\/tr>\n<tr>\n<td class=\"mesec\" rowspan=\"2\" valign=\"top\">\u010detrtek,<br \/>\n11. april, 2013<\/td>\n<td class=\"tdprogramsredina\" valign=\"top\">10.00\u201318.00<\/td>\n<td class=\"tdprogram\" valign=\"top\">George Korsmit, O organizacijski iniciativi <a href=\"http:\/\/www.rainbowsoulclub.nl\/\" target=\"_blank\">Rainbow Soul Club<\/a><\/td>\n<\/tr>\n<tr>\n<td class=\"tdprogramsredina\" valign=\"top\" width=\"20%\">11.30\u201318.00<\/td>\n<td class=\"tdprogram\" valign=\"top\">Delo v skupini, Projektna soba, SCCA\u2013Ljubljana<\/td>\n<\/tr>\n<tr>\n<td class=\"mesec\" rowspan=\"2\" valign=\"top\">petek,<br \/>\n12. april, 2013<\/td>\n<td class=\"tdprogramsredina\" valign=\"top\" width=\"20%\">10.00\u201318.00<\/td>\n<td class=\"tdprogram\" valign=\"top\">Delo v skupini, Projektna soba, SCCA\u2013Ljubljana<\/td>\n<\/tr>\n<tr>\n<td class=\"tdprogramsredina\" valign=\"top\" width=\"20%\">19.00<\/td>\n<td class=\"tdprogram\" valign=\"top\">Javna predstavitev sodelovanja \u0161tudentov St. Joost in SU, Projektna soba, SCCA\u2013Ljubljana<\/td>\n<\/tr>\n<\/tbody>\n<\/table>\n","protected":false},"excerpt":{"rendered":"<p>Svet umetnosti, \u0161ola za kustose in kritike sodobne umetnosti,\u00a0Zavod za sodobno umetnost SCCA\u2013Ljubljana (SU) in Magistrski \u0161tudij likovnih umetnosti, Akademija za umetnost in oblikovanje St. Joost (AKV\/St. Joost) in Drugostopenjski magistrski \u0161tudijski program umetnostna zgodovina, Filozofska fakulteta, Univerza v Ljubljani (sodeluje le pri pregledu ljubljanskega umetnostnega prizori\u0161\u010da) (FF) Od avgusta 2012, obisk \u0161tudentov AKV\/St. Joost [&hellip;]<\/p>\n","protected":false},"author":1,"featured_media":0,"parent":866,"menu_order":0,"comment_status":"closed","ping_status":"closed","template":"","meta":{"footnotes":""},"categories":[],"tags":[],"_links":{"self":[{"href":"https:\/\/www.worldofart.org\/arhiv.worldofart.org\/aktualno\/wp-json\/wp\/v2\/pages\/4475"}],"collection":[{"href":"https:\/\/www.worldofart.org\/arhiv.worldofart.org\/aktualno\/wp-json\/wp\/v2\/pages"}],"about":[{"href":"https:\/\/www.worldofart.org\/arhiv.worldofart.org\/aktualno\/wp-json\/wp\/v2\/types\/page"}],"author":[{"embeddable":true,"href":"https:\/\/www.worldofart.org\/arhiv.worldofart.org\/aktualno\/wp-json\/wp\/v2\/users\/1"}],"replies":[{"embeddable":true,"href":"https:\/\/www.worldofart.org\/arhiv.worldofart.org\/aktualno\/wp-json\/wp\/v2\/comments?post=4475"}],"version-history":[{"count":44,"href":"https:\/\/www.worldofart.org\/arhiv.worldofart.org\/aktualno\/wp-json\/wp\/v2\/pages\/4475\/revisions"}],"predecessor-version":[{"id":9589,"href":"https:\/\/www.worldofart.org\/arhiv.worldofart.org\/aktualno\/wp-json\/wp\/v2\/pages\/4475\/revisions\/9589"}],"up":[{"embeddable":true,"href":"https:\/\/www.worldofart.org\/arhiv.worldofart.org\/aktualno\/wp-json\/wp\/v2\/pages\/866"}],"wp:attachment":[{"href":"https:\/\/www.worldofart.org\/arhiv.worldofart.org\/aktualno\/wp-json\/wp\/v2\/media?parent=4475"}],"wp:term":[{"taxonomy":"category","embeddable":true,"href":"https:\/\/www.worldofart.org\/arhiv.worldofart.org\/aktualno\/wp-json\/wp\/v2\/categories?post=4475"},{"taxonomy":"post_tag","embeddable":true,"href":"https:\/\/www.worldofart.org\/arhiv.worldofart.org\/aktualno\/wp-json\/wp\/v2\/tags?post=4475"}],"curies":[{"name":"wp","href":"https:\/\/api.w.org\/{rel}","templated":true}]}}