{"id":5988,"date":"2014-02-21T15:22:34","date_gmt":"2014-02-21T13:22:34","guid":{"rendered":"http:\/\/www.worldofart.org\/aktualno\/?page_id=5988"},"modified":"2016-11-19T22:00:48","modified_gmt":"2016-11-19T20:00:48","slug":"tevz-logar-obiski-ateljejev","status":"publish","type":"page","link":"https:\/\/www.worldofart.org\/arhiv.worldofart.org\/aktualno\/petnajsto-leto-2014-2016\/tevz-logar-obiski-ateljejev","title":{"rendered":"Obiski ateljejev"},"content":{"rendered":"<p>SVET UMETNOSTI<br \/>\n\u0160ola za kustose in kritike sodobne umetnosti<br \/>\nLeto 15<br \/>\n1. letnik (oktober 2014\u2013junij 2015)<\/p>\n<hr \/>\n<p><strong>Vodi: Tev\u017e Logar<\/strong><\/p>\n<p>Delo kustosa poteka na razli\u010dnih nivojih in velik del le tega se odvija predvsem izven galerijskega prostora, saj je le ta nekak\u0161en sklepni trenutek v celotnem procesu dela. Strukturirani galerijski razstavni programi in individualni kuratorski projekti posku\u0161ajo spremljati razvoj podro\u010dja sodobne vizualne umetnosti, kar vklju\u010duje sledenje trendom predstavljanja umetnosti, teoretskim diskurzom in nenehnemu razvoju umetni\u0161kih praks.<\/p>\n<p>Ena izmed metod dela kustosa, vsekakor ena izmed pomembnej\u0161ih, je obisk ateljeja umetnika, ki omogo\u010da oseben stik kustosa z umetnikom, posledi\u010dno s tem pa tudi bolj celosten pristop k umetni\u0161kemu delu. Tekom delovnega leta se bodo udele\u017eenci \u0161ole Svet umetnosti, na individualni in skupinski bazi, sre\u010devali z umetniki v njihovih ateljejih, svoja \u00bbateljejska odkritja\u00ab, pa bodo v obliki kraj\u0161ih predstavitev na mese\u010dnih sre\u010danjih, posredovali svojim kolegom. Obiski ateljejev bodo strukturirani tako, da bodo udele\u017eenci \u0161ole Svet umetnosti postavljeni v situacije, s katerimi se kustos redno sre\u010duje v procesu svojega dela.<\/p>\n<hr \/>\n<p><strong>V ateljeju Mete Grgurevi\u010d, 29. 1. 2015<\/strong><br \/>\nFoto: Miha Poljak<\/p>\n<p><a href=\"https:\/\/www.worldofart.org\/arhiv.worldofart.org\/aktualno\/wp-content\/uploads\/2014\/02\/meta-grgurevic1.jpg\" rel=\"lightbox[5988]\"><img loading=\"lazy\" decoding=\"async\" class=\"alignnone size-thumbnail wp-image-7123\" title=\"V ateljeju Mete Grgurevi\u0107, 29. 1. 2015\" src=\"https:\/\/www.worldofart.org\/arhiv.worldofart.org\/aktualno\/wp-content\/uploads\/2014\/02\/meta-grgurevic1-150x150.jpg\" alt=\"\" width=\"150\" height=\"150\" \/><\/a> <a href=\"https:\/\/www.worldofart.org\/arhiv.worldofart.org\/aktualno\/wp-content\/uploads\/2014\/02\/meta-grgurevic2.jpg\" rel=\"lightbox[5988]\"><img loading=\"lazy\" decoding=\"async\" class=\"alignnone size-thumbnail wp-image-7124\" title=\"V ateljeju Mete Grgurevi\u0107, 29. 1. 2015\" src=\"https:\/\/www.worldofart.org\/arhiv.worldofart.org\/aktualno\/wp-content\/uploads\/2014\/02\/meta-grgurevic2-150x150.jpg\" alt=\"\" width=\"150\" height=\"150\" \/><\/a> <a href=\"https:\/\/www.worldofart.org\/arhiv.worldofart.org\/aktualno\/wp-content\/uploads\/2014\/02\/meta-grgurevic3.jpg\" rel=\"lightbox[5988]\"><img loading=\"lazy\" decoding=\"async\" class=\"alignnone size-thumbnail wp-image-7125\" title=\"V ateljeju Mete Grgurevi\u0107, 29. 1. 2015\" src=\"https:\/\/www.worldofart.org\/arhiv.worldofart.org\/aktualno\/wp-content\/uploads\/2014\/02\/meta-grgurevic3-150x150.jpg\" alt=\"\" width=\"150\" height=\"150\" \/><\/a><\/p>\n<p>&#8212;<\/p>\n<p><strong>Obisk ateljeja Vadima Fishkina, 15. 1. 2015<\/strong><\/p>\n<p>&#8212;<\/p>\n<p><strong>V ateljeju Tanje Lazeti\u0107, 18. 12. 2014<\/strong><br \/>\n(sre\u010danje v Projektni sobi SCCA)<\/p>\n<p><a href=\"https:\/\/www.worldofart.org\/arhiv.worldofart.org\/aktualno\/wp-content\/uploads\/2014\/02\/lazetic02.jpg\" rel=\"lightbox[5988]\"><img loading=\"lazy\" decoding=\"async\" class=\"alignnone size-thumbnail wp-image-7115\" title=\"V ateljeju Tanje Lazeti\u0107 (sre\u010danje v Projektni sobi SCCA), 18. 12. 2014\" src=\"https:\/\/www.worldofart.org\/arhiv.worldofart.org\/aktualno\/wp-content\/uploads\/2014\/02\/lazetic02-150x150.jpg\" alt=\"\" width=\"150\" height=\"150\" \/><\/a> <a href=\"https:\/\/www.worldofart.org\/arhiv.worldofart.org\/aktualno\/wp-content\/uploads\/2014\/02\/lazetic03.jpg\" rel=\"lightbox[5988]\"><img loading=\"lazy\" decoding=\"async\" class=\"alignnone size-thumbnail wp-image-7116\" title=\"V ateljeju Tanje Lazeti\u0107 (sre\u010danje v Projektni sobi SCCA), 18. 12. 2014\" src=\"https:\/\/www.worldofart.org\/arhiv.worldofart.org\/aktualno\/wp-content\/uploads\/2014\/02\/lazetic03-150x150.jpg\" alt=\"\" width=\"150\" height=\"150\" \/><\/a> <a href=\"https:\/\/www.worldofart.org\/arhiv.worldofart.org\/aktualno\/wp-content\/uploads\/2014\/02\/lazetic04.jpg\" rel=\"lightbox[5988]\"><img loading=\"lazy\" decoding=\"async\" class=\"alignnone size-thumbnail wp-image-7117\" title=\"V ateljeju Tanje Lazeti\u0107 (sre\u010danje v Projektni sobi SCCA), 18. 12. 2014\" src=\"https:\/\/www.worldofart.org\/arhiv.worldofart.org\/aktualno\/wp-content\/uploads\/2014\/02\/lazetic04-150x150.jpg\" alt=\"\" width=\"150\" height=\"150\" \/><\/a> <a href=\"https:\/\/www.worldofart.org\/arhiv.worldofart.org\/aktualno\/wp-content\/uploads\/2014\/02\/lazetic05.jpg\" rel=\"lightbox[5988]\"><img loading=\"lazy\" decoding=\"async\" class=\"alignnone size-thumbnail wp-image-7118\" title=\"V ateljeju Tanje Lazeti\u0107 (sre\u010danje v Projektni sobi SCCA), 18. 12. 2014\" src=\"https:\/\/www.worldofart.org\/arhiv.worldofart.org\/aktualno\/wp-content\/uploads\/2014\/02\/lazetic05-150x150.jpg\" alt=\"\" width=\"150\" height=\"150\" \/><\/a> <a href=\"https:\/\/www.worldofart.org\/arhiv.worldofart.org\/aktualno\/wp-content\/uploads\/2014\/02\/lazetic06.jpg\" rel=\"lightbox[5988]\"><img loading=\"lazy\" decoding=\"async\" class=\"alignnone size-thumbnail wp-image-7119\" title=\"V ateljeju Tanje Lazeti\u0107 (sre\u010danje v Projektni sobi SCCA), 18. 12. 2014\" src=\"https:\/\/www.worldofart.org\/arhiv.worldofart.org\/aktualno\/wp-content\/uploads\/2014\/02\/lazetic06-150x150.jpg\" alt=\"\" width=\"150\" height=\"150\" \/><\/a> <a href=\"https:\/\/www.worldofart.org\/arhiv.worldofart.org\/aktualno\/wp-content\/uploads\/2014\/02\/lazetic07.jpg\" rel=\"lightbox[5988]\"><img loading=\"lazy\" decoding=\"async\" class=\"alignnone size-thumbnail wp-image-7120\" title=\"V ateljeju Tanje Lazeti\u0107 (sre\u010danje v Projektni sobi SCCA), 18. 12. 2014\" src=\"https:\/\/www.worldofart.org\/arhiv.worldofart.org\/aktualno\/wp-content\/uploads\/2014\/02\/lazetic07-150x150.jpg\" alt=\"\" width=\"150\" height=\"150\" \/><\/a><\/p>\n<p>&#8212;<\/p>\n<p><strong>V ateljeju Zore Stan\u010di\u010d, 27. 11. 2014<\/strong><br \/>\nFoto: Miha Poljak<\/p>\n<p><a href=\"https:\/\/www.worldofart.org\/arhiv.worldofart.org\/aktualno\/wp-content\/uploads\/2014\/02\/Atelje-Zora-Stancic_2.jpg\" rel=\"lightbox[5988]\"><img loading=\"lazy\" decoding=\"async\" src=\"https:\/\/www.worldofart.org\/arhiv.worldofart.org\/aktualno\/wp-content\/uploads\/2014\/02\/Atelje-Zora-Stancic_2-150x150.jpg\" alt=\"V ateljeju Zore Stan\u010di\u010d, 27. 11. 2014\" title=\"V ateljeju Zore Stan\u010di\u010d, 27. 11. 2014\" width=\"150\" height=\"150\" class=\"alignnone size-thumbnail wp-image-7297\" \/><\/a> <a href=\"https:\/\/www.worldofart.org\/arhiv.worldofart.org\/aktualno\/wp-content\/uploads\/2014\/02\/Atelje-Zora-Stancic_3.jpg\" rel=\"lightbox[5988]\"><img loading=\"lazy\" decoding=\"async\" src=\"https:\/\/www.worldofart.org\/arhiv.worldofart.org\/aktualno\/wp-content\/uploads\/2014\/02\/Atelje-Zora-Stancic_3-150x150.jpg\" alt=\"V ateljeju Zore Stan\u010di\u010d, 27. 11. 2014\" title=\"V ateljeju Zore Stan\u010di\u010d, 27. 11. 2014\" width=\"150\" height=\"150\" class=\"alignnone size-thumbnail wp-image-7298\" \/><\/a> <a href=\"https:\/\/www.worldofart.org\/arhiv.worldofart.org\/aktualno\/wp-content\/uploads\/2014\/02\/Atelje-Zora-Stancic_4.jpg\" rel=\"lightbox[5988]\"><img loading=\"lazy\" decoding=\"async\" src=\"https:\/\/www.worldofart.org\/arhiv.worldofart.org\/aktualno\/wp-content\/uploads\/2014\/02\/Atelje-Zora-Stancic_4-150x150.jpg\" alt=\"V ateljeju Zore Stan\u010di\u010d, 27. 11. 2014\" title=\"V ateljeju Zore Stan\u010di\u010d, 27. 11. 2014\" width=\"150\" height=\"150\" class=\"alignnone size-thumbnail wp-image-7299\" \/><\/a> <a href=\"https:\/\/www.worldofart.org\/arhiv.worldofart.org\/aktualno\/wp-content\/uploads\/2014\/02\/Atelje-Zora-Stancic_5.jpg\" rel=\"lightbox[5988]\"><img loading=\"lazy\" decoding=\"async\" src=\"https:\/\/www.worldofart.org\/arhiv.worldofart.org\/aktualno\/wp-content\/uploads\/2014\/02\/Atelje-Zora-Stancic_5-150x150.jpg\" alt=\"V ateljeju Zore Stan\u010di\u010d, 27. 11. 2014\" title=\"V ateljeju Zore Stan\u010di\u010d, 27. 11. 2014\" width=\"150\" height=\"150\" class=\"alignnone size-thumbnail wp-image-7300\" \/><\/a><\/p>\n<p>&#8212;<\/p>\n<p><strong>V ateljeju Mihe \u0160truklja, 13. 11. 2014<\/strong><br \/>\n(sre\u010danje v Galeriji Gregorja Podnarja z ogledom razstave <em>Napetosti<\/em> s Tev\u017eom Logarjem, 11. 11.\u20135. 12. 2014)<\/p>\n<p><a href=\"https:\/\/www.worldofart.org\/arhiv.worldofart.org\/aktualno\/wp-content\/uploads\/2014\/02\/pri-Mihi-Struklju_01.jpg\" rel=\"lightbox[5988]\"><img loading=\"lazy\" decoding=\"async\" class=\"alignnone size-thumbnail wp-image-6668\" title=\"V ateljeju Mihe \u0160truklja, 13. 11. 2014 (sre\u010danje v Galeriji Gregorja Podnarja z ogledom razstave Napetosti s Tev\u017eom Logarjem, 11. 11.\u20135. 12. 2014)\" src=\"https:\/\/www.worldofart.org\/arhiv.worldofart.org\/aktualno\/wp-content\/uploads\/2014\/02\/pri-Mihi-Struklju_01-150x150.jpg\" alt=\"\" width=\"150\" height=\"150\" \/><\/a> <a href=\"https:\/\/www.worldofart.org\/arhiv.worldofart.org\/aktualno\/wp-content\/uploads\/2014\/02\/pri-Mihi-Struklju_02.jpg\" rel=\"lightbox[5988]\"><img loading=\"lazy\" decoding=\"async\" class=\"alignnone size-thumbnail wp-image-6669\" title=\"V ateljeju Mihe \u0160truklja, 13. 11. 2014 (sre\u010danje v Galeriji Gregorja Podnarja z ogledom razstave Napetosti s Tev\u017eom Logarjem, 11. 11.\u20135. 12. 2014)\" src=\"https:\/\/www.worldofart.org\/arhiv.worldofart.org\/aktualno\/wp-content\/uploads\/2014\/02\/pri-Mihi-Struklju_02-150x150.jpg\" alt=\"\" width=\"150\" height=\"150\" \/><\/a> <a href=\"https:\/\/www.worldofart.org\/arhiv.worldofart.org\/aktualno\/wp-content\/uploads\/2014\/02\/pri-Mihi-Struklju_04.jpg\" rel=\"lightbox[5988]\"><img loading=\"lazy\" decoding=\"async\" class=\"alignnone size-thumbnail wp-image-6671\" title=\"V ateljeju Mihe \u0160truklja, 13. 11. 2014 (sre\u010danje v Galeriji Gregorja Podnarja z ogledom razstave Napetosti s Tev\u017eom Logarjem, 11. 11.\u20135. 12. 2014)\" src=\"https:\/\/www.worldofart.org\/arhiv.worldofart.org\/aktualno\/wp-content\/uploads\/2014\/02\/pri-Mihi-Struklju_04-150x150.jpg\" alt=\"\" width=\"150\" height=\"150\" \/><\/a> <a href=\"https:\/\/www.worldofart.org\/arhiv.worldofart.org\/aktualno\/wp-content\/uploads\/2014\/02\/pri-Mihi-Struklju_05.jpg\" rel=\"lightbox[5988]\"><img loading=\"lazy\" decoding=\"async\" class=\"alignnone size-thumbnail wp-image-6672\" title=\"V ateljeju Mihe \u0160truklja, 13. 11. 2014 (sre\u010danje v Galeriji Gregorja Podnarja z ogledom razstave Napetosti s Tev\u017eom Logarjem, 11. 11.\u20135. 12. 2014)\" src=\"https:\/\/www.worldofart.org\/arhiv.worldofart.org\/aktualno\/wp-content\/uploads\/2014\/02\/pri-Mihi-Struklju_05-150x150.jpg\" alt=\"\" width=\"150\" height=\"150\" \/><\/a> <a href=\"https:\/\/www.worldofart.org\/arhiv.worldofart.org\/aktualno\/wp-content\/uploads\/2014\/02\/pri-Mihi-Struklju_06.jpg\" rel=\"lightbox[5988]\"><img loading=\"lazy\" decoding=\"async\" class=\"alignnone size-thumbnail wp-image-6673\" title=\"V ateljeju Mihe \u0160truklja, 13. 11. 2014 (sre\u010danje v Galeriji Gregorja Podnarja z ogledom razstave Napetosti s Tev\u017eom Logarjem, 11. 11.\u20135. 12. 2014)\" src=\"https:\/\/www.worldofart.org\/arhiv.worldofart.org\/aktualno\/wp-content\/uploads\/2014\/02\/pri-Mihi-Struklju_06-150x150.jpg\" alt=\"\" width=\"150\" height=\"150\" \/><\/a> <a href=\"https:\/\/www.worldofart.org\/arhiv.worldofart.org\/aktualno\/wp-content\/uploads\/2014\/02\/pri-Mihi-Struklju_07.jpg\" rel=\"lightbox[5988]\"><img loading=\"lazy\" decoding=\"async\" class=\"alignnone size-thumbnail wp-image-6666\" title=\"V ateljeju Mihe \u0160truklja, 13. 11. 2014 (sre\u010danje v Galeriji Gregorja Podnarja z ogledom razstave Napetosti s Tev\u017eom Logarjem, 11. 11.\u20135. 12. 2014)\" src=\"https:\/\/www.worldofart.org\/arhiv.worldofart.org\/aktualno\/wp-content\/uploads\/2014\/02\/pri-Mihi-Struklju_07-150x150.jpg\" alt=\"\" width=\"150\" height=\"150\" \/> <\/a><a href=\"https:\/\/www.worldofart.org\/arhiv.worldofart.org\/aktualno\/wp-content\/uploads\/2014\/02\/pri-Mihi-Struklju_03.jpg\" rel=\"lightbox[5988]\"><img loading=\"lazy\" decoding=\"async\" class=\"alignnone size-thumbnail wp-image-6670\" title=\"V ateljeju Mihe \u0160truklja, 13. 11. 2014 (sre\u010danje v Galeriji Gregorja Podnarja z ogledom razstave Napetosti s Tev\u017eom Logarjem, 11. 11.\u20135. 12. 2014)\" src=\"https:\/\/www.worldofart.org\/arhiv.worldofart.org\/aktualno\/wp-content\/uploads\/2014\/02\/pri-Mihi-Struklju_03-150x150.jpg\" alt=\"\" width=\"150\" height=\"150\" \/><\/a><\/p>\n<p>&#8212;<\/p>\n<p><strong>V ateljeju Romana Uranjeka, 30. 10. 2014<\/strong><\/p>\n<p><a href=\"https:\/\/www.worldofart.org\/arhiv.worldofart.org\/aktualno\/wp-content\/uploads\/2014\/02\/Atelje-Uranjek-2014-01.jpg\" rel=\"lightbox[5988]\"><img loading=\"lazy\" decoding=\"async\" class=\"alignnone size-thumbnail wp-image-6641\" title=\"V ateljeju Romana Uranjeka, 30. 10. 2014\" src=\"https:\/\/www.worldofart.org\/arhiv.worldofart.org\/aktualno\/wp-content\/uploads\/2014\/02\/Atelje-Uranjek-2014-01-150x150.jpg\" alt=\"\" width=\"150\" height=\"150\" \/><\/a> <a href=\"https:\/\/www.worldofart.org\/arhiv.worldofart.org\/aktualno\/wp-content\/uploads\/2014\/02\/Atelje-Uranjek-2014-02.jpg\" rel=\"lightbox[5988]\"><img loading=\"lazy\" decoding=\"async\" class=\"alignnone size-thumbnail wp-image-6642\" title=\"V ateljeju Romana Uranjeka, 30. 10. 2014\" src=\"https:\/\/www.worldofart.org\/arhiv.worldofart.org\/aktualno\/wp-content\/uploads\/2014\/02\/Atelje-Uranjek-2014-02-150x150.jpg\" alt=\"\" width=\"150\" height=\"150\" \/><\/a> <a href=\"https:\/\/www.worldofart.org\/arhiv.worldofart.org\/aktualno\/wp-content\/uploads\/2014\/02\/Atelje-Uranjek-2014-03.jpg\" rel=\"lightbox[5988]\"><img loading=\"lazy\" decoding=\"async\" class=\"alignnone size-thumbnail wp-image-6643\" title=\"V ateljeju Romana Uranjeka, 30. 10. 2014\" src=\"https:\/\/www.worldofart.org\/arhiv.worldofart.org\/aktualno\/wp-content\/uploads\/2014\/02\/Atelje-Uranjek-2014-03-150x150.jpg\" alt=\"\" width=\"150\" height=\"150\" \/><\/a> <a href=\"https:\/\/www.worldofart.org\/arhiv.worldofart.org\/aktualno\/wp-content\/uploads\/2014\/02\/Atelje-Uranjek-2014-05.jpg\" rel=\"lightbox[5988]\"><img loading=\"lazy\" decoding=\"async\" class=\"alignnone size-thumbnail wp-image-6645\" title=\"V ateljeju Romana Uranjeka, 30. 10. 2014\" src=\"https:\/\/www.worldofart.org\/arhiv.worldofart.org\/aktualno\/wp-content\/uploads\/2014\/02\/Atelje-Uranjek-2014-05-150x150.jpg\" alt=\"\" width=\"150\" height=\"150\" \/><\/a> <a href=\"https:\/\/www.worldofart.org\/arhiv.worldofart.org\/aktualno\/wp-content\/uploads\/2014\/02\/Atelje-Uranjek-2014-06.jpg\" rel=\"lightbox[5988]\"><img loading=\"lazy\" decoding=\"async\" class=\"alignnone size-thumbnail wp-image-6646\" title=\"V ateljeju Romana Uranjeka, 30. 10. 2014\" src=\"https:\/\/www.worldofart.org\/arhiv.worldofart.org\/aktualno\/wp-content\/uploads\/2014\/02\/Atelje-Uranjek-2014-06-150x150.jpg\" alt=\"\" width=\"150\" height=\"150\" \/><\/a> <a href=\"https:\/\/www.worldofart.org\/arhiv.worldofart.org\/aktualno\/wp-content\/uploads\/2014\/02\/Atelje-Uranjek-2014-07.jpg\" rel=\"lightbox[5988]\"><img loading=\"lazy\" decoding=\"async\" class=\"alignnone size-thumbnail wp-image-6647\" title=\"V ateljeju Romana Uranjeka, 30. 10. 2014\" src=\"https:\/\/www.worldofart.org\/arhiv.worldofart.org\/aktualno\/wp-content\/uploads\/2014\/02\/Atelje-Uranjek-2014-07-150x150.jpg\" alt=\"\" width=\"150\" height=\"150\" \/><\/a> <a href=\"https:\/\/www.worldofart.org\/arhiv.worldofart.org\/aktualno\/wp-content\/uploads\/2014\/02\/Atelje-Uranjek-2014-08.jpg\" rel=\"lightbox[5988]\"><img loading=\"lazy\" decoding=\"async\" class=\"alignnone size-thumbnail wp-image-6648\" title=\"V ateljeju Romana Uranjeka, 30. 10. 2014\" src=\"https:\/\/www.worldofart.org\/arhiv.worldofart.org\/aktualno\/wp-content\/uploads\/2014\/02\/Atelje-Uranjek-2014-08-150x150.jpg\" alt=\"\" width=\"150\" height=\"150\" \/><\/a> <a href=\"https:\/\/www.worldofart.org\/arhiv.worldofart.org\/aktualno\/wp-content\/uploads\/2014\/02\/Atelje-Uranjek-2014-11.jpg\" rel=\"lightbox[5988]\"><img loading=\"lazy\" decoding=\"async\" class=\"alignnone size-thumbnail wp-image-6651\" title=\"V ateljeju Romana Uranjeka, 30. 10. 2014\" src=\"https:\/\/www.worldofart.org\/arhiv.worldofart.org\/aktualno\/wp-content\/uploads\/2014\/02\/Atelje-Uranjek-2014-11-150x150.jpg\" alt=\"\" width=\"150\" height=\"150\" \/><\/a> <a href=\"https:\/\/www.worldofart.org\/arhiv.worldofart.org\/aktualno\/wp-content\/uploads\/2014\/02\/Atelje-Uranjek-2014-12.jpg\" rel=\"lightbox[5988]\"><img loading=\"lazy\" decoding=\"async\" class=\"alignnone size-thumbnail wp-image-6652\" title=\"V ateljeju Romana Uranjeka, 30. 10. 2014\" src=\"https:\/\/www.worldofart.org\/arhiv.worldofart.org\/aktualno\/wp-content\/uploads\/2014\/02\/Atelje-Uranjek-2014-12-150x150.jpg\" alt=\"\" width=\"150\" height=\"150\" \/><\/a> <a href=\"https:\/\/www.worldofart.org\/arhiv.worldofart.org\/aktualno\/wp-content\/uploads\/2014\/02\/Atelje-Uranjek-2014-13.jpg\" rel=\"lightbox[5988]\"><img loading=\"lazy\" decoding=\"async\" class=\"alignnone size-thumbnail wp-image-6653\" title=\"V ateljeju Romana Uranjeka, 30. 10. 2014\" src=\"https:\/\/www.worldofart.org\/arhiv.worldofart.org\/aktualno\/wp-content\/uploads\/2014\/02\/Atelje-Uranjek-2014-13-150x150.jpg\" alt=\"\" width=\"150\" height=\"150\" \/><\/a> <a href=\"https:\/\/www.worldofart.org\/arhiv.worldofart.org\/aktualno\/wp-content\/uploads\/2014\/02\/Atelje-Uranjek-2014-14.jpg\" rel=\"lightbox[5988]\"><img loading=\"lazy\" decoding=\"async\" class=\"alignnone size-thumbnail wp-image-6654\" title=\"V ateljeju Romana Uranjeka, 30. 10. 2014\" src=\"https:\/\/www.worldofart.org\/arhiv.worldofart.org\/aktualno\/wp-content\/uploads\/2014\/02\/Atelje-Uranjek-2014-14-150x150.jpg\" alt=\"\" width=\"150\" height=\"150\" \/><\/a>\u00a0<a href=\"https:\/\/www.worldofart.org\/arhiv.worldofart.org\/aktualno\/wp-content\/uploads\/2014\/02\/Atelje-Uranjek-2014-16.jpg\" rel=\"lightbox[5988]\"><img loading=\"lazy\" decoding=\"async\" class=\"alignnone  wp-image-6656\" title=\"V ateljeju Romana Uranjeka, 30. 10. 2014\" src=\"https:\/\/www.worldofart.org\/arhiv.worldofart.org\/aktualno\/wp-content\/uploads\/2014\/02\/Atelje-Uranjek-2014-16-150x150.jpg\" alt=\"\" width=\"150\" height=\"150\" \/><\/a> <a href=\"https:\/\/www.worldofart.org\/arhiv.worldofart.org\/aktualno\/wp-content\/uploads\/2014\/02\/Atelje-Uranjek-2014-17.jpg\" rel=\"lightbox[5988]\"><img loading=\"lazy\" decoding=\"async\" class=\"alignnone size-thumbnail wp-image-6657\" title=\"V ateljeju Romana Uranjeka, 30. 10. 2014\" src=\"https:\/\/www.worldofart.org\/arhiv.worldofart.org\/aktualno\/wp-content\/uploads\/2014\/02\/Atelje-Uranjek-2014-17-150x150.jpg\" alt=\"\" width=\"150\" height=\"150\" \/><\/a> <a href=\"https:\/\/www.worldofart.org\/arhiv.worldofart.org\/aktualno\/wp-content\/uploads\/2014\/02\/Atelje-Uranjek-2014-18.jpg\" rel=\"lightbox[5988]\"><img loading=\"lazy\" decoding=\"async\" class=\"alignnone size-thumbnail wp-image-6640\" title=\"V ateljeju Romana Uranjeka, 30. 10. 2014\" src=\"https:\/\/www.worldofart.org\/arhiv.worldofart.org\/aktualno\/wp-content\/uploads\/2014\/02\/Atelje-Uranjek-2014-18-150x150.jpg\" alt=\"\" width=\"150\" height=\"150\" \/><\/a><\/p>\n<hr \/>\n<p><a href=\"https:\/\/www.worldofart.org\/arhiv.worldofart.org\/aktualno\/stirinajsti-letnik-20112013\/obiski-ateljejev\">Obiski ateljejev v 14. letu<\/a><\/p>\n","protected":false},"excerpt":{"rendered":"<p>SVET UMETNOSTI \u0160ola za kustose in kritike sodobne umetnosti Leto 15 1. letnik (oktober 2014\u2013junij 2015) Vodi: Tev\u017e Logar Delo kustosa poteka na razli\u010dnih nivojih in velik del le tega se odvija predvsem izven galerijskega prostora, saj je le ta nekak\u0161en sklepni trenutek v celotnem procesu dela. Strukturirani galerijski razstavni programi in individualni kuratorski projekti [&hellip;]<\/p>\n","protected":false},"author":1,"featured_media":0,"parent":5971,"menu_order":0,"comment_status":"closed","ping_status":"closed","template":"","meta":{"footnotes":""},"categories":[],"tags":[],"_links":{"self":[{"href":"https:\/\/www.worldofart.org\/arhiv.worldofart.org\/aktualno\/wp-json\/wp\/v2\/pages\/5988"}],"collection":[{"href":"https:\/\/www.worldofart.org\/arhiv.worldofart.org\/aktualno\/wp-json\/wp\/v2\/pages"}],"about":[{"href":"https:\/\/www.worldofart.org\/arhiv.worldofart.org\/aktualno\/wp-json\/wp\/v2\/types\/page"}],"author":[{"embeddable":true,"href":"https:\/\/www.worldofart.org\/arhiv.worldofart.org\/aktualno\/wp-json\/wp\/v2\/users\/1"}],"replies":[{"embeddable":true,"href":"https:\/\/www.worldofart.org\/arhiv.worldofart.org\/aktualno\/wp-json\/wp\/v2\/comments?post=5988"}],"version-history":[{"count":30,"href":"https:\/\/www.worldofart.org\/arhiv.worldofart.org\/aktualno\/wp-json\/wp\/v2\/pages\/5988\/revisions"}],"predecessor-version":[{"id":9503,"href":"https:\/\/www.worldofart.org\/arhiv.worldofart.org\/aktualno\/wp-json\/wp\/v2\/pages\/5988\/revisions\/9503"}],"up":[{"embeddable":true,"href":"https:\/\/www.worldofart.org\/arhiv.worldofart.org\/aktualno\/wp-json\/wp\/v2\/pages\/5971"}],"wp:attachment":[{"href":"https:\/\/www.worldofart.org\/arhiv.worldofart.org\/aktualno\/wp-json\/wp\/v2\/media?parent=5988"}],"wp:term":[{"taxonomy":"category","embeddable":true,"href":"https:\/\/www.worldofart.org\/arhiv.worldofart.org\/aktualno\/wp-json\/wp\/v2\/categories?post=5988"},{"taxonomy":"post_tag","embeddable":true,"href":"https:\/\/www.worldofart.org\/arhiv.worldofart.org\/aktualno\/wp-json\/wp\/v2\/tags?post=5988"}],"curies":[{"name":"wp","href":"https:\/\/api.w.org\/{rel}","templated":true}]}}