{"id":8380,"date":"2016-03-07T11:30:34","date_gmt":"2016-03-07T09:30:34","guid":{"rendered":"http:\/\/www.worldofart.org\/aktualno\/?page_id=8380"},"modified":"2018-02-28T13:27:18","modified_gmt":"2018-02-28T11:27:18","slug":"niz-javnih-predavanj-kako-kriticno-je-stanje-kritiskega-pisanja","status":"publish","type":"page","link":"https:\/\/www.worldofart.org\/arhiv.worldofart.org\/aktualno\/niz-javnih-predavanj-kako-kriticno-je-stanje-kritiskega-pisanja","title":{"rendered":"Niz javnih predavanj: Kako kriti\u010dno je stanje kriti\u0161kega pisanja?"},"content":{"rendered":"<p><strong><a href=\"http:\/\/www.igorzabel.org\/sl\/drustvo\">Dru\u0161tvo Igor Zabel za kulturo in teorijo<\/a> <\/strong>in<strong><em> Svet umetnosti<\/em><\/strong>, \u0161ola za kuratorske prakse in kriti\u0161ko pisanje vabita na niz javnih predavanj <strong>KAKO KRITI\u010cNO JE STANJE KRITI\u0160KEGA PISANJA?<\/strong><\/p>\n<p><img loading=\"lazy\" decoding=\"async\" class=\"alignnone wp-image-9026\" src=\"https:\/\/www.worldofart.org\/arhiv.worldofart.org\/aktualno\/wp-content\/uploads\/2016\/03\/kritika-predavanja-2016_2-2.jpg\" alt=\"Kako kriti\u010dno je stanje kriti\u0161kega pisanja?\" width=\"867\" height=\"372\" srcset=\"https:\/\/www.worldofart.org\/arhiv.worldofart.org\/aktualno\/wp-content\/uploads\/2016\/03\/kritika-predavanja-2016_2-2.jpg 1000w, https:\/\/www.worldofart.org\/arhiv.worldofart.org\/aktualno\/wp-content\/uploads\/2016\/03\/kritika-predavanja-2016_2-2-300x129.jpg 300w, https:\/\/www.worldofart.org\/arhiv.worldofart.org\/aktualno\/wp-content\/uploads\/2016\/03\/kritika-predavanja-2016_2-2-768x329.jpg 768w\" sizes=\"(max-width: 867px) 100vw, 867px\" \/><\/p>\n<p><a href=\"https:\/\/www.worldofart.org\/arhiv.worldofart.org\/aktualno\/wp-content\/uploads\/2016\/03\/zlozenka-predavanja2016.pdf\" target=\"_blank\" rel=\"noopener noreferrer\">Zlo\u017eenka predavanja 2016 (pdf)<\/a><\/p>\n<p>Lani zasnovano premi\u0161ljanje o aktualni vlogi in statusu kriti\u0161kega pisanja na podro\u010dju vizualne umetnosti in kulture z naslovom <a href=\"https:\/\/www.worldofart.org\/arhiv.worldofart.org\/aktualno\/petnajsto-leto-2014-2016\/serija-javnih-predavanj\"><em>Kako kriti\u010dno je stanje kriti\u0161kega pisanja?<\/em><\/a> nadaljujemo z novim nizom predavanj.<\/p>\n<p>Premi\u0161ljanje izhaja iz zavedanja, da je kriti\u0161ko pisanje pomemben del umetnostnega sistema, s katerim lahko umetnost \u0161ele scela izpolnjuje svojo dru\u017ebeno poslanstvo; ker pa kritika zlagoma izginja iz tradicionalnih javnih ob\u010dil, se spreminja skladno z digitalizacijo medijev in demokratizacijo kulturne produkcije ter izgublja svoj polo\u017eaj v &#8220;razmerju sil&#8221; znotraj samega umetnostnega polja, postajata njena vloga in polo\u017eaj vedno bolj nejasna.<\/p>\n<p>V leto\u0161njem letu izhajamo iz sklepa lanske serije, da je bolj kot o krizi kriti\u0161kega pisanja, ki se ka\u017ee v oddaljevanju kritike od njenega tradicionalno uveljavljenega formata, smiselno govoriti o novih pojavnih oblikah kritike.<\/p>\n<p>O spremembah v sodobni kriti\u0161ko-teoretski produkciji bodo predavali: <strong>Thijs Lijster<\/strong>, <strong>Ekaterina Degot<\/strong>, <strong>Maja Breznik, Izidor Bar\u0161i<\/strong> &amp; <strong>Kaja Kraner (\u0160UM)<\/strong>, <strong>Antonija Letini\u0107<\/strong> in<strong> Fouad Asfour<\/strong>. Za\u010deli bomo s kratkim zgodovinskim pregledom umetnostne kritike, potem pa prek analize razli\u010dnih dejavnikov za t. i. krizo (identitete) kriti\u0161kega pisanja razpravo preusmerili k &#8220;novim prostorom&#8221; za kritiko. Pogledali bomo, kako se je kritika preobrazila skladno s tehnolo\u0161kimi spremembami od tiskanega k digitalnemu, z druga\u010dnimi politi\u010dno-ekonomskimi okoli\u0161\u010dinami ter s spreminjajo\u010do se umetni\u0161ko produkcijo in institucionalnimi spremembami v samem umetnostnem polju. Posku\u0161ali bomo pojasniti, kako se likovna kritika danes vklju\u010duje v umetnostni sistem in v proces institucionalizacije umetnosti ter kak\u0161en je sam polo\u017eaj umetnostnih kritikov. Predvsem pa nas bo zanimalo, kaj pozitivnega lahko vendarle prina\u0161a trenutno stanje na podro\u010dju kriti\u0161kega pisanja in kaj je potrebno za nove &#8220;utelesitve&#8221; oz. &#8220;uprostoritve&#8221; kritike.<\/p>\n<p class=\"leto\"><strong>2016<\/strong><\/p>\n<table border=\"0\" width=\"100%\" cellspacing=\"0\" cellpadding=\"0\">\n<tbody>\n<tr>\n<td class=\"mesec\" rowspan=\"2\" valign=\"top\" width=\"20%\">marec<\/td>\n<td class=\"tdprogramsredina\" valign=\"top\" width=\"25%\">torek,<br \/>\n29. 3. 2016, 14.40\u201316.20,<br \/>\nFilozofska fakulteta (soba 343)<\/td>\n<td class=\"tdprogram\" valign=\"top\" width=\"58%\"><a href=\"https:\/\/www.worldofart.org\/arhiv.worldofart.org\/aktualno\/archives\/8419\">Thijs Lijster: Kriza kritike<\/a><\/td>\n<\/tr>\n<tr>\n<td class=\"tdprogramsredina\" valign=\"top\" width=\"25%\">sreda,<br \/>\n30. 3. 2016, ob 18.00 uri,<br \/>\nProjektna soba SCCA-Ljubljana<\/td>\n<td class=\"tdprogram\" valign=\"top\" width=\"58%\"><a href=\"https:\/\/www.worldofart.org\/arhiv.worldofart.org\/aktualno\/archives\/8419\">Thijs Lijster: Naproti &#8220;uprostoritvi&#8221; kritike<\/a><\/td>\n<\/tr>\n<tr>\n<td class=\"mesec\" valign=\"top\" width=\"20%\">april<\/td>\n<td class=\"tdprogramsredina\" valign=\"top\" width=\"25%\">torek,<br \/>\n5. 4. 2016, ob 19.00 uri,<br \/>\nProjektna soba SCCA-Ljubljana<\/td>\n<td class=\"tdprogram\" valign=\"top\" width=\"58%\"><a href=\"https:\/\/www.worldofart.org\/arhiv.worldofart.org\/aktualno\/archives\/8516\">Ekaterina Degot: Ko so vsi kriti\u010dni, nih\u010de pa ni kritik<\/a><\/td>\n<\/tr>\n<tr>\n<td class=\"mesec\" valign=\"top\" width=\"20%\">september<\/td>\n<td class=\"tdprogramsredina\" valign=\"top\" width=\"25%\">torek,<br \/>\n27. 9. 2016, ob 18.00 uri,<br \/>\nProjektna soba SCCA-Ljubljana<\/td>\n<td class=\"tdprogram\" valign=\"top\" width=\"58%\"><a href=\"https:\/\/www.worldofart.org\/arhiv.worldofart.org\/aktualno\/archives\/9012\">Maja Breznik: Predstavitev analize \u2013 Kam je \u0161la likovna kritika?<\/a><\/td>\n<\/tr>\n<tr>\n<td class=\"mesec\" rowspan=\"2\" valign=\"top\" width=\"20%\">oktober<\/td>\n<td class=\"tdprogramsredina\" valign=\"top\" width=\"25%\">\u010detrtek,<br \/>\n6. 10. 2016, ob 18.00 uri,<br \/>\nProjektna soba SCCA-Ljubljana<\/td>\n<td class=\"tdprogram\" valign=\"top\" width=\"58%\"><a href=\"https:\/\/www.worldofart.org\/arhiv.worldofart.org\/aktualno\/archives\/9055\">Izidor Bar\u0161i in Kaja Kraner (\u0160UM): Diskurzi, ki spremljajo umetnost: Umetnostna kritika<\/a><\/td>\n<\/tr>\n<tr>\n<td class=\"tdprogramsredina\" valign=\"top\" width=\"25%\">\u010detrtek,<br \/>\n13. 10. 2016, ob 18.00 uri,<br \/>\nProjektna soba SCCA-Ljubljana<\/td>\n<td class=\"tdprogram\" valign=\"top\" width=\"58%\"><a href=\"https:\/\/www.worldofart.org\/arhiv.worldofart.org\/aktualno\/archives\/9058\">Antonija Letini\u0107: O \u010dem sploh govorimo, ko govorimo o kritiki?<\/a><\/td>\n<\/tr>\n<tr>\n<td class=\"mesec\" valign=\"top\" width=\"20%\">december<\/td>\n<td class=\"tdprogramsredina\" valign=\"top\" width=\"25%\">sreda,<br \/>\n7. 12. 2016, ob 16.00 uri,<br \/>\n+MSUM, Maistrova 3, Ljubljana<\/td>\n<td class=\"tdprogram\" valign=\"top\" width=\"58%\"><a href=\"https:\/\/www.worldofart.org\/arhiv.worldofart.org\/aktualno\/archives\/9775\">Fouad Asfour: Odu\u010diti se pisanja o umetnosti<\/a><\/td>\n<\/tr>\n<\/tbody>\n<\/table>\n<p>Predavanja bodo deloma v angle\u0161\u010dini in deloma v sloven\u0161\u010dini.<\/p>\n<p>Niz javnih predavanj in delavnic <em>Kako kriti\u010dno je stanje kriti\u0161kega pisanja?<\/em> pripravljata <strong><a href=\"http:\/\/www.igorzabel.org\/sl\/drustvo\">Dru\u0161tvo Igor Zabel za kulturo in teorijo<\/a> <\/strong>in<strong> <a href=\"http:\/\/www.scca-ljubljana.si\" target=\"_blank\" rel=\"noopener noreferrer\">SCCA\u2013Ljubljana<\/a><\/strong> in je del izobra\u017eevalnega programa <em><strong>Svet umetnosti<\/strong><\/em>, \u0161ole za kuratorske prakse in kriti\u0161ko pisanje.<\/p>\n<p><img loading=\"lazy\" decoding=\"async\" class=\"wp-image-7606 alignleft\" title=\"Svet umetnosti \/ World of Art\" src=\"https:\/\/www.worldofart.org\/arhiv.worldofart.org\/aktualno\/wp-content\/uploads\/2015\/06\/woa120.gif\" alt=\"Svet umetnosti \/ World of Art\" width=\"87\" height=\"63\" \/><img loading=\"lazy\" decoding=\"async\" class=\"wp-image-7607 alignleft\" title=\"Dru\u0161tvo Igor Zabel za kulturo in teorijo\" src=\"https:\/\/www.worldofart.org\/arhiv.worldofart.org\/aktualno\/wp-content\/uploads\/2015\/06\/igor_zabel_logo.png\" alt=\"Dru\u0161tvo Igor Zabel za kulturo in teorijo\" width=\"93\" height=\"58\" \/><\/p>\n<div style=\"clear: both;\"><\/div>\n<div style=\"clear: both;\">Partnerja: Oddelek za umetnostno zgodovino Filozofske fakultete Univerze v Ljubljani in UGM \u2013 Umetnostna galerija Maribor.<\/div>\n<p><img loading=\"lazy\" decoding=\"async\" class=\"alignnone wp-image-8384\" src=\"https:\/\/www.worldofart.org\/arhiv.worldofart.org\/aktualno\/wp-content\/uploads\/2016\/03\/FF-logo.gif\" alt=\"Filozofska fakulteta Univerze v Ljubljani\" width=\"83\" height=\"73\" \/>\u00a0 \u00a0<img loading=\"lazy\" decoding=\"async\" class=\"alignnone wp-image-7187\" src=\"https:\/\/www.worldofart.org\/arhiv.worldofart.org\/aktualno\/wp-content\/uploads\/2015\/03\/UGM.gif\" alt=\"UGM\" width=\"79\" height=\"79\" \/><\/p>\n<p>Program podpirajo: Mestna ob\u010dina Ljubljana \u2013 Oddelek za kulturo, Erste sklad in Goethe Institut Ljubljana.<\/p>\n<p><img loading=\"lazy\" decoding=\"async\" class=\"alignnone size-full wp-image-5935\" title=\"Mestna ob\u010dina Ljubljana \u2013 Oddelek za kulturo\" src=\"https:\/\/www.worldofart.org\/arhiv.worldofart.org\/aktualno\/wp-content\/uploads\/2014\/01\/mol.jpg\" alt=\"Mestna ob\u010dina Ljubljana \u2013 Oddelek za kulturo\" width=\"118\" height=\"84\" \/> <img loading=\"lazy\" decoding=\"async\" class=\"alignnone size-full wp-image-5934\" title=\"Erste sklad\" src=\"https:\/\/www.worldofart.org\/arhiv.worldofart.org\/aktualno\/wp-content\/uploads\/2014\/01\/erste-stiftung.jpg\" alt=\"Erste sklad\" width=\"149\" height=\"84\" \/> <img loading=\"lazy\" decoding=\"async\" class=\"alignnone wp-image-8389\" src=\"https:\/\/www.worldofart.org\/arhiv.worldofart.org\/aktualno\/wp-content\/uploads\/2016\/03\/Goethe_Institut.gif\" alt=\"Goethe Institut\" width=\"130\" height=\"61\" \/><\/p>\n<hr \/>\n<p><strong>VE\u010c O PREDAVANJIH, PREDAVATELJIH IN PREDAVATELJICAH<br \/>\n<\/strong><\/p>\n<p><strong>Thijs Lijster<\/strong><strong>: Kriza kritike<br \/>\ntorek, 29. marec 2016, 14.40\u201316.20, Filozofska fakulteta (soba 343), A\u0161ker\u010deva 2, Ljubljana<\/strong><br \/>\nKaj je &#8220;kriza kritike&#8221;, ki je v zadnjem desetletju predmet tako \u0161tevilnih razprav, in od kod izvira? Ali sploh lahko govorimo o krizi, \u010de je kritika malone vseprisotna? Kak\u0161no mesto torej zaseda umetnostna kritika v sedanji mediatizirani in globalizirani javni sferi? Predavanje za\u010dnem s kratkim zgodovinskim pregledom umetnostne kritike, nato razpravljam o vlogah kritika (npr. interpretacija, presoja, povezovanje dolo\u010denega dela z dru\u017ebenozgodovinskim kontekstom), o uporabi in zlorabi kritike ter o poteh, ki vodijo iz omenjene krize. Na koncu pojasnim, zakaj ima kritika \u0161e vedno pomembno vlogo v demokrati\u010dni javni sferi.<\/p>\n<p><strong>Thijs Lijster<\/strong><strong>: Naproti &#8220;uprostoritvi&#8221; kritike<br \/>\nsreda, 30. marec 2016, 18.00, Projektna soba SCCA, Metelkova 6, Ljubljana<\/strong><br \/>\nV drugem predavanju pove\u017eem sodobne razvojne poteze v umetnostni kritiki s &#8220;stiskanjem prostor-\u010dasa&#8221;, zna\u010dilnim za moderno dobo. Prehod od moderne k sodobni umetnosti v 1980-ih je kritiko dehistoriziral in tudi deteritorializiral. Kriti\u010dno si ogledam ta razvoj, a vendar trdim, da lahko z novimi teoretskimi viri proizvedemo diskurz, s katerim izstopimo iz strokovnega polja tradicionalne kritike in ustvarimo nov prostor za kritiko.<\/p>\n<p><img loading=\"lazy\" decoding=\"async\" class=\"alignleft size-full wp-image-8463\" title=\"Thijs Lijster\" src=\"https:\/\/www.worldofart.org\/arhiv.worldofart.org\/aktualno\/wp-content\/uploads\/2016\/03\/Thijs-Lijster-1.jpg\" alt=\"\" width=\"100\" height=\"100\" \/><strong>Thijs Lijster<\/strong> je docent filozofije umetnosti in kulture na Univerzi v Groningenu. \u0160tudiral je v Groningenu in New Yorku ter leta 2012 doktoriral iz Benjaminovega in Adornovega koncepta umetnostne kritike. Svoje prispevke je objavil v knjigah, kot so <em>Conceptions of Critique in Modern and Contemporary Philosophy<\/em> (2012), <em>Institutional Attitudes <\/em>(2012) in <em>No Culture, No Europe<\/em> (2015). Je sourednik knjige <em>Spaces for Criticism: Shifts in Contemporary Art Discourses<\/em> (2015). Leta 2010 je prejel holandsko\/flamsko <em>Nagrado za mlado umetnostno kritiko<\/em>, leta 2015 pa nagrado za doktorske naloge, ki jo podeljujeta Boekmanov sklad in Nizozemska organizacija za znanstveno raziskovanje NWO. (Foto: Marc Schoeters)<\/p>\n<p>&#8212;<\/p>\n<p><strong>Ekaterina Degot: Ko so vsi kriti\u010dni, nih\u010de pa ni kritik<br \/>\ntorek, 5. april 2016, 19.00, Projektna soba SCCA, Metelkova 6, Ljubljana<\/strong><br \/>\nPonavljajo\u010da se razprava o kriti\u0161kem pisanju spominja na podobno razpravo, osredinjeno na pojem slikarstva. Ob vedno znova zastavljenem vpra\u0161anju o usodi slikarstva nas zamika, da bi kratko malo odgovorili, da je mrtvo. Seveda \u0161tevilni umetniki \u0161e slikajo, s tem pre\u017eivijo in celo uspejo ostati zgodovinsko relevantni, a se izogibajo ozna\u010dbi &#8220;slikar&#8221;. Podobno se veliko nas, katerih (vsakodnevno) delo je kriti\u0161ko pisanje, nerado predstavlja kot &#8220;poklicni kritik&#8221;. Kje je torej mesto kriti\u0161kega pisanja v tem spletu vse manj\u0161e usposobljenosti in vse bolj u\u010dinkovite izvedbe?<\/p>\n<p><strong>Predavanja se lahko v sredo, 6. aprila, prav tako ob 18. uri udele\u017eite v Umetnostni galeriji Maribor \/ UGM Studio, Trg Leona \u0160tuklja 2., Maribor.<\/strong><\/p>\n<p><img loading=\"lazy\" decoding=\"async\" class=\"alignleft size-full wp-image-3376\" title=\"Ekaterina Degot\" src=\"https:\/\/www.worldofart.org\/arhiv.worldofart.org\/aktualno\/wp-content\/uploads\/2016\/03\/Ekaterina-Degot.jpg\" alt=\"\" width=\"100\" height=\"100\" \/><strong>Ekaterina Degot <\/strong>je umetnostna zgodovinarka, piska o umetnosti in kuratorka. Trenutno je umetni\u0161ka direktorica na k\u00f6lnski Akademiji svetovne umetnosti (Academy of Arts of the World) in profesorica na moskovski \u0160oli za fotografijo in nove medije A. Rod\u010denka (Rodchenko Moscow School of Photography). Za kriti\u0161ko pisanje in kuratorstvo je leta 2014 prejela Nagrado Igorja Zabela za kulturo in teorijo. V obdobju 2008\u221212 je bila urednica www.openspace.ru\/art, neodvisne spletne revije umetnostne kritike in kulturne analize. Je tudi sourednica <em>Post-Post-Soviet?: Art, Politics and Society in Russia at the Turn of the Decade<\/em> (Chicago University Press, 2013). Njeni nedavni kuratorski projekti: <em>Report to an Academy, a Non-Academic Symposium, Performative or Otherwise<\/em>, Pluriversale I, K\u00f6ln, 2014 (z Davidom Riffom); <em>What Did the Artist Mean by That?<\/em>, Moscow Museum of Modern Art, 2014 (z Jurijem Albertom), <em>Monday Begins on Saturday<\/em>, First Bergen Assembly, Bergen, 2013 (z Davidom Riffom).<\/p>\n<p><strong>&#8212;<\/strong><strong>\u00a0<\/strong><\/p>\n<p><strong>Maja Breznik: Predstavitev analize \u2013 Kam je \u0161la likovna kritika?<br \/>\ntorek, 27. september 2016, 18.00, Projektna soba SCCA, Metelkova 6, Ljubljana<\/strong><br \/>\nV analizi dana\u0161njo likovno kritiko primerjam s \u010dasopisno kritiko iz srede 1980-ih (zajamem <em>Delo, Dnevnik, Ve\u010der, Primorske novice, Na\u0161i razgledi\/Pogledi<\/em>). Pri tem primerjam javno vidljivost likovne ustvarjalnosti, vsebinske premene v likovni kritiki in socialnoekonomski polo\u017eaj likovnih kritikov. Analizo sodobne likovne kritike dopolnim z (epistemolo\u0161kim) branjem sodobnih strokovnih \u010dlankov in akademskega pisanja. Z &#8220;glasnim&#8221; simptomati\u010dnim branjem (Althusser 1965, Ginzburg 1986) ori\u0161em teoretske zastavitve, konstrukcijo predmeta likovne ustvarjalnosti, horizont in zunanje meje sodobne kriti\u0161ko-teoretske produkcije. Pojasniti posku\u0161am, kako se likovna kritika vklju\u010duje v umetnostni sistem in v proces institucionalizacije umetnosti, \u010de sploh.<\/p>\n<p><img loading=\"lazy\" decoding=\"async\" class=\"alignleft size-full wp-image-3376\" title=\"Maja Breznik\" src=\"https:\/\/www.worldofart.org\/arhiv.worldofart.org\/aktualno\/wp-content\/uploads\/2016\/03\/Maja-Breznik.jpg\" alt=\"\" width=\"100\" height=\"100\" \/><strong>Maja Breznik<\/strong> je sociologinja in raziskovalka na Mirovnem in\u0161titutu. \u0160tudirala je na Univerzi v Ljubljani in na Ecole des hautes \u00e9tudes en sciences sociales (Pariz, 1998), bila \u0161tipendistka Institute of International Education\/Arts International (New York, 1992) in raziskovalka na Oddelku za sociologijo Univerze v Padovi (2002\u221204). Doslej je vodila ali sodelovala v 15 raziskovalnih projektih, tudi s podro\u010dja kulturnih politik. Objavila je ve\u010d knjig: <em>Obrt in u\u010denost<\/em> (2003), <em>Kulturni revizionizem\/Cultural Revisionism <\/em>(2004), <em>Kultura danajskih darov <\/em>(2009), <em>Posebni skepticizem v umetnosti <\/em>(2011), <em>Za napisom Nezaposlenim vstop prepovedan <\/em>(2014) in veliko poglavij ter \u010dlankov. V zadnjih letih se ukvarja predvsem z delavskimi pravicami in zasebnimi trgi dela.<\/p>\n<p>&#8212;<\/p>\n<p><strong>Izidor Bar\u0161i in Kaja Kraner (\u0160UM): Diskurzi, ki spremljajo umetnost: umetnostna kritika<br \/>\n\u010detrtek, 6. oktober 2016, 18.00, Projektna soba SCCA,<\/strong><strong> Metelkova 6, Ljubljana<\/strong><br \/>\nPredavanje ume\u0161\u010da umetnostno kritiko \u0161ir\u0161e v kontekst moderne vednosti in podrobneje v razmerje z institucionalizacijo umetnostnozgodovinske discipline v poznem 19. stoletju. Posebej nas zanima dvoje: (1) umestitev kritike kot diskurzivnega \u017eanra med njene referen\u010dne oblike vednosti na podro\u010dju humanisti\u010dnih znanosti in posledice te umestitve za samo kritiko ter (2) postopno zabrisovanje kompleksnih institucionalnih, zgodovinskih, ekonomskih idr. pogojev, zvezanih z modernisti\u010dno umetnostno kritiko med \u00a0vzpostavljanjem zahodnega umetnostnega sistema. Ob slednjem se podrobneje lotimo Greenbergove opredelitve modernizma in vloge kritike v njem, nato pa sku\u0161amo orisati spremembe znotraj samih umetnostnih praks, ki v dolo\u010denem zgodovinskem obdobju v veliki meri prelomijo z modernisti\u010dnimi interpretativnimi modeli. Kot sklepni del sledi premislek, kako so te spremembe povezane z dana\u0161njim stanjem kritike.<\/p>\n<p><img loading=\"lazy\" decoding=\"async\" class=\"alignleft size-full wp-image-3376\" title=\"Izidor Bar\u0161i\" src=\"https:\/\/www.worldofart.org\/arhiv.worldofart.org\/aktualno\/wp-content\/uploads\/2016\/03\/Izidor-Barsi.jpg\" alt=\"\" width=\"100\" height=\"100\" \/><strong>Izidor Bar\u0161i<\/strong> je diplomiral iz filozofije in sociologije kulture na Filozofski fakulteti Univerze v Ljubljani.\u00a0Besedila o filozofiji, umetnosti in arhitekturi\u00a0je objavljal v Tribuni, Mladini, Delu, Prazninah in Emzinu. Od leta 2010 dela v Redakciji za kulturo in humanisti\u010dne vede Radia \u0160tudent, od leta 2013 je \u010dlan uredni\u0161tva revije \u0160um, v obdobju 2014\u201315 je bil tudi urednik pri \u010dasopisu Tribuna. V Moderni galeriji, +MSUM in Tovarni Rog je organiziral ve\u010d bralnih seminarjev, osredoto\u010denih na filozofijo in teorijo.<\/p>\n<p><img loading=\"lazy\" decoding=\"async\" class=\"alignleft size-full wp-image-3376\" title=\"Kaja Kraner\" src=\"https:\/\/www.worldofart.org\/arhiv.worldofart.org\/aktualno\/wp-content\/uploads\/2016\/03\/Kaja-Kraner.jpg\" alt=\"\" width=\"100\" height=\"100\" \/><strong>Kaja Kraner<\/strong> primarno deluje kot piska kriti\u0161kih, teoretskih besedil in radijskih oddaj na podro\u010dju sodobnih umetnosti. Je programska sodelavka Pekarne Magdalenske mre\u017ee, \u010dlanica uredni\u0161tva revije <em>\u0160um<\/em>, sourednikuje oddajo Art-Area na Radiu \u0160tudent ter v okviru \u0160uma in kolektiva Neteorit (so)vodi bralne seminarje s podro\u010dja sodobnih umetnosti. Doslej se je osredoto\u010dala predvsem na odnose med umetnostjo, politiko in teorijo ter produkcijskimi okoli\u0161\u010dinami sodobne umetnosti. Trenutno v okviru doktorskega \u0161tudija raziskuje pojem geopolitike umetnosti.<\/p>\n<p>&#8212;<\/p>\n<p><strong>Antonija Letini\u0107: O \u010dem sploh govorimo, ko govorimo o kritiki?<\/strong><br \/>\n<strong>\u010detrtek, 13. oktober 2016, 18.00, Projektna soba SCCA,<\/strong><strong> Metelkova 6, Ljubljana<\/strong><br \/>\nV predavanju se osredoto\u010dam na razvoj in spremembo (forme) kritike v povezavi s spremembami na medijskem podro\u010dju. Zanima me, kako se je kritika spreminjala skladno s tehnolo\u0161kim razvojem od tiska k digitalnemu in kako se tradicionalni mediji vsebinsko spreminjajo: obvestila za medije\/javnost nadome\u0161\u010dajo novinarsko delo, izginjajo razli\u010dne zvrsti, oblike in \u017eanri oziroma se bri\u0161ejo meje med njimi (kritika \u2013 poro\u010dilo \u2013 pregled) idr. Dotaknem se tudi kritike, ki se spreminja hkrati s samo umetni\u0161ko produkcijo. Izhajajo\u010d iz interdisciplinarnosti sodobne umetnosti, govorim o povezavah med kriti\u010dno umetnostjo in umetnostno kritiko, ter kdaj pride med tema oblikama kritike do motnje ali celo spopada.<\/p>\n<p><img loading=\"lazy\" decoding=\"async\" class=\"alignleft size-full wp-image-3376\" title=\"Antonija Letini\u0107 \" src=\"https:\/\/www.worldofart.org\/arhiv.worldofart.org\/aktualno\/wp-content\/uploads\/2016\/03\/Antonija-Letinic.jpg\" width=\"100\" height=\"100\" \/><strong>Antonija Letini\u0107 <\/strong>je v kulturi dejavna od leta 2000. Kot producentka, koordinatorka, urednica, piarovka je sodelovala je s \u0161tevilnimi nevladnimi organizacijami na podro\u010dju kulture v Zagrebu.<br \/>\nDanes je glavna urednica portala <em>kulturpunkt.hr<\/em>, soustanoviteljica organizacije za razvoj neprofitnega medija Nemeza in podpredsednica organizacije Kurziv \u2013 Platforma za vpra\u0161anja kulture, medijev in dru\u017ebe, v okviru katere omenjeni portal deluje.<\/p>\n<p>&#8212;<\/p>\n<p><strong>Fouad Asfour: Odu\u010diti se pisanja o umetnosti<\/strong><br \/>\n<strong>Sreda, 7. december 2016, 16.00, Muzej sodobne umetnosti Metelkova, Maistrova 3, Ljubljana<\/strong><br \/>\nPisanje o umetnosti se giblje med razli\u010dnimi prostori objavljanja in diskurzivnimi polji. Po vsem svetu pa diskurz o umetnosti deluje v zapleteni in nestalni napetosti med umetnostnim trgom ter sodobnimi umetni\u0161kimi in razstavnimi praksami. To zahteva kriti\u010dno refleksijo o diskurzih \u201cglobalizirane umetnosti\u201c, kot tudi refleksijo, osredoto\u010deno na odnos med pisanjem o umetnosti in umetnostnim izobra\u017eevanjem. Moje predavanje prevpra\u0161uje pogoje pisanja o umetnosti s kriti\u010dnim razmislekom o kolonialni oblastni matrici v umetnostnem izobra\u017eevanju. S primeri iz sodobne umetnosti zagovarjam, da mora <em>neubogljivo telo<\/em> pisca postati vidno prek <em>spremembe tona<\/em>,<em> jezikoslovne gverile<\/em> (maro\u0161ki pisatelj Mohamed Khair-Eddine) in <em>jezikovnega terorizma<\/em> (\u010dikana feministka in queer teoreti\u010darka Gloria Anzaldua).<\/p>\n<p><img loading=\"lazy\" decoding=\"async\" class=\"alignleft size-full wp-image-9779\" title=\"Fouad Asfour\" src=\"https:\/\/www.worldofart.org\/arhiv.worldofart.org\/aktualno\/wp-content\/uploads\/2016\/11\/Fouad-Asfour_.jpg\" alt=\"Fouad Asfour\" width=\"100\" height=\"100\" \/><strong>Fouad Asfour<\/strong> je pisec, urednik in jezikoslovec, ki prek sodelovalnih okvirov deluje pri publikacijah, razstavah in projektih umetni\u0161kih izmenjav. Delal je za razli\u010dne umetni\u0161ke ustanove in raziskovalne projekte, bil je del projekta revij <em>d<\/em><em>ocumenta 12 <\/em>in je \u010dlan umetni\u0161kega kolektiva Dead Revolutionaries Club. Leta 2011 je osnoval neodvisni zalo\u017eni\u0161ki projekt <em>Pole<\/em><em> Pole Press<\/em> in soustanovil samoorganiziran \u0161tipendijski sklad Thekgo Bursary, ki zdaj sodeluje s Canon Collins Trust. Magistriral je iz jezikoslovja na dunajski univerzi, trenutno pa kon\u010duje magisterij iz ustvarjalnega pisanja na Rhodes University (Republika Ju\u017ena Afrika). Asfour je dobitnik delovne \u0161tipendije nagrade Igorja Zabela za kulturo in teorijo 2008.<\/p>\n<hr \/>\n<p><strong><a href=\"https:\/\/www.worldofart.org\/arhiv.worldofart.org\/aktualno\/petnajsto-leto-2014-2016\/serija-javnih-predavanj\">Arhiv predavanj <em>Kako kriti\u010dno je stanje kriti\u0161kega pisanja?<\/em> v Letu 15 (2014-2016)<\/a><\/strong><\/p>\n","protected":false},"excerpt":{"rendered":"<p>Dru\u0161tvo Igor Zabel za kulturo in teorijo in Svet umetnosti, \u0161ola za kuratorske prakse in kriti\u0161ko pisanje vabita na niz javnih predavanj KAKO KRITI\u010cNO JE STANJE KRITI\u0160KEGA PISANJA? Zlo\u017eenka predavanja 2016 (pdf) Lani zasnovano premi\u0161ljanje o aktualni vlogi in statusu kriti\u0161kega pisanja na podro\u010dju vizualne umetnosti in kulture z naslovom Kako kriti\u010dno je stanje kriti\u0161kega [&hellip;]<\/p>\n","protected":false},"author":1,"featured_media":9025,"parent":0,"menu_order":0,"comment_status":"closed","ping_status":"closed","template":"","meta":{"footnotes":""},"categories":[31,35],"tags":[],"_links":{"self":[{"href":"https:\/\/www.worldofart.org\/arhiv.worldofart.org\/aktualno\/wp-json\/wp\/v2\/pages\/8380"}],"collection":[{"href":"https:\/\/www.worldofart.org\/arhiv.worldofart.org\/aktualno\/wp-json\/wp\/v2\/pages"}],"about":[{"href":"https:\/\/www.worldofart.org\/arhiv.worldofart.org\/aktualno\/wp-json\/wp\/v2\/types\/page"}],"author":[{"embeddable":true,"href":"https:\/\/www.worldofart.org\/arhiv.worldofart.org\/aktualno\/wp-json\/wp\/v2\/users\/1"}],"replies":[{"embeddable":true,"href":"https:\/\/www.worldofart.org\/arhiv.worldofart.org\/aktualno\/wp-json\/wp\/v2\/comments?post=8380"}],"version-history":[{"count":51,"href":"https:\/\/www.worldofart.org\/arhiv.worldofart.org\/aktualno\/wp-json\/wp\/v2\/pages\/8380\/revisions"}],"predecessor-version":[{"id":11410,"href":"https:\/\/www.worldofart.org\/arhiv.worldofart.org\/aktualno\/wp-json\/wp\/v2\/pages\/8380\/revisions\/11410"}],"wp:featuredmedia":[{"embeddable":true,"href":"https:\/\/www.worldofart.org\/arhiv.worldofart.org\/aktualno\/wp-json\/wp\/v2\/media\/9025"}],"wp:attachment":[{"href":"https:\/\/www.worldofart.org\/arhiv.worldofart.org\/aktualno\/wp-json\/wp\/v2\/media?parent=8380"}],"wp:term":[{"taxonomy":"category","embeddable":true,"href":"https:\/\/www.worldofart.org\/arhiv.worldofart.org\/aktualno\/wp-json\/wp\/v2\/categories?post=8380"},{"taxonomy":"post_tag","embeddable":true,"href":"https:\/\/www.worldofart.org\/arhiv.worldofart.org\/aktualno\/wp-json\/wp\/v2\/tags?post=8380"}],"curies":[{"name":"wp","href":"https:\/\/api.w.org\/{rel}","templated":true}]}}