{"id":8551,"date":"2016-04-04T14:38:48","date_gmt":"2016-04-04T12:38:48","guid":{"rendered":"http:\/\/www.worldofart.org\/aktualno\/?page_id=8551"},"modified":"2016-11-19T22:00:48","modified_gmt":"2016-11-19T20:00:48","slug":"miha-kelemina-priprava-tehnicnega-nacrta-za-razstavo-sodobne-umetnosti","status":"publish","type":"page","link":"https:\/\/www.worldofart.org\/arhiv.worldofart.org\/aktualno\/petnajsto-leto-2014-2016\/modul-o-prakticnih-delih-kustosa\/miha-kelemina-priprava-tehnicnega-nacrta-za-razstavo-sodobne-umetnosti","title":{"rendered":"Miha Kelemina: Priprava tehni\u010dnega na\u010drta za razstavo sodobne umetnosti"},"content":{"rendered":"<p>SVET UMETNOSTI<br \/>\n\u0160ola za kustose in kritike sodobne umetnosti<br \/>\nLeto 15<br \/>\n2. letnik (oktober 2015\u2013junij 2016)<\/p>\n<p><a href=\"https:\/\/www.worldofart.org\/arhiv.worldofart.org\/aktualno\/petnajsto-leto-2014-2016\/modul-o-prakticnih-delih-kustosa\"><em>Modul o prakti\u010dnih delih kustosa<\/em><\/a><\/p>\n<p><strong>\u010cetrtek, 24. marec 2016, ob 16.00<\/strong><br \/>\nProjektna soba SCCA, Metelkova 6, Ljubljana<\/p>\n<hr \/>\n<p>Na modulu <em>Priprava tehni\u010dnega na\u010drta za razstavo sodobne umetnosti<\/em> bomo pogledali, kaj je tehni\u010dni na\u010drt (ob snovanju razstave od preliminarne, pripravljalne faze in faze finalizacije, izbora umetni\u0161kih del do operativne faze in postavljanja del v prostor) in kako ga pripravimo; pogledali bomo, kak\u0161ne tehni\u010dne na\u010drte je potrebno prilo\u017eiti razpisni dokumentaciji ob prijavi na razpis, kako sestavimo seznam potreb umetnic in umetnikov pri pripravi razstave sodobne umetnosti, razli\u010dne primere na\u010drtovanja postavitve del v prostor, \u010dasovni okvir postavljanja, idr.<\/p>\n<p>V prihodnjih tednih bomo vzporedno s snovanjem razstave in z na\u010drtom postavitve umetni\u0161kih del v prostor, sestavili tudi tehni\u010dni na\u010drt in \u010dasovni okvir postavljanja kon\u010dne razstave <em>Sveta umetnosti<\/em> v Galeriji \u0160kuc.<\/p>\n<hr \/>\n<p>Fotografije s sre\u010danja v Projektni sobi ter fotografije fotomonta\u017ee postavitve umetni\u0161kega dela v prostor (Sre\u010dko Kosovel: <em>Lete\u010da ladja<\/em>, 1926, reprodukcija lepljenke; fotomonta\u017ea za postavitev reprodukcije lepljenke na razstavi <em>Besede kot barve, barve kot besede<\/em>, 26. 8.\u201329. 8. 2015, Stara steklarska delavnica, Ptuj, fotomonta\u017ea: Vesna Bukovec)<br \/>\nFoto: arhiv SCCA-Ljubljana<\/p>\n<p><a href=\"https:\/\/www.worldofart.org\/arhiv.worldofart.org\/aktualno\/wp-content\/uploads\/2016\/04\/Modul-tehnicni-nacrt-1.jpg\" rel=\"lightbox[8551]\"><img loading=\"lazy\" decoding=\"async\" src=\"https:\/\/www.worldofart.org\/arhiv.worldofart.org\/aktualno\/wp-content\/uploads\/2016\/04\/Modul-tehnicni-nacrt-1-150x150.jpg\" alt=\"Miha Kelemina: Priprava tehni\u010dnega na\u010drta za razstavo sodobne umetnosti.\" width=\"150\" height=\"150\" class=\"alignnone size-thumbnail wp-image-8552\" \/><\/a> <a href=\"https:\/\/www.worldofart.org\/arhiv.worldofart.org\/aktualno\/wp-content\/uploads\/2016\/04\/Modul-tehnicni-nacrt-2.jpg\" rel=\"lightbox[8551]\"><img loading=\"lazy\" decoding=\"async\" src=\"https:\/\/www.worldofart.org\/arhiv.worldofart.org\/aktualno\/wp-content\/uploads\/2016\/04\/Modul-tehnicni-nacrt-2-150x150.jpg\" alt=\"Miha Kelemina: Priprava tehni\u010dnega na\u010drta za razstavo sodobne umetnosti.\" width=\"150\" height=\"150\" class=\"alignnone size-thumbnail wp-image-8553\" \/><\/a> <a href=\"https:\/\/www.worldofart.org\/arhiv.worldofart.org\/aktualno\/wp-content\/uploads\/2016\/04\/Modul-tehnicni-nacrt-3.jpg\" rel=\"lightbox[8551]\"><img loading=\"lazy\" decoding=\"async\" src=\"https:\/\/www.worldofart.org\/arhiv.worldofart.org\/aktualno\/wp-content\/uploads\/2016\/04\/Modul-tehnicni-nacrt-3-150x150.jpg\" alt=\"Miha Kelemina: Priprava tehni\u010dnega na\u010drta za razstavo sodobne umetnosti.\" width=\"150\" height=\"150\" class=\"alignnone size-thumbnail wp-image-8554\" \/><\/a> <a href=\"https:\/\/www.worldofart.org\/arhiv.worldofart.org\/aktualno\/wp-content\/uploads\/2016\/04\/Modul-tehnicni-nacrt-4.jpg\" rel=\"lightbox[8551]\"><img loading=\"lazy\" decoding=\"async\" src=\"https:\/\/www.worldofart.org\/arhiv.worldofart.org\/aktualno\/wp-content\/uploads\/2016\/04\/Modul-tehnicni-nacrt-4-150x150.jpg\" alt=\"Miha Kelemina: Priprava tehni\u010dnega na\u010drta za razstavo sodobne umetnosti.\" width=\"150\" height=\"150\" class=\"alignnone size-thumbnail wp-image-8555\" \/><\/a><\/p>\n","protected":false},"excerpt":{"rendered":"<p>SVET UMETNOSTI \u0160ola za kustose in kritike sodobne umetnosti Leto 15 2. letnik (oktober 2015\u2013junij 2016) Modul o prakti\u010dnih delih kustosa \u010cetrtek, 24. marec 2016, ob 16.00 Projektna soba SCCA, Metelkova 6, Ljubljana Na modulu Priprava tehni\u010dnega na\u010drta za razstavo sodobne umetnosti bomo pogledali, kaj je tehni\u010dni na\u010drt (ob snovanju razstave od preliminarne, pripravljalne faze [&hellip;]<\/p>\n","protected":false},"author":1,"featured_media":0,"parent":5997,"menu_order":0,"comment_status":"closed","ping_status":"closed","template":"","meta":{"footnotes":""},"categories":[],"tags":[],"_links":{"self":[{"href":"https:\/\/www.worldofart.org\/arhiv.worldofart.org\/aktualno\/wp-json\/wp\/v2\/pages\/8551"}],"collection":[{"href":"https:\/\/www.worldofart.org\/arhiv.worldofart.org\/aktualno\/wp-json\/wp\/v2\/pages"}],"about":[{"href":"https:\/\/www.worldofart.org\/arhiv.worldofart.org\/aktualno\/wp-json\/wp\/v2\/types\/page"}],"author":[{"embeddable":true,"href":"https:\/\/www.worldofart.org\/arhiv.worldofart.org\/aktualno\/wp-json\/wp\/v2\/users\/1"}],"replies":[{"embeddable":true,"href":"https:\/\/www.worldofart.org\/arhiv.worldofart.org\/aktualno\/wp-json\/wp\/v2\/comments?post=8551"}],"version-history":[{"count":1,"href":"https:\/\/www.worldofart.org\/arhiv.worldofart.org\/aktualno\/wp-json\/wp\/v2\/pages\/8551\/revisions"}],"predecessor-version":[{"id":8556,"href":"https:\/\/www.worldofart.org\/arhiv.worldofart.org\/aktualno\/wp-json\/wp\/v2\/pages\/8551\/revisions\/8556"}],"up":[{"embeddable":true,"href":"https:\/\/www.worldofart.org\/arhiv.worldofart.org\/aktualno\/wp-json\/wp\/v2\/pages\/5997"}],"wp:attachment":[{"href":"https:\/\/www.worldofart.org\/arhiv.worldofart.org\/aktualno\/wp-json\/wp\/v2\/media?parent=8551"}],"wp:term":[{"taxonomy":"category","embeddable":true,"href":"https:\/\/www.worldofart.org\/arhiv.worldofart.org\/aktualno\/wp-json\/wp\/v2\/categories?post=8551"},{"taxonomy":"post_tag","embeddable":true,"href":"https:\/\/www.worldofart.org\/arhiv.worldofart.org\/aktualno\/wp-json\/wp\/v2\/tags?post=8551"}],"curies":[{"name":"wp","href":"https:\/\/api.w.org\/{rel}","templated":true}]}}