{"id":2663,"date":"2015-04-18T15:47:00","date_gmt":"2015-04-18T13:47:00","guid":{"rendered":"http:\/\/www.worldofart.org\/current\/?page_id=2663"},"modified":"2017-07-12T08:37:07","modified_gmt":"2017-07-12T06:37:07","slug":"curating-in-depth","status":"publish","type":"page","link":"https:\/\/www.worldofart.org\/arhiv.worldofart.org\/current\/15th-season-2014-2016\/curating-in-depth","title":{"rendered":"Curating\u2013In\u2013Depth"},"content":{"rendered":"<p><strong><em>Curating\u2013In\u2013Depth<\/em><\/strong>, prepared by two main partners <strong>SCCA, Center for Contemporary Arts \u2013 Ljubljana<\/strong> (Slovenia) and <strong>Planting Rice<\/strong> (Philippines) and associated organisation <strong>Kurziv<\/strong> (Croatia), is an incubation project between non-governmental institutions from Europe and Asia, whose goals are for the development of curatorial education. It connects initiatives in the field of curatorial practices and the production of visual arts exhibitions, which share the same approach (we call it the curating-in-depth), but are rooted in different cultural environments and artistic milieus.<\/p>\n<p>Our assets are our diversities, connected to diverse contexts we are coming from. Together, we respond to the phenomenon of \u201cparachuting curators\u201d that rely on minimal engagement as they come into a new cultural milieu and discount the politics of cultural representation. All partners share the opinion that the contemporary visual arts, curatorial and critical practices should deeply engage with contexts: artists and practitioners that make up the bigger community; and that exhibitions and other artistic presentation should be supported by critical and\/or practice-based research. In order to achieve this, a crossover of different manifestations (lectures, workshops, research work, modules on the practical work of the curator, study excursions) will be used in-between the project\u2019s production, research, representation and education.<\/p>\n<p>Through mobilities for curators, students and cultural operators between the Philippines, Slovenia and Croatia, we expect to increase knowledge on these cultural scenes and to develop a practice of accountability in intercultural exchanges and cross-cultural curating. The program of engagement includes, but not limited to, artist talks, workshops, and other modes of presentations structured within the aim of raising awareness that contemporary art practice is a medium for intercultural dialogue that exceeds cultural, and social boundaries. We tailor this incubator framework for new collaborations amongst artists and curators.<\/p>\n<hr \/>\n<p><img loading=\"lazy\" decoding=\"async\" class=\"alignnone  wp-image-3235\" title=\"Curating-In-Depth\" src=\"https:\/\/www.worldofart.org\/arhiv.worldofart.org\/current\/wp-content\/uploads\/2015\/04\/curating-in-depth-web.jpg\" alt=\"\" width=\"801\" height=\"367\" srcset=\"https:\/\/www.worldofart.org\/arhiv.worldofart.org\/current\/wp-content\/uploads\/2015\/04\/curating-in-depth-web.jpg 620w, https:\/\/www.worldofart.org\/arhiv.worldofart.org\/current\/wp-content\/uploads\/2015\/04\/curating-in-depth-web-300x137.jpg 300w\" sizes=\"auto, (max-width: 801px) 100vw, 801px\" \/><\/p>\n<p>Project <strong><em>Curating\u2013In\u2013Depth<\/em><\/strong> is one of the three projects that have been selected for the support in 2015 through the fourth edition of <em>Creative Encounters: Cultural Partnerships between Asia and Europe<\/em>, launched by the <a href=\"http:\/\/www.asef.org\/\" target=\"_blank\" rel=\"noopener\"><strong>Asia-Europe Foundation<\/strong><\/a> (ASEF), and its partners the <a href=\"http:\/\/www.artsnetworkasia.org\/main.html\" target=\"_blank\" rel=\"noopener\"><strong>Arts Network Asia<\/strong><\/a> (ANA) and the <strong>European network <\/strong><a href=\"http:\/\/www.teh.net\/\" target=\"_blank\" rel=\"noopener\"><strong>Trans Europe Halles<\/strong><\/a> (TEH). Through <a href=\"http:\/\/www.asef.org\/index.php\/projects\/themes\/culture\/3218-creative-encounters--fourth-edition-2014--2015-\" target=\"_blank\" rel=\"noopener\"><em><strong>Creative Encounters<\/strong><\/em><\/a>, <strong>ASEF<\/strong>, <strong>ANA<\/strong> and <strong>TEH<\/strong> actively foster connections across cultures by supporting artistic collaborations, exchanges and dialogues. Together, they aim to reinforce Asia-Europe exchanges with the objectives of deepening mutual understanding between cultural communities in the two regions, enhancing the mobility of artists and cultural professionals, and encouraging creative collaborations.<\/p>\n<p>During the visit of Asian artists and curators, presumably from 10<sup>th<\/sup> to 13<sup>th<\/sup> May 2015, the Director of the Culture Department of ASEF, Anupama Sekhar, will be present in Ljubljana.<\/p>\n<p><a href=\"http:\/\/www.asef.org\/index.php\/projects\/themes\/culture\/3218-creative-encounters--fourth-edition-2014--2015-\"><img loading=\"lazy\" decoding=\"async\" class=\"alignnone size-full wp-image-7416\" title=\"Creative Encounters\" src=\"https:\/\/www.worldofart.org\/arhiv.worldofart.org\/aktualno\/wp-content\/uploads\/2015\/04\/creative-encounters-logo.jpg\" alt=\"\" width=\"300\" height=\"120\" \/><\/a><\/p>\n<hr \/>\n<p><a href=\"https:\/\/www.worldofart.org\/arhiv.worldofart.org\/current\/wp-content\/uploads\/2015\/04\/CID-Open-ended-Possibilities.pdf\" target=\"_blank\" rel=\"noopener\"><img loading=\"lazy\" decoding=\"async\" class=\"alignnone  wp-image-3750\" title=\"Curating-In-Depth: Open-ended Possibilites\" src=\"https:\/\/www.worldofart.org\/arhiv.worldofart.org\/current\/wp-content\/uploads\/2015\/04\/cid-open-ended-possibilites.jpg\" alt=\"\" width=\"803\" height=\"328\" srcset=\"https:\/\/www.worldofart.org\/arhiv.worldofart.org\/current\/wp-content\/uploads\/2015\/04\/cid-open-ended-possibilites.jpg 600w, https:\/\/www.worldofart.org\/arhiv.worldofart.org\/current\/wp-content\/uploads\/2015\/04\/cid-open-ended-possibilites-300x122.jpg 300w\" sizes=\"auto, (max-width: 803px) 100vw, 803px\" \/><\/a><\/p>\n<p><a href=\"https:\/\/www.worldofart.org\/arhiv.worldofart.org\/current\/wp-content\/uploads\/2015\/04\/CID-Open-ended-Possibilities.pdf\" target=\"_blank\" rel=\"noopener\"><strong><em>Open-ended Possibilites<\/em><\/strong><\/a><br \/>\nReport (PDF)<\/p>\n<hr \/>\n<p><a href=\"https:\/\/www.worldofart.org\/arhiv.worldofart.org\/aktualno\/wp-content\/2015\/Curating-In-Depth-toolkit.pdf\" target=\"_blank\" rel=\"noopener\"><img loading=\"lazy\" decoding=\"async\" class=\"alignnone  wp-image-8316\" title=\"CID Toolkit\" src=\"https:\/\/www.worldofart.org\/arhiv.worldofart.org\/aktualno\/wp-content\/uploads\/2015\/04\/cid-toolkit.jpg\" alt=\"\" width=\"803\" height=\"344\" \/><\/a><\/p>\n<p><a href=\"https:\/\/www.worldofart.org\/arhiv.worldofart.org\/aktualno\/wp-content\/2015\/Curating-In-Depth-toolkit.pdf\" target=\"_blank\" rel=\"noopener\"><strong><em>Curating-in Depth Toolkit<\/em><\/strong><\/a><br \/>\nE-publication (PDF)<\/p>\n<hr \/>\n<ol>\n<li><a href=\"#1\">ACTIVITIES<\/a><\/li>\n<li><a href=\"#2\">PARTNERS<\/a><\/li>\n<li><a href=\"#3\">PARTICIPANTS<\/a><\/li>\n<li><a href=\"#4\">CONNECTIONS-IN-DEPTH<\/a><\/li>\n<li><a href=\"#5\">PHOTO GALLERY<\/a><\/li>\n<li><a href=\"#6\">IMPRESSION<\/a><\/li>\n<li><a href=\"#7\">MEDIA COVERAGE<\/a><\/li>\n<li><a href=\"#8\">PROJECT IS SUPPORTED BY<\/a><\/li>\n<\/ol>\n<hr \/>\n<p><a name=\"1\"><\/a><br \/>\n<strong>1. ACTIVITIES<\/strong><\/p>\n<p>Activities will take place in the period of April\u2013October 2015. The first part of the programme will be held in Ljubljana and in Zagreb from 3 to 16 May 2015, the second part will be held from 27 July to 8 August 2015 in Manila, The Philippines.<\/p>\n<p><a href=\"https:\/\/www.worldofart.org\/arhiv.worldofart.org\/current\/15th-season-2014-2016\/curating-in-depth\/programme-in-ljubljana-slovenia\">\u00bb More about the activities in Ljubljana, Slovenia.<\/a> (3\u201316 May 2015)<\/p>\n<p><a href=\"https:\/\/www.worldofart.org\/arhiv.worldofart.org\/current\/15th-season-2014-2016\/curating-in-depth\/excursion-to-zagreb-croatia\">\u00bb More about the activities in Zagreb, Croatia.<\/a> (13th May, 2015)<\/p>\n<p><a href=\"https:\/\/www.worldofart.org\/arhiv.worldofart.org\/current\/15th-season-2014-2016\/curating-in-depth\/programme-in-manila-philippines\">\u00bb More about the activities in Manila, The Philippines.<\/a> (27 July\u20138 August 2015)<\/p>\n<p><a href=\"https:\/\/www.worldofart.org\/arhiv.worldofart.org\/current\/15th-season-2014-2016\/curating-in-depth\/shared-network-platform-and-e-publicationtoolkit-pdf\">\u00bb Shared platform and e-publication.<\/a><\/p>\n<hr \/>\n<p><a name=\"2\"><\/a><br \/>\n<strong>2. PARTNERS<\/strong><\/p>\n<p><a href=\"http:\/\/www.scca-ljubljana.si\/infoengl.htm\" target=\"_blank\" rel=\"noopener\"><img loading=\"lazy\" decoding=\"async\" class=\"alignnone wp-image-7328\" title=\"SCCA-Ljubljana\" src=\"https:\/\/www.worldofart.org\/arhiv.worldofart.org\/aktualno\/wp-content\/uploads\/2015\/04\/scca-slo-220.gif\" alt=\"\" width=\"251\" height=\"46\" \/><\/a><\/p>\n<p>Established in 2000,<strong> SCCA-Ljubljana, Centre for Contemporary Arts<\/strong> (a successor to the Soros Centre for Contemporary Arts \u2013 Ljubljana, 1993\u20131999) is a generator of innovative programmes and services that facilitate artistic and interpretative practices. Its diverse activities address artists, curators, theorists, and critics in the fields of visual and new media arts. They trigger artistic, discursive and social practices and are rooted in the interdisciplinary approach and intense international cooperation. SCCA-Ljubljana divides its programme into four complementary areas: projects, video\/archive, school and services.<\/p>\n<p><strong>MORE: <\/strong><a href=\"http:\/\/www.scca-ljubljana.si\/infoengl.htm\" target=\"_blank\" rel=\"noopener\"><strong>www.scca-ljubljana.si\/infoengl.htm<\/strong><\/a><\/p>\n<p>&nbsp;<\/p>\n<p><a href=\"http:\/\/www.plantingrice.com\/\" target=\"_blank\" rel=\"noopener\"><img loading=\"lazy\" decoding=\"async\" class=\"alignnone wp-image-7327\" title=\"Planting Rice\" src=\"https:\/\/www.worldofart.org\/arhiv.worldofart.org\/aktualno\/wp-content\/uploads\/2015\/04\/planting-rice.gif\" alt=\"\" width=\"260\" height=\"134\" \/><\/a><\/p>\n<p><strong>Planting Rice<\/strong> is a curatorial collaboration aimed at fostering the rise of cross-pollination among artistic communities. It distributes information on vital exhibitions, event, places, and mobility by and for art professionals in Southeast Asia and beyond the region who main networks and crossovers in the Philippines. Established in 2011, Planting Rice\u2019s major component is a web-based platform that generates an archive of new and republished texts and current discussions\/collaborations that are developing outside established institutions and beyond available publications. The team\u2019s curatorial practice extends off-site and their projects include repotentializing spaces in Manila, Philippines; exploring exhibition forms of the archive; and collaborations with other collectives\/institutions in supporting criticality in contemporary art practice.<\/p>\n<p><strong>MORE: <\/strong><a href=\"http:\/\/www.plantingrice.com\/\" target=\"_blank\" rel=\"noopener\"><strong>www.plantingrice.com<\/strong><\/a><\/p>\n<p>&nbsp;<\/p>\n<p><a href=\"http:\/\/www.kulturpunkt.hr\/node\/29\" target=\"_blank\" rel=\"noopener\"><img loading=\"lazy\" decoding=\"async\" class=\"alignnone wp-image-7326\" title=\"Kulturpunkt.hr\" src=\"https:\/\/www.worldofart.org\/arhiv.worldofart.org\/aktualno\/wp-content\/uploads\/2015\/04\/kulturpunkt.gif\" alt=\"\" width=\"254\" height=\"46\" \/><\/a><\/p>\n<p><strong>KURZIV \u2013 Platform for Matters of Culture, Media and Society<\/strong> (Zagreb) is an association founded in 2009 by Clubture network and editorial board of the portal Kulturpunkt.hr. KURZIV is a platform which intervenes in Croatian media space presenting independent and contemporary cultural production, activism of civil society organizations, culture in the wider sense, everyday life, politics, policies and society. By providing informative services as well as journalistic, analytical, critical and theoretic frame, KURZIV observes relations of cultural and artistic practices with the political, social, media, economic and other practices. Logic of these interventions builds media discourse which is based on research, applying new critics and contents with the aim to produce changes in the wider cultural, social, media and political space. KURZIV presents its activities in the online and offline space and is structured in the way that changes and reshaping, deepening of all topics and forms are possible.<\/p>\n<p><strong>MORE: <\/strong><a href=\"http:\/\/www.kulturpunkt.hr\/node\/29\" target=\"_blank\" rel=\"noopener\"><strong>www.kulturpunkt.hr\/node\/29<\/strong><\/a><\/p>\n<hr \/>\n<p><a name=\"3\"><\/a><br \/>\n<strong>3. PARTICIPANTS<\/strong><\/p>\n<p><img loading=\"lazy\" decoding=\"async\" class=\"alignnone  wp-image-3239\" title=\"Participants in Curating-In-Depth First Phase, Ljubljana Session\" src=\"https:\/\/www.worldofart.org\/arhiv.worldofart.org\/current\/wp-content\/uploads\/2015\/04\/curating-in-depth-participants.jpg\" alt=\"\" width=\"803\" height=\"268\" srcset=\"https:\/\/www.worldofart.org\/arhiv.worldofart.org\/current\/wp-content\/uploads\/2015\/04\/curating-in-depth-participants.jpg 620w, https:\/\/www.worldofart.org\/arhiv.worldofart.org\/current\/wp-content\/uploads\/2015\/04\/curating-in-depth-participants-300x100.jpg 300w\" sizes=\"auto, (max-width: 803px) 100vw, 803px\" \/><\/p>\n<p><strong>Participants in Curating-In-Depth First Phase, Ljubljana Session: <\/strong><\/p>\n<p><a href=\"https:\/\/www.worldofart.org\/arhiv.worldofart.org\/aktualno\/petnajsto-leto-2014-2016\/curating-in-depth\/sodelujoci-participants#borcic\">Barbara Bor\u010di\u0107<\/a>, <a href=\"https:\/\/www.worldofart.org\/arhiv.worldofart.org\/aktualno\/petnajsto-leto-2014-2016\/curating-in-depth\/sodelujoci-participants#ching\">Isabel Ching<\/a>, <a href=\"https:\/\/www.worldofart.org\/arhiv.worldofart.org\/aktualno\/petnajsto-leto-2014-2016\/curating-in-depth\/sodelujoci-participants#dovc\">Du\u0161an Dov\u010d<\/a>, <a href=\"https:\/\/www.worldofart.org\/arhiv.worldofart.org\/aktualno\/petnajsto-leto-2014-2016\/curating-in-depth\/sodelujoci-participants#gomez\">Antares Gomez<\/a>, <a href=\"https:\/\/www.worldofart.org\/arhiv.worldofart.org\/aktualno\/petnajsto-leto-2014-2016\/curating-in-depth\/sodelujoci-participants#letinic\">Antonija Letini\u0107<\/a>, <a href=\"https:\/\/www.worldofart.org\/arhiv.worldofart.org\/aktualno\/petnajsto-leto-2014-2016\/curating-in-depth\/sodelujoci-participants#nabergoj\">Sa\u0161a Nabergoj<\/a>, <a href=\"https:\/\/www.worldofart.org\/arhiv.worldofart.org\/aktualno\/petnajsto-leto-2014-2016\/curating-in-depth\/sodelujoci-participants#paranada\">Kenneth Paranada<\/a>, <a href=\"https:\/\/www.worldofart.org\/arhiv.worldofart.org\/aktualno\/petnajsto-leto-2014-2016\/curating-in-depth\/sodelujoci-participants#perez\">Siddharta Perez<\/a>, <a href=\"https:\/\/www.worldofart.org\/arhiv.worldofart.org\/aktualno\/petnajsto-leto-2014-2016\/curating-in-depth\/sodelujoci-participants#satt\">Moe Satt<\/a>, <a href=\"https:\/\/www.worldofart.org\/arhiv.worldofart.org\/aktualno\/petnajsto-leto-2014-2016\/curating-in-depth\/sodelujoci-participants#zvanut\">Simona \u017dvanut<\/a>, <a href=\"https:\/\/www.worldofart.org\/arhiv.worldofart.org\/aktualno\/petnajsto-leto-2014-2016\/curating-in-depth\/sodelujoci-participants#kelemina\">Miha Kelemina<\/a>, <a href=\"https:\/\/www.worldofart.org\/arhiv.worldofart.org\/current\/wp-content\/uploads\/2015\/04\/Shireen-Seno-CV11.pdf\">Shireen Seno<\/a><\/p>\n<p>&#8212;<\/p>\n<p><img loading=\"lazy\" decoding=\"async\" class=\"alignnone  wp-image-3577\" title=\"Participants in Curating-In-Depth Second Phase, Manila Session\" src=\"https:\/\/www.worldofart.org\/arhiv.worldofart.org\/current\/wp-content\/uploads\/2015\/04\/curating-in-depth-participants-manila.jpg\" alt=\"\" width=\"800\" height=\"258\" srcset=\"https:\/\/www.worldofart.org\/arhiv.worldofart.org\/current\/wp-content\/uploads\/2015\/04\/curating-in-depth-participants-manila.jpg 620w, https:\/\/www.worldofart.org\/arhiv.worldofart.org\/current\/wp-content\/uploads\/2015\/04\/curating-in-depth-participants-manila-300x96.jpg 300w\" sizes=\"auto, (max-width: 800px) 100vw, 800px\" \/><\/p>\n<p><strong>Participants in Curating-In-Depth Second Phase, Manila Session: <\/strong><\/p>\n<p>Barbara Bor\u010di\u0107, Du\u0161an Dov\u010d, Miha Kelemina, Lian Ladia, Renan Laru-An, Antonija Letini\u0107, Ricky Orellana, Siddharta Perez, Simon Soon, Angel Velasco Shaw, Jenifer Wofford, Simona \u017dvanut<\/p>\n<p>&#8212;<\/p>\n<p><strong>Other participants: <\/strong> <a href=\"https:\/\/www.worldofart.org\/arhiv.worldofart.org\/current\/15th-season-2014-2016\/participants-20142016\">World of Art\u2019s participants<\/a><\/p>\n<hr \/>\n<p><a name=\"4\"><\/a><br \/>\n<strong>4. CONNECTIONS-IN-DEPTH<\/strong><\/p>\n<p>The section <em>CONNECTIONS-IN-DEPTH<\/em> gathers materials representing different topics, different insights into the context and content we work in, operate by and influence by our work. Materials produced during the project and gathered here differ in their language, perspectives and approaches.<\/p>\n<p><a href=\"https:\/\/www.worldofart.org\/arhiv.worldofart.org\/current\/15th-season-2014-2016\/curating-in-depth\/from-elsewhere-2-curatorial-practices-and-artistic-positions\"><img loading=\"lazy\" decoding=\"async\" class=\"alignnone  wp-image-3233\" title=\"From Elsewhere 2\" src=\"https:\/\/www.worldofart.org\/arhiv.worldofart.org\/current\/wp-content\/uploads\/2015\/04\/from-elsewhere2.jpg\" alt=\"\" width=\"800\" height=\"120\" srcset=\"https:\/\/www.worldofart.org\/arhiv.worldofart.org\/current\/wp-content\/uploads\/2015\/04\/from-elsewhere2.jpg 620w, https:\/\/www.worldofart.org\/arhiv.worldofart.org\/current\/wp-content\/uploads\/2015\/04\/from-elsewhere2-300x45.jpg 300w\" sizes=\"auto, (max-width: 800px) 100vw, 800px\" \/><\/a><\/p>\n<p><strong><em>From Elsewhere 2: Curatorial Practices and Artistic Positions<\/em><\/strong><br \/>\nLectures<br \/>\n12th May 2015, SCCA Project Room, Metelkova 6, Ljubljana, Slovenia<\/p>\n<p>The participants of the Curating-In-Depth project from the Philippines, Singapore and Myanmar prepared the presentations of their curatorial practices and artistic positions.<\/p>\n<p><strong><a href=\"https:\/\/www.worldofart.org\/arhiv.worldofart.org\/current\/15th-season-2014-2016\/curating-in-depth\/from-elsewhere-2-curatorial-practices-and-artistic-positions\">\u00bb More<\/a><\/strong><\/p>\n<p>&#8212;<\/p>\n<p><a href=\"https:\/\/www.worldofart.org\/arhiv.worldofart.org\/current\/15th-season-2014-2016\/curating-in-depth\/from-elsewhere-2-curatorial-practices-and-artistic-positions#the-kalampag-tracking-agency\"><img loading=\"lazy\" decoding=\"async\" class=\"alignnone  wp-image-3229\" title=\"The Kalampag Tracking Agency\" src=\"https:\/\/www.worldofart.org\/arhiv.worldofart.org\/current\/wp-content\/uploads\/2015\/04\/The-Kalampag-Tracking-Agency.jpg\" alt=\"\" width=\"804\" height=\"96\" srcset=\"https:\/\/www.worldofart.org\/arhiv.worldofart.org\/current\/wp-content\/uploads\/2015\/04\/The-Kalampag-Tracking-Agency.jpg 620w, https:\/\/www.worldofart.org\/arhiv.worldofart.org\/current\/wp-content\/uploads\/2015\/04\/The-Kalampag-Tracking-Agency-300x35.jpg 300w\" sizes=\"auto, (max-width: 804px) 100vw, 804px\" \/><\/a><\/p>\n<p><strong>Shireen Seno: <em>The Kalampag Tracking Agency<\/em> (curated selection)<\/strong><br \/>\nVideo screening with comments by the curator<br \/>\n12th May 2015, SCCA Project Room, Metelkova 6, Ljubljana, Slovenia<\/p>\n<p><strong><a href=\"https:\/\/www.worldofart.org\/arhiv.worldofart.org\/current\/15th-season-2014-2016\/curating-in-depth\/from-elsewhere-2-curatorial-practices-and-artistic-positions#the-kalampag-tracking-agency\">\u00bb More<\/a><\/strong><\/p>\n<p>&#8212;<\/p>\n<p><a href=\"https:\/\/www.worldofart.org\/arhiv.worldofart.org\/current\/15th-season-2014-2016\/curating-in-depth\/curating-in-depth-2-symposium\"><img loading=\"lazy\" decoding=\"async\" class=\"alignnone  wp-image-3752\" title=\"cid2-manila-pas\" src=\"https:\/\/www.worldofart.org\/arhiv.worldofart.org\/current\/wp-content\/uploads\/2015\/04\/cid2-manila-pas1.jpg\" alt=\"\" width=\"802\" height=\"132\" srcset=\"https:\/\/www.worldofart.org\/arhiv.worldofart.org\/current\/wp-content\/uploads\/2015\/04\/cid2-manila-pas1.jpg 620w, https:\/\/www.worldofart.org\/arhiv.worldofart.org\/current\/wp-content\/uploads\/2015\/04\/cid2-manila-pas1-300x49.jpg 300w\" sizes=\"auto, (max-width: 802px) 100vw, 802px\" \/><\/a><\/p>\n<p><strong>Curating\u2013In\u2013Depth 2<\/strong><br \/>\nSymposium<br \/>\n3\u20135 August 2015, Blackbox, Benilde SDA, Manila, Philippines<\/p>\n<p>A three day symposium on art\/curatorial practices and discourse in Slovenia, Croatia, Southeast Asia and the Philippines.<\/p>\n<p><strong><a href=\"https:\/\/www.worldofart.org\/arhiv.worldofart.org\/current\/15th-season-2014-2016\/curating-in-depth\/curating-in-depth-2-symposium\">\u00bb More<\/a><\/strong><\/p>\n<p>&#8212;<\/p>\n<p><a href=\"https:\/\/www.worldofart.org\/arhiv.worldofart.org\/current\/15th-season-2014-2016\/curating-in-depth\/if-art-is-a-hammer\"><img loading=\"lazy\" decoding=\"async\" class=\"alignnone  wp-image-3640\" title=\"If Art Is A Hammer\" src=\"https:\/\/www.worldofart.org\/arhiv.worldofart.org\/current\/wp-content\/uploads\/2015\/04\/hammer2.jpg\" alt=\"\" width=\"800\" height=\"129\" srcset=\"https:\/\/www.worldofart.org\/arhiv.worldofart.org\/current\/wp-content\/uploads\/2015\/04\/hammer2.jpg 620w, https:\/\/www.worldofart.org\/arhiv.worldofart.org\/current\/wp-content\/uploads\/2015\/04\/hammer2-300x48.jpg 300w\" sizes=\"auto, (max-width: 800px) 100vw, 800px\" \/><\/a><\/p>\n<p><strong>If Art Is A Hammer<\/strong><br \/>\nRoundtable organized by Concerned Artists of the Philippines<br \/>\n1 August 2015, Artery Art Space, Cubao, Philippines<\/p>\n<p><a href=\"https:\/\/www.worldofart.org\/arhiv.worldofart.org\/current\/15th-season-2014-2016\/curating-in-depth\/if-art-is-a-hammer\">\u00bb More<\/a><\/p>\n<p>&#8212;<\/p>\n<p><a href=\"https:\/\/www.worldofart.org\/arhiv.worldofart.org\/current\/15th-season-2014-2016\/curating-in-depth\/contesting-the-contemporary-a-southeast-asian-reading-group\"><img loading=\"lazy\" decoding=\"async\" class=\"alignnone  wp-image-3641\" title=\"Contesting the Contemporary: A Southeast Asian Reading Group\" src=\"https:\/\/www.worldofart.org\/arhiv.worldofart.org\/current\/wp-content\/uploads\/2015\/04\/reading-group2.jpg\" alt=\"\" width=\"800\" height=\"129\" srcset=\"https:\/\/www.worldofart.org\/arhiv.worldofart.org\/current\/wp-content\/uploads\/2015\/04\/reading-group2.jpg 620w, https:\/\/www.worldofart.org\/arhiv.worldofart.org\/current\/wp-content\/uploads\/2015\/04\/reading-group2-300x48.jpg 300w\" sizes=\"auto, (max-width: 800px) 100vw, 800px\" \/><\/a><\/p>\n<p><strong>Contesting the Contemporary: A Southeast Asian Reading Group<\/strong><br \/>\n2 August 2015, 98B Escolta, Manila, Philippines<\/p>\n<p><a href=\"https:\/\/www.worldofart.org\/arhiv.worldofart.org\/current\/15th-season-2014-2016\/curating-in-depth\/contesting-the-contemporary-a-southeast-asian-reading-group\">\u00bb More<\/a><\/p>\n<p>&#8212;<\/p>\n<p><a href=\"https:\/\/www.worldofart.org\/arhiv.worldofart.org\/current\/15th-season-2014-2016\/curating-in-depth\/a-film-retrospective-by-john-torres\"><img loading=\"lazy\" decoding=\"async\" class=\"alignnone  wp-image-3642\" title=\"A Film Retrospective by John Torres\" src=\"https:\/\/www.worldofart.org\/arhiv.worldofart.org\/current\/wp-content\/uploads\/2015\/04\/torres2.jpg\" alt=\"\" width=\"800\" height=\"129\" srcset=\"https:\/\/www.worldofart.org\/arhiv.worldofart.org\/current\/wp-content\/uploads\/2015\/04\/torres2.jpg 620w, https:\/\/www.worldofart.org\/arhiv.worldofart.org\/current\/wp-content\/uploads\/2015\/04\/torres2-300x48.jpg 300w\" sizes=\"auto, (max-width: 800px) 100vw, 800px\" \/><\/a><\/p>\n<p><strong>A Film Retrospective by John Torres<\/strong><br \/>\n6\u20137 August 2015, Benilde SDA Cinema, Benilde, Philippines<\/p>\n<p><a href=\"https:\/\/www.worldofart.org\/arhiv.worldofart.org\/current\/15th-season-2014-2016\/curating-in-depth\/a-film-retrospective-by-john-torres\">\u00bb More<\/a><\/p>\n<hr \/>\n<p><a name=\"5\"><\/a><br \/>\n<strong>5. PHOTO GALLERY<\/strong><\/p>\n<div class=\"komentar2\">\n<p class=\"komentarslike\"><a href=\"https:\/\/www.worldofart.org\/arhiv.worldofart.org\/current\/15th-season-2014-2016\/curating-in-depth\/curating-in-depth-part-1-ljubljana\"><img loading=\"lazy\" decoding=\"async\" class=\"alignnone  wp-image-7678\" style=\"border: 0; margin: 0; padding: 0 0 7px 0;\" title=\"Curating\u2013In\u2013Depth PART 1: LJUBLJANA\" src=\"https:\/\/www.worldofart.org\/arhiv.worldofart.org\/aktualno\/wp-content\/uploads\/2015\/04\/CID-Ljubljana.jpg\" alt=\"\" width=\"802\" height=\"393\" \/><br \/>\n<em>CURATING-IN-DEPTH PART 1:<\/em> <strong>LJUBLJANA<\/strong> (3\u201316 May 2015)<\/a><\/p>\n<\/div>\n<div class=\"komentar2\">\n<p class=\"komentarslike\"><a href=\"https:\/\/www.worldofart.org\/arhiv.worldofart.org\/current\/15th-season-2014-2016\/curating-in-depth\/curating-in-depth-part-2-manila\"><img loading=\"lazy\" decoding=\"async\" class=\"alignnone  wp-image-3566\" style=\"border: 0; margin: 0; padding: 0 0 7px 0;\" title=\"CURATING-IN-DEPTH PART 2: MANILA\" src=\"https:\/\/www.worldofart.org\/arhiv.worldofart.org\/current\/wp-content\/uploads\/2015\/04\/manila-kolaz.jpg\" alt=\"\" width=\"802\" height=\"393\" \/><br \/>\n<em>CURATING-IN-DEPTH PART 2:<\/em> <strong>MANILA<\/strong> (27 July\u20138 August 2015)<\/a><\/p>\n<\/div>\n<div style=\"clear: both;\"><\/div>\n<hr \/>\n<p><a name=\"6\"><\/a><br \/>\n<strong>6. IMPRESSION<\/strong><\/p>\n<p><a href=\"https:\/\/www.worldofart.org\/arhiv.worldofart.org\/current\/15th-season-2014-2016\/curating-in-depth\/the-report-on-curating-in-depth-part-1#sidd-perez\">The Report on Curating-In-Depth Part 1 by Sidd Perez<\/a><\/p>\n<p><a href=\"https:\/\/www.worldofart.org\/arhiv.worldofart.org\/current\/15th-season-2014-2016\/curating-in-depth\/the-report-on-curating-in-depth-part-1#shireen-seno\">The Report on Curating-In-Depth Part 1 by Shireen Seno<\/a><\/p>\n<p><a href=\"https:\/\/www.worldofart.org\/arhiv.worldofart.org\/current\/15th-season-2014-2016\/curating-in-depth\/the-report-on-curating-in-depth-part-1#john-kenneth-paranda\">The Report on Curating-In-Depth Part 1 by John Kenneth Paranada<\/a><\/p>\n<hr \/>\n<p><a name=\"7\"><\/a><br \/>\n<strong>7. MEDIA COVERAGE<\/strong><\/p>\n<p><a href=\"http:\/\/4d.rtvslo.si\/arhiv\/prispevki-in-izjave-kultura\/174335489\" target=\"_blank\" rel=\"noopener\"><img loading=\"lazy\" decoding=\"async\" class=\"alignnone  wp-image-3243\" title=\"Curating-In-Depth featured in Kultura programme, RTV SLO 1\" src=\"https:\/\/www.worldofart.org\/arhiv.worldofart.org\/current\/wp-content\/uploads\/2015\/04\/kultura-rtv-slo.jpg\" alt=\"\" width=\"796\" height=\"149\" srcset=\"https:\/\/www.worldofart.org\/arhiv.worldofart.org\/current\/wp-content\/uploads\/2015\/04\/kultura-rtv-slo.jpg 620w, https:\/\/www.worldofart.org\/arhiv.worldofart.org\/current\/wp-content\/uploads\/2015\/04\/kultura-rtv-slo-300x56.jpg 300w\" sizes=\"auto, (max-width: 796px) 100vw, 796px\" \/><\/a><\/p>\n<p><em>Philippine Video Art \/ Filipinska videoumetnost<\/em><br \/>\nin <em>Kultura<\/em> programme on the Radio-television Slovenia, First Programme (12 May 2015)<\/p>\n<p>&#8212;<\/p>\n<p>Sidd Perez: <em><a href=\"http:\/\/culture360.asef.org\/magazine\/immersion-as-curatorial-practice-southeast-asian-curators-in-slovenia\/?utm_source=rss&amp;amp%3Butm_medium=rss&amp;amp%3Butm_campaign=immersion-as-curatorial-practice-southeast-asian-curators-in-slovenia\" target=\"_blank\" rel=\"noopener\">Immersion as curatorial practice | Southeast Asian curators experience Slovenia<\/a><\/em>,<br \/>\ncontribution by Sidd Perez, culture360.org (4 June 2015)<\/p>\n<p>&#8212;<\/p>\n<p><strong><a href=\"https:\/\/www.worldofart.org\/arhiv.worldofart.org\/current\/wp-content\/uploads\/2015\/04\/Sidd-Perez-Umetnost-je-v-Aziji-se-vedno-elitisticna.pdf\" target=\"_blank\" rel=\"noopener\">Sidd Perez: Umetnost je v Aziji \u0161e vedno elitisti\u010dna<\/a><\/strong>,<br \/>\ninterview with Sidd Perez, <em>Dnevnik Newspaper<\/em> (in Slovene only, 18 May 2015, pdf)<\/p>\n<p>&#8212;<\/p>\n<p><a href=\"http:\/\/radiostudent.si\/kultura\/art-area\/art-area-253\" target=\"_blank\" rel=\"noopener\">An Interview with the participants of the project<\/a>, Katarina Stopar, ART-AREA, Radio \u0160tudent (13 May 2015)<\/p>\n<hr \/>\n<p><a name=\"8\"><\/a><br \/>\n<strong>8. PROJECT IS SUPPORTED BY<\/strong><\/p>\n<ul>\n<li>Asia-Europe Foundation (ASEF)<\/li>\n<li>Arts Network Asia (ANA)<\/li>\n<li>Trans Europe Halles (TEH)<\/li>\n<li>Embassy of the Philippines in Vienna<\/li>\n<li>Ljubljana Municipality, Department for Culture<\/li>\n<li>Ministry of Foreign Affairs of the Republic of Slovenia<\/li>\n<li>Ministry of Culture of the Republic of Slovenia<\/li>\n<li>De La Salle-College of Saint Benilde<\/li>\n<li>Lopez Museum &amp; Library<\/li>\n<\/ul>\n<p><img loading=\"lazy\" decoding=\"async\" class=\"alignnone size-full wp-image-3367\" title=\"Asia-Europe Foundation (ASEF) \/ Trans Europe Halles (TEH) \/ Embassy of the Philippines in Austria \/ De La Salle-College of Saint Benilde \/ Ljubljana Municipality, Department for Culture \/ Arts Network Asia (ANA) \/ Lopez Museum &amp; Library \/ Ministry of Foreign Affairs of the Republic of Slovenia \/ Ministry of Culture of the Republic of Slovenia\" src=\"https:\/\/www.worldofart.org\/arhiv.worldofart.org\/current\/wp-content\/uploads\/2015\/04\/podporniki-curating-in-depth.jpg\" alt=\"\" width=\"630\" height=\"95\" srcset=\"https:\/\/www.worldofart.org\/arhiv.worldofart.org\/current\/wp-content\/uploads\/2015\/04\/podporniki-curating-in-depth.jpg 630w, https:\/\/www.worldofart.org\/arhiv.worldofart.org\/current\/wp-content\/uploads\/2015\/04\/podporniki-curating-in-depth-300x45.jpg 300w\" sizes=\"auto, (max-width: 630px) 100vw, 630px\" \/><\/p>\n<p>&#8212;<\/p>\n<p>Special thanks to: Marko Jenko, Alenka Gregori\u010d, Adela \u017deleznik, Bo\u017eidar Zrinski, Nina Skumavc, Jasna Jernej\u0161ek, Vladimir Vidmar, Maja Hodo\u0161\u010dek, Miha Horvat, Tina Dr\u010dar, Miha Perne and many others.<\/p>\n","protected":false},"excerpt":{"rendered":"<p>Curating\u2013In\u2013Depth, prepared by two main partners SCCA, Center for Contemporary Arts \u2013 Ljubljana (Slovenia) and Planting Rice (Philippines) and associated organisation Kurziv (Croatia), is an incubation project between non-governmental institutions from Europe and Asia, whose goals are for the development of curatorial education. It connects initiatives in the field of curatorial practices and the production [&hellip;]<\/p>\n","protected":false},"author":1,"featured_media":0,"parent":1669,"menu_order":0,"comment_status":"closed","ping_status":"closed","template":"","meta":{"footnotes":""},"categories":[],"tags":[],"class_list":["post-2663","page","type-page","status-publish","hentry"],"_links":{"self":[{"href":"https:\/\/www.worldofart.org\/arhiv.worldofart.org\/current\/wp-json\/wp\/v2\/pages\/2663","targetHints":{"allow":["GET"]}}],"collection":[{"href":"https:\/\/www.worldofart.org\/arhiv.worldofart.org\/current\/wp-json\/wp\/v2\/pages"}],"about":[{"href":"https:\/\/www.worldofart.org\/arhiv.worldofart.org\/current\/wp-json\/wp\/v2\/types\/page"}],"author":[{"embeddable":true,"href":"https:\/\/www.worldofart.org\/arhiv.worldofart.org\/current\/wp-json\/wp\/v2\/users\/1"}],"replies":[{"embeddable":true,"href":"https:\/\/www.worldofart.org\/arhiv.worldofart.org\/current\/wp-json\/wp\/v2\/comments?post=2663"}],"version-history":[{"count":101,"href":"https:\/\/www.worldofart.org\/arhiv.worldofart.org\/current\/wp-json\/wp\/v2\/pages\/2663\/revisions"}],"predecessor-version":[{"id":4747,"href":"https:\/\/www.worldofart.org\/arhiv.worldofart.org\/current\/wp-json\/wp\/v2\/pages\/2663\/revisions\/4747"}],"up":[{"embeddable":true,"href":"https:\/\/www.worldofart.org\/arhiv.worldofart.org\/current\/wp-json\/wp\/v2\/pages\/1669"}],"wp:attachment":[{"href":"https:\/\/www.worldofart.org\/arhiv.worldofart.org\/current\/wp-json\/wp\/v2\/media?parent=2663"}],"wp:term":[{"taxonomy":"category","embeddable":true,"href":"https:\/\/www.worldofart.org\/arhiv.worldofart.org\/current\/wp-json\/wp\/v2\/categories?post=2663"},{"taxonomy":"post_tag","embeddable":true,"href":"https:\/\/www.worldofart.org\/arhiv.worldofart.org\/current\/wp-json\/wp\/v2\/tags?post=2663"}],"curies":[{"name":"wp","href":"https:\/\/api.w.org\/{rel}","templated":true}]}}