{"id":4087,"date":"2017-05-02T19:29:08","date_gmt":"2017-05-02T17:29:08","guid":{"rendered":"http:\/\/www.worldofart.org\/current\/?page_id=4087"},"modified":"2018-02-13T15:30:19","modified_gmt":"2018-02-13T13:30:19","slug":"re-exhibition","status":"publish","type":"page","link":"https:\/\/www.worldofart.org\/arhiv.worldofart.org\/current\/year16-2016-2018\/re-exhibition","title":{"rendered":"re- Exhibition on the Occasion of the Twentieth Anniversary of the World of Art, School for Curatorial Practices and Critical Writing"},"content":{"rendered":"<p>World of Art | School for Curatorial Practices and Critical Writing | Year 16<\/p>\n<hr \/>\n<p><a href=\"https:\/\/www.worldofart.org\/arhiv.worldofart.org\/current\/wp-content\/uploads\/2017\/05\/cover-re_eng.jpg\" rel=\"lightbox[4087]\"><img loading=\"lazy\" decoding=\"async\" class=\" wp-image-4201 alignnone\" src=\"https:\/\/www.worldofart.org\/arhiv.worldofart.org\/current\/wp-content\/uploads\/2017\/05\/cover-re_eng-300x200.jpg\" alt=\"\" width=\"782\" height=\"521\" srcset=\"https:\/\/www.worldofart.org\/arhiv.worldofart.org\/current\/wp-content\/uploads\/2017\/05\/cover-re_eng-300x200.jpg 300w, https:\/\/www.worldofart.org\/arhiv.worldofart.org\/current\/wp-content\/uploads\/2017\/05\/cover-re_eng-768x513.jpg 768w, https:\/\/www.worldofart.org\/arhiv.worldofart.org\/current\/wp-content\/uploads\/2017\/05\/cover-re_eng.jpg 1000w\" sizes=\"auto, (max-width: 782px) 100vw, 782px\" \/><\/a><\/p>\n<h1><strong>re-<\/strong><\/h1>\n<p><strong>EXHIBITION ON THE OCCASION OF THE TWENTIETH ANNIVERSARY OF THE WORLD OF ART<\/strong><\/p>\n<p><strong>9 \u2013 26 May 2017<\/strong><\/p>\n<p>\u0160kuc Gallery, Stari trg 21, Ljubljana<\/p>\n<hr \/>\n<p>Artists:<strong> Rene Rusjan, Bla\u017e Miklav\u010di\u010d<\/strong><\/p>\n<p>Curators:<strong> Lenka \u0110orojevi\u0107, Miha Kelemina<\/strong><br \/>\nAssistant:<strong> Lara Plav\u010dak<\/strong><\/p>\n<p>The exhibition was prepared and realized with the help of the participants of the World of Art School, Year 16:<strong> Ur\u0161ka Aplinc, \u017diva Brglez, Maja Burja, Anabel Karolyn \u010cernohorski, Magdalena Germek, Anja Guid, Nika Ham, Ajda Ana Kocutar, Iza Pevec, Adrijan Praznik, Nina Tepe\u0161<\/strong><strong>.<\/strong><\/p>\n<p><strong>\u2014<\/strong><\/p>\n<p><strong>Opening: Tuesday, 9 May 2017, at 8 pm<\/strong><br \/>\nYou are kindly invited to attend the opening of the exhibition <em>re-<\/em>, an exhibition on the occasion of the twentieth anniversary of the <em>World of Art<\/em><em>, <\/em>School for Curatorial Practices and Critical Writing, on Tuesday, 9 May, at 8 pm in \u0160kuc Gallery.<\/p>\n<p><a href=\"https:\/\/www.worldofart.org\/arhiv.worldofart.org\/aktualno\/wp-content\/uploads\/2017\/03\/re-vabilo.pdf\" target=\"_blank\" rel=\"noopener noreferrer\">re-, invitation<\/a> (pdf)<\/p>\n<hr \/>\n<p><strong>ABOUT THE EXHIBITION<\/strong><\/p>\n<p>With the exhibition <strong><em>re-<\/em><\/strong>, World of art, School for Curatorial Practices and Critical Writing, marks the twentieth anniversary of its existence. Through this presentation of its archive, it offers various points of entry for re-contextualising and re-interpreting the collected materials, which can serve as the basis for an analysis of the relations between the actual and the symbolic position of World of Art, and also for a reflection on the broader art system. The exhibition situates the material and the artworks in different temporally scattered relations while their juxtaposition is meant to encourage a consideration of their content-related and material nodes.<\/p>\n<p>The issues highlighted in the exhibition form an interpretive discourse which, at the level of layout, shapes and flows into various points of entry. Within the current cultural context, these points are determined by the spatial and temporal tracing of changes in modes of operation and by a reflection on the establishment of specific social roles, forms and contents of social relations.<\/p>\n<p>The first room presents the twenty years of history of the school with a <strong>timeline<\/strong> and it introduces visitors to the shifts in the programmes and development of the school and its external reflection. The content in individual sets reflects the development of the discursive foundations and determinants of the programme\u2019s operation. The juxtaposition of various materials makes possible an intertextual reading of the archive, while the materials thus become part of the thematic and conceptual continuity as well as part of the issues that stem from constructing methodologies in the former, current and future functioning of both World of Art and the system it belongs to.<\/p>\n<p>The restaging of the work <strong><em>Present Situation<\/em><\/strong> by Rene Rusjan from the first World of Art exhibition in 1997 (<em>This Art Is Recycled<\/em>) in the same gallery space can be interpreted as a re-production of the artist\u2019s principle of recycling, whereas critical effects of this work are also manifest in the shifting of attention to the processes of \u201cconstant temporariness\u201d in the conditions of hyperproduction.<\/p>\n<p><strong>Video interviews <\/strong>in the third room articulate important distinctions in the register of personal and broader changes in the system. Namely, in their statements, the former participants problematise the modes and conditions of being active in the field of curatorship and in the broader social context.<\/p>\n<p>Bla\u017e Miklav\u010di\u010d\u2019s work <strong><em>Orientation Scheme<\/em><\/strong>, which is based on interviews, opens up a neuralgic point in the analysis of the institutional meshes of the system in the circuits of the exhibition. In its \u201cunfinished\u201d state, the scheme maps the key factors and processes within the art system and combines them, through algorithmic fragments, into partial narrative schemes. <em>Orientation Scheme<\/em> highlights a number of situations formed by the cluster of the stated, whereas its defragmentation leaves space for detecting problems in the institutional meshes. The peculiar politics of \u201csmall gesture\u201d within a local context enables us to read statements which are often marginalised due to the maintenance of the consensual \u201charmony\u201d of the system.<\/p>\n<p>An important part of the school\u2019s educational continuity is presented with a <strong>timeline<\/strong> in the fourth room, which includes materials from workshops, seminars and lectures which contributed importantly to the development of theoretical discourse and to the greater flexibility in liaising within local and international contexts. As an informal education programme in the field of curatorial practices and critical writing, the school World of Art has opened up a space for specific production and distribution of knowledge. Within a homogenised public sphere, production always requires space for changes in the modes and possibilities of participation, while the implementation of such changes is only possible by creating new intersections of people and knowledge. Within the current micro- and macrocultural models, the need for different production of knowledge manifests itself in the intensification of emancipatory practices of education in the field of art. However, in the times of ever more complex social relations and phenomena, the strategies of liaising and acting call for reflection on the re-construction and\/or transformation of modes of acting within the entire art system.<\/p>\n<p>&#8212;<\/p>\n<p>The World of Art School started in 1996\/97, at the same time as some other formal and informal international education programmes. It was conceived as a series of lectures on contemporary art and as a course running over several months, which made it possible for the participants to conceive and under the mentorship prepare an exhibition of contemporary art. Ever since its inception, the school, the successor to the course, has been characterised by its flexibility and responsiveness to the needs of each particular generation. Through a series of transformations, combinations with the seminar in writing and the gradual addition of contents, the school has been outgrowing its former framework and it is now called World of Art, School for Curatorial Practices and Critical Writing. The prefix <em>re-<\/em>, which acts as the title of this exhibition, may originally denote a return to the past, but, at the same time, it also connotes encompassing and transforming everything that is a matter of the past into a matter of the future.<\/p>\n<hr \/>\n<p><strong><a href=\"https:\/\/www.worldofart.org\/arhiv.worldofart.org\/current\/16th-season-2016-2018\/re-exhibition\/artworks\">ARTWORKS<\/a><\/strong><\/p>\n<p><a href=\"https:\/\/www.worldofart.org\/arhiv.worldofart.org\/current\/year16-2016-2018\/re-exhibition\/artworks\"><img loading=\"lazy\" decoding=\"async\" class=\" wp-image-4498 alignnone\" src=\"https:\/\/www.worldofart.org\/arhiv.worldofart.org\/current\/wp-content\/uploads\/2017\/05\/20170514_132440-300x169.jpg\" alt=\"\" width=\"760\" height=\"428\" srcset=\"https:\/\/www.worldofart.org\/arhiv.worldofart.org\/current\/wp-content\/uploads\/2017\/05\/20170514_132440-300x169.jpg 300w, https:\/\/www.worldofart.org\/arhiv.worldofart.org\/current\/wp-content\/uploads\/2017\/05\/20170514_132440-768x432.jpg 768w, https:\/\/www.worldofart.org\/arhiv.worldofart.org\/current\/wp-content\/uploads\/2017\/05\/20170514_132440-1024x576.jpg 1024w\" sizes=\"auto, (max-width: 760px) 100vw, 760px\" \/><\/a><\/p>\n<hr \/>\n<p><a href=\"https:\/\/www.worldofart.org\/arhiv.worldofart.org\/current\/16th-season-2016-2018\/re-exhibition\/gallery-presentation-of-schools-history\"><strong>GALLERY PRESENTATION OF SCHOOL&#8217;S HISTORY<\/strong><\/a><\/p>\n<p><a href=\"https:\/\/www.worldofart.org\/arhiv.worldofart.org\/current\/year16-2016-2018\/re-exhibition\/gallery-presentation-of-schools-history\"><img loading=\"lazy\" decoding=\"async\" class=\" wp-image-4500 alignnone\" src=\"https:\/\/www.worldofart.org\/arhiv.worldofart.org\/current\/wp-content\/uploads\/2017\/05\/odprtje_skuc-8-300x192.jpg\" alt=\"\" width=\"758\" height=\"485\" srcset=\"https:\/\/www.worldofart.org\/arhiv.worldofart.org\/current\/wp-content\/uploads\/2017\/05\/odprtje_skuc-8-300x192.jpg 300w, https:\/\/www.worldofart.org\/arhiv.worldofart.org\/current\/wp-content\/uploads\/2017\/05\/odprtje_skuc-8-768x490.jpg 768w, https:\/\/www.worldofart.org\/arhiv.worldofart.org\/current\/wp-content\/uploads\/2017\/05\/odprtje_skuc-8-1024x654.jpg 1024w\" sizes=\"auto, (max-width: 758px) 100vw, 758px\" \/><\/a><\/p>\n<hr \/>\n<p><a href=\"https:\/\/www.worldofart.org\/arhiv.worldofart.org\/current\/16th-season-2016-2018\/re-exhibition\/photogallery\"><strong>PHOTOGALLERY<\/strong><\/a><\/p>\n<hr \/>\n<p><a href=\"https:\/\/www.worldofart.org\/arhiv.worldofart.org\/current\/16th-season-2016-2018\/re-exhibition\/biographies\"><strong>BIOGRAPHIES<\/strong><\/a><\/p>\n<hr \/>\n<p><strong>ACCOMPANYING EVENTS<br \/>\n<\/strong><\/p>\n<p>Guided tour of the exhibition on Wednesday, 24 May, at 6 pm.<\/p>\n<hr \/>\n<p><strong>MEDIA COVERAGE<\/strong><\/p>\n<p>Maja \u0160u\u010dur, <em><a href=\"https:\/\/dnevnik.si\/1042771342\/kultura\/vizualna-umetnost\/20-let-sole-za-kuratorske-prakse-in-kritisko-pisanje-svet-umetnosti-orodja-za-prezivetje\" target=\"_blank\" rel=\"noopener\">Po znanje tudi zdravniki<\/a><\/em>, Dnevnik, 10. 5. 2017. (in Slovene)<br \/>\nUr\u0161ula Ana Mre\u017ear, <a href=\"http:\/\/4d.rtvslo.si\/arhiv\/kultura\/174470380\" target=\"_blank\" rel=\"noopener\"><em>20 let \u0161ole za kuratorske prakse<\/em><\/a>, Kultura, TV SLO 1, 9. 5. 2017. (in Slovene)<br \/>\n\u017diga Brato\u0161, <a href=\"http:\/\/ars.rtvslo.si\/2017\/05\/napoved-sporeda-1203\/\" target=\"_blank\" rel=\"noopener\"><em>RE-<\/em><\/a>, Svet kulture, (05.45\u201309.00), ARS \u2013 3. program Radia Slovenija, 9. 5. 2017. (in Slovene)<\/p>\n<hr \/>\n<p><strong>CREDITS<\/strong><\/p>\n<p>Design of timesheets and infographics: Vesna Bukovec<br \/>\nRecording and editing of video interviews: Toni Poljanec<br \/>\nDescription of the artwork <em>Orientation Scheme<\/em>: Maja Burja<br \/>\nProofreading and translation of the accompanying text: Polona Petek<br \/>\nTranslation of the descriptions in the gallery: Arven \u0160akti Kralj Szomi<br \/>\nInvitation design: Ajdin Ba\u0161i\u0107<br \/>\nCover photo: Rene Rusjan, <em>Present Situation<\/em>, \u0160kuc Gallery, 1997 (detail, photo: \u0160kuc Gallery archive)<br \/>\nDocumentary material from the Moderna galerija Information Centre, 1991\u22121997: Sini\u0161a Lopojda<br \/>\nPhoto documentation of the exhibition: Anita Budimir, SCCA-Ljubljana archive<br \/>\nPhoto documentation in infographics: SCCA-Ljubljana archive, former participants of the school, Dejan Habicht<\/p>\n<hr \/>\n<p><strong>Production:<\/strong> <a href=\"http:\/\/www.scca-ljubljana.si\/indexengl.htm\" target=\"_blank\" rel=\"noopener noreferrer\">SCCA\u2013Ljubljana<\/a> \/ School for Curatorial Practices and Critical Writing<\/p>\n<p><strong>Coproduction<\/strong>: <a href=\"http:\/\/www.galerijaskuc.si\/\" target=\"_blank\" rel=\"noopener noreferrer\">\u0160kuc Gallery<\/a><br \/>\n<strong>Exhibition is supported by<\/strong>: Municipality of Ljubljana \u2013 Department for Culture, Ministry of Culture of Republic of Slovenia<br \/>\n<strong>Sponsor<\/strong>: <a href=\"https:\/\/www.apcom.si\/posts.aspx?pageid=1\" target=\"_blank\" rel=\"noopener noreferrer\">Apcom, d. o. o.<\/a><\/p>\n<p><strong>Acknowledgements:<\/strong> Ida Hir\u0161enfelder (MG+MSUM, Mre\u017eni muzej), Bojan Stefanovi\u0107, CONA | institute for contemporary arts processing, National Gallery<\/p>\n<p><a href=\"https:\/\/www.worldofart.org\/arhiv.worldofart.org\/current\/wp-content\/uploads\/2017\/05\/logoti_re-.jpg\" rel=\"lightbox[4087]\"><img loading=\"lazy\" decoding=\"async\" class=\" wp-image-4088 alignnone\" src=\"https:\/\/www.worldofart.org\/arhiv.worldofart.org\/current\/wp-content\/uploads\/2017\/05\/logoti_re--300x55.jpg\" alt=\"\" width=\"464\" height=\"85\" srcset=\"https:\/\/www.worldofart.org\/arhiv.worldofart.org\/current\/wp-content\/uploads\/2017\/05\/logoti_re--300x55.jpg 300w, https:\/\/www.worldofart.org\/arhiv.worldofart.org\/current\/wp-content\/uploads\/2017\/05\/logoti_re-.jpg 450w\" sizes=\"auto, (max-width: 464px) 100vw, 464px\" \/><\/a><\/p>\n","protected":false},"excerpt":{"rendered":"<p>World of Art | School for Curatorial Practices and Critical Writing | Year 16 re- EXHIBITION ON THE OCCASION OF THE TWENTIETH ANNIVERSARY OF THE WORLD OF ART 9 \u2013 26 May 2017 \u0160kuc Gallery, Stari trg 21, Ljubljana Artists: Rene Rusjan, Bla\u017e Miklav\u010di\u010d Curators: Lenka \u0110orojevi\u0107, Miha Kelemina Assistant: Lara Plav\u010dak The exhibition was [&hellip;]<\/p>\n","protected":false},"author":1,"featured_media":4201,"parent":3775,"menu_order":0,"comment_status":"closed","ping_status":"closed","template":"","meta":{"footnotes":""},"categories":[13],"tags":[],"class_list":["post-4087","page","type-page","status-publish","has-post-thumbnail","hentry","category-exhibition-and-research-projects"],"_links":{"self":[{"href":"https:\/\/www.worldofart.org\/arhiv.worldofart.org\/current\/wp-json\/wp\/v2\/pages\/4087","targetHints":{"allow":["GET"]}}],"collection":[{"href":"https:\/\/www.worldofart.org\/arhiv.worldofart.org\/current\/wp-json\/wp\/v2\/pages"}],"about":[{"href":"https:\/\/www.worldofart.org\/arhiv.worldofart.org\/current\/wp-json\/wp\/v2\/types\/page"}],"author":[{"embeddable":true,"href":"https:\/\/www.worldofart.org\/arhiv.worldofart.org\/current\/wp-json\/wp\/v2\/users\/1"}],"replies":[{"embeddable":true,"href":"https:\/\/www.worldofart.org\/arhiv.worldofart.org\/current\/wp-json\/wp\/v2\/comments?post=4087"}],"version-history":[{"count":18,"href":"https:\/\/www.worldofart.org\/arhiv.worldofart.org\/current\/wp-json\/wp\/v2\/pages\/4087\/revisions"}],"predecessor-version":[{"id":4974,"href":"https:\/\/www.worldofart.org\/arhiv.worldofart.org\/current\/wp-json\/wp\/v2\/pages\/4087\/revisions\/4974"}],"up":[{"embeddable":true,"href":"https:\/\/www.worldofart.org\/arhiv.worldofart.org\/current\/wp-json\/wp\/v2\/pages\/3775"}],"wp:featuredmedia":[{"embeddable":true,"href":"https:\/\/www.worldofart.org\/arhiv.worldofart.org\/current\/wp-json\/wp\/v2\/media\/4201"}],"wp:attachment":[{"href":"https:\/\/www.worldofart.org\/arhiv.worldofart.org\/current\/wp-json\/wp\/v2\/media?parent=4087"}],"wp:term":[{"taxonomy":"category","embeddable":true,"href":"https:\/\/www.worldofart.org\/arhiv.worldofart.org\/current\/wp-json\/wp\/v2\/categories?post=4087"},{"taxonomy":"post_tag","embeddable":true,"href":"https:\/\/www.worldofart.org\/arhiv.worldofart.org\/current\/wp-json\/wp\/v2\/tags?post=4087"}],"curies":[{"name":"wp","href":"https:\/\/api.w.org\/{rel}","templated":true}]}}