{"id":5611,"date":"2018-09-28T11:19:20","date_gmt":"2018-09-28T09:19:20","guid":{"rendered":"http:\/\/www.worldofart.org\/current\/?page_id=5611"},"modified":"2019-07-15T16:31:06","modified_gmt":"2019-07-15T14:31:06","slug":"timetable-2017-2018","status":"publish","type":"page","link":"https:\/\/www.worldofart.org\/arhiv.worldofart.org\/current\/year17-2018-2020\/timetable-2017-2018","title":{"rendered":"Timetable 2017\/2018"},"content":{"rendered":"<p>World of Art | School for Curatorial Practices and Critical Writing | Year 17<\/p>\n<hr \/>\n<p><strong>1st YEAR (september 2018 \u2013 June 2019)<\/strong><\/p>\n<p class=\"mesec13\"><strong>October<\/strong><\/p>\n<table border=\"0\" width=\"1057\" cellspacing=\"0\" cellpadding=\"0\">\n<tbody>\n<tr>\n<td class=\"mesec\" valign=\"top\" width=\"20%\">Thursday,<br \/>\n4 October 2018<\/td>\n<td class=\"tdprogramsredina\" valign=\"top\" width=\"20%\">4 pm \u2013 5 pm<\/td>\n<td class=\"tdprogram\" valign=\"top\" width=\"60%\">Introductory meeting,<br \/>\nProject Room SCCA<\/td>\n<\/tr>\n<tr>\n<td class=\"mesec\" valign=\"top\" width=\"20%\">Wednesday,<br \/>\n10 October 2018<\/td>\n<td class=\"tdprogramsredina\" valign=\"top\" width=\"20%\">10 am \u2013 4 pm<\/td>\n<td class=\"tdprogram\" valign=\"top\" width=\"60%\"><a href=\"https:\/\/www.worldofart.org\/arhiv.worldofart.org\/current\/archives\/5589\">Max Grau: <em>Performing Knowledge<\/em><\/a><br \/>\nWorkshop, Project Room SCCA<\/td>\n<\/tr>\n<tr>\n<td class=\"mesec\" valign=\"top\" width=\"20%\">Friday,<br \/>\n12 October 2018<\/td>\n<td class=\"tdprogramsredina\" valign=\"top\" width=\"20%\">5 pm<\/td>\n<td class=\"tdprogram\" valign=\"top\" width=\"60%\"><a href=\"https:\/\/www.worldofart.org\/arhiv.worldofart.org\/aktualno\/archives\/13746\">Max Grau: <em>\u00ab[\u2026]Craving for Narrative\u00bb<\/em><\/a><br \/>\nProjection and talk, Slovenian Cinematheque<\/td>\n<\/tr>\n<tr>\n<td class=\"mesec\" valign=\"top\" width=\"20%\">Thursday,<br \/>\n11 October 2018<\/td>\n<td class=\"tdprogramsredina\" valign=\"top\" width=\"20%\">10 am \u2013 4 pm<\/td>\n<td class=\"tdprogram\" valign=\"top\" width=\"60%\"><a href=\"https:\/\/www.worldofart.org\/arhiv.worldofart.org\/current\/archives\/5589\">Max Grau: <em>Performing Knowledge<\/em><\/a><br \/>\nWorkshop, Project Room SCCA<\/td>\n<\/tr>\n<tr>\n<td class=\"mesec\" valign=\"top\" width=\"20%\">ponedeljek,<br \/>\n15 October 2018<\/td>\n<td class=\"tdprogramsredina\" valign=\"top\" width=\"20%\">7 pm<\/td>\n<td class=\"tdprogram\" valign=\"top\" width=\"60%\"><a href=\"https:\/\/www.worldofart.org\/arhiv.worldofart.org\/current\/archives\/5585\">Max Grau: <em>Love &amp; Work [floating]<\/em><\/a><br \/>\nOpening of the exhibition, Kino \u0160i\u0161ka<\/td>\n<\/tr>\n<tr>\n<td class=\"mesec\" rowspan=\"2\" valign=\"top\" width=\"20%\">Thursday,<br \/>\n18 October 2018<\/td>\n<td class=\"tdprogramsredina\" valign=\"top\" width=\"20%\">4 pm \u2013 5 pm<\/td>\n<td class=\"tdprogram\" valign=\"top\" width=\"60%\"><a href=\"https:\/\/www.worldofart.org\/arhiv.worldofart.org\/current\/archives\/5585\">Max Grau: <em>Love &amp; Work [floating]<\/em><\/a><br \/>\nGuided tour of the exhibition, Kino \u0160i\u0161ka<\/td>\n<\/tr>\n<tr>\n<td class=\"tdprogramsredina\" valign=\"top\" width=\"20%\">5 pm \u2013 6 pm<\/td>\n<td class=\"tdprogram\" valign=\"top\" width=\"60%\"><a href=\"https:\/\/www.worldofart.org\/arhiv.worldofart.org\/current\/year17-2018-2020\">Jasna Jernej\u0161ek:<em> Curatorial Mapping<\/em><\/a><em>:<\/em><br \/>\n<u>Galerija Gallery<\/u>, exhibition <em>Mena\u017eerija, <\/em>artist talk with Iris Pokovec<\/td>\n<\/tr>\n<tr>\n<td class=\"mesec\" rowspan=\"2\" valign=\"top\" width=\"20%\">Thursday,<br \/>\n25 October 2018<\/td>\n<td class=\"tdprogramsredina\" valign=\"top\" width=\"20%\">4 pm \u2013 5.30 pm<\/td>\n<td class=\"tdprogram\" valign=\"top\" width=\"60%\"><a href=\"https:\/\/www.worldofart.org\/arhiv.worldofart.org\/current\/year17-2018-2020\">Jasna Jernej\u0161ek:<em> Curatorial Mapping<\/em><\/a><em>:<\/em><br \/>\n<a href=\"http:\/\/www.ravnikargallery.space\/gallery\/\" target=\"_blank\" rel=\"noopener noreferrer\">Ravnikar Gallery Space<\/a>, talk with Piera Ravnikar<\/td>\n<\/tr>\n<tr>\n<td class=\"tdprogramsredina\" valign=\"top\" width=\"20%\">5.45 pm \u2013 7 pm<\/td>\n<td class=\"tdprogram\" valign=\"top\" width=\"60%\"><a href=\"https:\/\/www.worldofart.org\/arhiv.worldofart.org\/current\/year17-2018-2020\">Tja\u0161a Pureber: <em>Cultural Politics<\/em><\/a>,<br \/>\nlecture<\/td>\n<\/tr>\n<tr>\n<td class=\"mesec\" valign=\"top\" width=\"20%\">Tuesday,<br \/>\n30 October 2018<\/td>\n<td class=\"tdprogramsredina\" valign=\"top\" width=\"20%\">5 pm \u2013 6.30 pm<\/td>\n<td class=\"tdprogram\" valign=\"top\" width=\"60%\"><a href=\"https:\/\/www.worldofart.org\/arhiv.worldofart.org\/current\/year17-2018-2020\">Vladimir Vidmar: <em>Exhibition Reading<\/em><\/a><br \/>\nProject Room SCCA<\/td>\n<\/tr>\n<\/tbody>\n<\/table>\n<p class=\"mesec13\"><strong>November<\/strong><\/p>\n<table border=\"0\" width=\"1057\" cellspacing=\"0\" cellpadding=\"0\">\n<tbody>\n<tr>\n<td class=\"mesec\" rowspan=\"2\" valign=\"top\" width=\"20%\">Thursday,<br \/>\n8 November 2018<\/td>\n<td class=\"tdprogramsredina\" valign=\"top\" width=\"20%\">4 pm \u2013 7.30 pm<\/td>\n<td class=\"tdprogram\" valign=\"top\" width=\"60%\"><a href=\"https:\/\/www.worldofart.org\/arhiv.worldofart.org\/current\/year17-2018-2020\">Du\u0161an Dov\u010d: <em>Financing Posibilites<\/em><\/a><br \/>\nLecture<\/td>\n<\/tr>\n<tr>\n<td class=\"tdprogramsredina\" valign=\"top\" width=\"20%\">5.45 pm \u2013 7 pm<\/td>\n<td class=\"tdprogram\" valign=\"top\" width=\"60%\"><a href=\"https:\/\/www.worldofart.org\/arhiv.worldofart.org\/current\/year17-2018-2020\">Tja\u0161a Pureber: <em>Cultural Politics<\/em><\/a><br \/>\nLecture<\/td>\n<\/tr>\n<tr>\n<td class=\"mesec\" rowspan=\"2\" valign=\"top\" width=\"20%\">Thursday,<br \/>\n15 November 2018<\/td>\n<td class=\"tdprogramsredina\" valign=\"top\" width=\"20%\">4 pm \u2013 7.30 pm<\/td>\n<td class=\"tdprogram\" valign=\"top\" width=\"60%\"><a href=\"https:\/\/www.worldofart.org\/arhiv.worldofart.org\/current\/year17-2018-2020\">Du\u0161an Dov\u010d: <em>Art Project. How<\/em> <em>to Apply?<\/em><\/a><br \/>\nWorkshop<\/td>\n<\/tr>\n<tr>\n<td class=\"tdprogramsredina\" valign=\"top\" width=\"20%\">5.45 pm \u2013 7 pm<\/td>\n<td class=\"tdprogram\" valign=\"top\" width=\"60%\"><a href=\"https:\/\/www.worldofart.org\/arhiv.worldofart.org\/current\/year17-2018-2020\">Sa\u0161a Nabergoj: <em>Art World in Theory and Practice<\/em><\/a><br \/>\nLecture<\/td>\n<\/tr>\n<tr>\n<td class=\"mesec\" valign=\"top\" width=\"20%\">Thursday,<br \/>\n20 November 2018<\/td>\n<td class=\"tdprogramsredina\" valign=\"top\" width=\"20%\"><\/td>\n<td class=\"tdprogram\" valign=\"top\" width=\"60%\"><a href=\"https:\/\/www.worldofart.org\/arhiv.worldofart.org\/current\/archives\/5729\">Study Excursion to Graz<\/a><\/td>\n<\/tr>\n<tr>\n<td class=\"mesec\" rowspan=\"2\" valign=\"top\" width=\"20%\">Thursday,<br \/>\n22 November 2018<\/td>\n<td class=\"tdprogramsredina\" valign=\"top\" width=\"20%\">4 pm \u2013 7.30 pm<\/td>\n<td class=\"tdprogram\" valign=\"top\" width=\"60%\"><a href=\"https:\/\/www.worldofart.org\/arhiv.worldofart.org\/current\/year17-2018-2020\">Jasna Jernej\u0161ek: <em> Curatorial Mapping<\/em><\/a>:<br \/>\n<a href=\"https:\/\/mgml.si\/en\/match-gallery\/\" target=\"_blank\" rel=\"noopener noreferrer\">V\u017eigalica Gallery<\/a>, visit of exhibition\u00a0<a href=\"https:\/\/mgml.si\/en\/match-gallery\/exhibitions\/284\/sasa-spacal-earthlink\/\" target=\"_blank\" rel=\"noopener noreferrer\"><em>Earthlink<\/em><\/a>, artist talk with Sa\u0161a Spa\u010dal<\/td>\n<\/tr>\n<tr>\n<td class=\"tdprogramsredina\" valign=\"top\" width=\"20%\">5.45 pm \u2013 7 pm<\/td>\n<td class=\"tdprogram\" valign=\"top\" width=\"60%\"><a href=\"https:\/\/www.worldofart.org\/arhiv.worldofart.org\/current\/year17-2018-2020\">Sa\u0161a Nabergoj: <em>Art World in Theory and Practice<\/em><\/a><br \/>\nLecture<\/td>\n<\/tr>\n<tr>\n<td class=\"mesec\" rowspan=\"2\" valign=\"top\" width=\"20%\">Thursday,<br \/>\n29 November 2018<\/td>\n<td class=\"tdprogramsredina\" valign=\"top\" width=\"20%\">5 pm \u2013 7 pm<\/td>\n<td class=\"tdprogram\" valign=\"top\" width=\"60%\"><a href=\"https:\/\/www.worldofart.org\/arhiv.worldofart.org\/current\/year17-2018-2020\">Vladimir Vidmar: <em>Exhibition<\/em><\/a><em> Reading<\/em><br \/>\nExhibition\u00a0<a href=\"http:\/\/www.mg-lj.si\/en\/exhibitions\/2441\/exhibition-sites-of-sustainability-pavilions-manifestos-and-crypts\/\" target=\"_blank\" rel=\"noopener noreferrer\"><em>Sites of Sustainability. Pavilions, Manifestos, and Crypts<\/em><\/a>, +MSUM<\/td>\n<\/tr>\n<tr>\n<td class=\"tdprogramsredina\" valign=\"top\" width=\"20%\">7 pm<\/td>\n<td class=\"tdprogram\" valign=\"top\" width=\"60%\"><a href=\"https:\/\/www.worldofart.org\/arhiv.worldofart.org\/current\/archives\/5709\">Lina Rica, <em>Time Transfusion<\/em><\/a><br \/>\nExhibition and artist talk with Lina Rica,<br \/>\nStudio 6, Project Room SCCA<\/td>\n<\/tr>\n<\/tbody>\n<\/table>\n<p class=\"mesec13\"><strong>December<\/strong><\/p>\n<table border=\"0\" width=\"1057\" cellspacing=\"0\" cellpadding=\"0\">\n<tbody>\n<tr>\n<td class=\"mesec\" rowspan=\"2\" valign=\"top\" width=\"20%\">Tuesday,<br \/>\n4 December 2018<\/td>\n<td class=\"tdprogramsredina\" valign=\"top\" width=\"20%\">4 pm \u2013 7.30 pm<\/td>\n<td class=\"tdprogram\" valign=\"top\" width=\"60%\"><a href=\"https:\/\/www.worldofart.org\/arhiv.worldofart.org\/current\/year17-2018-2020\">Vladimir Vidmar: <em>Exhibition Reading<\/em><\/a>:<br \/>\nExhibition <a href=\"http:\/\/www.galerijaskuc.si\/exhibition\/peter-rauch-cross-section\/\" target=\"_blank\" rel=\"noopener noreferrer\">Peter Rauch: <em>Cross-section<\/em><\/a>, \u0160kuc Gallery<\/td>\n<\/tr>\n<tr>\n<td class=\"tdprogramsredina\" valign=\"top\" width=\"20%\">6 pm \u2013 8 pm<\/td>\n<td class=\"tdprogram\" valign=\"top\" width=\"60%\"><a href=\"https:\/\/www.worldofart.org\/arhiv.worldofart.org\/current\/year17-2018-2020\">\u0160UM, \u0160kuc Gallery:<\/a><br \/>\n<a href=\"https:\/\/www.worldofart.org\/arhiv.worldofart.org\/aktualno\/archives\/13954\" target=\"_blank\" rel=\"noopener noreferrer\">Voranc Kumar: <em>Fulguracija: od reprezentacije k produkciji<\/em><\/a><br \/>\nPublic lecture<\/td>\n<\/tr>\n<tr>\n<td class=\"mesec\" valign=\"top\" width=\"20%\">Thursday,<br \/>\n6 December 2018<\/td>\n<td class=\"tdprogramsredina\" valign=\"top\" width=\"20%\">1 pm \u2013 7.30 pm<\/td>\n<td class=\"tdprogram\" valign=\"top\" width=\"60%\"><a href=\"http:\/\/www.mg-lj.si\/en\/events\/2478\/international-conference-igor-zabel-2018\/\" target=\"_blank\" rel=\"noopener noreferrer\"><em>Art \u2013 How Much is it Still an Idea for the Future?<\/em><\/a><br \/>\nInternational conference, prepared by Igor Zabel Association<\/td>\n<\/tr>\n<tr>\n<td class=\"mesec\" valign=\"top\" width=\"20%\">Thursday,<br \/>\n13 December 2018<\/td>\n<td class=\"tdprogramsredina\" valign=\"top\" width=\"20%\">6 pm \u2013 8 pm<\/td>\n<td class=\"tdprogram\" valign=\"top\" width=\"60%\"><a href=\"https:\/\/www.worldofart.org\/arhiv.worldofart.org\/current\/year17-2018-2020\">\u0160UM, \u0160kuc Gallery:<\/a><br \/>\n<a href=\"https:\/\/www.worldofart.org\/arhiv.worldofart.org\/aktualno\/archives\/14032\" target=\"_blank\" rel=\"noopener noreferrer\">Kaja Kraner: <em>Estetika relacij: sodobna umetnost med modernizmom in postsodobnostjo<\/em><\/a><br \/>\nPublic lecture<\/td>\n<\/tr>\n<tr>\n<td class=\"mesec\" valign=\"top\" width=\"20%\">Monday,<br \/>\n17 December 2018<\/td>\n<td class=\"tdprogramsredina\" valign=\"top\" width=\"20%\">7 pm \u2013 9 pm<\/td>\n<td class=\"tdprogram\" valign=\"top\" width=\"60%\"><a href=\"https:\/\/www.worldofart.org\/arhiv.worldofart.org\/aktualno\/archives\/13978\" target=\"_blank\" rel=\"noopener noreferrer\">Ne\u017ea Knez: <em>In process<\/em><\/a><br \/>\nExhibition and artist talk, Studio 6, Project Room SCCA<\/td>\n<\/tr>\n<tr>\n<td class=\"mesec\" rowspan=\"2\" valign=\"top\" width=\"20%\">Thursday,<br \/>\n20 December 2018<\/td>\n<td class=\"tdprogramsredina\" valign=\"top\" width=\"20%\">4 pm \u2013 7.30 pm<\/td>\n<td class=\"tdprogram\" valign=\"top\" width=\"60%\"><a href=\"https:\/\/www.worldofart.org\/arhiv.worldofart.org\/current\/year17-2018-2020\">Jasna Jernej\u0161ek: <em>Studio visit<\/em><\/a>:<br \/>\n<a href=\"http:\/\/robertina.net\/\" target=\"_blank\" rel=\"noopener noreferrer\"><em>Robertina \u0160ebjani\u010d<\/em><\/a>, Project Room SCCA<\/td>\n<\/tr>\n<tr>\n<td class=\"tdprogramsredina\" valign=\"top\" width=\"20%\">6 pm \u2013 8 pm<\/td>\n<td class=\"tdprogram\" valign=\"top\" width=\"60%\"><a href=\"https:\/\/www.worldofart.org\/arhiv.worldofart.org\/current\/year17-2018-2020\">\u0160UM, \u0160kuc Gallery:<\/a><br \/>\n<a href=\"https:\/\/www.worldofart.org\/arhiv.worldofart.org\/aktualno\/archives\/14045\" target=\"_blank\" rel=\"noopener noreferrer\">Domen Ograjen\u0161ek: <em>Fever Theory<\/em><\/a><br \/>\nPublic lecture<\/td>\n<\/tr>\n<\/tbody>\n<\/table>\n<p class=\"mesec13\"><strong>January<\/strong><\/p>\n<table border=\"0\" width=\"1057\" cellspacing=\"0\" cellpadding=\"0\">\n<tbody>\n<tr>\n<td class=\"mesec\" valign=\"top\" width=\"20%\">Thursday,<br \/>\n10 January 2019<\/td>\n<td class=\"tdprogramsredina\" valign=\"top\" width=\"20%\">4 pm \u2013 7.30 pm<\/td>\n<td class=\"tdprogram\" valign=\"top\" width=\"60%\"><a href=\"https:\/\/www.worldofart.org\/arhiv.worldofart.org\/current\/year17-2018-2020\">Tev\u017e Logar, <em>Rock, Paper, Scissors. About the System of Contemporary Art<\/em><\/a><br \/>\nLecture and workshop<\/td>\n<\/tr>\n<tr>\n<td class=\"mesec\" rowspan=\"2\" valign=\"top\" width=\"20%\">Thursday,<br \/>\n17 January 2019<\/td>\n<td class=\"tdprogramsredina\" valign=\"top\" width=\"20%\">4 pm \u2013 7.30 pm<\/td>\n<td class=\"tdprogram\" valign=\"top\" width=\"60%\"><a href=\"https:\/\/www.worldofart.org\/arhiv.worldofart.org\/current\/year17-2018-2020\">Ines Ke\u017eman, Motovila, <em>EU Funding<\/em><\/a><br \/>\nLecture<\/td>\n<\/tr>\n<tr>\n<td class=\"tdprogramsredina\" valign=\"top\" width=\"20%\">5.45 pm \u2013 7.15 pm<\/td>\n<td class=\"tdprogram\" valign=\"top\" width=\"60%\"><a href=\"https:\/\/www.worldofart.org\/arhiv.worldofart.org\/current\/year17-2018-2020\">Vladimir Vidmar: <em>Curatorial Research<\/em><\/a><br \/>\nWorkshop<\/td>\n<\/tr>\n<tr>\n<td class=\"mesec\" rowspan=\"2\" valign=\"top\" width=\"20%\">Thursday,<br \/>\n24 January 2019<\/td>\n<td class=\"tdprogramsredina\" valign=\"top\" width=\"20%\">4 pm \u2013 7.30 pm<\/td>\n<td class=\"tdprogram\" valign=\"top\" width=\"60%\"><a href=\"https:\/\/www.worldofart.org\/arhiv.worldofart.org\/current\/year17-2018-2020\">Miha Kelemina: <em>Art<\/em> <em>Criticism<\/em><\/a><br \/>\nLecture<\/td>\n<\/tr>\n<tr>\n<td class=\"tdprogramsredina\" valign=\"top\" width=\"20%\">5.45 pm \u2013 7.15 pm<\/td>\n<td class=\"tdprogram\" valign=\"top\" width=\"60%\"><a href=\"https:\/\/www.worldofart.org\/arhiv.worldofart.org\/current\/year17-2018-2020\">Vladimir Vidmar: <em>Curatorial Research<\/em><\/a><br \/>\nWorkshop<\/td>\n<\/tr>\n<tr>\n<td class=\"mesec\" rowspan=\"2\" valign=\"top\" width=\"20%\">Thursday,<br \/>\n31 January 2019<\/td>\n<td class=\"tdprogramsredina\" valign=\"top\" width=\"20%\">4 pm \u2013 7.30 pm<\/td>\n<td class=\"tdprogram\" valign=\"top\" width=\"60%\"><a href=\"https:\/\/www.worldofart.org\/arhiv.worldofart.org\/current\/year17-2018-2020\">Jasna Jernej\u0161ek:<em> Curatorial Mapping<\/em><\/a>:<br \/>\n<a href=\"https:\/\/mgml.si\/en\/city-art-gallery\/\" target=\"_blank\" rel=\"noopener noreferrer\">City Art Gallery Ljubljana<\/a><br \/>\nExhibition\u00a0<a href=\"https:\/\/mgml.si\/en\/city-art-gallery\/exhibitions\/401\/iztok-sitar\/\" target=\"_blank\" rel=\"noopener noreferrer\"><em>Iztok Sitar: Under the Red Star<\/em><\/a>, guided tour with curator Sarival Sosi\u0107<br \/>\nTalk with Alenka Gregori\u010d, artistic director of <a href=\"https:\/\/mgml.si\/en\/city-art-gallery\/\">City Art Gallery<\/a>\u00a0and <a href=\"https:\/\/mgml.si\/en\/center-tobacco\/\" target=\"_blank\" rel=\"noopener noreferrer\">KC Toba\u010dna 001<\/a><\/td>\n<\/tr>\n<tr>\n<td class=\"tdprogramsredina\" valign=\"top\" width=\"20%\">5.45 pm \u2013 7.15 pm<\/td>\n<td class=\"tdprogram\" valign=\"top\" width=\"60%\"><a href=\"https:\/\/www.worldofart.org\/arhiv.worldofart.org\/current\/year17-2018-2020\">Vladimir Vidmar: <em>Curatorial Research<\/em><\/a><br \/>\nWorkshop<\/td>\n<\/tr>\n<\/tbody>\n<\/table>\n<p class=\"mesec13\"><strong>February<\/strong><\/p>\n<table border=\"0\" width=\"1057\" cellspacing=\"0\" cellpadding=\"0\">\n<tbody>\n<tr>\n<td class=\"mesec\" rowspan=\"2\" valign=\"top\" width=\"20%\">Thursday,<br \/>\n7 February 2019<\/td>\n<td class=\"tdprogramsredina\" valign=\"top\" width=\"20%\">4 pm \u2013 6 pm<\/td>\n<td class=\"tdprogram\" valign=\"top\" width=\"60%\">Exhibition\u00a0<a href=\"http:\/\/www.mg-lj.si\/en\/exhibitions\/2441\/exhibition-sites-of-sustainability-pavilions-manifestos-and-crypts\/\" target=\"_blank\" rel=\"noopener noreferrer\"><em>Sites of Sustainability. Pavilions, Manifestos, and Crypts<\/em><\/a>, MSUM<br \/>\nGuided tour by Adela \u017deleznik, Vladimir Vidmar, Tja\u0161a Poga\u010dar, Ida Hir\u0161enfelder, \u017diva Brglez<\/td>\n<\/tr>\n<tr>\n<td class=\"tdprogramsredina\" valign=\"top\" width=\"20%\">6 pm \u2013 7.30 pm<\/td>\n<td class=\"tdprogram\" valign=\"top\" width=\"60%\"><a href=\"https:\/\/www.worldofart.org\/arhiv.worldofart.org\/current\/year17-2018-2020\">Vladimir Vidmar: <em>Curatorial Research<\/em><\/a><br \/>\nWorkshop<\/td>\n<\/tr>\n<tr>\n<td class=\"mesec\" rowspan=\"2\" valign=\"top\" width=\"20%\">Thursday,<br \/>\n14 February 2019<\/td>\n<td class=\"tdprogramsredina\" valign=\"top\" width=\"20%\">4 pm \u2013 7.30 pm<\/td>\n<td class=\"tdprogram\" valign=\"top\" width=\"60%\"><a href=\"https:\/\/www.worldofart.org\/arhiv.worldofart.org\/current\/year17-2018-2020\">Lenart J. Ku\u010di\u0107: <em>Genres of Art Writing<\/em><\/a><br \/>\nLecture<\/td>\n<\/tr>\n<tr>\n<td class=\"tdprogramsredina\" valign=\"top\" width=\"20%\">5.45 pm \u2013 7.15 pm<\/td>\n<td class=\"tdprogram\" valign=\"top\" width=\"60%\"><a href=\"https:\/\/www.worldofart.org\/arhiv.worldofart.org\/current\/year17-2018-2020\">Lara Plav\u010dak: <em>Text Optimization<\/em><\/a><br \/>\nLecture<\/td>\n<\/tr>\n<tr>\n<td class=\"mesec\" rowspan=\"2\" valign=\"top\" width=\"20%\">Thursday,<br \/>\n21 February 2019<\/td>\n<td class=\"tdprogramsredina\" valign=\"top\" width=\"20%\">4 pm \u2013 7.30 pm<\/td>\n<td class=\"tdprogram\" valign=\"top\" width=\"60%\"><a href=\"https:\/\/www.worldofart.org\/arhiv.worldofart.org\/current\/year17-2018-2020\">Lenart J. Ku\u010di\u0107: <em>Genres of Art Writing<\/em><\/a><br \/>\nLecture<\/td>\n<\/tr>\n<tr>\n<td class=\"tdprogramsredina\" valign=\"top\" width=\"20%\">5.45 pm \u2013 7.15 pm<\/td>\n<td class=\"tdprogram\" valign=\"top\" width=\"60%\"><a href=\"https:\/\/www.worldofart.org\/arhiv.worldofart.org\/current\/year17-2018-2020\">Barbara Bor\u010di\u0107: <em>Artwork Analysis <\/em><\/a><br \/>\nSeminar<\/td>\n<\/tr>\n<tr>\n<td class=\"mesec\" rowspan=\"3\" valign=\"top\" width=\"20%\">Thursday,<br \/>\n28 February 2019<\/td>\n<td class=\"tdprogramsredina\" valign=\"top\" width=\"20%\">2 pm \u2013 2.40 pm<\/td>\n<td class=\"tdprogram\" valign=\"top\" width=\"60%\"><a href=\"https:\/\/www.worldofart.org\/arhiv.worldofart.org\/current\/year17-2018-2020\">Jasna Jernej\u0161ek: <em>Curatorial Mapping<\/em><\/a><br \/>\nExhibition <a href=\"https:\/\/www.fvv.um.si\/dogodki\/razstava-lepota-laznega-sijaja\/\" target=\"_blank\" rel=\"noopener noreferrer\"><em>Lepota la\u017enega sijaja<\/em><\/a>, talk with professor of criminology Bojan Dobov\u0161ek<\/td>\n<\/tr>\n<tr>\n<td class=\"tdprogramsredina\" valign=\"top\" width=\"20%\">3 pm \u2013 5 pm<\/td>\n<td class=\"tdprogram\" valign=\"top\" width=\"60%\"><a href=\"https:\/\/www.worldofart.org\/arhiv.worldofart.org\/current\/year17-2018-2020\">Jasna Jernej\u0161ek:<em> Curatorial Mapping<\/em><\/a>:<br \/>\nExhibition <a href=\"http:\/\/www.mg-lj.si\/en\/exhibitions\/2520\/time-without-innocence\/\" target=\"_blank\" rel=\"noopener noreferrer\"><em>Time Without Innocence. Recent Painting in Slovenia<\/em><\/a>, Museum of Modern Art<br \/>\nGuided with curator Martina Vovk<\/td>\n<\/tr>\n<tr>\n<td class=\"tdprogramsredina\" valign=\"top\" width=\"20%\">17.15 pm \u2013 7 pm<\/td>\n<td class=\"tdprogram\" valign=\"top\" width=\"60%\"><a href=\"https:\/\/www.worldofart.org\/arhiv.worldofart.org\/current\/archives\/5929\">Work Meeting for Exhibition at \u0160kuc Gallery<\/a><\/td>\n<\/tr>\n<\/tbody>\n<\/table>\n<p class=\"mesec13\"><strong>March<\/strong><\/p>\n<table border=\"0\" width=\"1057\" cellspacing=\"0\" cellpadding=\"0\">\n<tbody>\n<tr>\n<td class=\"mesec\" rowspan=\"2\" valign=\"top\" width=\"20%\">Thursday,<br \/>\n7 March 2019<\/td>\n<td class=\"tdprogramsredina\" valign=\"top\" width=\"20%\">4 pm \u2013 7.30 pm<\/td>\n<td class=\"tdprogram\" valign=\"top\" width=\"60%\"><a href=\"https:\/\/www.worldofart.org\/arhiv.worldofart.org\/current\/year17-2018-2020\">Barbara Bor\u010di\u0107: <em>Artwork Analysis<\/em><\/a><br \/>\nSeminar<\/td>\n<\/tr>\n<tr>\n<td class=\"tdprogramsredina\" valign=\"top\" width=\"20%\">5.45 pm \u2013 7.15 pm<\/td>\n<td class=\"tdprogram\" valign=\"top\" width=\"60%\"><a href=\"https:\/\/www.worldofart.org\/arhiv.worldofart.org\/current\/archives\/5929\">Work Meeting for Exhibition at \u0160kuc Gallery<\/a><\/td>\n<\/tr>\n<tr>\n<td class=\"mesec\" rowspan=\"2\" valign=\"top\" width=\"20%\">Wednesday,<br \/>\n13 March 2019<\/td>\n<td class=\"tdprogramsredina\" valign=\"top\" width=\"20%\">4 pm \u2013 7.30 pm<\/td>\n<td class=\"tdprogram\" valign=\"top\" width=\"60%\"><a href=\"https:\/\/www.worldofart.org\/arhiv.worldofart.org\/current\/year17-2018-2020\">Vladimir Vidmar: <em>Curatorial Research<\/em><\/a><br \/>\nWorkshop<\/td>\n<\/tr>\n<tr>\n<td class=\"tdprogramsredina\" valign=\"top\" width=\"20%\">5.45 pm \u2013 7.15 pm<\/td>\n<td class=\"tdprogram\" valign=\"top\" width=\"60%\"><a href=\"https:\/\/www.worldofart.org\/arhiv.worldofart.org\/current\/year17-2018-2020\">Barbara Bor\u010di\u0107: <em>Artwork Analysis<\/em><\/a><br \/>\nSeminar<\/td>\n<\/tr>\n<tr>\n<td class=\"mesec\" rowspan=\"2\" valign=\"top\" width=\"20%\">Thursday,<br \/>\n21 March 2019<\/td>\n<td class=\"tdprogramsredina\" valign=\"top\" width=\"20%\">4.30 pm \u2013 7.30 pm<\/td>\n<td class=\"tdprogram\" valign=\"top\" width=\"60%\"><a href=\"https:\/\/www.worldofart.org\/arhiv.worldofart.org\/current\/year17-2018-2020\">Barbara Bor\u010di\u0107: <em>Artwork Analysis<\/em><\/a><br \/>\nSeminar<\/td>\n<\/tr>\n<tr>\n<td class=\"tdprogramsredina\" valign=\"top\" width=\"20%\">7 pm \u2013 8 pm<\/td>\n<td class=\"tdprogram\" valign=\"top\" width=\"60%\"><a href=\"http:\/\/www.scca-ljubljana.si\/en\/studio-6-eng\/studio-6-in-2019\/\">Danilo Milovani\u0107: <em>Zelenica<\/em><\/a><br \/>\nExhibition and lecture, Studio 6, Project Room SCCA<\/td>\n<\/tr>\n<tr>\n<td class=\"mesec\" rowspan=\"2\" valign=\"top\" width=\"20%\">Thursday,<br \/>\n28 March 2019<\/td>\n<td class=\"tdprogramsredina\" valign=\"top\" width=\"20%\">3 pm \u2013 5.15 pm<\/td>\n<td class=\"tdprogram\" valign=\"top\" width=\"60%\"><a href=\"https:\/\/www.worldofart.org\/arhiv.worldofart.org\/current\/year17-2018-2020\">Jasna Jernej\u0161ek:<em> Curatorial Mapping<\/em><\/a><br \/>\n<a href=\"https:\/\/www.mglc-lj.si\/eng\/about_mglc\/about_mglc\" target=\"_blank\" rel=\"noopener noreferrer\">MGLC<\/a> and <a href=\"https:\/\/www.mglc-lj.si\/eng\/svicarija_\/svicarija_\" target=\"_blank\" rel=\"noopener noreferrer\">\u0160vicarija<\/a>, meeting with Assistant Director <a href=\"https:\/\/www.mglc-lj.si\/eng\/people\/people\" target=\"_blank\" rel=\"noopener noreferrer\">Yasmin Martin Vodopivec<\/a><\/td>\n<\/tr>\n<tr>\n<td class=\"tdprogramsredina\" valign=\"top\" width=\"20%\">5.45 pm \u2013 7.15 pm<\/td>\n<td class=\"tdprogram\" valign=\"top\" width=\"60%\"><a href=\"https:\/\/www.worldofart.org\/arhiv.worldofart.org\/current\/year17-2018-2020\">Gregor Moder: <em>Introduction in Cotemporary Philosophy of Art<\/em><\/a><br \/>\nLecture<\/td>\n<\/tr>\n<\/tbody>\n<\/table>\n<p class=\"mesec13\"><strong>April<\/strong><\/p>\n<table border=\"0\" width=\"1057\" cellspacing=\"0\" cellpadding=\"0\">\n<tbody>\n<tr>\n<td class=\"mesec\" rowspan=\"3\" valign=\"top\" width=\"20%\">Thursday,<br \/>\n4 April 2019<\/td>\n<td class=\"tdprogramsredina\" valign=\"top\" width=\"20%\">10 pm \u2013 4 pm<\/td>\n<td class=\"tdprogram\" valign=\"top\" width=\"60%\"><a href=\"https:\/\/ced-slovenia.eu\/en\/event\/mobility-for-creativity\/\" target=\"_blank\" rel=\"noopener noreferrer\">Mobility for Creativity<\/a><br \/>\nConference, Motovila, SCCA-Ljubljana et al.<\/td>\n<\/tr>\n<tr>\n<td class=\"tdprogramsredina\" valign=\"top\" width=\"20%\">4 pm \u2013 7.30 pm<\/td>\n<td class=\"tdprogram\" valign=\"top\" width=\"60%\"><a href=\"https:\/\/www.worldofart.org\/arhiv.worldofart.org\/current\/year17-2018-2020\">Barbara Bor\u010di\u0107: <em>Artwork Analysis<\/em><\/a><br \/>\nSeminar<\/td>\n<\/tr>\n<tr>\n<td class=\"tdprogramsredina\" valign=\"top\" width=\"20%\">5.45 pm \u2013 7.15 pm<\/td>\n<td class=\"tdprogram\" valign=\"top\" width=\"60%\"><a href=\"https:\/\/www.worldofart.org\/arhiv.worldofart.org\/current\/year17-2018-2020\">Gregor Moder: <em>Introduction in Cotemporary Philosophy of Art<\/em><\/a><br \/>\nLecture<\/td>\n<\/tr>\n<tr>\n<td class=\"mesec\" valign=\"top\" width=\"20%\">Saturday,<br \/>\n6 April 2019<\/td>\n<td class=\"tdprogramsredina\" valign=\"top\" width=\"20%\">10 am \u2013 5 pm<\/td>\n<td class=\"tdprogram\" valign=\"top\" width=\"60%\"><a href=\"https:\/\/www.worldofart.org\/arhiv.worldofart.org\/current\/archives\/5929\">Work Meting for Exhibition at \u0160kuc Gallery<\/a><\/td>\n<\/tr>\n<tr>\n<td class=\"mesec\" valign=\"top\" width=\"20%\">Thursday,<br \/>\n11 April 2019<\/td>\n<td class=\"tdprogramsredina\" valign=\"top\" width=\"20%\">4 pm \u2013 7.15 pm<\/td>\n<td class=\"tdprogram\" valign=\"top\" width=\"60%\"><a href=\"https:\/\/www.worldofart.org\/arhiv.worldofart.org\/current\/archives\/5929\">Work Meting for Exhibition at \u0160kuc Gallery<\/a><\/td>\n<\/tr>\n<tr>\n<td class=\"mesec\" rowspan=\"2\" valign=\"top\" width=\"20%\">Thursday,<br \/>\n18 April 2019<\/td>\n<td class=\"tdprogramsredina\" valign=\"top\" width=\"20%\">4 pm \u2013 7.30 pm<\/td>\n<td class=\"tdprogram\" valign=\"top\" width=\"60%\"><u>Asta Vre\u010dko: <em>Exhibition H<\/em><\/u><a href=\"https:\/\/www.worldofart.org\/arhiv.worldofart.org\/current\/year17-2018-2020\"><em>istory<\/em><\/a><\/p>\n<p>Lecture<\/td>\n<\/tr>\n<tr>\n<td class=\"tdprogramsredina\" valign=\"top\" width=\"20%\">5.45 pm \u2013 7.15 pm<\/td>\n<td class=\"tdprogram\" valign=\"top\" width=\"60%\"><a href=\"https:\/\/www.worldofart.org\/arhiv.worldofart.org\/current\/archives\/5929\">Work Meting for Exhibition at \u0160kuc Gallery<\/a><\/td>\n<\/tr>\n<tr>\n<td class=\"mesec\" rowspan=\"2\" valign=\"top\" width=\"20%\">Thursday,<br \/>\n25 April 2019<\/td>\n<td class=\"tdprogramsredina\" valign=\"top\" width=\"20%\">4 pm \u2013 7.30 pm<\/td>\n<td class=\"tdprogram\" valign=\"top\" width=\"60%\"><a href=\"https:\/\/www.worldofart.org\/arhiv.worldofart.org\/current\/year17-2018-2020\">Jasna Jernej\u0161ek: <em>Curatorial Mapping<\/em><\/a><br \/>\n<a href=\"https:\/\/aksioma.org\/AKSIOMA-PROJECT-SPACE?lang=en\" target=\"_blank\" rel=\"noopener noreferrer\">Aksioma Project Space<\/a>, talk with executive producer Sonja Grdina<\/td>\n<\/tr>\n<tr>\n<td class=\"tdprogramsredina\" valign=\"top\" width=\"20%\">5.45 pm \u2013 7.15 pm<\/td>\n<td class=\"tdprogram\" valign=\"top\" width=\"60%\"><a href=\"https:\/\/www.worldofart.org\/arhiv.worldofart.org\/current\/year17-2018-2020\">Gregor Moder: <em>Introduction in Cotemporary Philosophy of Art<\/em><\/a><br \/>\nLecture<\/td>\n<\/tr>\n<\/tbody>\n<\/table>\n<p class=\"mesec13\"><strong>May<\/strong><\/p>\n<table border=\"0\" width=\"1057\" cellspacing=\"0\" cellpadding=\"0\">\n<tbody>\n<tr>\n<td class=\"mesec\" rowspan=\"3\" valign=\"top\" width=\"20%\">Thursday,<br \/>\n9 May 2019<\/td>\n<td class=\"tdprogramsredina\" valign=\"top\" width=\"20%\">4 pm \u2013 7 pm<\/td>\n<td class=\"tdprogram\" valign=\"top\" width=\"60%\">Exhibition <a href=\"http:\/\/www.mg-lj.si\/en\/exhibitions\/2438\/on-the-brink-1929-1941\/\" target=\"_blank\" rel=\"noopener noreferrer\"><em>On the Brink: The Visual Arts in the Kingdom of Yugoslavia (1929\u20131941)<\/em><\/a>,<br \/>\nMuseum of Modern Art<br \/>\nGuided tour with Asta Vre\u010dko<\/td>\n<\/tr>\n<tr>\n<td class=\"tdprogramsredina\" valign=\"top\" width=\"20%\">7.30 pm \u2013 6.30 pm<\/td>\n<td class=\"tdprogram\" valign=\"top\" width=\"60%\"><a href=\"https:\/\/www.worldofart.org\/arhiv.worldofart.org\/current\/archives\/5929\">Work Meeting for Exhibition at \u0160kuc Gallery<\/a><\/td>\n<\/tr>\n<tr>\n<td class=\"tdprogramsredina\" valign=\"top\" width=\"20%\">7 pm<\/td>\n<td class=\"tdprogram\" valign=\"top\" width=\"60%\"><a href=\"http:\/\/www.maska.si\/index.php?id=158&amp;tx_ttnews[tt_news]=1332&amp;cHash=c64788f8c7d137f4ffd41f0880c131c2\" target=\"_blank\" rel=\"noopener noreferrer\">Robert Pfaller: <em>Interpasivnost. Radosti delegiranega u\u017eivanja<\/em><\/a><br \/>\nBook presentation, <a href=\"https:\/\/mladinsko.com\/en\/events\/47\/interpasivnost-radosti-delegiranega-uzivanja\/\" target=\"_blank\" rel=\"noopener noreferrer\">Nova po\u0161ta<\/a><\/td>\n<\/tr>\n<tr>\n<td class=\"mesec\" valign=\"top\" width=\"20%\">Friday \u2013 Thursday,<br \/>\n10 \u201316 May 2019<\/td>\n<td class=\"tdprogramsredina\" valign=\"top\" width=\"20%\">6 pm<\/td>\n<td class=\"tdprogram\" valign=\"top\" width=\"60%\"><a href=\"https:\/\/www.worldofart.org\/arhiv.worldofart.org\/current\/archives\/5929\"><em>control &lt; cultivate &gt; evolve<\/em><\/a><br \/>\nSetting up the exhibition, \u0160kuc Gallery<\/td>\n<\/tr>\n<tr>\n<td class=\"mesec\" valign=\"top\" width=\"20%\">Thursday,<br \/>\n16 May 2019<\/td>\n<td class=\"tdprogramsredina\" valign=\"top\" width=\"20%\">7 pm<\/td>\n<td class=\"tdprogram\" valign=\"top\" width=\"60%\"><a href=\"https:\/\/www.worldofart.org\/arhiv.worldofart.org\/current\/archives\/5929\"><em>control &lt; cultivate &gt; evolve<\/em><\/a><br \/>\nExhibition opening, \u0160kuc Gallery<\/td>\n<\/tr>\n<tr>\n<td class=\"mesec\" rowspan=\"2\" valign=\"top\" width=\"20%\">Thursday,<br \/>\n23 May 2019<\/td>\n<td class=\"tdprogramsredina\" valign=\"top\" width=\"20%\">4 pm \u2013 7.30 pm<\/td>\n<td class=\"tdprogram\" valign=\"top\" width=\"60%\"><a href=\"https:\/\/www.worldofart.org\/arhiv.worldofart.org\/current\/year17-2018-2020\">Jasna Jernej\u0161ek: <em> Curatorial Mapping<\/em><\/a>:<br \/>\n<a href=\"http:\/\/www.zavod-parasite.si\/slo\/archives\/4284\" target=\"_blank\" rel=\"noopener noreferrer\">OHO award 2019<\/a>, P74, talk with curator Nina Skumavc<\/td>\n<\/tr>\n<tr>\n<td class=\"tdprogramsredina\" valign=\"top\" width=\"20%\">5.45 pm \u2013 7.15 pm<\/td>\n<td class=\"tdprogram\" valign=\"top\" width=\"60%\">Talk with curator <a href=\"https:\/\/www.worldofart.org\/arhiv.worldofart.org\/aktualno\/archives\/14317\" target=\"_blank\" rel=\"noopener noreferrer\">Lawinia Rate<\/a><br \/>\nProject Room<\/td>\n<\/tr>\n<tr>\n<td class=\"mesec\" valign=\"top\" width=\"20%\">torek,<br \/>\n28 May 2019<\/td>\n<td class=\"tdprogramsredina\" valign=\"top\" width=\"20%\">6 pm<\/td>\n<td class=\"tdprogram\" valign=\"top\" width=\"60%\"><a href=\"https:\/\/www.worldofart.org\/arhiv.worldofart.org\/current\/archives\/5929\"><em>control &lt; cultivate &gt; evolve<\/em><\/a><br \/>\nGuided tour by Miha Kelemina, Tia \u010ci\u010dek and Lara Meja\u010d, \u0160kuc Gallery<\/td>\n<\/tr>\n<tr>\n<td class=\"mesec\" rowspan=\"2\" valign=\"top\" width=\"20%\">Thursday,<br \/>\n30 May 2019<\/td>\n<td class=\"tdprogramsredina\" valign=\"top\" width=\"20%\">4 pm \u2013 7.30 pm<\/td>\n<td class=\"tdprogram\" valign=\"top\" width=\"60%\">Talk with curator <a href=\"https:\/\/www.worldofart.org\/arhiv.worldofart.org\/aktualno\/archives\/14425\" target=\"_blank\" rel=\"noopener noreferrer\">Anton Valkovsky<\/a><br \/>\nProject Room<\/td>\n<\/tr>\n<tr>\n<td class=\"tdprogramsredina\" valign=\"top\" width=\"20%\">5.45 pm \u2013 7.15 pm<\/td>\n<td class=\"tdprogram\" valign=\"top\" width=\"60%\"><a href=\"https:\/\/www.worldofart.org\/arhiv.worldofart.org\/current\/year17-2018-2020\">Du\u0161an Dov\u010d: <em>Exhibition Remuneration<\/em><\/a><br \/>\nLecture<\/td>\n<\/tr>\n<\/tbody>\n<\/table>\n<p class=\"mesec13\"><strong>June<\/strong><\/p>\n<table border=\"0\" width=\"1057\" cellspacing=\"0\" cellpadding=\"0\">\n<tbody>\n<tr>\n<td class=\"mesec\" valign=\"top\" width=\"20%\">Thursday,<br \/>\n6 June 2019<\/td>\n<td class=\"tdprogramsredina\" valign=\"top\" width=\"20%\">6 pm<\/td>\n<td class=\"tdprogram\" valign=\"top\" width=\"60%\"><a href=\"https:\/\/www.worldofart.org\/arhiv.worldofart.org\/current\/archives\/5929\"><em>control &lt; cultivate &gt; evolve<\/em><\/a><br \/>\nGuided tour by Miha Kelemina, Jasna Jernej\u0161ek and Tia \u010ci\u010dek, \u0160kuc Gallery<\/td>\n<\/tr>\n<tr>\n<td class=\"mesec\" valign=\"top\" width=\"20%\">Thursday,<br \/>\n13 June 2019<\/td>\n<td class=\"tdprogramsredina\" valign=\"top\" width=\"20%\">4 pm \u2013 7.15 pm<\/td>\n<td class=\"tdprogram\" valign=\"top\" width=\"60%\">Programme Evaluation<br \/>\nVirtual exhibition<\/td>\n<\/tr>\n<tr>\n<td class=\"mesec\" valign=\"top\" width=\"20%\">Thursday,<br \/>\n18 June 2019<\/td>\n<td class=\"tdprogramsredina\" valign=\"top\" width=\"20%\"><\/td>\n<td class=\"tdprogram\" valign=\"top\" width=\"60%\"><a href=\"https:\/\/www.worldofart.org\/arhiv.worldofart.org\/current\/archives\/5997\">Sta\u0161 Vrenko: <em>Record<\/em><\/a><br \/>\nExhibition opening, Kino \u0160i\u0161ka<\/td>\n<\/tr>\n<\/tbody>\n<\/table>\n","protected":false},"excerpt":{"rendered":"<p>World of Art | School for Curatorial Practices and Critical Writing | Year 17 1st YEAR (september 2018 \u2013 June 2019) October Thursday, 4 October 2018 4 pm \u2013 5 pm Introductory meeting, Project Room SCCA Wednesday, 10 October 2018 10 am \u2013 4 pm Max Grau: Performing Knowledge Workshop, Project Room SCCA Friday, 12 [&hellip;]<\/p>\n","protected":false},"author":1,"featured_media":0,"parent":5601,"menu_order":0,"comment_status":"closed","ping_status":"closed","template":"","meta":{"footnotes":""},"categories":[],"tags":[],"class_list":["post-5611","page","type-page","status-publish","hentry"],"_links":{"self":[{"href":"https:\/\/www.worldofart.org\/arhiv.worldofart.org\/current\/wp-json\/wp\/v2\/pages\/5611","targetHints":{"allow":["GET"]}}],"collection":[{"href":"https:\/\/www.worldofart.org\/arhiv.worldofart.org\/current\/wp-json\/wp\/v2\/pages"}],"about":[{"href":"https:\/\/www.worldofart.org\/arhiv.worldofart.org\/current\/wp-json\/wp\/v2\/types\/page"}],"author":[{"embeddable":true,"href":"https:\/\/www.worldofart.org\/arhiv.worldofart.org\/current\/wp-json\/wp\/v2\/users\/1"}],"replies":[{"embeddable":true,"href":"https:\/\/www.worldofart.org\/arhiv.worldofart.org\/current\/wp-json\/wp\/v2\/comments?post=5611"}],"version-history":[{"count":35,"href":"https:\/\/www.worldofart.org\/arhiv.worldofart.org\/current\/wp-json\/wp\/v2\/pages\/5611\/revisions"}],"predecessor-version":[{"id":6072,"href":"https:\/\/www.worldofart.org\/arhiv.worldofart.org\/current\/wp-json\/wp\/v2\/pages\/5611\/revisions\/6072"}],"up":[{"embeddable":true,"href":"https:\/\/www.worldofart.org\/arhiv.worldofart.org\/current\/wp-json\/wp\/v2\/pages\/5601"}],"wp:attachment":[{"href":"https:\/\/www.worldofart.org\/arhiv.worldofart.org\/current\/wp-json\/wp\/v2\/media?parent=5611"}],"wp:term":[{"taxonomy":"category","embeddable":true,"href":"https:\/\/www.worldofart.org\/arhiv.worldofart.org\/current\/wp-json\/wp\/v2\/categories?post=5611"},{"taxonomy":"post_tag","embeddable":true,"href":"https:\/\/www.worldofart.org\/arhiv.worldofart.org\/current\/wp-json\/wp\/v2\/tags?post=5611"}],"curies":[{"name":"wp","href":"https:\/\/api.w.org\/{rel}","templated":true}]}}